{"id":11040,"date":"2022-12-06T14:03:25","date_gmt":"2022-12-06T13:03:25","guid":{"rendered":"https:\/\/www.fondazionemorra.org\/?post_type=tribe_events&#038;p=11040"},"modified":"2022-12-06T14:03:25","modified_gmt":"2022-12-06T13:03:25","slug":"11040","status":"publish","type":"tribe_events","link":"https:\/\/www.fondazionemorra.org\/en\/evento\/11040\/","title":{"rendered":""},"content":{"rendered":"<p>On <strong>Friday December 9 <\/strong>at<strong> 6:30pm<\/strong>, the artists <strong>Cansu<\/strong> <strong>\u00c7akar<\/strong> and <strong>Serra Tansel<\/strong> will give a talk at <strong>Casa Morra. Archivi d\u2019Arte Contemporanea<\/strong>. The meeting is moderated by Vittorio Urbani and the artists will be in conversation with Lea Nocera, Professor of Turkish Language and Literature at The University L\u2019Orientale (Naples).<\/p>\n<p><em>Neapolitan Dialogues II<\/em> is the closing moment of the second edition of \u201cNeapolitan Dialogues\u201d, an artist residency programme that takes place in Naples, hosting artists from the cities of Istanbul and Lisbon. With the aim to let the artists absorb and internalize the social, visual and cultural imaginary of the hosting city, the residency is free of any obligation and it doesn\u2019t require an immediate outcome to the artists. During its first edition in 2021, \u201cNeapolitan Dialogues\u201d hosted the artists \u00c7a\u011fr\u0131\u00a0Taskin and Huo Rf.<\/p>\n<p>By presenting their artistic paths, Cansu \u00c7akar and Serra Tansel will establishes a fluid and active dialogue, allowing the public to be part of their process of knowledge.<\/p>\n<p>\u201cNeapolitan Dialogues\u201d is supported by <strong>Elgiz Museum<\/strong> (Istanbul) and <strong>T-One Foundation<\/strong> (Istanbul).<\/p>\n<p>&nbsp;<\/p>\n<p><strong>Cansu \u00c7akar <\/strong>\u201cThe core of my practice is to research the fractures of the aesthetics reflected by the modern and western influences in eastern painting, together with social and cultural environments, and to associate the meanings of traditional motifs with the subjects in my paintings. I believe that what defines modernity are not \u2018imported\u2019 ideas and concepts but rather, the aesthetic values lost in the darkness between different layers of society. Using traditional art techniques as a mediator, and utilizing contemporary issues, I underline the absurdity of the conflict between traditional and modern. Believing powerfully that a language never dies, it just changes forms and survives, I try to recreate an old visual language.<\/p>\n<p>Although still a controversial topic, many academicians today believe that scientific knowledge of the one-point perspective did not exist in antiquity. I want to leave the question open for discussion due to my observations on Pompei&#8217;s frescos. The fact that the composition technique known as lack of perspective or two-dimensionality, which we encounter in the miniature painting that I studied, is a piece of false and superficial information is an issue that I often underline. In miniature painting, a production technique based on the understanding of multiple perspectives is adopted. Plural perspective is the use of changing perspectives in the same composition while describing a space. Perspective, on the other hand, is the way of including the subject and the viewer in the painting, and it can be said that it is a &#8220;symbolic form&#8221; that expresses a kind of new-age culture. I think that I will undoubtedly be able to open the layers of the structural materials, history, and social structure that make up Naples, and I will be able to make visual form studies that will look for ways to visually describe these layers. As the storytellings that start from the underground come to the surface, the class phenomena that color the streets on the ground floors and the empty terraces facing the sea will be allusive elements of depicting Naples with multiple ways of seeing.\u201d<\/p>\n<p><strong>Serra Tansel<\/strong> &#8220;Our engagement with Napoli have shifted between being an outsider, a stranger, a tourist, a collaborator and a local in each different activity we engaged in. The multiplicity of this positions allowed the feelings of awe and familiarity to co-exist. We have a saying in Turkish \u201cDid you come from a village without a door?\u201d if you don\u2019t shut the door behind you as you leave someone\u2019s office. This understanding of privacy is associated with modernisation and civilisation which leads us to estrangement and sharp borders. Napoli has many open doors. It doesn\u2019t mean it lacks privacy or secrets but one can hide something by making it too visible or vocal also and this city seems to have more elaborate ways than shutting its doors. This intimacy shared in the public space, the personal ownership of the streets, the make-shift structures that utilises obstructions is what I want to take with me from Napoli and add to my vocabulary of resistance and progress.&#8221;<\/p>\n<p>&nbsp;<\/p>\n<p>The event will be held in English with simultaneous translation into Italian.<\/p>\n<p>&nbsp;<\/p>\n<p><strong>Cansu \u00c7akar<\/strong> (b.1988, \u0130stanbul) lives in \u0130zmir. She investigates traditional art forms such as decorative drawing and illumination and integrates these traditions with contemporary art practices and topics. Thus she articulates her wish to free traditional forms of expression from their stereotypical classification. Her drawings and paintings, together with the concepts she explores in her workshops, critically question the typical male-dominated subjects of traditional miniature painting. Additionally, they call into question the traditional classification of this art form and its conservatism. \u00c7akar draws a line between what it means to be a woman or a prisoner in an oppressive society and the aesthetics of traditional arts in our contemporary art world. Both share the struggle against conservatism and the ensuing fight for emancipation.<\/p>\n<p>&nbsp;<\/p>\n<p>Among her projects and exhibitions are NATURE AND STATE, Staatliche Kunsthalle Baden-Baden (Baden-Baden, 2022), Fore-Edge Painting, MACRO Museo d&#8217;Arte Contemporanea di Roma and Bibliotheca Hertziana, (Rome, 2021) The 6th Ural Industrial Biennial of Contemporary Art, The Optical and Mechanical Plant, (Yekaterinburg, 2021) BB11- 11th Berlin Biennale for Contemporary Art, The Crack Begins Within, KW, (Berlin, 2020) Miniature 2.0, Pera Museum, (\u0130stanbul, 2020) The Crime of Mr. Adolf Loos, Axel Vervoordt Gallery, (Antwerp, 2019) Cappadox Contemporary Art Program, (Cappadocia, 2018) Linear Transcendency\u201d at the Lab- Darat al Funun, (Amman, 2016) SALTWATER: A Theory of Thought Forms. 14th Istanbul Biennial- 100\u00b0- FLO, (\u0130stanbul, 2015).<\/p>\n<p>&nbsp;<\/p>\n<p><strong>Serra Tansel<\/strong> (b.1989, \u0130stanbul) currently lives in London.<\/p>\n<p>Serra Tansel\u2019s practice engages with the ways in which we settle into our world and draw the boundaries of our cities, houses, bodies and the structures, the relationships we establish within them. She works context specific and utilises a wide range of media to infiltrate mainstream cultures in order to create twists. She is a member of the music collective Makkam and one of the faces of Hay\u0131rl\u0131 Evlat.<\/p>\n<p>Recent exhibitions include SH\/FT, No Show Space, London (2021); A Question of Taste, Pera Museum, Istanbul (2021); &#8220;Passion can create drama out of inert stone&#8221;?!, Peak, Elephant &amp; Castle Shopping Mall, London (2020); Higher, Pilot Gallery, Istanbul (2020).<\/p>\n<p>&nbsp;<\/p>\n<p>&nbsp;<\/p>\n<p>&nbsp;<\/p>\n","protected":false},"excerpt":{"rendered":"<p>On Friday December 9 at 6:30pm, the artists Cansu \u00c7akar and Serra Tansel will give a talk at Casa Morra. Archivi d\u2019Arte Contemporanea. The meeting is moderated by Vittorio Urbani<a class=\"excerpt-read-more\" href=\"https:\/\/www.fondazionemorra.org\/en\/evento\/11040\/\" title=\"Read\">&#8230; Read more &raquo;<\/a><\/p>\n","protected":false},"author":2,"featured_media":11021,"template":"","meta":{"_acf_changed":false,"_tribe_events_status":"","_tribe_events_status_reason":"","footnotes":""},"tags":[],"tribe_events_cat":[17],"class_list":["post-11040","tribe_events","type-tribe_events","status-publish","has-post-thumbnail","hentry","tribe_events_cat-casa-morra-en","cat_casa-morra-en"],"acf":[],"yoast_head":"<!-- This site is optimized with the Yoast SEO plugin v27.4 - https:\/\/yoast.com\/product\/yoast-seo-wordpress\/ -->\n<title>- Fondazione Morra<\/title>\n<meta name=\"robots\" content=\"index, follow, max-snippet:-1, max-image-preview:large, max-video-preview:-1\" \/>\n<link rel=\"canonical\" href=\"https:\/\/www.fondazionemorra.org\/en\/evento\/11040\/\" \/>\n<meta property=\"og:locale\" content=\"en_US\" \/>\n<meta property=\"og:type\" content=\"article\" \/>\n<meta property=\"og:title\" content=\"- Fondazione Morra\" \/>\n<meta property=\"og:description\" content=\"On Friday December 9 at 6:30pm, the artists Cansu \u00c7akar and Serra Tansel will give a talk at Casa Morra. Archivi d\u2019Arte Contemporanea. The meeting is moderated by Vittorio Urbani... Read more &raquo;\" \/>\n<meta property=\"og:url\" content=\"https:\/\/www.fondazionemorra.org\/en\/evento\/11040\/\" \/>\n<meta property=\"og:site_name\" content=\"Fondazione Morra\" \/>\n<meta property=\"og:image\" content=\"https:\/\/www.fondazionemorra.org\/wp-content\/uploads\/2022\/12\/01_sito_ND_2022-1.png\" \/>\n\t<meta property=\"og:image:width\" content=\"1200\" \/>\n\t<meta property=\"og:image:height\" content=\"800\" \/>\n\t<meta property=\"og:image:type\" content=\"image\/png\" \/>\n<meta name=\"twitter:card\" content=\"summary_large_image\" \/>\n<meta name=\"twitter:label1\" content=\"Est. reading time\" \/>\n\t<meta name=\"twitter:data1\" content=\"5 minutes\" \/>\n<script type=\"application\/ld+json\" class=\"yoast-schema-graph\">{\"@context\":\"https:\\\/\\\/schema.org\",\"@graph\":[{\"@type\":\"WebPage\",\"@id\":\"https:\\\/\\\/www.fondazionemorra.org\\\/en\\\/evento\\\/11040\\\/\",\"url\":\"https:\\\/\\\/www.fondazionemorra.org\\\/en\\\/evento\\\/11040\\\/\",\"name\":\"- Fondazione Morra\",\"isPartOf\":{\"@id\":\"https:\\\/\\\/www.fondazionemorra.org\\\/en\\\/#website\"},\"primaryImageOfPage\":{\"@id\":\"https:\\\/\\\/www.fondazionemorra.org\\\/en\\\/evento\\\/11040\\\/#primaryimage\"},\"image\":{\"@id\":\"https:\\\/\\\/www.fondazionemorra.org\\\/en\\\/evento\\\/11040\\\/#primaryimage\"},\"thumbnailUrl\":\"https:\\\/\\\/www.fondazionemorra.org\\\/wp-content\\\/uploads\\\/2022\\\/12\\\/01_sito_ND_2022-1.png\",\"datePublished\":\"2022-12-06T13:03:25+00:00\",\"breadcrumb\":{\"@id\":\"https:\\\/\\\/www.fondazionemorra.org\\\/en\\\/evento\\\/11040\\\/#breadcrumb\"},\"inLanguage\":\"en-US\",\"potentialAction\":[{\"@type\":\"ReadAction\",\"target\":[\"https:\\\/\\\/www.fondazionemorra.org\\\/en\\\/evento\\\/11040\\\/\"]}]},{\"@type\":\"ImageObject\",\"inLanguage\":\"en-US\",\"@id\":\"https:\\\/\\\/www.fondazionemorra.org\\\/en\\\/evento\\\/11040\\\/#primaryimage\",\"url\":\"https:\\\/\\\/www.fondazionemorra.org\\\/wp-content\\\/uploads\\\/2022\\\/12\\\/01_sito_ND_2022-1.png\",\"contentUrl\":\"https:\\\/\\\/www.fondazionemorra.org\\\/wp-content\\\/uploads\\\/2022\\\/12\\\/01_sito_ND_2022-1.png\",\"width\":1200,\"height\":800},{\"@type\":\"BreadcrumbList\",\"@id\":\"https:\\\/\\\/www.fondazionemorra.org\\\/en\\\/evento\\\/11040\\\/#breadcrumb\",\"itemListElement\":[{\"@type\":\"ListItem\",\"position\":1,\"name\":\"Home\",\"item\":\"https:\\\/\\\/www.fondazionemorra.org\\\/en\\\/\"},{\"@type\":\"ListItem\",\"position\":2,\"name\":\"Events\",\"item\":\"https:\\\/\\\/www.fondazionemorra.org\\\/en\\\/eventi\\\/\"}]},{\"@type\":\"WebSite\",\"@id\":\"https:\\\/\\\/www.fondazionemorra.org\\\/en\\\/#website\",\"url\":\"https:\\\/\\\/www.fondazionemorra.org\\\/en\\\/\",\"name\":\"Fondazione Morra\",\"description\":\"\",\"publisher\":{\"@id\":\"https:\\\/\\\/www.fondazionemorra.org\\\/en\\\/#organization\"},\"potentialAction\":[{\"@type\":\"SearchAction\",\"target\":{\"@type\":\"EntryPoint\",\"urlTemplate\":\"https:\\\/\\\/www.fondazionemorra.org\\\/en\\\/?s={search_term_string}\"},\"query-input\":{\"@type\":\"PropertyValueSpecification\",\"valueRequired\":true,\"valueName\":\"search_term_string\"}}],\"inLanguage\":\"en-US\"},{\"@type\":\"Organization\",\"@id\":\"https:\\\/\\\/www.fondazionemorra.org\\\/en\\\/#organization\",\"name\":\"Fondazione Morra\",\"url\":\"https:\\\/\\\/www.fondazionemorra.org\\\/en\\\/\",\"logo\":{\"@type\":\"ImageObject\",\"inLanguage\":\"en-US\",\"@id\":\"https:\\\/\\\/www.fondazionemorra.org\\\/en\\\/#\\\/schema\\\/logo\\\/image\\\/\",\"url\":\"https:\\\/\\\/www.fondazionemorra.org\\\/wp-content\\\/uploads\\\/2021\\\/02\\\/logo.png\",\"contentUrl\":\"https:\\\/\\\/www.fondazionemorra.org\\\/wp-content\\\/uploads\\\/2021\\\/02\\\/logo.png\",\"width\":106,\"height\":114,\"caption\":\"Fondazione Morra\"},\"image\":{\"@id\":\"https:\\\/\\\/www.fondazionemorra.org\\\/en\\\/#\\\/schema\\\/logo\\\/image\\\/\"}}]}<\/script>\n<!-- \/ Yoast SEO plugin. -->","yoast_head_json":{"title":"- Fondazione Morra","robots":{"index":"index","follow":"follow","max-snippet":"max-snippet:-1","max-image-preview":"max-image-preview:large","max-video-preview":"max-video-preview:-1"},"canonical":"https:\/\/www.fondazionemorra.org\/en\/evento\/11040\/","og_locale":"en_US","og_type":"article","og_title":"- Fondazione Morra","og_description":"On Friday December 9 at 6:30pm, the artists Cansu \u00c7akar and Serra Tansel will give a talk at Casa Morra. Archivi d\u2019Arte Contemporanea. The meeting is moderated by Vittorio Urbani... Read more &raquo;","og_url":"https:\/\/www.fondazionemorra.org\/en\/evento\/11040\/","og_site_name":"Fondazione Morra","og_image":[{"width":1200,"height":800,"url":"https:\/\/www.fondazionemorra.org\/wp-content\/uploads\/2022\/12\/01_sito_ND_2022-1.png","type":"image\/png"}],"twitter_card":"summary_large_image","twitter_misc":{"Est. reading time":"5 minutes"},"schema":{"@context":"https:\/\/schema.org","@graph":[{"@type":"WebPage","@id":"https:\/\/www.fondazionemorra.org\/en\/evento\/11040\/","url":"https:\/\/www.fondazionemorra.org\/en\/evento\/11040\/","name":"- Fondazione Morra","isPartOf":{"@id":"https:\/\/www.fondazionemorra.org\/en\/#website"},"primaryImageOfPage":{"@id":"https:\/\/www.fondazionemorra.org\/en\/evento\/11040\/#primaryimage"},"image":{"@id":"https:\/\/www.fondazionemorra.org\/en\/evento\/11040\/#primaryimage"},"thumbnailUrl":"https:\/\/www.fondazionemorra.org\/wp-content\/uploads\/2022\/12\/01_sito_ND_2022-1.png","datePublished":"2022-12-06T13:03:25+00:00","breadcrumb":{"@id":"https:\/\/www.fondazionemorra.org\/en\/evento\/11040\/#breadcrumb"},"inLanguage":"en-US","potentialAction":[{"@type":"ReadAction","target":["https:\/\/www.fondazionemorra.org\/en\/evento\/11040\/"]}]},{"@type":"ImageObject","inLanguage":"en-US","@id":"https:\/\/www.fondazionemorra.org\/en\/evento\/11040\/#primaryimage","url":"https:\/\/www.fondazionemorra.org\/wp-content\/uploads\/2022\/12\/01_sito_ND_2022-1.png","contentUrl":"https:\/\/www.fondazionemorra.org\/wp-content\/uploads\/2022\/12\/01_sito_ND_2022-1.png","width":1200,"height":800},{"@type":"BreadcrumbList","@id":"https:\/\/www.fondazionemorra.org\/en\/evento\/11040\/#breadcrumb","itemListElement":[{"@type":"ListItem","position":1,"name":"Home","item":"https:\/\/www.fondazionemorra.org\/en\/"},{"@type":"ListItem","position":2,"name":"Events","item":"https:\/\/www.fondazionemorra.org\/en\/eventi\/"}]},{"@type":"WebSite","@id":"https:\/\/www.fondazionemorra.org\/en\/#website","url":"https:\/\/www.fondazionemorra.org\/en\/","name":"Fondazione Morra","description":"","publisher":{"@id":"https:\/\/www.fondazionemorra.org\/en\/#organization"},"potentialAction":[{"@type":"SearchAction","target":{"@type":"EntryPoint","urlTemplate":"https:\/\/www.fondazionemorra.org\/en\/?s={search_term_string}"},"query-input":{"@type":"PropertyValueSpecification","valueRequired":true,"valueName":"search_term_string"}}],"inLanguage":"en-US"},{"@type":"Organization","@id":"https:\/\/www.fondazionemorra.org\/en\/#organization","name":"Fondazione Morra","url":"https:\/\/www.fondazionemorra.org\/en\/","logo":{"@type":"ImageObject","inLanguage":"en-US","@id":"https:\/\/www.fondazionemorra.org\/en\/#\/schema\/logo\/image\/","url":"https:\/\/www.fondazionemorra.org\/wp-content\/uploads\/2021\/02\/logo.png","contentUrl":"https:\/\/www.fondazionemorra.org\/wp-content\/uploads\/2021\/02\/logo.png","width":106,"height":114,"caption":"Fondazione Morra"},"image":{"@id":"https:\/\/www.fondazionemorra.org\/en\/#\/schema\/logo\/image\/"}}]}},"_links":{"self":[{"href":"https:\/\/www.fondazionemorra.org\/en\/wp-json\/wp\/v2\/tribe_events\/11040","targetHints":{"allow":["GET"]}}],"collection":[{"href":"https:\/\/www.fondazionemorra.org\/en\/wp-json\/wp\/v2\/tribe_events"}],"about":[{"href":"https:\/\/www.fondazionemorra.org\/en\/wp-json\/wp\/v2\/types\/tribe_events"}],"author":[{"embeddable":true,"href":"https:\/\/www.fondazionemorra.org\/en\/wp-json\/wp\/v2\/users\/2"}],"version-history":[{"count":1,"href":"https:\/\/www.fondazionemorra.org\/en\/wp-json\/wp\/v2\/tribe_events\/11040\/revisions"}],"predecessor-version":[{"id":11041,"href":"https:\/\/www.fondazionemorra.org\/en\/wp-json\/wp\/v2\/tribe_events\/11040\/revisions\/11041"}],"wp:featuredmedia":[{"embeddable":true,"href":"https:\/\/www.fondazionemorra.org\/en\/wp-json\/wp\/v2\/media\/11021"}],"wp:attachment":[{"href":"https:\/\/www.fondazionemorra.org\/en\/wp-json\/wp\/v2\/media?parent=11040"}],"wp:term":[{"taxonomy":"post_tag","embeddable":true,"href":"https:\/\/www.fondazionemorra.org\/en\/wp-json\/wp\/v2\/tags?post=11040"},{"taxonomy":"tribe_events_cat","embeddable":true,"href":"https:\/\/www.fondazionemorra.org\/en\/wp-json\/wp\/v2\/tribe_events_cat?post=11040"}],"curies":[{"name":"wp","href":"https:\/\/api.w.org\/{rel}","templated":true}]}}