{"id":11865,"date":"2023-03-06T10:31:57","date_gmt":"2023-03-06T09:31:57","guid":{"rendered":"https:\/\/www.fondazionemorra.org\/?post_type=tribe_events&#038;p=11865"},"modified":"2024-03-29T07:17:45","modified_gmt":"2024-03-29T06:17:45","slug":"due-giorni-con-dean-m-roberts","status":"publish","type":"tribe_events","link":"https:\/\/www.fondazionemorra.org\/it\/evento\/due-giorni-con-dean-m-roberts\/","title":{"rendered":"Due giorni con Dean M Roberts"},"content":{"rendered":"<p style=\"text-align: center;\"><strong>DUE GIORNI CON DEAN M ROBERTS<\/strong><br \/>\nvenerd\u00ec 10 e sabato 11 marzo 2023<br \/>\nCasa Morra Salita San Raffaele 20\/C Napoli<\/p>\n<p style=\"text-align: center;\"><strong>Aotearoa New Zealand experimental film program<\/strong> a cura di Dean M Roberts<br \/>\nSolo Performance di Dean M Roberts<br \/>\nvenerd\u00ec 10 marzo 2023 dalle ore 19:30<\/p>\n<p style=\"text-align: center;\"><strong>Critical Analysis and Contextual Awareness in Improvisation and Contemporary Music and Sound Arts<\/strong><br \/>\ncondotto da Dean M Roberts<br \/>\n<strong>Tony Conrad: Completely in the Present<\/strong> di Tyler Hubby<br \/>\nsabato 11 marzo 2023 dalle ore 11:00<\/p>\n<p>Venerd\u00ec 10 e sabato 11 marzo 2023 a Casa Morra Archivi d\u2019Arte Contemporanea, due giorni di eventi a cura di Dean M Roberts, tra i principali professionisti della musica contemporanea in Nuova Zelanda, attivo dalla met\u00e0 degli anni 1990 ad oggi con pi\u00f9 di 20 album ed incarichi come professore in studi sonori, ecologia acustica ed intermedia arts.<\/p>\n<p>Venerd\u00ec 10 marzo si inizia alle ore 19:30 con <em>Aotearoa New Zealand experimental film program, <\/em>quattro opere filmiche il cui denominatore comune \u00e8 lo straordinario paesaggio della Nuova Zelanda. Le videoproiezioni spaziano intorno a vibranti osservazioni globali, associazioni e traduzioni extralinguistiche: <em>The Other Mother <\/em>di Ronnie Van Hout riflette su tormentati rapporti familiari, <em>Apple Pie<\/em> di Sam Hamilton \u00e8 progettato per funzionare anatomicamente come una struttura complessa vivente, <em>Horse<\/em> di Jessica Bluck indaga il senso della vita attraverso la rivisitazione di fatti storici del 1869 durante le Guerre M\u0101ori per le Terre, <em>Erewhon<\/em> di Gavin Hipkins \u00e8 il viaggio del narratore verso una societ\u00e0 immaginaria in cui il vegetarianismo \u00e8 la legge e le macchine sono bandite.<\/p>\n<p>A seguire, <em>solo performance <\/em>di Dean M Roberts: un\u2019eccezionale esecuzione per voce e chitarra elettrica che intreccia elementi di rock, elettro-acustica, minimalismo e improvvisazione in cicli di canzoni insolitamente coinvolgenti.<\/p>\n<p>Sabato 11 marzo alle ore 11 inizia il workshop <em>Critical Analysis and Contextual Awareness in Improvisation and Contemporary Music and Sound Arts<\/em> condotto da Dean M Roberts, professore presso <em>The Institute of Speculative and Critical Inquiry: Collaborative Experimentation in Sound<\/em> alla Berkeley University in Portogallo.<\/p>\n<p>Il workshop \u00e8 progettato per studenti, professionisti o partecipanti curiosi di qualsiasi et\u00e0 dai 18 ai 100 anni e non richiede alcuna esperienza musicale, soltanto un puro interesse per il suono, la partecipazione sociale e la sperimentazione. I partecipanti possono essere strumentisti, sperimentatori elettronici, poeti, attori, registi, studenti impegnati in performance art e studi sonori, o chiunque \u00e8 interessato a un workshop di sperimentazione collaborativa nel suono&#8230;<\/p>\n<p>Il punto di partenza del workshop \u00e8 la proiezione alle ore 12:00 aperta a tutti di <em>Tony Conrad: Completely in the Present<\/em>, un documentario di Tyler Hubby che esamina la vita pionieristica e le opere del film-maker, musicista, artista ed insegnante Tony Conrad.<\/p>\n<p>Dopo la proiezione e la discussione del film, \u00e8 data l\u2019opportunit\u00e0 di esplorare l&#8217;ambiente sonoro e documentare i suoni di una &#8220;passeggiata sonora&#8221;. Forse alcune persone desiderano registrarsi suonando uno strumento, o formare un gruppo per improvvisare, incoraggiati a camminare per le strade, i giardini urbani, la metropolitana, ecc. ed esplorare l&#8217;esperienza sonora.<\/p>\n<p>Durante il workshop, sono assegnati alcuni compiti guidati, ad esempio il gruppo \u00e8 incoraggiato a partecipare a un esercizio vocale collettivo basato sulla partitura istruttiva della compositrice Pauline Oliveros cos\u00ec come sulla partitura grafica <em>Treatise<\/em> del compositore Cornelius Cardew, un fondamentale &#8216;Visual Score&#8217; per gli improvvisatori.<\/p>\n<p>Il workshop culmina in un incontro alle ore 19:00 in cui il gruppo contemporaneamente riproduce il diario audio raccolto individualmente nel pomeriggio. Il riferimento \u00e8 la filosofia di John Cage del rumore randomizzato e semi-organizzato cos\u00ec come la musica di R. Murray Shaefer, e la partitura <em>All Cracked Medias<\/em> di Dean M Roberts.<\/p>\n<p>Il workshop \u00e8 in lingua inglese \u2013 quota di partecipazione \u20ac 10,00<\/p>\n<p>Per l\u2019iscrizione inviare un\u2019e-mail a <a href=\"mailto:info@fondazionemorra.org\">info@fondazionemorra.org<\/a><\/p>\n","protected":false},"excerpt":{"rendered":"<p>DUE GIORNI CON DEAN M ROBERTS venerd\u00ec 10 e sabato 11 marzo 2023 Casa Morra Salita San Raffaele 20\/C Napoli Aotearoa New Zealand experimental film program a cura di Dean<a class=\"excerpt-read-more\" href=\"https:\/\/www.fondazionemorra.org\/it\/evento\/due-giorni-con-dean-m-roberts\/\" title=\"ReadDue giorni con Dean M Roberts\">&#8230; Read more &raquo;<\/a><\/p>\n","protected":false},"author":1,"featured_media":11868,"template":"","meta":{"_acf_changed":false,"_tribe_events_status":"","_tribe_events_status_reason":"","footnotes":""},"tags":[],"tribe_events_cat":[12],"class_list":["post-11865","tribe_events","type-tribe_events","status-publish","has-post-thumbnail","hentry","tribe_events_cat-casa-morra","cat_casa-morra"],"acf":[],"yoast_head":"<!-- This site is optimized with the Yoast SEO plugin v27.4 - https:\/\/yoast.com\/product\/yoast-seo-wordpress\/ -->\n<title>Due giorni con Dean M Roberts - Fondazione Morra<\/title>\n<meta name=\"robots\" content=\"index, follow, max-snippet:-1, max-image-preview:large, max-video-preview:-1\" \/>\n<link rel=\"canonical\" href=\"https:\/\/www.fondazionemorra.org\/it\/evento\/due-giorni-con-dean-m-roberts\/\" \/>\n<meta property=\"og:locale\" content=\"it_IT\" \/>\n<meta property=\"og:type\" content=\"article\" \/>\n<meta property=\"og:title\" content=\"Due giorni con Dean M Roberts - Fondazione Morra\" \/>\n<meta property=\"og:description\" content=\"DUE GIORNI CON DEAN M ROBERTS venerd\u00ec 10 e sabato 11 marzo 2023 Casa Morra Salita San Raffaele 20\/C Napoli Aotearoa New Zealand experimental film program a cura di Dean... Read more &raquo;\" \/>\n<meta property=\"og:url\" content=\"https:\/\/www.fondazionemorra.org\/it\/evento\/due-giorni-con-dean-m-roberts\/\" \/>\n<meta property=\"og:site_name\" content=\"Fondazione Morra\" \/>\n<meta property=\"article:modified_time\" content=\"2024-03-29T06:17:45+00:00\" \/>\n<meta property=\"og:image\" content=\"https:\/\/www.fondazionemorra.org\/wp-content\/uploads\/2023\/03\/deanrheader.jpg\" \/>\n\t<meta property=\"og:image:width\" content=\"1200\" \/>\n\t<meta property=\"og:image:height\" content=\"909\" \/>\n\t<meta property=\"og:image:type\" content=\"image\/jpeg\" \/>\n<meta name=\"twitter:card\" content=\"summary_large_image\" \/>\n<meta name=\"twitter:label1\" content=\"Tempo di lettura stimato\" \/>\n\t<meta name=\"twitter:data1\" content=\"3 minuti\" \/>\n<script type=\"application\/ld+json\" class=\"yoast-schema-graph\">{\"@context\":\"https:\\\/\\\/schema.org\",\"@graph\":[{\"@type\":\"WebPage\",\"@id\":\"https:\\\/\\\/www.fondazionemorra.org\\\/it\\\/evento\\\/due-giorni-con-dean-m-roberts\\\/\",\"url\":\"https:\\\/\\\/www.fondazionemorra.org\\\/it\\\/evento\\\/due-giorni-con-dean-m-roberts\\\/\",\"name\":\"Due giorni con Dean M Roberts - Fondazione Morra\",\"isPartOf\":{\"@id\":\"https:\\\/\\\/www.fondazionemorra.org\\\/it\\\/#website\"},\"primaryImageOfPage\":{\"@id\":\"https:\\\/\\\/www.fondazionemorra.org\\\/it\\\/evento\\\/due-giorni-con-dean-m-roberts\\\/#primaryimage\"},\"image\":{\"@id\":\"https:\\\/\\\/www.fondazionemorra.org\\\/it\\\/evento\\\/due-giorni-con-dean-m-roberts\\\/#primaryimage\"},\"thumbnailUrl\":\"https:\\\/\\\/www.fondazionemorra.org\\\/wp-content\\\/uploads\\\/2023\\\/03\\\/deanrheader.jpg\",\"datePublished\":\"2023-03-06T09:31:57+00:00\",\"dateModified\":\"2024-03-29T06:17:45+00:00\",\"breadcrumb\":{\"@id\":\"https:\\\/\\\/www.fondazionemorra.org\\\/it\\\/evento\\\/due-giorni-con-dean-m-roberts\\\/#breadcrumb\"},\"inLanguage\":\"it-IT\",\"potentialAction\":[{\"@type\":\"ReadAction\",\"target\":[\"https:\\\/\\\/www.fondazionemorra.org\\\/it\\\/evento\\\/due-giorni-con-dean-m-roberts\\\/\"]}]},{\"@type\":\"ImageObject\",\"inLanguage\":\"it-IT\",\"@id\":\"https:\\\/\\\/www.fondazionemorra.org\\\/it\\\/evento\\\/due-giorni-con-dean-m-roberts\\\/#primaryimage\",\"url\":\"https:\\\/\\\/www.fondazionemorra.org\\\/wp-content\\\/uploads\\\/2023\\\/03\\\/deanrheader.jpg\",\"contentUrl\":\"https:\\\/\\\/www.fondazionemorra.org\\\/wp-content\\\/uploads\\\/2023\\\/03\\\/deanrheader.jpg\",\"width\":1200,\"height\":909,\"caption\":\"Dean M Roberts\"},{\"@type\":\"BreadcrumbList\",\"@id\":\"https:\\\/\\\/www.fondazionemorra.org\\\/it\\\/evento\\\/due-giorni-con-dean-m-roberts\\\/#breadcrumb\",\"itemListElement\":[{\"@type\":\"ListItem\",\"position\":1,\"name\":\"Home\",\"item\":\"https:\\\/\\\/www.fondazionemorra.org\\\/it\\\/\"},{\"@type\":\"ListItem\",\"position\":2,\"name\":\"Eventi\",\"item\":\"https:\\\/\\\/www.fondazionemorra.org\\\/it\\\/eventi\\\/\"},{\"@type\":\"ListItem\",\"position\":3,\"name\":\"Due giorni con Dean M Roberts\"}]},{\"@type\":\"WebSite\",\"@id\":\"https:\\\/\\\/www.fondazionemorra.org\\\/it\\\/#website\",\"url\":\"https:\\\/\\\/www.fondazionemorra.org\\\/it\\\/\",\"name\":\"Fondazione Morra\",\"description\":\"\",\"publisher\":{\"@id\":\"https:\\\/\\\/www.fondazionemorra.org\\\/it\\\/#organization\"},\"potentialAction\":[{\"@type\":\"SearchAction\",\"target\":{\"@type\":\"EntryPoint\",\"urlTemplate\":\"https:\\\/\\\/www.fondazionemorra.org\\\/it\\\/?s={search_term_string}\"},\"query-input\":{\"@type\":\"PropertyValueSpecification\",\"valueRequired\":true,\"valueName\":\"search_term_string\"}}],\"inLanguage\":\"it-IT\"},{\"@type\":\"Organization\",\"@id\":\"https:\\\/\\\/www.fondazionemorra.org\\\/it\\\/#organization\",\"name\":\"Fondazione Morra\",\"url\":\"https:\\\/\\\/www.fondazionemorra.org\\\/it\\\/\",\"logo\":{\"@type\":\"ImageObject\",\"inLanguage\":\"it-IT\",\"@id\":\"https:\\\/\\\/www.fondazionemorra.org\\\/it\\\/#\\\/schema\\\/logo\\\/image\\\/\",\"url\":\"https:\\\/\\\/www.fondazionemorra.org\\\/wp-content\\\/uploads\\\/2021\\\/02\\\/logo.png\",\"contentUrl\":\"https:\\\/\\\/www.fondazionemorra.org\\\/wp-content\\\/uploads\\\/2021\\\/02\\\/logo.png\",\"width\":106,\"height\":114,\"caption\":\"Fondazione Morra\"},\"image\":{\"@id\":\"https:\\\/\\\/www.fondazionemorra.org\\\/it\\\/#\\\/schema\\\/logo\\\/image\\\/\"}}]}<\/script>\n<!-- \/ Yoast SEO plugin. -->","yoast_head_json":{"title":"Due giorni con Dean M Roberts - Fondazione Morra","robots":{"index":"index","follow":"follow","max-snippet":"max-snippet:-1","max-image-preview":"max-image-preview:large","max-video-preview":"max-video-preview:-1"},"canonical":"https:\/\/www.fondazionemorra.org\/it\/evento\/due-giorni-con-dean-m-roberts\/","og_locale":"it_IT","og_type":"article","og_title":"Due giorni con Dean M Roberts - Fondazione Morra","og_description":"DUE GIORNI CON DEAN M ROBERTS venerd\u00ec 10 e sabato 11 marzo 2023 Casa Morra Salita San Raffaele 20\/C Napoli Aotearoa New Zealand experimental film program a cura di Dean... Read more &raquo;","og_url":"https:\/\/www.fondazionemorra.org\/it\/evento\/due-giorni-con-dean-m-roberts\/","og_site_name":"Fondazione Morra","article_modified_time":"2024-03-29T06:17:45+00:00","og_image":[{"width":1200,"height":909,"url":"https:\/\/www.fondazionemorra.org\/wp-content\/uploads\/2023\/03\/deanrheader.jpg","type":"image\/jpeg"}],"twitter_card":"summary_large_image","twitter_misc":{"Tempo di lettura stimato":"3 minuti"},"schema":{"@context":"https:\/\/schema.org","@graph":[{"@type":"WebPage","@id":"https:\/\/www.fondazionemorra.org\/it\/evento\/due-giorni-con-dean-m-roberts\/","url":"https:\/\/www.fondazionemorra.org\/it\/evento\/due-giorni-con-dean-m-roberts\/","name":"Due giorni con Dean M Roberts - Fondazione Morra","isPartOf":{"@id":"https:\/\/www.fondazionemorra.org\/it\/#website"},"primaryImageOfPage":{"@id":"https:\/\/www.fondazionemorra.org\/it\/evento\/due-giorni-con-dean-m-roberts\/#primaryimage"},"image":{"@id":"https:\/\/www.fondazionemorra.org\/it\/evento\/due-giorni-con-dean-m-roberts\/#primaryimage"},"thumbnailUrl":"https:\/\/www.fondazionemorra.org\/wp-content\/uploads\/2023\/03\/deanrheader.jpg","datePublished":"2023-03-06T09:31:57+00:00","dateModified":"2024-03-29T06:17:45+00:00","breadcrumb":{"@id":"https:\/\/www.fondazionemorra.org\/it\/evento\/due-giorni-con-dean-m-roberts\/#breadcrumb"},"inLanguage":"it-IT","potentialAction":[{"@type":"ReadAction","target":["https:\/\/www.fondazionemorra.org\/it\/evento\/due-giorni-con-dean-m-roberts\/"]}]},{"@type":"ImageObject","inLanguage":"it-IT","@id":"https:\/\/www.fondazionemorra.org\/it\/evento\/due-giorni-con-dean-m-roberts\/#primaryimage","url":"https:\/\/www.fondazionemorra.org\/wp-content\/uploads\/2023\/03\/deanrheader.jpg","contentUrl":"https:\/\/www.fondazionemorra.org\/wp-content\/uploads\/2023\/03\/deanrheader.jpg","width":1200,"height":909,"caption":"Dean M Roberts"},{"@type":"BreadcrumbList","@id":"https:\/\/www.fondazionemorra.org\/it\/evento\/due-giorni-con-dean-m-roberts\/#breadcrumb","itemListElement":[{"@type":"ListItem","position":1,"name":"Home","item":"https:\/\/www.fondazionemorra.org\/it\/"},{"@type":"ListItem","position":2,"name":"Eventi","item":"https:\/\/www.fondazionemorra.org\/it\/eventi\/"},{"@type":"ListItem","position":3,"name":"Due giorni con Dean M Roberts"}]},{"@type":"WebSite","@id":"https:\/\/www.fondazionemorra.org\/it\/#website","url":"https:\/\/www.fondazionemorra.org\/it\/","name":"Fondazione Morra","description":"","publisher":{"@id":"https:\/\/www.fondazionemorra.org\/it\/#organization"},"potentialAction":[{"@type":"SearchAction","target":{"@type":"EntryPoint","urlTemplate":"https:\/\/www.fondazionemorra.org\/it\/?s={search_term_string}"},"query-input":{"@type":"PropertyValueSpecification","valueRequired":true,"valueName":"search_term_string"}}],"inLanguage":"it-IT"},{"@type":"Organization","@id":"https:\/\/www.fondazionemorra.org\/it\/#organization","name":"Fondazione Morra","url":"https:\/\/www.fondazionemorra.org\/it\/","logo":{"@type":"ImageObject","inLanguage":"it-IT","@id":"https:\/\/www.fondazionemorra.org\/it\/#\/schema\/logo\/image\/","url":"https:\/\/www.fondazionemorra.org\/wp-content\/uploads\/2021\/02\/logo.png","contentUrl":"https:\/\/www.fondazionemorra.org\/wp-content\/uploads\/2021\/02\/logo.png","width":106,"height":114,"caption":"Fondazione Morra"},"image":{"@id":"https:\/\/www.fondazionemorra.org\/it\/#\/schema\/logo\/image\/"}}]}},"_links":{"self":[{"href":"https:\/\/www.fondazionemorra.org\/it\/wp-json\/wp\/v2\/tribe_events\/11865","targetHints":{"allow":["GET"]}}],"collection":[{"href":"https:\/\/www.fondazionemorra.org\/it\/wp-json\/wp\/v2\/tribe_events"}],"about":[{"href":"https:\/\/www.fondazionemorra.org\/it\/wp-json\/wp\/v2\/types\/tribe_events"}],"author":[{"embeddable":true,"href":"https:\/\/www.fondazionemorra.org\/it\/wp-json\/wp\/v2\/users\/1"}],"version-history":[{"count":3,"href":"https:\/\/www.fondazionemorra.org\/it\/wp-json\/wp\/v2\/tribe_events\/11865\/revisions"}],"predecessor-version":[{"id":11872,"href":"https:\/\/www.fondazionemorra.org\/it\/wp-json\/wp\/v2\/tribe_events\/11865\/revisions\/11872"}],"wp:featuredmedia":[{"embeddable":true,"href":"https:\/\/www.fondazionemorra.org\/it\/wp-json\/wp\/v2\/media\/11868"}],"wp:attachment":[{"href":"https:\/\/www.fondazionemorra.org\/it\/wp-json\/wp\/v2\/media?parent=11865"}],"wp:term":[{"taxonomy":"post_tag","embeddable":true,"href":"https:\/\/www.fondazionemorra.org\/it\/wp-json\/wp\/v2\/tags?post=11865"},{"taxonomy":"tribe_events_cat","embeddable":true,"href":"https:\/\/www.fondazionemorra.org\/it\/wp-json\/wp\/v2\/tribe_events_cat?post=11865"}],"curies":[{"name":"wp","href":"https:\/\/api.w.org\/{rel}","templated":true}]}}