{"id":12967,"date":"2024-05-28T12:39:26","date_gmt":"2024-05-28T10:39:26","guid":{"rendered":"https:\/\/www.fondazionemorra.org\/?post_type=tribe_events&#038;p=12967"},"modified":"2024-07-05T05:09:24","modified_gmt":"2024-07-05T03:09:24","slug":"matteo-fraterno-la-materia-del-mito-prologo","status":"publish","type":"tribe_events","link":"https:\/\/www.fondazionemorra.org\/it\/evento\/matteo-fraterno-la-materia-del-mito-prologo\/","title":{"rendered":"Matteo Fraterno LA MATERIA del MITO. Prologo"},"content":{"rendered":"<p style=\"text-align: center;\"><strong>MATTEO FRATERNO <\/strong><br \/>\n<strong><em>LA MATERIA del MITO. Prologo<\/em><\/strong><br \/>\n<strong><em>\u0397 \u03a5\u039b\u0397 \u03c4\u03bf\u03c5 \u039c\u03a5\u0398\u039f\u03a5. \u03a0\u03c1\u03cc\u03bb\u03bf\u03b3\u03bf\u03c2<\/em><\/strong><\/p>\n<p style=\"text-align: center;\">a cura di Federico Decandia<\/p>\n<p style=\"text-align: center;\">venerd\u00ec 31 maggio 2024 ore 18:30<\/p>\n<p style=\"text-align: center;\">Museo Archivio Laboratorio per le Arti Contemporanee Hermann Nitsch<br \/>\nVico Lungo Pontecorvo 29\/d<\/p>\n<p><em>LA MATERIA del MITO. Prologo,<\/em> di Matteo Fraterno a cura di Federico Decandia \u00e8 la documentazione fotografica della residenza dell\u2019artista al Museo Epigrafico di Atene nel settembre 2023 che ha visto la produzione di una serie di <em>frottage<\/em> realizzati sulle epigrafi conservate nel cortile del museo. <em>LA MATERIA del MITO<\/em> si articola in tre momenti distinti: il <em>Prologo<\/em> documentale segue il <em>workshop <\/em>condotto dall\u2019artista il 18 maggio 2024 presso il Parco Archeologico di Grumentum (Potenza) e introduce alla mostra prevista nell\u2019autunno 2024 al Museo Epigrafico di Atene.<\/p>\n<p>Nucleo costitutivo del <em>Prologo<\/em>, allestito presso gli spazi ipogei del Museo Hermann Nitsch dal 31 maggio al 13 luglio, \u00e8 la documentazione fotografica di Zafiro Vlachou che registra l\u2019attitudine processuale dell\u2019artista a trattenere quella memoria del contatto che nel <em>frottage, <\/em>considerato nella sua autonomia tecnica, viene continuamente differita. \u00c8 Fraterno a fermarsi su questa soglia: \u201c<em>Avvicinandomi alla superficie ho provato una sorta di vertigine, un coinvolgimento tale da non avere pi\u00f9 cognizione della discontinuit\u00e0 tra il mio corpo e la materia. \u00c8 avvenuto con le mura dell\u2019Ucciardone, con i sentieri di Pikionis all\u2019Acropoli e in modo se possibile pi\u00f9 intenso con le epigrafi. Ho scelto di lavorare esclusivamente sulle iscrizioni lapidee collocate nel cortile del Museo perch\u00e9 \u00e8 con l\u2019esposizione al sole, al vento e alla pioggia che <\/em>la materia del mito<em> restituisce la sua pi\u00f9 intima vivacit\u00e0\u201d<\/em> (M. Fraterno).<\/p>\n<p>Quello di Fraterno non \u00e8 dunque un campionamento scientifico ma necessit\u00e0 di ravvivare quella forza inattuale dell\u2019impronta che consiste precisamente nel \u201cfar risorgere nel visibile la questione del contatto\u201d (G. Didi-Huberman). I presupposti della residenza ateniese del settembre 2023 si riscontrano in due ricerche parallele appena precedenti: la prima \u00e8 di natura tematica e nasce dall\u2019onda lunga di una profetica esperienza di confinamento volontario nella Biblioteca della Fondazione Morra all\u2019inizio del 2020 (<em>Esperienze\/L\u2019infinito intrattenimento<\/em>, 2020): in quell\u2019occasione Fraterno aveva restituito iconograficamente i sogni indotti dall\u2019esercizio quotidiano della lettura, un <em>modus operandi <\/em>che lo ha accompagnato anche nel 2023 nella produzione di una serie di disegni ispirati agli <em>epitaffi \u2013<\/em> da Sicilo a Dick Higgins \u2013 che abbracciano l\u2019intera storia della civilt\u00e0 occidentale. La seconda ricerca \u00e8 piuttosto di natura tecnica e fa riferimento all\u2019annessione del <em>frottage<\/em> nella sua grammatica artistica. Il <em>frottage<\/em> si configura inizialmente per Fraterno come un pretesto per avvicinarsi alla pura materia dell\u2019interdizione, \u00e8 ci\u00f2 che gli permette anzitutto di fare esperienza tattile della \u201cpelle\u201d delle mura del carcere Ucciardone di Palermo (<em>La materia dell\u2019Ucciardone<\/em>, 2022). Questo lavoro, parte di un trittico di lavori incentrati sulle forme della reclusione, intendeva indagare l\u2019ossessione immunitaria globale acutizzata dall\u2019eredit\u00e0 post-pandemica. Nel suo lavoro Fraterno indica come un antidoto alla <em>malinconia civile<\/em> l\u2019approssimazione corporea alla materia del marmo pentelico: non il concetto e neppure l\u2019astrazione immaginativa, ma il puro <em>contatto<\/em> che precede e garantisce l\u2019apertura integrale all\u2019altro.<\/p>\n","protected":false},"excerpt":{"rendered":"<p>MATTEO FRATERNO LA MATERIA del MITO. Prologo \u0397 \u03a5\u039b\u0397 \u03c4\u03bf\u03c5 \u039c\u03a5\u0398\u039f\u03a5. \u03a0\u03c1\u03cc\u03bb\u03bf\u03b3\u03bf\u03c2 a cura di Federico Decandia venerd\u00ec 31 maggio 2024 ore 18:30 Museo Archivio Laboratorio per le Arti Contemporanee<a class=\"excerpt-read-more\" href=\"https:\/\/www.fondazionemorra.org\/it\/evento\/matteo-fraterno-la-materia-del-mito-prologo\/\" title=\"ReadMatteo Fraterno LA MATERIA del MITO. Prologo\">&#8230; Read more &raquo;<\/a><\/p>\n","protected":false},"author":1,"featured_media":12968,"template":"","meta":{"_acf_changed":false,"_tribe_events_status":"","_tribe_events_status_reason":"","footnotes":""},"tags":[],"tribe_events_cat":[15],"class_list":["post-12967","tribe_events","type-tribe_events","status-publish","has-post-thumbnail","hentry","tribe_events_cat-museo-nitsch","cat_museo-nitsch"],"acf":[],"yoast_head":"<!-- This site is optimized with the Yoast SEO plugin v27.4 - https:\/\/yoast.com\/product\/yoast-seo-wordpress\/ -->\n<title>Matteo Fraterno LA MATERIA del MITO. Prologo - Fondazione Morra<\/title>\n<meta name=\"robots\" content=\"index, follow, max-snippet:-1, max-image-preview:large, max-video-preview:-1\" \/>\n<link rel=\"canonical\" href=\"https:\/\/www.fondazionemorra.org\/it\/evento\/matteo-fraterno-la-materia-del-mito-prologo\/\" \/>\n<meta property=\"og:locale\" content=\"it_IT\" \/>\n<meta property=\"og:type\" content=\"article\" \/>\n<meta property=\"og:title\" content=\"Matteo Fraterno LA MATERIA del MITO. Prologo - Fondazione Morra\" \/>\n<meta property=\"og:description\" content=\"MATTEO FRATERNO LA MATERIA del MITO. Prologo \u0397 \u03a5\u039b\u0397 \u03c4\u03bf\u03c5 \u039c\u03a5\u0398\u039f\u03a5. \u03a0\u03c1\u03cc\u03bb\u03bf\u03b3\u03bf\u03c2 a cura di Federico Decandia venerd\u00ec 31 maggio 2024 ore 18:30 Museo Archivio Laboratorio per le Arti Contemporanee... Read more &raquo;\" \/>\n<meta property=\"og:url\" content=\"https:\/\/www.fondazionemorra.org\/it\/evento\/matteo-fraterno-la-materia-del-mito-prologo\/\" \/>\n<meta property=\"og:site_name\" content=\"Fondazione Morra\" \/>\n<meta property=\"article:modified_time\" content=\"2024-07-05T03:09:24+00:00\" \/>\n<meta property=\"og:image\" content=\"https:\/\/www.fondazionemorra.org\/wp-content\/uploads\/2024\/05\/materia-mito.jpg\" \/>\n\t<meta property=\"og:image:width\" content=\"800\" \/>\n\t<meta property=\"og:image:height\" content=\"400\" \/>\n\t<meta property=\"og:image:type\" content=\"image\/jpeg\" \/>\n<meta name=\"twitter:card\" content=\"summary_large_image\" \/>\n<meta name=\"twitter:label1\" content=\"Tempo di lettura stimato\" \/>\n\t<meta name=\"twitter:data1\" content=\"2 minuti\" \/>\n<script type=\"application\/ld+json\" class=\"yoast-schema-graph\">{\"@context\":\"https:\\\/\\\/schema.org\",\"@graph\":[{\"@type\":\"WebPage\",\"@id\":\"https:\\\/\\\/www.fondazionemorra.org\\\/it\\\/evento\\\/matteo-fraterno-la-materia-del-mito-prologo\\\/\",\"url\":\"https:\\\/\\\/www.fondazionemorra.org\\\/it\\\/evento\\\/matteo-fraterno-la-materia-del-mito-prologo\\\/\",\"name\":\"Matteo Fraterno LA MATERIA del MITO. Prologo - Fondazione Morra\",\"isPartOf\":{\"@id\":\"https:\\\/\\\/www.fondazionemorra.org\\\/it\\\/#website\"},\"primaryImageOfPage\":{\"@id\":\"https:\\\/\\\/www.fondazionemorra.org\\\/it\\\/evento\\\/matteo-fraterno-la-materia-del-mito-prologo\\\/#primaryimage\"},\"image\":{\"@id\":\"https:\\\/\\\/www.fondazionemorra.org\\\/it\\\/evento\\\/matteo-fraterno-la-materia-del-mito-prologo\\\/#primaryimage\"},\"thumbnailUrl\":\"https:\\\/\\\/www.fondazionemorra.org\\\/wp-content\\\/uploads\\\/2024\\\/05\\\/materia-mito.jpg\",\"datePublished\":\"2024-05-28T10:39:26+00:00\",\"dateModified\":\"2024-07-05T03:09:24+00:00\",\"breadcrumb\":{\"@id\":\"https:\\\/\\\/www.fondazionemorra.org\\\/it\\\/evento\\\/matteo-fraterno-la-materia-del-mito-prologo\\\/#breadcrumb\"},\"inLanguage\":\"it-IT\",\"potentialAction\":[{\"@type\":\"ReadAction\",\"target\":[\"https:\\\/\\\/www.fondazionemorra.org\\\/it\\\/evento\\\/matteo-fraterno-la-materia-del-mito-prologo\\\/\"]}]},{\"@type\":\"ImageObject\",\"inLanguage\":\"it-IT\",\"@id\":\"https:\\\/\\\/www.fondazionemorra.org\\\/it\\\/evento\\\/matteo-fraterno-la-materia-del-mito-prologo\\\/#primaryimage\",\"url\":\"https:\\\/\\\/www.fondazionemorra.org\\\/wp-content\\\/uploads\\\/2024\\\/05\\\/materia-mito.jpg\",\"contentUrl\":\"https:\\\/\\\/www.fondazionemorra.org\\\/wp-content\\\/uploads\\\/2024\\\/05\\\/materia-mito.jpg\",\"width\":800,\"height\":400},{\"@type\":\"BreadcrumbList\",\"@id\":\"https:\\\/\\\/www.fondazionemorra.org\\\/it\\\/evento\\\/matteo-fraterno-la-materia-del-mito-prologo\\\/#breadcrumb\",\"itemListElement\":[{\"@type\":\"ListItem\",\"position\":1,\"name\":\"Home\",\"item\":\"https:\\\/\\\/www.fondazionemorra.org\\\/it\\\/\"},{\"@type\":\"ListItem\",\"position\":2,\"name\":\"Eventi\",\"item\":\"https:\\\/\\\/www.fondazionemorra.org\\\/it\\\/eventi\\\/\"},{\"@type\":\"ListItem\",\"position\":3,\"name\":\"Matteo Fraterno LA MATERIA del MITO. Prologo\"}]},{\"@type\":\"WebSite\",\"@id\":\"https:\\\/\\\/www.fondazionemorra.org\\\/it\\\/#website\",\"url\":\"https:\\\/\\\/www.fondazionemorra.org\\\/it\\\/\",\"name\":\"Fondazione Morra\",\"description\":\"\",\"publisher\":{\"@id\":\"https:\\\/\\\/www.fondazionemorra.org\\\/it\\\/#organization\"},\"potentialAction\":[{\"@type\":\"SearchAction\",\"target\":{\"@type\":\"EntryPoint\",\"urlTemplate\":\"https:\\\/\\\/www.fondazionemorra.org\\\/it\\\/?s={search_term_string}\"},\"query-input\":{\"@type\":\"PropertyValueSpecification\",\"valueRequired\":true,\"valueName\":\"search_term_string\"}}],\"inLanguage\":\"it-IT\"},{\"@type\":\"Organization\",\"@id\":\"https:\\\/\\\/www.fondazionemorra.org\\\/it\\\/#organization\",\"name\":\"Fondazione Morra\",\"url\":\"https:\\\/\\\/www.fondazionemorra.org\\\/it\\\/\",\"logo\":{\"@type\":\"ImageObject\",\"inLanguage\":\"it-IT\",\"@id\":\"https:\\\/\\\/www.fondazionemorra.org\\\/it\\\/#\\\/schema\\\/logo\\\/image\\\/\",\"url\":\"https:\\\/\\\/www.fondazionemorra.org\\\/wp-content\\\/uploads\\\/2021\\\/02\\\/logo.png\",\"contentUrl\":\"https:\\\/\\\/www.fondazionemorra.org\\\/wp-content\\\/uploads\\\/2021\\\/02\\\/logo.png\",\"width\":106,\"height\":114,\"caption\":\"Fondazione Morra\"},\"image\":{\"@id\":\"https:\\\/\\\/www.fondazionemorra.org\\\/it\\\/#\\\/schema\\\/logo\\\/image\\\/\"}}]}<\/script>\n<!-- \/ Yoast SEO plugin. -->","yoast_head_json":{"title":"Matteo Fraterno LA MATERIA del MITO. Prologo - Fondazione Morra","robots":{"index":"index","follow":"follow","max-snippet":"max-snippet:-1","max-image-preview":"max-image-preview:large","max-video-preview":"max-video-preview:-1"},"canonical":"https:\/\/www.fondazionemorra.org\/it\/evento\/matteo-fraterno-la-materia-del-mito-prologo\/","og_locale":"it_IT","og_type":"article","og_title":"Matteo Fraterno LA MATERIA del MITO. Prologo - Fondazione Morra","og_description":"MATTEO FRATERNO LA MATERIA del MITO. Prologo \u0397 \u03a5\u039b\u0397 \u03c4\u03bf\u03c5 \u039c\u03a5\u0398\u039f\u03a5. \u03a0\u03c1\u03cc\u03bb\u03bf\u03b3\u03bf\u03c2 a cura di Federico Decandia venerd\u00ec 31 maggio 2024 ore 18:30 Museo Archivio Laboratorio per le Arti Contemporanee... Read more &raquo;","og_url":"https:\/\/www.fondazionemorra.org\/it\/evento\/matteo-fraterno-la-materia-del-mito-prologo\/","og_site_name":"Fondazione Morra","article_modified_time":"2024-07-05T03:09:24+00:00","og_image":[{"width":800,"height":400,"url":"https:\/\/www.fondazionemorra.org\/wp-content\/uploads\/2024\/05\/materia-mito.jpg","type":"image\/jpeg"}],"twitter_card":"summary_large_image","twitter_misc":{"Tempo di lettura stimato":"2 minuti"},"schema":{"@context":"https:\/\/schema.org","@graph":[{"@type":"WebPage","@id":"https:\/\/www.fondazionemorra.org\/it\/evento\/matteo-fraterno-la-materia-del-mito-prologo\/","url":"https:\/\/www.fondazionemorra.org\/it\/evento\/matteo-fraterno-la-materia-del-mito-prologo\/","name":"Matteo Fraterno LA MATERIA del MITO. Prologo - Fondazione Morra","isPartOf":{"@id":"https:\/\/www.fondazionemorra.org\/it\/#website"},"primaryImageOfPage":{"@id":"https:\/\/www.fondazionemorra.org\/it\/evento\/matteo-fraterno-la-materia-del-mito-prologo\/#primaryimage"},"image":{"@id":"https:\/\/www.fondazionemorra.org\/it\/evento\/matteo-fraterno-la-materia-del-mito-prologo\/#primaryimage"},"thumbnailUrl":"https:\/\/www.fondazionemorra.org\/wp-content\/uploads\/2024\/05\/materia-mito.jpg","datePublished":"2024-05-28T10:39:26+00:00","dateModified":"2024-07-05T03:09:24+00:00","breadcrumb":{"@id":"https:\/\/www.fondazionemorra.org\/it\/evento\/matteo-fraterno-la-materia-del-mito-prologo\/#breadcrumb"},"inLanguage":"it-IT","potentialAction":[{"@type":"ReadAction","target":["https:\/\/www.fondazionemorra.org\/it\/evento\/matteo-fraterno-la-materia-del-mito-prologo\/"]}]},{"@type":"ImageObject","inLanguage":"it-IT","@id":"https:\/\/www.fondazionemorra.org\/it\/evento\/matteo-fraterno-la-materia-del-mito-prologo\/#primaryimage","url":"https:\/\/www.fondazionemorra.org\/wp-content\/uploads\/2024\/05\/materia-mito.jpg","contentUrl":"https:\/\/www.fondazionemorra.org\/wp-content\/uploads\/2024\/05\/materia-mito.jpg","width":800,"height":400},{"@type":"BreadcrumbList","@id":"https:\/\/www.fondazionemorra.org\/it\/evento\/matteo-fraterno-la-materia-del-mito-prologo\/#breadcrumb","itemListElement":[{"@type":"ListItem","position":1,"name":"Home","item":"https:\/\/www.fondazionemorra.org\/it\/"},{"@type":"ListItem","position":2,"name":"Eventi","item":"https:\/\/www.fondazionemorra.org\/it\/eventi\/"},{"@type":"ListItem","position":3,"name":"Matteo Fraterno LA MATERIA del MITO. Prologo"}]},{"@type":"WebSite","@id":"https:\/\/www.fondazionemorra.org\/it\/#website","url":"https:\/\/www.fondazionemorra.org\/it\/","name":"Fondazione Morra","description":"","publisher":{"@id":"https:\/\/www.fondazionemorra.org\/it\/#organization"},"potentialAction":[{"@type":"SearchAction","target":{"@type":"EntryPoint","urlTemplate":"https:\/\/www.fondazionemorra.org\/it\/?s={search_term_string}"},"query-input":{"@type":"PropertyValueSpecification","valueRequired":true,"valueName":"search_term_string"}}],"inLanguage":"it-IT"},{"@type":"Organization","@id":"https:\/\/www.fondazionemorra.org\/it\/#organization","name":"Fondazione Morra","url":"https:\/\/www.fondazionemorra.org\/it\/","logo":{"@type":"ImageObject","inLanguage":"it-IT","@id":"https:\/\/www.fondazionemorra.org\/it\/#\/schema\/logo\/image\/","url":"https:\/\/www.fondazionemorra.org\/wp-content\/uploads\/2021\/02\/logo.png","contentUrl":"https:\/\/www.fondazionemorra.org\/wp-content\/uploads\/2021\/02\/logo.png","width":106,"height":114,"caption":"Fondazione Morra"},"image":{"@id":"https:\/\/www.fondazionemorra.org\/it\/#\/schema\/logo\/image\/"}}]}},"_links":{"self":[{"href":"https:\/\/www.fondazionemorra.org\/it\/wp-json\/wp\/v2\/tribe_events\/12967","targetHints":{"allow":["GET"]}}],"collection":[{"href":"https:\/\/www.fondazionemorra.org\/it\/wp-json\/wp\/v2\/tribe_events"}],"about":[{"href":"https:\/\/www.fondazionemorra.org\/it\/wp-json\/wp\/v2\/types\/tribe_events"}],"author":[{"embeddable":true,"href":"https:\/\/www.fondazionemorra.org\/it\/wp-json\/wp\/v2\/users\/1"}],"version-history":[{"count":1,"href":"https:\/\/www.fondazionemorra.org\/it\/wp-json\/wp\/v2\/tribe_events\/12967\/revisions"}],"predecessor-version":[{"id":12970,"href":"https:\/\/www.fondazionemorra.org\/it\/wp-json\/wp\/v2\/tribe_events\/12967\/revisions\/12970"}],"wp:featuredmedia":[{"embeddable":true,"href":"https:\/\/www.fondazionemorra.org\/it\/wp-json\/wp\/v2\/media\/12968"}],"wp:attachment":[{"href":"https:\/\/www.fondazionemorra.org\/it\/wp-json\/wp\/v2\/media?parent=12967"}],"wp:term":[{"taxonomy":"post_tag","embeddable":true,"href":"https:\/\/www.fondazionemorra.org\/it\/wp-json\/wp\/v2\/tags?post=12967"},{"taxonomy":"tribe_events_cat","embeddable":true,"href":"https:\/\/www.fondazionemorra.org\/it\/wp-json\/wp\/v2\/tribe_events_cat?post=12967"}],"curies":[{"name":"wp","href":"https:\/\/api.w.org\/{rel}","templated":true}]}}