{"id":13666,"date":"2025-01-29T15:10:34","date_gmt":"2025-01-29T14:10:34","guid":{"rendered":"https:\/\/www.fondazionemorra.org\/?post_type=tribe_events&#038;p=13666"},"modified":"2025-01-29T15:10:34","modified_gmt":"2025-01-29T14:10:34","slug":"arte-autodistruttiva-per-unestetica-della-repulsione","status":"publish","type":"tribe_events","link":"https:\/\/www.fondazionemorra.org\/it\/evento\/arte-autodistruttiva-per-unestetica-della-repulsione\/","title":{"rendered":"Arte autodistruttiva. Per un\u2019estetica della repulsione"},"content":{"rendered":"<p style=\"text-align: center;\">Presentazione del saggio<br \/>\n<strong><em>Arte autodistruttiva. Per un\u2019estetica della repulsione<\/em><\/strong><br \/>\ndi Jacopo De Blasio<\/p>\n<p style=\"text-align: center;\">Sabato 1 Febbraio 2025<br \/>\nore 18.00<br \/>\n<strong>Archivi Casa Morra \u2013 Napoli<\/strong><\/p>\n<p>La <strong>Fondazione Morra<\/strong> in collaborazione con <strong>Postmedia Books<\/strong> presentano il saggio <em>Arte autodistruttiva. Per un\u2019estetica della repulsione <\/em>di Jacopo De Blasio.<\/p>\n<p>Iconoclastia, vandalismo, devastazione delle opere: la storia dell\u2019arte \u00e8 fatta anche di capolavori danneggiati, persi o distrutti. A volte per\u00f2 la distruzione non \u00e8 un esito accidentale n\u00e9 il risultato del ripensamento dell\u2019artista: possono essere le opere stesse a decidere di farla finita, a esprimere la tendenza ad autodistruggersi. Ma quando, di preciso, si pu\u00f2 parlare di arte autodistruttiva? \u00c8 davvero possibile rintracciare questa inclinazione come una tendenza artistica a tutti gli effetti?<\/p>\n<p>Sabato 1\u00b0 febbraio, alle ore 18:00, presso Casa Morra, si terr\u00e0 la presentazione del saggio <em>Arte autodistruttiva. Per un\u2019estetica della repulsione<\/em> (Postmedia Books, 2024) di Jacopo De Blasio. Il volume si propone come un\u2019indagine aperta, introducendo una prospettiva di ricerca inedita nella storia dell\u2019arte contemporanea. Attraverso l\u2019identificazione di temi, topoi e modalit\u00e0 ricorrenti, il saggio avanza una possibile tassonomia di questo contraddittorio fenomeno creativo ed espositivo.<\/p>\n<p><em>Introduce e modera:<\/em><br \/>\nCarolina Latour (storica dell\u2019arte)<\/p>\n<p><em>Intervengono:<\/em><br \/>\nJacopo De Blasio (storico dell\u2019arte)<br \/>\nGian Maria Tosatti (artista)<br \/>\nMaria De Vivo (storica dell\u2019arte)<\/p>\n<p><strong>Jacopo De Blasio<\/strong> (Roma, 1993) \u00e8 storico dell&#8217;arte contemporanea e dottorando in Cultura visuale. Lavora come bibliotecario presso la Fondazione MAXXI e scrive per diverse riviste di settore, tra cui NOT\/NERO, Kabul, TBD Ultramagazine e Antinomie. Si occupa di autodistruzione, studi postcoloniali e decolonialismo, nuovi media ed espressioni sonore.<\/p>\n<p>Info<\/p>\n<p><strong>Archivi Casa Morra<\/strong><br \/>\nSalita San Raffaele 20\/c, 80136, Napoli<br \/>\ntel. +39 081 564 0077<br \/>\n<a href=\"mailto:casamorra@fondazionemorra.org\">casamorra@fondazionemorra.org<\/a><\/p>\n<p><strong>Postmedia Books<\/strong><br \/>\nVia della Chiesa Rossa, 49, 20142, Milano<br \/>\n<a href=\"http:\/\/www.postmediabooks.it\/\">http:\/\/www.postmediabooks.it\/<\/a><\/p>\n","protected":false},"excerpt":{"rendered":"<p>Presentazione del saggio Arte autodistruttiva. Per un\u2019estetica della repulsione di Jacopo De Blasio Sabato 1 Febbraio 2025 ore 18.00 Archivi Casa Morra \u2013 Napoli La Fondazione Morra in collaborazione con<a class=\"excerpt-read-more\" href=\"https:\/\/www.fondazionemorra.org\/it\/evento\/arte-autodistruttiva-per-unestetica-della-repulsione\/\" title=\"ReadArte autodistruttiva. Per un\u2019estetica della repulsione\">&#8230; Read more &raquo;<\/a><\/p>\n","protected":false},"author":1,"featured_media":13667,"template":"","meta":{"_acf_changed":false,"_tribe_events_status":"","_tribe_events_status_reason":"","footnotes":""},"tags":[],"tribe_events_cat":[12],"class_list":["post-13666","tribe_events","type-tribe_events","status-publish","has-post-thumbnail","hentry","tribe_events_cat-casa-morra","cat_casa-morra"],"acf":[],"yoast_head":"<!-- This site is optimized with the Yoast SEO plugin v27.4 - https:\/\/yoast.com\/product\/yoast-seo-wordpress\/ -->\n<title>Arte autodistruttiva. Per un\u2019estetica della repulsione - Fondazione Morra<\/title>\n<meta name=\"robots\" content=\"index, follow, max-snippet:-1, max-image-preview:large, max-video-preview:-1\" \/>\n<link rel=\"canonical\" href=\"https:\/\/www.fondazionemorra.org\/it\/evento\/arte-autodistruttiva-per-unestetica-della-repulsione\/\" \/>\n<meta property=\"og:locale\" content=\"it_IT\" \/>\n<meta property=\"og:type\" content=\"article\" \/>\n<meta property=\"og:title\" content=\"Arte autodistruttiva. Per un\u2019estetica della repulsione - Fondazione Morra\" \/>\n<meta property=\"og:description\" content=\"Presentazione del saggio Arte autodistruttiva. Per un\u2019estetica della repulsione di Jacopo De Blasio Sabato 1 Febbraio 2025 ore 18.00 Archivi Casa Morra \u2013 Napoli La Fondazione Morra in collaborazione con... Read more &raquo;\" \/>\n<meta property=\"og:url\" content=\"https:\/\/www.fondazionemorra.org\/it\/evento\/arte-autodistruttiva-per-unestetica-della-repulsione\/\" \/>\n<meta property=\"og:site_name\" content=\"Fondazione Morra\" \/>\n<meta property=\"og:image\" content=\"https:\/\/www.fondazionemorra.org\/wp-content\/uploads\/2025\/01\/jacopo-deblasio.jpg\" \/>\n\t<meta property=\"og:image:width\" content=\"1080\" \/>\n\t<meta property=\"og:image:height\" content=\"1080\" \/>\n\t<meta property=\"og:image:type\" content=\"image\/jpeg\" \/>\n<meta name=\"twitter:card\" content=\"summary_large_image\" \/>\n<meta name=\"twitter:label1\" content=\"Tempo di lettura stimato\" \/>\n\t<meta name=\"twitter:data1\" content=\"1 minuto\" \/>\n<script type=\"application\/ld+json\" class=\"yoast-schema-graph\">{\"@context\":\"https:\\\/\\\/schema.org\",\"@graph\":[{\"@type\":\"WebPage\",\"@id\":\"https:\\\/\\\/www.fondazionemorra.org\\\/it\\\/evento\\\/arte-autodistruttiva-per-unestetica-della-repulsione\\\/\",\"url\":\"https:\\\/\\\/www.fondazionemorra.org\\\/it\\\/evento\\\/arte-autodistruttiva-per-unestetica-della-repulsione\\\/\",\"name\":\"Arte autodistruttiva. Per un\u2019estetica della repulsione - Fondazione Morra\",\"isPartOf\":{\"@id\":\"https:\\\/\\\/www.fondazionemorra.org\\\/it\\\/#website\"},\"primaryImageOfPage\":{\"@id\":\"https:\\\/\\\/www.fondazionemorra.org\\\/it\\\/evento\\\/arte-autodistruttiva-per-unestetica-della-repulsione\\\/#primaryimage\"},\"image\":{\"@id\":\"https:\\\/\\\/www.fondazionemorra.org\\\/it\\\/evento\\\/arte-autodistruttiva-per-unestetica-della-repulsione\\\/#primaryimage\"},\"thumbnailUrl\":\"https:\\\/\\\/www.fondazionemorra.org\\\/wp-content\\\/uploads\\\/2025\\\/01\\\/jacopo-deblasio.jpg\",\"datePublished\":\"2025-01-29T14:10:34+00:00\",\"breadcrumb\":{\"@id\":\"https:\\\/\\\/www.fondazionemorra.org\\\/it\\\/evento\\\/arte-autodistruttiva-per-unestetica-della-repulsione\\\/#breadcrumb\"},\"inLanguage\":\"it-IT\",\"potentialAction\":[{\"@type\":\"ReadAction\",\"target\":[\"https:\\\/\\\/www.fondazionemorra.org\\\/it\\\/evento\\\/arte-autodistruttiva-per-unestetica-della-repulsione\\\/\"]}]},{\"@type\":\"ImageObject\",\"inLanguage\":\"it-IT\",\"@id\":\"https:\\\/\\\/www.fondazionemorra.org\\\/it\\\/evento\\\/arte-autodistruttiva-per-unestetica-della-repulsione\\\/#primaryimage\",\"url\":\"https:\\\/\\\/www.fondazionemorra.org\\\/wp-content\\\/uploads\\\/2025\\\/01\\\/jacopo-deblasio.jpg\",\"contentUrl\":\"https:\\\/\\\/www.fondazionemorra.org\\\/wp-content\\\/uploads\\\/2025\\\/01\\\/jacopo-deblasio.jpg\",\"width\":1080,\"height\":1080},{\"@type\":\"BreadcrumbList\",\"@id\":\"https:\\\/\\\/www.fondazionemorra.org\\\/it\\\/evento\\\/arte-autodistruttiva-per-unestetica-della-repulsione\\\/#breadcrumb\",\"itemListElement\":[{\"@type\":\"ListItem\",\"position\":1,\"name\":\"Home\",\"item\":\"https:\\\/\\\/www.fondazionemorra.org\\\/it\\\/\"},{\"@type\":\"ListItem\",\"position\":2,\"name\":\"Eventi\",\"item\":\"https:\\\/\\\/www.fondazionemorra.org\\\/it\\\/eventi\\\/\"},{\"@type\":\"ListItem\",\"position\":3,\"name\":\"Arte autodistruttiva. Per un\u2019estetica della repulsione\"}]},{\"@type\":\"WebSite\",\"@id\":\"https:\\\/\\\/www.fondazionemorra.org\\\/it\\\/#website\",\"url\":\"https:\\\/\\\/www.fondazionemorra.org\\\/it\\\/\",\"name\":\"Fondazione Morra\",\"description\":\"\",\"publisher\":{\"@id\":\"https:\\\/\\\/www.fondazionemorra.org\\\/it\\\/#organization\"},\"potentialAction\":[{\"@type\":\"SearchAction\",\"target\":{\"@type\":\"EntryPoint\",\"urlTemplate\":\"https:\\\/\\\/www.fondazionemorra.org\\\/it\\\/?s={search_term_string}\"},\"query-input\":{\"@type\":\"PropertyValueSpecification\",\"valueRequired\":true,\"valueName\":\"search_term_string\"}}],\"inLanguage\":\"it-IT\"},{\"@type\":\"Organization\",\"@id\":\"https:\\\/\\\/www.fondazionemorra.org\\\/it\\\/#organization\",\"name\":\"Fondazione Morra\",\"url\":\"https:\\\/\\\/www.fondazionemorra.org\\\/it\\\/\",\"logo\":{\"@type\":\"ImageObject\",\"inLanguage\":\"it-IT\",\"@id\":\"https:\\\/\\\/www.fondazionemorra.org\\\/it\\\/#\\\/schema\\\/logo\\\/image\\\/\",\"url\":\"https:\\\/\\\/www.fondazionemorra.org\\\/wp-content\\\/uploads\\\/2021\\\/02\\\/logo.png\",\"contentUrl\":\"https:\\\/\\\/www.fondazionemorra.org\\\/wp-content\\\/uploads\\\/2021\\\/02\\\/logo.png\",\"width\":106,\"height\":114,\"caption\":\"Fondazione Morra\"},\"image\":{\"@id\":\"https:\\\/\\\/www.fondazionemorra.org\\\/it\\\/#\\\/schema\\\/logo\\\/image\\\/\"}}]}<\/script>\n<!-- \/ Yoast SEO plugin. -->","yoast_head_json":{"title":"Arte autodistruttiva. Per un\u2019estetica della repulsione - Fondazione Morra","robots":{"index":"index","follow":"follow","max-snippet":"max-snippet:-1","max-image-preview":"max-image-preview:large","max-video-preview":"max-video-preview:-1"},"canonical":"https:\/\/www.fondazionemorra.org\/it\/evento\/arte-autodistruttiva-per-unestetica-della-repulsione\/","og_locale":"it_IT","og_type":"article","og_title":"Arte autodistruttiva. Per un\u2019estetica della repulsione - Fondazione Morra","og_description":"Presentazione del saggio Arte autodistruttiva. Per un\u2019estetica della repulsione di Jacopo De Blasio Sabato 1 Febbraio 2025 ore 18.00 Archivi Casa Morra \u2013 Napoli La Fondazione Morra in collaborazione con... Read more &raquo;","og_url":"https:\/\/www.fondazionemorra.org\/it\/evento\/arte-autodistruttiva-per-unestetica-della-repulsione\/","og_site_name":"Fondazione Morra","og_image":[{"width":1080,"height":1080,"url":"https:\/\/www.fondazionemorra.org\/wp-content\/uploads\/2025\/01\/jacopo-deblasio.jpg","type":"image\/jpeg"}],"twitter_card":"summary_large_image","twitter_misc":{"Tempo di lettura stimato":"1 minuto"},"schema":{"@context":"https:\/\/schema.org","@graph":[{"@type":"WebPage","@id":"https:\/\/www.fondazionemorra.org\/it\/evento\/arte-autodistruttiva-per-unestetica-della-repulsione\/","url":"https:\/\/www.fondazionemorra.org\/it\/evento\/arte-autodistruttiva-per-unestetica-della-repulsione\/","name":"Arte autodistruttiva. Per un\u2019estetica della repulsione - Fondazione Morra","isPartOf":{"@id":"https:\/\/www.fondazionemorra.org\/it\/#website"},"primaryImageOfPage":{"@id":"https:\/\/www.fondazionemorra.org\/it\/evento\/arte-autodistruttiva-per-unestetica-della-repulsione\/#primaryimage"},"image":{"@id":"https:\/\/www.fondazionemorra.org\/it\/evento\/arte-autodistruttiva-per-unestetica-della-repulsione\/#primaryimage"},"thumbnailUrl":"https:\/\/www.fondazionemorra.org\/wp-content\/uploads\/2025\/01\/jacopo-deblasio.jpg","datePublished":"2025-01-29T14:10:34+00:00","breadcrumb":{"@id":"https:\/\/www.fondazionemorra.org\/it\/evento\/arte-autodistruttiva-per-unestetica-della-repulsione\/#breadcrumb"},"inLanguage":"it-IT","potentialAction":[{"@type":"ReadAction","target":["https:\/\/www.fondazionemorra.org\/it\/evento\/arte-autodistruttiva-per-unestetica-della-repulsione\/"]}]},{"@type":"ImageObject","inLanguage":"it-IT","@id":"https:\/\/www.fondazionemorra.org\/it\/evento\/arte-autodistruttiva-per-unestetica-della-repulsione\/#primaryimage","url":"https:\/\/www.fondazionemorra.org\/wp-content\/uploads\/2025\/01\/jacopo-deblasio.jpg","contentUrl":"https:\/\/www.fondazionemorra.org\/wp-content\/uploads\/2025\/01\/jacopo-deblasio.jpg","width":1080,"height":1080},{"@type":"BreadcrumbList","@id":"https:\/\/www.fondazionemorra.org\/it\/evento\/arte-autodistruttiva-per-unestetica-della-repulsione\/#breadcrumb","itemListElement":[{"@type":"ListItem","position":1,"name":"Home","item":"https:\/\/www.fondazionemorra.org\/it\/"},{"@type":"ListItem","position":2,"name":"Eventi","item":"https:\/\/www.fondazionemorra.org\/it\/eventi\/"},{"@type":"ListItem","position":3,"name":"Arte autodistruttiva. Per un\u2019estetica della repulsione"}]},{"@type":"WebSite","@id":"https:\/\/www.fondazionemorra.org\/it\/#website","url":"https:\/\/www.fondazionemorra.org\/it\/","name":"Fondazione Morra","description":"","publisher":{"@id":"https:\/\/www.fondazionemorra.org\/it\/#organization"},"potentialAction":[{"@type":"SearchAction","target":{"@type":"EntryPoint","urlTemplate":"https:\/\/www.fondazionemorra.org\/it\/?s={search_term_string}"},"query-input":{"@type":"PropertyValueSpecification","valueRequired":true,"valueName":"search_term_string"}}],"inLanguage":"it-IT"},{"@type":"Organization","@id":"https:\/\/www.fondazionemorra.org\/it\/#organization","name":"Fondazione Morra","url":"https:\/\/www.fondazionemorra.org\/it\/","logo":{"@type":"ImageObject","inLanguage":"it-IT","@id":"https:\/\/www.fondazionemorra.org\/it\/#\/schema\/logo\/image\/","url":"https:\/\/www.fondazionemorra.org\/wp-content\/uploads\/2021\/02\/logo.png","contentUrl":"https:\/\/www.fondazionemorra.org\/wp-content\/uploads\/2021\/02\/logo.png","width":106,"height":114,"caption":"Fondazione Morra"},"image":{"@id":"https:\/\/www.fondazionemorra.org\/it\/#\/schema\/logo\/image\/"}}]}},"_links":{"self":[{"href":"https:\/\/www.fondazionemorra.org\/it\/wp-json\/wp\/v2\/tribe_events\/13666","targetHints":{"allow":["GET"]}}],"collection":[{"href":"https:\/\/www.fondazionemorra.org\/it\/wp-json\/wp\/v2\/tribe_events"}],"about":[{"href":"https:\/\/www.fondazionemorra.org\/it\/wp-json\/wp\/v2\/types\/tribe_events"}],"author":[{"embeddable":true,"href":"https:\/\/www.fondazionemorra.org\/it\/wp-json\/wp\/v2\/users\/1"}],"version-history":[{"count":4,"href":"https:\/\/www.fondazionemorra.org\/it\/wp-json\/wp\/v2\/tribe_events\/13666\/revisions"}],"predecessor-version":[{"id":13672,"href":"https:\/\/www.fondazionemorra.org\/it\/wp-json\/wp\/v2\/tribe_events\/13666\/revisions\/13672"}],"wp:featuredmedia":[{"embeddable":true,"href":"https:\/\/www.fondazionemorra.org\/it\/wp-json\/wp\/v2\/media\/13667"}],"wp:attachment":[{"href":"https:\/\/www.fondazionemorra.org\/it\/wp-json\/wp\/v2\/media?parent=13666"}],"wp:term":[{"taxonomy":"post_tag","embeddable":true,"href":"https:\/\/www.fondazionemorra.org\/it\/wp-json\/wp\/v2\/tags?post=13666"},{"taxonomy":"tribe_events_cat","embeddable":true,"href":"https:\/\/www.fondazionemorra.org\/it\/wp-json\/wp\/v2\/tribe_events_cat?post=13666"}],"curies":[{"name":"wp","href":"https:\/\/api.w.org\/{rel}","templated":true}]}}