{"id":1382,"date":"2020-10-30T11:21:54","date_gmt":"2020-10-30T10:21:54","guid":{"rendered":"http:\/\/www.fondazionemorra.org\/?post_type=tribe_events&#038;p=1382"},"modified":"2020-10-30T11:21:54","modified_gmt":"2020-10-30T10:21:54","slug":"maurizio-elettrico-lo-scoiattolo-e-il-graal","status":"publish","type":"tribe_events","link":"https:\/\/www.fondazionemorra.org\/it\/evento\/maurizio-elettrico-lo-scoiattolo-e-il-graal\/","title":{"rendered":"Maurizio Elettrico &#8211; Lo Scoiattolo e il Graal"},"content":{"rendered":"<p>23 novembre 2006 &#8211; 7 gennaio 2007<br \/>\nOPENING 23 NOVEMBRE ORE 18:30<br \/>\n<strong>Museo di Capodimonte, Parco di Capodimonte<br \/>\n<\/strong>Via Miano 1, Napoli<\/p>\n<p>A cura di Raffaella Morra e Loredana Troise<\/p>\n<p>Nelle tre sale adibite alle esposizioni temporanee di arte contemporanea del Museo di Capodimonte a Napoli, la Soprintendenza Speciale per il Polo Museale Napoletano e la Fondazione Morra, inaugurano la Mostra di Maurizio Elettrico dal Titolo \u201cLo Scoiattolo e il Graal\u201d.<br \/>\nPersonaggi ambigui vengono incontro ai visitatori, farfalle imbalsamate restano immobili in una\u00a0 gabbia dorata, sugli specchi scorrono frasi rivelatrici, il pavimento \u00e8 ricoperto di sale himalayano e pietre, alcune composizioni gemelle rivelano simboli di un luogo sacro alieno, in cui i riferimenti al cristianesimo sono e restano molto vaghi.<br \/>\nDue le figure centrali del percorso espositivo: la prima \u00e8 uno scoiattolo apode, mistura fra il roditore e un serpente, demone del Giardino dell\u2019Eden e tratto nelle sembianze dalla simbologia araldica propria dello stemma di Leo Bruno, il Papa Tiranno di cui si narrano le gesta nel volume \u201cThe New Empire\u201d &#8211; pubblicato nell\u2019immaginaria data del 2272 dallo storico Desmond Brown, alter ego di Maurizio Elettrico. Nell\u2019etimologia greca scoiattolo (sk\u00eduros) \u00e8 colui che si fa ombra con la propria coda, che si fa ombra da s\u00e9, e in questo \u00e8 riconducibile all\u2019uomo che nell\u2019Eden viene definito Ombra, n\u00e9 luce n\u00e9 tenebre.<br \/>\nAltro elemento \u00e8 il Graal, il calice medievale nella leggenda utilizzato nell\u2019Ultima Cena, reinterpretato da Maurizio Elettrico come simbolo della nuova epoca del \u201cPost-Cristo\u201d.<br \/>\nIl percorso espositivo conduce i fruitori in una realt\u00e0 artificiale, \u201caltra\u201d, all\u2019interno di un giardino composto da piante e piccoli alberi. \u00a0Anche nell\u2019ultima sala i riferimenti ai personaggi del Testo sono molti e facilmente riconoscibili, come nel video proiettato in tre tempi sincroni in cui i due attori si scambiano le parti che interpretano.<br \/>\nNell\u2019esposizione i confini fra uomo e natura sono sempre meno marcati, le regole risultano sovvertite, una scimmia di piccole dimensioni \u00e8 verosimilmente appoggiata a un ramo, ma sulle sue spalle spuntano due grosse ali da farfalla, il livello temporale \u00e8 come nel \u201cThe New Empire\u201d quello di un futuro impossibile.<br \/>\nUn prezioso arazzo in seta raffigura ancora lo stemma di Leo Bruno, che in questa nuova avventura prende le caratteristiche di una figura intermedia fra un Papa Teocratico e Napoleone.<\/p>\n<p>&nbsp;<\/p>\n\n\t\t<style type=\"text\/css\">\n\t\t\t#gallery-1 {\n\t\t\t\tmargin: auto;\n\t\t\t}\n\t\t\t#gallery-1 .gallery-item {\n\t\t\t\tfloat: left;\n\t\t\t\tmargin-top: 10px;\n\t\t\t\ttext-align: center;\n\t\t\t\twidth: 100%;\n\t\t\t}\n\t\t\t#gallery-1 img {\n\t\t\t\tborder: 2px solid #cfcfcf;\n\t\t\t}\n\t\t\t#gallery-1 .gallery-caption {\n\t\t\t\tmargin-left: 0;\n\t\t\t}\n\t\t\t\/* see gallery_shortcode() in wp-includes\/media.php *\/\n\t\t<\/style>\n\t\t<div id='gallery-1' class='gallery galleryid-1382 gallery-columns-1 gallery-size-large'><dl class='gallery-item'>\n\t\t\t<dt class='gallery-icon landscape'>\n\t\t\t\t<a href='https:\/\/www.fondazionemorra.org\/it\/evento\/maurizio-elettrico-lo-scoiattolo-e-il-graal\/capodimonte-06\/'><img loading=\"lazy\" decoding=\"async\" width=\"1024\" height=\"670\" src=\"https:\/\/www.fondazionemorra.org\/wp-content\/uploads\/2020\/10\/capodimonte-06-1024x670.jpg\" class=\"attachment-large size-large\" alt=\"\" aria-describedby=\"gallery-1-1391\" srcset=\"https:\/\/www.fondazionemorra.org\/wp-content\/uploads\/2020\/10\/capodimonte-06-1024x670.jpg 1024w, https:\/\/www.fondazionemorra.org\/wp-content\/uploads\/2020\/10\/capodimonte-06-300x196.jpg 300w, https:\/\/www.fondazionemorra.org\/wp-content\/uploads\/2020\/10\/capodimonte-06-768x502.jpg 768w, https:\/\/www.fondazionemorra.org\/wp-content\/uploads\/2020\/10\/capodimonte-06.jpg 1200w\" sizes=\"auto, (max-width: 1024px) 100vw, 1024px\" \/><\/a>\n\t\t\t<\/dt>\n\t\t\t\t<dd class='wp-caption-text gallery-caption' id='gallery-1-1391'>\n\t\t\t\tInstallation View, Lo Scoiattolo e il Graal, Museo di Capodimonte, Napoli, 2006\nMaurizio Elettrico\n\u00a9 photo Biagio Ippolito\nCourtesy Fondazione Morra\n\n\t\t\t\t<\/dd><\/dl><br style=\"clear: both\" \/><dl class='gallery-item'>\n\t\t\t<dt class='gallery-icon landscape'>\n\t\t\t\t<a href='https:\/\/www.fondazionemorra.org\/it\/evento\/maurizio-elettrico-lo-scoiattolo-e-il-graal\/capodimonte-16\/'><img loading=\"lazy\" decoding=\"async\" width=\"1024\" height=\"683\" src=\"https:\/\/www.fondazionemorra.org\/wp-content\/uploads\/2020\/10\/capodimonte-16-1024x683.jpg\" class=\"attachment-large size-large\" alt=\"\" aria-describedby=\"gallery-1-1395\" srcset=\"https:\/\/www.fondazionemorra.org\/wp-content\/uploads\/2020\/10\/capodimonte-16-1024x683.jpg 1024w, https:\/\/www.fondazionemorra.org\/wp-content\/uploads\/2020\/10\/capodimonte-16-300x200.jpg 300w, https:\/\/www.fondazionemorra.org\/wp-content\/uploads\/2020\/10\/capodimonte-16-768x512.jpg 768w, https:\/\/www.fondazionemorra.org\/wp-content\/uploads\/2020\/10\/capodimonte-16.jpg 1200w\" sizes=\"auto, (max-width: 1024px) 100vw, 1024px\" \/><\/a>\n\t\t\t<\/dt>\n\t\t\t\t<dd class='wp-caption-text gallery-caption' id='gallery-1-1395'>\n\t\t\t\tInstallation View (detail), Lo Scoiattolo e il Graal, Museo di Capodimonte, Napoli, 2006\nMaurizio Elettrico\n\u00a9 photo Biagio Ippolito\nCourtesy Fondazione Morra\n\t\t\t\t<\/dd><\/dl><br style=\"clear: both\" \/><dl class='gallery-item'>\n\t\t\t<dt class='gallery-icon portrait'>\n\t\t\t\t<a href='https:\/\/www.fondazionemorra.org\/it\/evento\/maurizio-elettrico-lo-scoiattolo-e-il-graal\/capodimonte-12\/'><img loading=\"lazy\" decoding=\"async\" width=\"683\" height=\"1024\" src=\"https:\/\/www.fondazionemorra.org\/wp-content\/uploads\/2020\/10\/capodimonte-12-683x1024.jpg\" class=\"attachment-large size-large\" alt=\"\" aria-describedby=\"gallery-1-1393\" srcset=\"https:\/\/www.fondazionemorra.org\/wp-content\/uploads\/2020\/10\/capodimonte-12-683x1024.jpg 683w, https:\/\/www.fondazionemorra.org\/wp-content\/uploads\/2020\/10\/capodimonte-12-200x300.jpg 200w, https:\/\/www.fondazionemorra.org\/wp-content\/uploads\/2020\/10\/capodimonte-12-768x1152.jpg 768w, https:\/\/www.fondazionemorra.org\/wp-content\/uploads\/2020\/10\/capodimonte-12.jpg 800w\" sizes=\"auto, (max-width: 683px) 100vw, 683px\" \/><\/a>\n\t\t\t<\/dt>\n\t\t\t\t<dd class='wp-caption-text gallery-caption' id='gallery-1-1393'>\n\t\t\t\tInstallation View (detail), Lo Scoiattolo e il Graal, Museo di Capodimonte, Napoli, 2006 Maurizio Elettrico \u00a9 photo Biagio Ippolito Courtesy Fondazione Morra\n\t\t\t\t<\/dd><\/dl><br style=\"clear: both\" \/><dl class='gallery-item'>\n\t\t\t<dt class='gallery-icon portrait'>\n\t\t\t\t<a href='https:\/\/www.fondazionemorra.org\/it\/evento\/maurizio-elettrico-lo-scoiattolo-e-il-graal\/capodimonte-25\/'><img loading=\"lazy\" decoding=\"async\" width=\"683\" height=\"1024\" src=\"https:\/\/www.fondazionemorra.org\/wp-content\/uploads\/2020\/10\/capodimonte-25-683x1024.jpg\" class=\"attachment-large size-large\" alt=\"\" aria-describedby=\"gallery-1-1397\" srcset=\"https:\/\/www.fondazionemorra.org\/wp-content\/uploads\/2020\/10\/capodimonte-25-683x1024.jpg 683w, https:\/\/www.fondazionemorra.org\/wp-content\/uploads\/2020\/10\/capodimonte-25-200x300.jpg 200w, https:\/\/www.fondazionemorra.org\/wp-content\/uploads\/2020\/10\/capodimonte-25-768x1152.jpg 768w, https:\/\/www.fondazionemorra.org\/wp-content\/uploads\/2020\/10\/capodimonte-25.jpg 800w\" sizes=\"auto, (max-width: 683px) 100vw, 683px\" \/><\/a>\n\t\t\t<\/dt>\n\t\t\t\t<dd class='wp-caption-text gallery-caption' id='gallery-1-1397'>\n\t\t\t\tInstallation View, Lo Scoiattolo e il Graal, Museo di Capodimonte, Napoli, 2006 Maurizio Elettrico \u00a9 photo Biagio Ippolito Courtesy Fondazione Morra\n\t\t\t\t<\/dd><\/dl><br style=\"clear: both\" \/><dl class='gallery-item'>\n\t\t\t<dt class='gallery-icon landscape'>\n\t\t\t\t<a href='https:\/\/www.fondazionemorra.org\/it\/evento\/maurizio-elettrico-lo-scoiattolo-e-il-graal\/capodimonte-30\/'><img loading=\"lazy\" decoding=\"async\" width=\"1024\" height=\"683\" src=\"https:\/\/www.fondazionemorra.org\/wp-content\/uploads\/2020\/10\/capodimonte-30-1024x683.jpg\" class=\"attachment-large size-large\" alt=\"\" aria-describedby=\"gallery-1-1385\" srcset=\"https:\/\/www.fondazionemorra.org\/wp-content\/uploads\/2020\/10\/capodimonte-30-1024x683.jpg 1024w, https:\/\/www.fondazionemorra.org\/wp-content\/uploads\/2020\/10\/capodimonte-30-300x200.jpg 300w, https:\/\/www.fondazionemorra.org\/wp-content\/uploads\/2020\/10\/capodimonte-30-768x512.jpg 768w, https:\/\/www.fondazionemorra.org\/wp-content\/uploads\/2020\/10\/capodimonte-30.jpg 1200w\" sizes=\"auto, (max-width: 1024px) 100vw, 1024px\" \/><\/a>\n\t\t\t<\/dt>\n\t\t\t\t<dd class='wp-caption-text gallery-caption' id='gallery-1-1385'>\n\t\t\t\tInstallation View (detail), Lo Scoiattolo e il Graal, Museo di Capodimonte, Napoli, 2006 Maurizio Elettrico \u00a9 photo Biagio Ippolito Courtesy Fondazione Morra\n\t\t\t\t<\/dd><\/dl><br style=\"clear: both\" \/><dl class='gallery-item'>\n\t\t\t<dt class='gallery-icon landscape'>\n\t\t\t\t<a href='https:\/\/www.fondazionemorra.org\/it\/evento\/maurizio-elettrico-lo-scoiattolo-e-il-graal\/capodimonte-33\/'><img loading=\"lazy\" decoding=\"async\" width=\"1024\" height=\"683\" src=\"https:\/\/www.fondazionemorra.org\/wp-content\/uploads\/2020\/10\/capodimonte-33-1024x683.jpg\" class=\"attachment-large size-large\" alt=\"\" aria-describedby=\"gallery-1-1387\" srcset=\"https:\/\/www.fondazionemorra.org\/wp-content\/uploads\/2020\/10\/capodimonte-33-1024x683.jpg 1024w, https:\/\/www.fondazionemorra.org\/wp-content\/uploads\/2020\/10\/capodimonte-33-300x200.jpg 300w, https:\/\/www.fondazionemorra.org\/wp-content\/uploads\/2020\/10\/capodimonte-33-768x512.jpg 768w, https:\/\/www.fondazionemorra.org\/wp-content\/uploads\/2020\/10\/capodimonte-33.jpg 1200w\" sizes=\"auto, (max-width: 1024px) 100vw, 1024px\" \/><\/a>\n\t\t\t<\/dt>\n\t\t\t\t<dd class='wp-caption-text gallery-caption' id='gallery-1-1387'>\n\t\t\t\tInstallation View (detail), Lo Scoiattolo e il Graal, Museo di Capodimonte, Napoli, 2006 Maurizio Elettrico \u00a9 photo Biagio Ippolito Courtesy Fondazione Morra\n\t\t\t\t<\/dd><\/dl><br style=\"clear: both\" \/><dl class='gallery-item'>\n\t\t\t<dt class='gallery-icon portrait'>\n\t\t\t\t<a href='https:\/\/www.fondazionemorra.org\/it\/evento\/maurizio-elettrico-lo-scoiattolo-e-il-graal\/maurizio-elettrico_installazione-composta-da-leggio-e-arazzo-con-stemma-di-leo-bruno-2006\/'><img loading=\"lazy\" decoding=\"async\" width=\"683\" height=\"1024\" src=\"https:\/\/www.fondazionemorra.org\/wp-content\/uploads\/2020\/10\/Maurizio-Elettrico_installazione-composta-da-leggio-e-arazzo-con-stemma-di-Leo-Bruno-2006-683x1024.jpg\" class=\"attachment-large size-large\" alt=\"\" aria-describedby=\"gallery-1-1389\" srcset=\"https:\/\/www.fondazionemorra.org\/wp-content\/uploads\/2020\/10\/Maurizio-Elettrico_installazione-composta-da-leggio-e-arazzo-con-stemma-di-Leo-Bruno-2006-683x1024.jpg 683w, https:\/\/www.fondazionemorra.org\/wp-content\/uploads\/2020\/10\/Maurizio-Elettrico_installazione-composta-da-leggio-e-arazzo-con-stemma-di-Leo-Bruno-2006-200x300.jpg 200w, https:\/\/www.fondazionemorra.org\/wp-content\/uploads\/2020\/10\/Maurizio-Elettrico_installazione-composta-da-leggio-e-arazzo-con-stemma-di-Leo-Bruno-2006-768x1152.jpg 768w, https:\/\/www.fondazionemorra.org\/wp-content\/uploads\/2020\/10\/Maurizio-Elettrico_installazione-composta-da-leggio-e-arazzo-con-stemma-di-Leo-Bruno-2006.jpg 800w\" sizes=\"auto, (max-width: 683px) 100vw, 683px\" \/><\/a>\n\t\t\t<\/dt>\n\t\t\t\t<dd class='wp-caption-text gallery-caption' id='gallery-1-1389'>\n\t\t\t\tInstallation View, Lo Scoiattolo e il Graal, Museo di Capodimonte, Napoli, 2006 Maurizio Elettrico \u00a9 photo Biagio Ippolito Courtesy Fondazione Morra\n\t\t\t\t<\/dd><\/dl><br style=\"clear: both\" \/>\n\t\t<\/div>\n\n<p>&nbsp;<\/p>\n","protected":false},"excerpt":{"rendered":"<p>23 novembre 2006 &#8211; 7 gennaio 2007 OPENING 23 NOVEMBRE ORE 18:30 Museo di Capodimonte, Parco di Capodimonte Via Miano 1, Napoli A cura di Raffaella Morra e Loredana Troise<a class=\"excerpt-read-more\" href=\"https:\/\/www.fondazionemorra.org\/it\/evento\/maurizio-elettrico-lo-scoiattolo-e-il-graal\/\" title=\"ReadMaurizio Elettrico &#8211; Lo Scoiattolo e il Graal\">&#8230; Read more &raquo;<\/a><\/p>\n","protected":false},"author":1,"featured_media":1383,"template":"","meta":{"_acf_changed":false,"_tribe_events_status":"","_tribe_events_status_reason":"","footnotes":""},"tags":[],"tribe_events_cat":[],"class_list":["post-1382","tribe_events","type-tribe_events","status-publish","has-post-thumbnail","hentry"],"acf":[],"yoast_head":"<!-- This site is optimized with the Yoast SEO plugin v27.4 - https:\/\/yoast.com\/product\/yoast-seo-wordpress\/ -->\n<title>Maurizio Elettrico - Lo Scoiattolo e il Graal - Fondazione Morra<\/title>\n<meta name=\"robots\" content=\"index, follow, max-snippet:-1, max-image-preview:large, max-video-preview:-1\" \/>\n<link rel=\"canonical\" href=\"https:\/\/www.fondazionemorra.org\/it\/evento\/maurizio-elettrico-lo-scoiattolo-e-il-graal\/\" \/>\n<meta property=\"og:locale\" content=\"it_IT\" \/>\n<meta property=\"og:type\" content=\"article\" \/>\n<meta property=\"og:title\" content=\"Maurizio Elettrico - Lo Scoiattolo e il Graal - Fondazione Morra\" \/>\n<meta property=\"og:description\" content=\"23 novembre 2006 &#8211; 7 gennaio 2007 OPENING 23 NOVEMBRE ORE 18:30 Museo di Capodimonte, Parco di Capodimonte Via Miano 1, Napoli A cura di Raffaella Morra e Loredana Troise... Read more &raquo;\" \/>\n<meta property=\"og:url\" content=\"https:\/\/www.fondazionemorra.org\/it\/evento\/maurizio-elettrico-lo-scoiattolo-e-il-graal\/\" \/>\n<meta property=\"og:site_name\" content=\"Fondazione Morra\" \/>\n<meta property=\"og:image\" content=\"https:\/\/www.fondazionemorra.org\/wp-content\/uploads\/2020\/10\/elettrico-scoiattolo-graal-1.jpg\" \/>\n\t<meta property=\"og:image:width\" content=\"800\" \/>\n\t<meta property=\"og:image:height\" content=\"584\" \/>\n\t<meta property=\"og:image:type\" content=\"image\/jpeg\" \/>\n<meta name=\"twitter:card\" content=\"summary_large_image\" \/>\n<meta name=\"twitter:label1\" content=\"Tempo di lettura stimato\" \/>\n\t<meta name=\"twitter:data1\" content=\"2 minuti\" \/>\n<script type=\"application\/ld+json\" class=\"yoast-schema-graph\">{\"@context\":\"https:\\\/\\\/schema.org\",\"@graph\":[{\"@type\":\"WebPage\",\"@id\":\"https:\\\/\\\/www.fondazionemorra.org\\\/it\\\/evento\\\/maurizio-elettrico-lo-scoiattolo-e-il-graal\\\/\",\"url\":\"https:\\\/\\\/www.fondazionemorra.org\\\/it\\\/evento\\\/maurizio-elettrico-lo-scoiattolo-e-il-graal\\\/\",\"name\":\"Maurizio Elettrico - Lo Scoiattolo e il Graal - Fondazione Morra\",\"isPartOf\":{\"@id\":\"https:\\\/\\\/www.fondazionemorra.org\\\/it\\\/#website\"},\"primaryImageOfPage\":{\"@id\":\"https:\\\/\\\/www.fondazionemorra.org\\\/it\\\/evento\\\/maurizio-elettrico-lo-scoiattolo-e-il-graal\\\/#primaryimage\"},\"image\":{\"@id\":\"https:\\\/\\\/www.fondazionemorra.org\\\/it\\\/evento\\\/maurizio-elettrico-lo-scoiattolo-e-il-graal\\\/#primaryimage\"},\"thumbnailUrl\":\"https:\\\/\\\/www.fondazionemorra.org\\\/wp-content\\\/uploads\\\/2020\\\/10\\\/elettrico-scoiattolo-graal-1.jpg\",\"datePublished\":\"2020-10-30T10:21:54+00:00\",\"breadcrumb\":{\"@id\":\"https:\\\/\\\/www.fondazionemorra.org\\\/it\\\/evento\\\/maurizio-elettrico-lo-scoiattolo-e-il-graal\\\/#breadcrumb\"},\"inLanguage\":\"it-IT\",\"potentialAction\":[{\"@type\":\"ReadAction\",\"target\":[\"https:\\\/\\\/www.fondazionemorra.org\\\/it\\\/evento\\\/maurizio-elettrico-lo-scoiattolo-e-il-graal\\\/\"]}]},{\"@type\":\"ImageObject\",\"inLanguage\":\"it-IT\",\"@id\":\"https:\\\/\\\/www.fondazionemorra.org\\\/it\\\/evento\\\/maurizio-elettrico-lo-scoiattolo-e-il-graal\\\/#primaryimage\",\"url\":\"https:\\\/\\\/www.fondazionemorra.org\\\/wp-content\\\/uploads\\\/2020\\\/10\\\/elettrico-scoiattolo-graal-1.jpg\",\"contentUrl\":\"https:\\\/\\\/www.fondazionemorra.org\\\/wp-content\\\/uploads\\\/2020\\\/10\\\/elettrico-scoiattolo-graal-1.jpg\",\"width\":800,\"height\":584},{\"@type\":\"BreadcrumbList\",\"@id\":\"https:\\\/\\\/www.fondazionemorra.org\\\/it\\\/evento\\\/maurizio-elettrico-lo-scoiattolo-e-il-graal\\\/#breadcrumb\",\"itemListElement\":[{\"@type\":\"ListItem\",\"position\":1,\"name\":\"Home\",\"item\":\"https:\\\/\\\/www.fondazionemorra.org\\\/it\\\/\"},{\"@type\":\"ListItem\",\"position\":2,\"name\":\"Eventi\",\"item\":\"https:\\\/\\\/www.fondazionemorra.org\\\/it\\\/eventi\\\/\"},{\"@type\":\"ListItem\",\"position\":3,\"name\":\"Maurizio Elettrico &#8211; Lo Scoiattolo e il Graal\"}]},{\"@type\":\"WebSite\",\"@id\":\"https:\\\/\\\/www.fondazionemorra.org\\\/it\\\/#website\",\"url\":\"https:\\\/\\\/www.fondazionemorra.org\\\/it\\\/\",\"name\":\"Fondazione Morra\",\"description\":\"\",\"publisher\":{\"@id\":\"https:\\\/\\\/www.fondazionemorra.org\\\/it\\\/#organization\"},\"potentialAction\":[{\"@type\":\"SearchAction\",\"target\":{\"@type\":\"EntryPoint\",\"urlTemplate\":\"https:\\\/\\\/www.fondazionemorra.org\\\/it\\\/?s={search_term_string}\"},\"query-input\":{\"@type\":\"PropertyValueSpecification\",\"valueRequired\":true,\"valueName\":\"search_term_string\"}}],\"inLanguage\":\"it-IT\"},{\"@type\":\"Organization\",\"@id\":\"https:\\\/\\\/www.fondazionemorra.org\\\/it\\\/#organization\",\"name\":\"Fondazione Morra\",\"url\":\"https:\\\/\\\/www.fondazionemorra.org\\\/it\\\/\",\"logo\":{\"@type\":\"ImageObject\",\"inLanguage\":\"it-IT\",\"@id\":\"https:\\\/\\\/www.fondazionemorra.org\\\/it\\\/#\\\/schema\\\/logo\\\/image\\\/\",\"url\":\"https:\\\/\\\/www.fondazionemorra.org\\\/wp-content\\\/uploads\\\/2021\\\/02\\\/logo.png\",\"contentUrl\":\"https:\\\/\\\/www.fondazionemorra.org\\\/wp-content\\\/uploads\\\/2021\\\/02\\\/logo.png\",\"width\":106,\"height\":114,\"caption\":\"Fondazione Morra\"},\"image\":{\"@id\":\"https:\\\/\\\/www.fondazionemorra.org\\\/it\\\/#\\\/schema\\\/logo\\\/image\\\/\"}}]}<\/script>\n<!-- \/ Yoast SEO plugin. -->","yoast_head_json":{"title":"Maurizio Elettrico - Lo Scoiattolo e il Graal - Fondazione Morra","robots":{"index":"index","follow":"follow","max-snippet":"max-snippet:-1","max-image-preview":"max-image-preview:large","max-video-preview":"max-video-preview:-1"},"canonical":"https:\/\/www.fondazionemorra.org\/it\/evento\/maurizio-elettrico-lo-scoiattolo-e-il-graal\/","og_locale":"it_IT","og_type":"article","og_title":"Maurizio Elettrico - Lo Scoiattolo e il Graal - Fondazione Morra","og_description":"23 novembre 2006 &#8211; 7 gennaio 2007 OPENING 23 NOVEMBRE ORE 18:30 Museo di Capodimonte, Parco di Capodimonte Via Miano 1, Napoli A cura di Raffaella Morra e Loredana Troise... Read more &raquo;","og_url":"https:\/\/www.fondazionemorra.org\/it\/evento\/maurizio-elettrico-lo-scoiattolo-e-il-graal\/","og_site_name":"Fondazione Morra","og_image":[{"width":800,"height":584,"url":"https:\/\/www.fondazionemorra.org\/wp-content\/uploads\/2020\/10\/elettrico-scoiattolo-graal-1.jpg","type":"image\/jpeg"}],"twitter_card":"summary_large_image","twitter_misc":{"Tempo di lettura stimato":"2 minuti"},"schema":{"@context":"https:\/\/schema.org","@graph":[{"@type":"WebPage","@id":"https:\/\/www.fondazionemorra.org\/it\/evento\/maurizio-elettrico-lo-scoiattolo-e-il-graal\/","url":"https:\/\/www.fondazionemorra.org\/it\/evento\/maurizio-elettrico-lo-scoiattolo-e-il-graal\/","name":"Maurizio Elettrico - Lo Scoiattolo e il Graal - Fondazione Morra","isPartOf":{"@id":"https:\/\/www.fondazionemorra.org\/it\/#website"},"primaryImageOfPage":{"@id":"https:\/\/www.fondazionemorra.org\/it\/evento\/maurizio-elettrico-lo-scoiattolo-e-il-graal\/#primaryimage"},"image":{"@id":"https:\/\/www.fondazionemorra.org\/it\/evento\/maurizio-elettrico-lo-scoiattolo-e-il-graal\/#primaryimage"},"thumbnailUrl":"https:\/\/www.fondazionemorra.org\/wp-content\/uploads\/2020\/10\/elettrico-scoiattolo-graal-1.jpg","datePublished":"2020-10-30T10:21:54+00:00","breadcrumb":{"@id":"https:\/\/www.fondazionemorra.org\/it\/evento\/maurizio-elettrico-lo-scoiattolo-e-il-graal\/#breadcrumb"},"inLanguage":"it-IT","potentialAction":[{"@type":"ReadAction","target":["https:\/\/www.fondazionemorra.org\/it\/evento\/maurizio-elettrico-lo-scoiattolo-e-il-graal\/"]}]},{"@type":"ImageObject","inLanguage":"it-IT","@id":"https:\/\/www.fondazionemorra.org\/it\/evento\/maurizio-elettrico-lo-scoiattolo-e-il-graal\/#primaryimage","url":"https:\/\/www.fondazionemorra.org\/wp-content\/uploads\/2020\/10\/elettrico-scoiattolo-graal-1.jpg","contentUrl":"https:\/\/www.fondazionemorra.org\/wp-content\/uploads\/2020\/10\/elettrico-scoiattolo-graal-1.jpg","width":800,"height":584},{"@type":"BreadcrumbList","@id":"https:\/\/www.fondazionemorra.org\/it\/evento\/maurizio-elettrico-lo-scoiattolo-e-il-graal\/#breadcrumb","itemListElement":[{"@type":"ListItem","position":1,"name":"Home","item":"https:\/\/www.fondazionemorra.org\/it\/"},{"@type":"ListItem","position":2,"name":"Eventi","item":"https:\/\/www.fondazionemorra.org\/it\/eventi\/"},{"@type":"ListItem","position":3,"name":"Maurizio Elettrico &#8211; Lo Scoiattolo e il Graal"}]},{"@type":"WebSite","@id":"https:\/\/www.fondazionemorra.org\/it\/#website","url":"https:\/\/www.fondazionemorra.org\/it\/","name":"Fondazione Morra","description":"","publisher":{"@id":"https:\/\/www.fondazionemorra.org\/it\/#organization"},"potentialAction":[{"@type":"SearchAction","target":{"@type":"EntryPoint","urlTemplate":"https:\/\/www.fondazionemorra.org\/it\/?s={search_term_string}"},"query-input":{"@type":"PropertyValueSpecification","valueRequired":true,"valueName":"search_term_string"}}],"inLanguage":"it-IT"},{"@type":"Organization","@id":"https:\/\/www.fondazionemorra.org\/it\/#organization","name":"Fondazione Morra","url":"https:\/\/www.fondazionemorra.org\/it\/","logo":{"@type":"ImageObject","inLanguage":"it-IT","@id":"https:\/\/www.fondazionemorra.org\/it\/#\/schema\/logo\/image\/","url":"https:\/\/www.fondazionemorra.org\/wp-content\/uploads\/2021\/02\/logo.png","contentUrl":"https:\/\/www.fondazionemorra.org\/wp-content\/uploads\/2021\/02\/logo.png","width":106,"height":114,"caption":"Fondazione Morra"},"image":{"@id":"https:\/\/www.fondazionemorra.org\/it\/#\/schema\/logo\/image\/"}}]}},"_links":{"self":[{"href":"https:\/\/www.fondazionemorra.org\/it\/wp-json\/wp\/v2\/tribe_events\/1382","targetHints":{"allow":["GET"]}}],"collection":[{"href":"https:\/\/www.fondazionemorra.org\/it\/wp-json\/wp\/v2\/tribe_events"}],"about":[{"href":"https:\/\/www.fondazionemorra.org\/it\/wp-json\/wp\/v2\/types\/tribe_events"}],"author":[{"embeddable":true,"href":"https:\/\/www.fondazionemorra.org\/it\/wp-json\/wp\/v2\/users\/1"}],"version-history":[{"count":1,"href":"https:\/\/www.fondazionemorra.org\/it\/wp-json\/wp\/v2\/tribe_events\/1382\/revisions"}],"predecessor-version":[{"id":1399,"href":"https:\/\/www.fondazionemorra.org\/it\/wp-json\/wp\/v2\/tribe_events\/1382\/revisions\/1399"}],"wp:featuredmedia":[{"embeddable":true,"href":"https:\/\/www.fondazionemorra.org\/it\/wp-json\/wp\/v2\/media\/1383"}],"wp:attachment":[{"href":"https:\/\/www.fondazionemorra.org\/it\/wp-json\/wp\/v2\/media?parent=1382"}],"wp:term":[{"taxonomy":"post_tag","embeddable":true,"href":"https:\/\/www.fondazionemorra.org\/it\/wp-json\/wp\/v2\/tags?post=1382"},{"taxonomy":"tribe_events_cat","embeddable":true,"href":"https:\/\/www.fondazionemorra.org\/it\/wp-json\/wp\/v2\/tribe_events_cat?post=1382"}],"curies":[{"name":"wp","href":"https:\/\/api.w.org\/{rel}","templated":true}]}}