{"id":1613,"date":"2020-11-06T13:41:35","date_gmt":"2020-11-06T12:41:35","guid":{"rendered":"http:\/\/www.fondazionemorra.org\/?post_type=tribe_events&#038;p=1613"},"modified":"2020-11-06T13:41:35","modified_gmt":"2020-11-06T12:41:35","slug":"maurizio-elettrico-linfante-demiurgo-1festival-del-pensiero-emergente","status":"publish","type":"tribe_events","link":"https:\/\/www.fondazionemorra.org\/it\/evento\/maurizio-elettrico-linfante-demiurgo-1festival-del-pensiero-emergente\/","title":{"rendered":"Maurizio Elettrico &#8211; L&#8217;Infante Demiurgo (1\u00b0Festival del Pensiero Emergente)"},"content":{"rendered":"<p><strong>17 settembre &#8211; 19 settembre 2010<\/strong><br \/>\nSTART 17 SETTEMBRE ORE 16:00<br \/>\n<strong>Asilo Filangieri e Lanificio25<br \/>\n<\/strong>Vico Maffei 4\/ Piazza Enrico de Nicola 46, Napoli<\/p>\n<p>a cura di Raffaella Morra (E-M ARTS), Teresa Carnevale e Loredana Troise (Fondazione Morra).<br \/>\nintervengono Riccardo Notte, Silvio Perrella, Andrea Cardillo<br \/>\na seguire la lettura drammatizzata estratta dal testo e l\u2019accompagnamento musicale di Rosanna Cimmino (violino) e Fabio Esposito (pianoforte)<\/p>\n<p>Nell\u2019ambito del <em>1\u00b0 Festival del Pensiero Emergente<\/em>, il forte interesse per le seducenti tematiche misurate nel libro <em>L\u2019Infante Demiurgo<\/em>, opera letteraria di Maurizio Elettrico, risultano perfettamente inserite. Nell\u2019evidenziare il convergere di diversi piani e codici comunicativi, cos\u00ec come di diverse discipline e saperi nella costruzione di un utopistico sviluppo della natura e del destino umano, l\u2019evento proposto scavalca l\u2019idea della tipica presentazione di un libro e pone le basi per una meditazione intorno a questioni che rinunciano a qualsiasi pretesa di verit\u00e0 assolute per risorgere a un livello pi\u00f9 evoluto di esistenza, coscienza e beatitudine della conoscenza.<br \/>\n<em>L\u2019infante demiurgo<\/em>, pubblicato da Mimesis Edizioni in coedizione con la E-M ARTS, \u00e8 uno stupefacente volume a met\u00e0 tra il saggio filosofico e il fantastico; il libro raccoglie quattro immaginarie conferenze dell\u2019eccellentissimo cardinale Giorgio Cesare Monatti sul destino biodemiurgico dell\u2019uomo tenutesi nell\u2019estate del 2098. Il cardinal Monatti \u00e8 l\u2019ideologo di una Nuova Chiesa Universale, organizzazione teocratica dotata di immensi poteri tecnologici che alla fine del XXI secolo ha preso il potere sotto la guida di un papa-alieno. La biodemiurgia, al centro dell\u2019interesse di Monatti, \u00e8 la capacit\u00e0 dell\u2019uomo di modificare il mondo organico fino a creare nuove forme di vita. Su questa possibilit\u00e0 e sulla sua legittimit\u00e0 morale e teologica vertono i quattro impossibili discorsi. Il cardinale rivela la linea di continuit\u00e0 tra le antiche concezioni magico-filosofiche del Rinascimento e le applicazioni bio-ingegneristiche del futuro indicandole come opportunit\u00e0 per riprodurre tecnologicamente il regno di Dio sulla terra. Monatti profetizza una <em>nuova umanit\u00e0<\/em> in grado di superare i propri limiti biologici e di rendersi responsabilmente artefice del proprio percorso evolutivo e di quello dell\u2019intero pianeta.<\/p>\n<p>L\u2019evento coinvolger\u00e0 una serie di studiosi nel campo della ricerca filosofica, che si pronunceranno sul saggio futurologico di Maurizio Elettrico.<br \/>\nSar\u00e0 installata nello spazio della presentazione un\u2019opera di Maurizio Elettrico che potr\u00e0 diventare icona delle tre giornate sul pensiero emergente.<\/p>\n\n\t\t<style type=\"text\/css\">\n\t\t\t#gallery-1 {\n\t\t\t\tmargin: auto;\n\t\t\t}\n\t\t\t#gallery-1 .gallery-item {\n\t\t\t\tfloat: left;\n\t\t\t\tmargin-top: 10px;\n\t\t\t\ttext-align: center;\n\t\t\t\twidth: 100%;\n\t\t\t}\n\t\t\t#gallery-1 img {\n\t\t\t\tborder: 2px solid #cfcfcf;\n\t\t\t}\n\t\t\t#gallery-1 .gallery-caption {\n\t\t\t\tmargin-left: 0;\n\t\t\t}\n\t\t\t\/* see gallery_shortcode() in wp-includes\/media.php *\/\n\t\t<\/style>\n\t\t<div id='gallery-1' class='gallery galleryid-1613 gallery-columns-1 gallery-size-large'><dl class='gallery-item'>\n\t\t\t<dt class='gallery-icon portrait'>\n\t\t\t\t<a href='https:\/\/www.fondazionemorra.org\/it\/evento\/maurizio-elettrico-linfante-demiurgo-1festival-del-pensiero-emergente\/dsc_9398\/'><img loading=\"lazy\" decoding=\"async\" width=\"686\" height=\"1024\" src=\"https:\/\/www.fondazionemorra.org\/wp-content\/uploads\/2020\/11\/DSC_9398-686x1024.jpg\" class=\"attachment-large size-large\" alt=\"\" aria-describedby=\"gallery-1-1614\" srcset=\"https:\/\/www.fondazionemorra.org\/wp-content\/uploads\/2020\/11\/DSC_9398-686x1024.jpg 686w, https:\/\/www.fondazionemorra.org\/wp-content\/uploads\/2020\/11\/DSC_9398-201x300.jpg 201w, https:\/\/www.fondazionemorra.org\/wp-content\/uploads\/2020\/11\/DSC_9398-768x1146.jpg 768w, https:\/\/www.fondazionemorra.org\/wp-content\/uploads\/2020\/11\/DSC_9398.jpg 804w\" sizes=\"auto, (max-width: 686px) 100vw, 686px\" \/><\/a>\n\t\t\t<\/dt>\n\t\t\t\t<dd class='wp-caption-text gallery-caption' id='gallery-1-1614'>\n\t\t\t\tInstallation View, Pensiero Emergente, Asilo Filangieri, Napoli 2010 \nMaurizio Elettrico\nFondazione Morra\n\t\t\t\t<\/dd><\/dl><br style=\"clear: both\" \/><dl class='gallery-item'>\n\t\t\t<dt class='gallery-icon portrait'>\n\t\t\t\t<a href='https:\/\/www.fondazionemorra.org\/it\/evento\/maurizio-elettrico-linfante-demiurgo-1festival-del-pensiero-emergente\/dsc_9401\/'><img loading=\"lazy\" decoding=\"async\" width=\"686\" height=\"1024\" src=\"https:\/\/www.fondazionemorra.org\/wp-content\/uploads\/2020\/11\/DSC_9401-686x1024.jpg\" class=\"attachment-large size-large\" alt=\"\" aria-describedby=\"gallery-1-1616\" srcset=\"https:\/\/www.fondazionemorra.org\/wp-content\/uploads\/2020\/11\/DSC_9401-686x1024.jpg 686w, https:\/\/www.fondazionemorra.org\/wp-content\/uploads\/2020\/11\/DSC_9401-201x300.jpg 201w, https:\/\/www.fondazionemorra.org\/wp-content\/uploads\/2020\/11\/DSC_9401-768x1146.jpg 768w, https:\/\/www.fondazionemorra.org\/wp-content\/uploads\/2020\/11\/DSC_9401.jpg 804w\" sizes=\"auto, (max-width: 686px) 100vw, 686px\" \/><\/a>\n\t\t\t<\/dt>\n\t\t\t\t<dd class='wp-caption-text gallery-caption' id='gallery-1-1616'>\n\t\t\t\tInstallation View, Pensiero Emergente, Asilo Filangieri, Napoli 2010  Maurizio Elettrico Fondazione Morra\n\t\t\t\t<\/dd><\/dl><br style=\"clear: both\" \/><dl class='gallery-item'>\n\t\t\t<dt class='gallery-icon portrait'>\n\t\t\t\t<a href='https:\/\/www.fondazionemorra.org\/it\/evento\/maurizio-elettrico-linfante-demiurgo-1festival-del-pensiero-emergente\/dsc_9405\/'><img loading=\"lazy\" decoding=\"async\" width=\"686\" height=\"1024\" src=\"https:\/\/www.fondazionemorra.org\/wp-content\/uploads\/2020\/11\/DSC_9405-686x1024.jpg\" class=\"attachment-large size-large\" alt=\"\" aria-describedby=\"gallery-1-1618\" srcset=\"https:\/\/www.fondazionemorra.org\/wp-content\/uploads\/2020\/11\/DSC_9405-686x1024.jpg 686w, https:\/\/www.fondazionemorra.org\/wp-content\/uploads\/2020\/11\/DSC_9405-201x300.jpg 201w, https:\/\/www.fondazionemorra.org\/wp-content\/uploads\/2020\/11\/DSC_9405-768x1146.jpg 768w, https:\/\/www.fondazionemorra.org\/wp-content\/uploads\/2020\/11\/DSC_9405.jpg 804w\" sizes=\"auto, (max-width: 686px) 100vw, 686px\" \/><\/a>\n\t\t\t<\/dt>\n\t\t\t\t<dd class='wp-caption-text gallery-caption' id='gallery-1-1618'>\n\t\t\t\tInstallation View, Pensiero Emergente, Asilo Filangieri, Napoli 2010  Maurizio Elettrico Fondazione Morra\n\t\t\t\t<\/dd><\/dl><br style=\"clear: both\" \/><dl class='gallery-item'>\n\t\t\t<dt class='gallery-icon portrait'>\n\t\t\t\t<a href='https:\/\/www.fondazionemorra.org\/it\/evento\/maurizio-elettrico-linfante-demiurgo-1festival-del-pensiero-emergente\/dsc_9406\/'><img loading=\"lazy\" decoding=\"async\" width=\"686\" height=\"1024\" src=\"https:\/\/www.fondazionemorra.org\/wp-content\/uploads\/2020\/11\/DSC_9406-686x1024.jpg\" class=\"attachment-large size-large\" alt=\"\" aria-describedby=\"gallery-1-1620\" srcset=\"https:\/\/www.fondazionemorra.org\/wp-content\/uploads\/2020\/11\/DSC_9406-686x1024.jpg 686w, https:\/\/www.fondazionemorra.org\/wp-content\/uploads\/2020\/11\/DSC_9406-201x300.jpg 201w, https:\/\/www.fondazionemorra.org\/wp-content\/uploads\/2020\/11\/DSC_9406-768x1146.jpg 768w, https:\/\/www.fondazionemorra.org\/wp-content\/uploads\/2020\/11\/DSC_9406.jpg 804w\" sizes=\"auto, (max-width: 686px) 100vw, 686px\" \/><\/a>\n\t\t\t<\/dt>\n\t\t\t\t<dd class='wp-caption-text gallery-caption' id='gallery-1-1620'>\n\t\t\t\tInstallation View, Pensiero Emergente, Asilo Filangieri, Napoli 2010  Maurizio Elettrico Fondazione Morra\n\t\t\t\t<\/dd><\/dl><br style=\"clear: both\" \/><dl class='gallery-item'>\n\t\t\t<dt class='gallery-icon landscape'>\n\t\t\t\t<a href='https:\/\/www.fondazionemorra.org\/it\/evento\/maurizio-elettrico-linfante-demiurgo-1festival-del-pensiero-emergente\/dsc_9415\/'><img loading=\"lazy\" decoding=\"async\" width=\"1024\" height=\"686\" src=\"https:\/\/www.fondazionemorra.org\/wp-content\/uploads\/2020\/11\/DSC_9415-1024x686.jpg\" class=\"attachment-large size-large\" alt=\"\" aria-describedby=\"gallery-1-1622\" srcset=\"https:\/\/www.fondazionemorra.org\/wp-content\/uploads\/2020\/11\/DSC_9415-1024x686.jpg 1024w, https:\/\/www.fondazionemorra.org\/wp-content\/uploads\/2020\/11\/DSC_9415-300x201.jpg 300w, https:\/\/www.fondazionemorra.org\/wp-content\/uploads\/2020\/11\/DSC_9415-768x515.jpg 768w, https:\/\/www.fondazionemorra.org\/wp-content\/uploads\/2020\/11\/DSC_9415.jpg 1200w\" sizes=\"auto, (max-width: 1024px) 100vw, 1024px\" \/><\/a>\n\t\t\t<\/dt>\n\t\t\t\t<dd class='wp-caption-text gallery-caption' id='gallery-1-1622'>\n\t\t\t\tInstallation View, Pensiero Emergente, Asilo Filangieri, Napoli 2010  Maurizio Elettrico Fondazione Morra\n\t\t\t\t<\/dd><\/dl><br style=\"clear: both\" \/><dl class='gallery-item'>\n\t\t\t<dt class='gallery-icon portrait'>\n\t\t\t\t<a href='https:\/\/www.fondazionemorra.org\/it\/evento\/maurizio-elettrico-linfante-demiurgo-1festival-del-pensiero-emergente\/dsc_9418\/'><img loading=\"lazy\" decoding=\"async\" width=\"686\" height=\"1024\" src=\"https:\/\/www.fondazionemorra.org\/wp-content\/uploads\/2020\/11\/DSC_9418-686x1024.jpg\" class=\"attachment-large size-large\" alt=\"\" aria-describedby=\"gallery-1-1624\" srcset=\"https:\/\/www.fondazionemorra.org\/wp-content\/uploads\/2020\/11\/DSC_9418-686x1024.jpg 686w, https:\/\/www.fondazionemorra.org\/wp-content\/uploads\/2020\/11\/DSC_9418-201x300.jpg 201w, https:\/\/www.fondazionemorra.org\/wp-content\/uploads\/2020\/11\/DSC_9418-768x1146.jpg 768w, https:\/\/www.fondazionemorra.org\/wp-content\/uploads\/2020\/11\/DSC_9418.jpg 804w\" sizes=\"auto, (max-width: 686px) 100vw, 686px\" \/><\/a>\n\t\t\t<\/dt>\n\t\t\t\t<dd class='wp-caption-text gallery-caption' id='gallery-1-1624'>\n\t\t\t\tInstallation View, Pensiero Emergente, Asilo Filangieri, Napoli 2010  Maurizio Elettrico Fondazione Morra\n\t\t\t\t<\/dd><\/dl><br style=\"clear: both\" \/><dl class='gallery-item'>\n\t\t\t<dt class='gallery-icon portrait'>\n\t\t\t\t<a href='https:\/\/www.fondazionemorra.org\/it\/evento\/maurizio-elettrico-linfante-demiurgo-1festival-del-pensiero-emergente\/dsc_9426\/'><img loading=\"lazy\" decoding=\"async\" width=\"686\" height=\"1024\" src=\"https:\/\/www.fondazionemorra.org\/wp-content\/uploads\/2020\/11\/DSC_9426-686x1024.jpg\" class=\"attachment-large size-large\" alt=\"\" aria-describedby=\"gallery-1-1626\" srcset=\"https:\/\/www.fondazionemorra.org\/wp-content\/uploads\/2020\/11\/DSC_9426-686x1024.jpg 686w, https:\/\/www.fondazionemorra.org\/wp-content\/uploads\/2020\/11\/DSC_9426-201x300.jpg 201w, https:\/\/www.fondazionemorra.org\/wp-content\/uploads\/2020\/11\/DSC_9426-768x1146.jpg 768w, https:\/\/www.fondazionemorra.org\/wp-content\/uploads\/2020\/11\/DSC_9426.jpg 804w\" sizes=\"auto, (max-width: 686px) 100vw, 686px\" \/><\/a>\n\t\t\t<\/dt>\n\t\t\t\t<dd class='wp-caption-text gallery-caption' id='gallery-1-1626'>\n\t\t\t\tInstallation View, Pensiero Emergente, Asilo Filangieri, Napoli 2010  Maurizio Elettrico Fondazione Morra\n\t\t\t\t<\/dd><\/dl><br style=\"clear: both\" \/>\n\t\t<\/div>\n\n","protected":false},"excerpt":{"rendered":"<p>17 settembre &#8211; 19 settembre 2010 START 17 SETTEMBRE ORE 16:00 Asilo Filangieri e Lanificio25 Vico Maffei 4\/ Piazza Enrico de Nicola 46, Napoli a cura di Raffaella Morra (E-M<a class=\"excerpt-read-more\" href=\"https:\/\/www.fondazionemorra.org\/it\/evento\/maurizio-elettrico-linfante-demiurgo-1festival-del-pensiero-emergente\/\" title=\"ReadMaurizio Elettrico &#8211; L&#8217;Infante Demiurgo (1\u00b0Festival del Pensiero Emergente)\">&#8230; Read more &raquo;<\/a><\/p>\n","protected":false},"author":1,"featured_media":1628,"template":"","meta":{"_acf_changed":false,"_tribe_events_status":"","_tribe_events_status_reason":"","footnotes":""},"tags":[],"tribe_events_cat":[],"class_list":["post-1613","tribe_events","type-tribe_events","status-publish","has-post-thumbnail","hentry"],"acf":[],"yoast_head":"<!-- This site is optimized with the Yoast SEO plugin v27.4 - https:\/\/yoast.com\/product\/yoast-seo-wordpress\/ -->\n<title>Maurizio Elettrico - L&#039;Infante Demiurgo (1\u00b0Festival del Pensiero Emergente) - Fondazione Morra<\/title>\n<meta name=\"robots\" content=\"index, follow, max-snippet:-1, max-image-preview:large, max-video-preview:-1\" \/>\n<link rel=\"canonical\" href=\"https:\/\/www.fondazionemorra.org\/it\/evento\/maurizio-elettrico-linfante-demiurgo-1festival-del-pensiero-emergente\/\" \/>\n<meta property=\"og:locale\" content=\"it_IT\" \/>\n<meta property=\"og:type\" content=\"article\" \/>\n<meta property=\"og:title\" content=\"Maurizio Elettrico - L&#039;Infante Demiurgo (1\u00b0Festival del Pensiero Emergente) - Fondazione Morra\" \/>\n<meta property=\"og:description\" content=\"17 settembre &#8211; 19 settembre 2010 START 17 SETTEMBRE ORE 16:00 Asilo Filangieri e Lanificio25 Vico Maffei 4\/ Piazza Enrico de Nicola 46, Napoli a cura di Raffaella Morra (E-M... Read more &raquo;\" \/>\n<meta property=\"og:url\" content=\"https:\/\/www.fondazionemorra.org\/it\/evento\/maurizio-elettrico-linfante-demiurgo-1festival-del-pensiero-emergente\/\" \/>\n<meta property=\"og:site_name\" content=\"Fondazione Morra\" \/>\n<meta property=\"og:image\" content=\"https:\/\/www.fondazionemorra.org\/wp-content\/uploads\/2020\/11\/INV0299_ELEM08-fronte.jpg\" \/>\n\t<meta property=\"og:image:width\" content=\"600\" \/>\n\t<meta property=\"og:image:height\" content=\"906\" \/>\n\t<meta property=\"og:image:type\" content=\"image\/jpeg\" \/>\n<meta name=\"twitter:card\" content=\"summary_large_image\" \/>\n<meta name=\"twitter:label1\" content=\"Tempo di lettura stimato\" \/>\n\t<meta name=\"twitter:data1\" content=\"2 minuti\" \/>\n<script type=\"application\/ld+json\" class=\"yoast-schema-graph\">{\"@context\":\"https:\\\/\\\/schema.org\",\"@graph\":[{\"@type\":\"WebPage\",\"@id\":\"https:\\\/\\\/www.fondazionemorra.org\\\/it\\\/evento\\\/maurizio-elettrico-linfante-demiurgo-1festival-del-pensiero-emergente\\\/\",\"url\":\"https:\\\/\\\/www.fondazionemorra.org\\\/it\\\/evento\\\/maurizio-elettrico-linfante-demiurgo-1festival-del-pensiero-emergente\\\/\",\"name\":\"Maurizio Elettrico - L'Infante Demiurgo (1\u00b0Festival del Pensiero Emergente) - Fondazione Morra\",\"isPartOf\":{\"@id\":\"https:\\\/\\\/www.fondazionemorra.org\\\/it\\\/#website\"},\"primaryImageOfPage\":{\"@id\":\"https:\\\/\\\/www.fondazionemorra.org\\\/it\\\/evento\\\/maurizio-elettrico-linfante-demiurgo-1festival-del-pensiero-emergente\\\/#primaryimage\"},\"image\":{\"@id\":\"https:\\\/\\\/www.fondazionemorra.org\\\/it\\\/evento\\\/maurizio-elettrico-linfante-demiurgo-1festival-del-pensiero-emergente\\\/#primaryimage\"},\"thumbnailUrl\":\"https:\\\/\\\/www.fondazionemorra.org\\\/wp-content\\\/uploads\\\/2020\\\/11\\\/INV0299_ELEM08-fronte.jpg\",\"datePublished\":\"2020-11-06T12:41:35+00:00\",\"breadcrumb\":{\"@id\":\"https:\\\/\\\/www.fondazionemorra.org\\\/it\\\/evento\\\/maurizio-elettrico-linfante-demiurgo-1festival-del-pensiero-emergente\\\/#breadcrumb\"},\"inLanguage\":\"it-IT\",\"potentialAction\":[{\"@type\":\"ReadAction\",\"target\":[\"https:\\\/\\\/www.fondazionemorra.org\\\/it\\\/evento\\\/maurizio-elettrico-linfante-demiurgo-1festival-del-pensiero-emergente\\\/\"]}]},{\"@type\":\"ImageObject\",\"inLanguage\":\"it-IT\",\"@id\":\"https:\\\/\\\/www.fondazionemorra.org\\\/it\\\/evento\\\/maurizio-elettrico-linfante-demiurgo-1festival-del-pensiero-emergente\\\/#primaryimage\",\"url\":\"https:\\\/\\\/www.fondazionemorra.org\\\/wp-content\\\/uploads\\\/2020\\\/11\\\/INV0299_ELEM08-fronte.jpg\",\"contentUrl\":\"https:\\\/\\\/www.fondazionemorra.org\\\/wp-content\\\/uploads\\\/2020\\\/11\\\/INV0299_ELEM08-fronte.jpg\",\"width\":600,\"height\":906},{\"@type\":\"BreadcrumbList\",\"@id\":\"https:\\\/\\\/www.fondazionemorra.org\\\/it\\\/evento\\\/maurizio-elettrico-linfante-demiurgo-1festival-del-pensiero-emergente\\\/#breadcrumb\",\"itemListElement\":[{\"@type\":\"ListItem\",\"position\":1,\"name\":\"Home\",\"item\":\"https:\\\/\\\/www.fondazionemorra.org\\\/it\\\/\"},{\"@type\":\"ListItem\",\"position\":2,\"name\":\"Eventi\",\"item\":\"https:\\\/\\\/www.fondazionemorra.org\\\/it\\\/eventi\\\/\"},{\"@type\":\"ListItem\",\"position\":3,\"name\":\"Maurizio Elettrico &#8211; L&#8217;Infante Demiurgo (1\u00b0Festival del Pensiero Emergente)\"}]},{\"@type\":\"WebSite\",\"@id\":\"https:\\\/\\\/www.fondazionemorra.org\\\/it\\\/#website\",\"url\":\"https:\\\/\\\/www.fondazionemorra.org\\\/it\\\/\",\"name\":\"Fondazione Morra\",\"description\":\"\",\"publisher\":{\"@id\":\"https:\\\/\\\/www.fondazionemorra.org\\\/it\\\/#organization\"},\"potentialAction\":[{\"@type\":\"SearchAction\",\"target\":{\"@type\":\"EntryPoint\",\"urlTemplate\":\"https:\\\/\\\/www.fondazionemorra.org\\\/it\\\/?s={search_term_string}\"},\"query-input\":{\"@type\":\"PropertyValueSpecification\",\"valueRequired\":true,\"valueName\":\"search_term_string\"}}],\"inLanguage\":\"it-IT\"},{\"@type\":\"Organization\",\"@id\":\"https:\\\/\\\/www.fondazionemorra.org\\\/it\\\/#organization\",\"name\":\"Fondazione Morra\",\"url\":\"https:\\\/\\\/www.fondazionemorra.org\\\/it\\\/\",\"logo\":{\"@type\":\"ImageObject\",\"inLanguage\":\"it-IT\",\"@id\":\"https:\\\/\\\/www.fondazionemorra.org\\\/it\\\/#\\\/schema\\\/logo\\\/image\\\/\",\"url\":\"https:\\\/\\\/www.fondazionemorra.org\\\/wp-content\\\/uploads\\\/2021\\\/02\\\/logo.png\",\"contentUrl\":\"https:\\\/\\\/www.fondazionemorra.org\\\/wp-content\\\/uploads\\\/2021\\\/02\\\/logo.png\",\"width\":106,\"height\":114,\"caption\":\"Fondazione Morra\"},\"image\":{\"@id\":\"https:\\\/\\\/www.fondazionemorra.org\\\/it\\\/#\\\/schema\\\/logo\\\/image\\\/\"}}]}<\/script>\n<!-- \/ Yoast SEO plugin. -->","yoast_head_json":{"title":"Maurizio Elettrico - L'Infante Demiurgo (1\u00b0Festival del Pensiero Emergente) - Fondazione Morra","robots":{"index":"index","follow":"follow","max-snippet":"max-snippet:-1","max-image-preview":"max-image-preview:large","max-video-preview":"max-video-preview:-1"},"canonical":"https:\/\/www.fondazionemorra.org\/it\/evento\/maurizio-elettrico-linfante-demiurgo-1festival-del-pensiero-emergente\/","og_locale":"it_IT","og_type":"article","og_title":"Maurizio Elettrico - L'Infante Demiurgo (1\u00b0Festival del Pensiero Emergente) - Fondazione Morra","og_description":"17 settembre &#8211; 19 settembre 2010 START 17 SETTEMBRE ORE 16:00 Asilo Filangieri e Lanificio25 Vico Maffei 4\/ Piazza Enrico de Nicola 46, Napoli a cura di Raffaella Morra (E-M... Read more &raquo;","og_url":"https:\/\/www.fondazionemorra.org\/it\/evento\/maurizio-elettrico-linfante-demiurgo-1festival-del-pensiero-emergente\/","og_site_name":"Fondazione Morra","og_image":[{"width":600,"height":906,"url":"https:\/\/www.fondazionemorra.org\/wp-content\/uploads\/2020\/11\/INV0299_ELEM08-fronte.jpg","type":"image\/jpeg"}],"twitter_card":"summary_large_image","twitter_misc":{"Tempo di lettura stimato":"2 minuti"},"schema":{"@context":"https:\/\/schema.org","@graph":[{"@type":"WebPage","@id":"https:\/\/www.fondazionemorra.org\/it\/evento\/maurizio-elettrico-linfante-demiurgo-1festival-del-pensiero-emergente\/","url":"https:\/\/www.fondazionemorra.org\/it\/evento\/maurizio-elettrico-linfante-demiurgo-1festival-del-pensiero-emergente\/","name":"Maurizio Elettrico - L'Infante Demiurgo (1\u00b0Festival del Pensiero Emergente) - Fondazione Morra","isPartOf":{"@id":"https:\/\/www.fondazionemorra.org\/it\/#website"},"primaryImageOfPage":{"@id":"https:\/\/www.fondazionemorra.org\/it\/evento\/maurizio-elettrico-linfante-demiurgo-1festival-del-pensiero-emergente\/#primaryimage"},"image":{"@id":"https:\/\/www.fondazionemorra.org\/it\/evento\/maurizio-elettrico-linfante-demiurgo-1festival-del-pensiero-emergente\/#primaryimage"},"thumbnailUrl":"https:\/\/www.fondazionemorra.org\/wp-content\/uploads\/2020\/11\/INV0299_ELEM08-fronte.jpg","datePublished":"2020-11-06T12:41:35+00:00","breadcrumb":{"@id":"https:\/\/www.fondazionemorra.org\/it\/evento\/maurizio-elettrico-linfante-demiurgo-1festival-del-pensiero-emergente\/#breadcrumb"},"inLanguage":"it-IT","potentialAction":[{"@type":"ReadAction","target":["https:\/\/www.fondazionemorra.org\/it\/evento\/maurizio-elettrico-linfante-demiurgo-1festival-del-pensiero-emergente\/"]}]},{"@type":"ImageObject","inLanguage":"it-IT","@id":"https:\/\/www.fondazionemorra.org\/it\/evento\/maurizio-elettrico-linfante-demiurgo-1festival-del-pensiero-emergente\/#primaryimage","url":"https:\/\/www.fondazionemorra.org\/wp-content\/uploads\/2020\/11\/INV0299_ELEM08-fronte.jpg","contentUrl":"https:\/\/www.fondazionemorra.org\/wp-content\/uploads\/2020\/11\/INV0299_ELEM08-fronte.jpg","width":600,"height":906},{"@type":"BreadcrumbList","@id":"https:\/\/www.fondazionemorra.org\/it\/evento\/maurizio-elettrico-linfante-demiurgo-1festival-del-pensiero-emergente\/#breadcrumb","itemListElement":[{"@type":"ListItem","position":1,"name":"Home","item":"https:\/\/www.fondazionemorra.org\/it\/"},{"@type":"ListItem","position":2,"name":"Eventi","item":"https:\/\/www.fondazionemorra.org\/it\/eventi\/"},{"@type":"ListItem","position":3,"name":"Maurizio Elettrico &#8211; L&#8217;Infante Demiurgo (1\u00b0Festival del Pensiero Emergente)"}]},{"@type":"WebSite","@id":"https:\/\/www.fondazionemorra.org\/it\/#website","url":"https:\/\/www.fondazionemorra.org\/it\/","name":"Fondazione Morra","description":"","publisher":{"@id":"https:\/\/www.fondazionemorra.org\/it\/#organization"},"potentialAction":[{"@type":"SearchAction","target":{"@type":"EntryPoint","urlTemplate":"https:\/\/www.fondazionemorra.org\/it\/?s={search_term_string}"},"query-input":{"@type":"PropertyValueSpecification","valueRequired":true,"valueName":"search_term_string"}}],"inLanguage":"it-IT"},{"@type":"Organization","@id":"https:\/\/www.fondazionemorra.org\/it\/#organization","name":"Fondazione Morra","url":"https:\/\/www.fondazionemorra.org\/it\/","logo":{"@type":"ImageObject","inLanguage":"it-IT","@id":"https:\/\/www.fondazionemorra.org\/it\/#\/schema\/logo\/image\/","url":"https:\/\/www.fondazionemorra.org\/wp-content\/uploads\/2021\/02\/logo.png","contentUrl":"https:\/\/www.fondazionemorra.org\/wp-content\/uploads\/2021\/02\/logo.png","width":106,"height":114,"caption":"Fondazione Morra"},"image":{"@id":"https:\/\/www.fondazionemorra.org\/it\/#\/schema\/logo\/image\/"}}]}},"_links":{"self":[{"href":"https:\/\/www.fondazionemorra.org\/it\/wp-json\/wp\/v2\/tribe_events\/1613","targetHints":{"allow":["GET"]}}],"collection":[{"href":"https:\/\/www.fondazionemorra.org\/it\/wp-json\/wp\/v2\/tribe_events"}],"about":[{"href":"https:\/\/www.fondazionemorra.org\/it\/wp-json\/wp\/v2\/types\/tribe_events"}],"author":[{"embeddable":true,"href":"https:\/\/www.fondazionemorra.org\/it\/wp-json\/wp\/v2\/users\/1"}],"version-history":[{"count":1,"href":"https:\/\/www.fondazionemorra.org\/it\/wp-json\/wp\/v2\/tribe_events\/1613\/revisions"}],"predecessor-version":[{"id":1630,"href":"https:\/\/www.fondazionemorra.org\/it\/wp-json\/wp\/v2\/tribe_events\/1613\/revisions\/1630"}],"wp:featuredmedia":[{"embeddable":true,"href":"https:\/\/www.fondazionemorra.org\/it\/wp-json\/wp\/v2\/media\/1628"}],"wp:attachment":[{"href":"https:\/\/www.fondazionemorra.org\/it\/wp-json\/wp\/v2\/media?parent=1613"}],"wp:term":[{"taxonomy":"post_tag","embeddable":true,"href":"https:\/\/www.fondazionemorra.org\/it\/wp-json\/wp\/v2\/tags?post=1613"},{"taxonomy":"tribe_events_cat","embeddable":true,"href":"https:\/\/www.fondazionemorra.org\/it\/wp-json\/wp\/v2\/tribe_events_cat?post=1613"}],"curies":[{"name":"wp","href":"https:\/\/api.w.org\/{rel}","templated":true}]}}