{"id":1673,"date":"2020-11-06T14:53:52","date_gmt":"2020-11-06T13:53:52","guid":{"rendered":"http:\/\/www.fondazionemorra.org\/?post_type=tribe_events&#038;p=1673"},"modified":"2021-03-02T15:09:44","modified_gmt":"2021-03-02T14:09:44","slug":"maurizio-elettrico-supernaturalis-historia","status":"publish","type":"tribe_events","link":"https:\/\/www.fondazionemorra.org\/it\/evento\/maurizio-elettrico-supernaturalis-historia\/","title":{"rendered":"Maurizio Elettrico &#8211; Supernaturalis Historia"},"content":{"rendered":"<p><strong>30 settembre \u2013 18 novembre 2016<\/strong><br \/>\nOPENING 30 SETTEMBRE ORE 19:00<br \/>\n<strong>PAN &#8211; Palazzo delle Arti di Napoli<\/strong><br \/>\nVia dei Mille 60, Napoli<\/p>\n<p style=\"text-align: justify;\"><strong>Supernaturalis Historia. Saga sulla Divina Natura del Potere Bioaristocratico<\/strong>, \u00e8 una mostra, a cura di Eugenio Viola, che racchiude un corpus di lavori ispirati a Lo scoiattolo e il Graal, monumentale saga epico-erotica in sette volumi concepita, scritta ed illustrata da Maurizio Elettrico nei suoi ultimi dieci anni di attivit\u00e0.<\/p>\n<p style=\"text-align: justify;\">Elettrico \u00e8 un artista complesso: erudito, istrionico, irriverente, ironico, blasfemo, iconoclasta, la cui ricerca si nutre di una teoria e una pratica dell&#8217;arte intese come trasgressione, mentre l\u2019aspetto formale, sempre enfaticamente estetizzante, emerge dall\u2019ibridazione di motivi e linguaggi arditamente eterogenei, espressi attraverso una pluralit\u00e0 di media che fondono presente e passato, la complessit\u00e0 del mito e le deviazioni di una sacralit\u00e0 profana. In questo modo, stimoli diversi convergono in un immaginario rutilante, ludico e seducente, che cede, non di rado, ad un compiaciuto ed ostentato decorativismo.<\/p>\n<p style=\"text-align: justify;\">I sette volumi, come le opere in mostra (dipinti, sculture, disegni e installazioni), restituiscono una mitologia perversa, popolata da numerosi personaggi che si autocelebrano e sono sostenuti ideologicamente da religioni debordanti fanatismo e intolleranza. Un futuro iperumanista e distopico, in cui la Terra subisce il dominio di una nuova specie umana, frutto di raffinate manipolazioni genetiche: la \u201cBioaristocrazia\u201d, caratterizzata da una potente vocazione artistico-demiurgica, poich\u00e9 in grado di modellare tanto la materia organica che quella inorganica. Data la loro \u201cdivina natura\u201d, i Bioaristocratici regnano sulle altre due specie umane abitanti la Terra: i \u201cNaturali\u201d, del tutto simili agli uomini attuali, ed i \u201cSelvatici\u201d, di aspetto umano ma dall\u2019intelligenza animale. Di qui il titolo della mostra, che da un lato, per l\u2019aspetto \u201cclassicamente\u201d classificatorio fa ironico riferimento alla Naturalis Historia (77-78 d.C.) di Plinio il Vecchio, dall\u2019altro alla componente fantascientifica, ampiamente presente nei tre libri, come in tutta l\u2019opera di Elettrico: entrambi sono arricchiti e sostenuti dal cortocircuito generato dall\u2019incontro, spiazzante, tra arcaismo e avvenirismo.<\/p>\n<p style=\"text-align: justify;\">In ossequio a questo doppio registro, verbale e visuale, le opere in mostra sono alternate ad un abbondante corredo di natura testuale: i primi tre volumi della saga, esposti nella loro valenza installativa, compongono un monumentale story board. Le opere, concepite per suggerire, visivamente, metamorfosi inusitate ed accostamenti anche azzardati, a loro volta sottendono un insieme potenzialmente infinito di meta-narrazioni, generando un abile gioco di richiami e rispecchiamenti che attua un continuo scambio di segno e significato tra linguaggi espressivi solo apparentemente diversi, ma in realt\u00e0 convergenti in un\u2019attitudine spregiudicatamente combinatoria, imposta da Elettrico a vicende e personaggi, attraverso sottili giochi di variazioni e detonanti spiazzamenti figurali.<\/p>\n\n\t\t<style type=\"text\/css\">\n\t\t\t#gallery-1 {\n\t\t\t\tmargin: auto;\n\t\t\t}\n\t\t\t#gallery-1 .gallery-item {\n\t\t\t\tfloat: left;\n\t\t\t\tmargin-top: 10px;\n\t\t\t\ttext-align: center;\n\t\t\t\twidth: 100%;\n\t\t\t}\n\t\t\t#gallery-1 img {\n\t\t\t\tborder: 2px solid #cfcfcf;\n\t\t\t}\n\t\t\t#gallery-1 .gallery-caption {\n\t\t\t\tmargin-left: 0;\n\t\t\t}\n\t\t\t\/* see gallery_shortcode() in wp-includes\/media.php *\/\n\t\t<\/style>\n\t\t<div id='gallery-1' class='gallery galleryid-1673 gallery-columns-1 gallery-size-large'><dl class='gallery-item'>\n\t\t\t<dt class='gallery-icon landscape'>\n\t\t\t\t<a href='https:\/\/www.fondazionemorra.org\/it\/evento\/maurizio-elettrico-supernaturalis-historia\/attachment\/1\/'><img loading=\"lazy\" decoding=\"async\" width=\"1024\" height=\"683\" src=\"https:\/\/www.fondazionemorra.org\/wp-content\/uploads\/2020\/11\/1-1024x683.jpg\" class=\"attachment-large size-large\" alt=\"\" aria-describedby=\"gallery-1-1674\" srcset=\"https:\/\/www.fondazionemorra.org\/wp-content\/uploads\/2020\/11\/1-1024x683.jpg 1024w, https:\/\/www.fondazionemorra.org\/wp-content\/uploads\/2020\/11\/1-300x200.jpg 300w, https:\/\/www.fondazionemorra.org\/wp-content\/uploads\/2020\/11\/1-768x512.jpg 768w, https:\/\/www.fondazionemorra.org\/wp-content\/uploads\/2020\/11\/1.jpg 1200w\" sizes=\"auto, (max-width: 1024px) 100vw, 1024px\" \/><\/a>\n\t\t\t<\/dt>\n\t\t\t\t<dd class='wp-caption-text gallery-caption' id='gallery-1-1674'>\n\t\t\t\tInstallation View, Supernaturalis Historia, PAN &#8211; Palazzo delle Arti di Napoli, 2016 \nMaurizio Elettrico\n\u00a9  photo Amedeo Benestante\nCourtesy Fondazione Morra\n\t\t\t\t<\/dd><\/dl><br style=\"clear: both\" \/><dl class='gallery-item'>\n\t\t\t<dt class='gallery-icon landscape'>\n\t\t\t\t<a href='https:\/\/www.fondazionemorra.org\/it\/evento\/maurizio-elettrico-supernaturalis-historia\/2-2\/'><img loading=\"lazy\" decoding=\"async\" width=\"1024\" height=\"683\" src=\"https:\/\/www.fondazionemorra.org\/wp-content\/uploads\/2020\/11\/2-1024x683.jpg\" class=\"attachment-large size-large\" alt=\"\" aria-describedby=\"gallery-1-1676\" srcset=\"https:\/\/www.fondazionemorra.org\/wp-content\/uploads\/2020\/11\/2-1024x683.jpg 1024w, https:\/\/www.fondazionemorra.org\/wp-content\/uploads\/2020\/11\/2-300x200.jpg 300w, https:\/\/www.fondazionemorra.org\/wp-content\/uploads\/2020\/11\/2-768x512.jpg 768w, https:\/\/www.fondazionemorra.org\/wp-content\/uploads\/2020\/11\/2.jpg 1200w\" sizes=\"auto, (max-width: 1024px) 100vw, 1024px\" \/><\/a>\n\t\t\t<\/dt>\n\t\t\t\t<dd class='wp-caption-text gallery-caption' id='gallery-1-1676'>\n\t\t\t\tInstallation View, Supernaturalis Historia, PAN &#8211; Palazzo delle Arti di Napoli, 2016 \nMaurizio Elettrico\n\u00a9  photo Amedeo Benestante\nCourtesy Fondazione Morra\n\t\t\t\t<\/dd><\/dl><br style=\"clear: both\" \/><dl class='gallery-item'>\n\t\t\t<dt class='gallery-icon portrait'>\n\t\t\t\t<a href='https:\/\/www.fondazionemorra.org\/it\/evento\/maurizio-elettrico-supernaturalis-historia\/attachment\/3\/'><img loading=\"lazy\" decoding=\"async\" width=\"683\" height=\"1024\" src=\"https:\/\/www.fondazionemorra.org\/wp-content\/uploads\/2020\/11\/3-683x1024.jpg\" class=\"attachment-large size-large\" alt=\"\" aria-describedby=\"gallery-1-1678\" srcset=\"https:\/\/www.fondazionemorra.org\/wp-content\/uploads\/2020\/11\/3-683x1024.jpg 683w, https:\/\/www.fondazionemorra.org\/wp-content\/uploads\/2020\/11\/3-200x300.jpg 200w, https:\/\/www.fondazionemorra.org\/wp-content\/uploads\/2020\/11\/3-768x1152.jpg 768w, https:\/\/www.fondazionemorra.org\/wp-content\/uploads\/2020\/11\/3.jpg 800w\" sizes=\"auto, (max-width: 683px) 100vw, 683px\" \/><\/a>\n\t\t\t<\/dt>\n\t\t\t\t<dd class='wp-caption-text gallery-caption' id='gallery-1-1678'>\n\t\t\t\tInstallation View, Supernaturalis Historia, PAN &#8211; Palazzo delle Arti di Napoli, 2016 \nMaurizio Elettrico\n\u00a9  photo Amedeo Benestante\nCourtesy Fondazione Morra\n\t\t\t\t<\/dd><\/dl><br style=\"clear: both\" \/><dl class='gallery-item'>\n\t\t\t<dt class='gallery-icon landscape'>\n\t\t\t\t<a href='https:\/\/www.fondazionemorra.org\/it\/evento\/maurizio-elettrico-supernaturalis-historia\/attachment\/4\/'><img loading=\"lazy\" decoding=\"async\" width=\"1024\" height=\"683\" src=\"https:\/\/www.fondazionemorra.org\/wp-content\/uploads\/2020\/11\/4-1024x683.jpg\" class=\"attachment-large size-large\" alt=\"\" aria-describedby=\"gallery-1-1680\" srcset=\"https:\/\/www.fondazionemorra.org\/wp-content\/uploads\/2020\/11\/4-1024x683.jpg 1024w, https:\/\/www.fondazionemorra.org\/wp-content\/uploads\/2020\/11\/4-300x200.jpg 300w, https:\/\/www.fondazionemorra.org\/wp-content\/uploads\/2020\/11\/4-768x512.jpg 768w, https:\/\/www.fondazionemorra.org\/wp-content\/uploads\/2020\/11\/4.jpg 1200w\" sizes=\"auto, (max-width: 1024px) 100vw, 1024px\" \/><\/a>\n\t\t\t<\/dt>\n\t\t\t\t<dd class='wp-caption-text gallery-caption' id='gallery-1-1680'>\n\t\t\t\tInstallation View, Supernaturalis Historia, PAN &#8211; Palazzo delle Arti di Napoli, 2016 \nMaurizio Elettrico\n\u00a9  photo Amedeo Benestante\nCourtesy Fondazione Morra\n\t\t\t\t<\/dd><\/dl><br style=\"clear: both\" \/><dl class='gallery-item'>\n\t\t\t<dt class='gallery-icon landscape'>\n\t\t\t\t<a href='https:\/\/www.fondazionemorra.org\/it\/evento\/maurizio-elettrico-supernaturalis-historia\/attachment\/5\/'><img loading=\"lazy\" decoding=\"async\" width=\"1024\" height=\"683\" src=\"https:\/\/www.fondazionemorra.org\/wp-content\/uploads\/2020\/11\/5-1024x683.jpg\" class=\"attachment-large size-large\" alt=\"\" aria-describedby=\"gallery-1-1682\" srcset=\"https:\/\/www.fondazionemorra.org\/wp-content\/uploads\/2020\/11\/5-1024x683.jpg 1024w, https:\/\/www.fondazionemorra.org\/wp-content\/uploads\/2020\/11\/5-300x200.jpg 300w, https:\/\/www.fondazionemorra.org\/wp-content\/uploads\/2020\/11\/5-768x512.jpg 768w, https:\/\/www.fondazionemorra.org\/wp-content\/uploads\/2020\/11\/5.jpg 1200w\" sizes=\"auto, (max-width: 1024px) 100vw, 1024px\" \/><\/a>\n\t\t\t<\/dt>\n\t\t\t\t<dd class='wp-caption-text gallery-caption' id='gallery-1-1682'>\n\t\t\t\tInstallation View, Supernaturalis Historia, PAN &#8211; Palazzo delle Arti di Napoli, 2016 \nMaurizio Elettrico\n\u00a9  photo Amedeo Benestante\nCourtesy Fondazione Morra\n\t\t\t\t<\/dd><\/dl><br style=\"clear: both\" \/>\n\t\t<\/div>\n\n","protected":false},"excerpt":{"rendered":"<p>30 settembre \u2013 18 novembre 2016 OPENING 30 SETTEMBRE ORE 19:00 PAN &#8211; Palazzo delle Arti di Napoli Via dei Mille 60, Napoli Supernaturalis Historia. Saga sulla Divina Natura del<a class=\"excerpt-read-more\" href=\"https:\/\/www.fondazionemorra.org\/it\/evento\/maurizio-elettrico-supernaturalis-historia\/\" title=\"ReadMaurizio Elettrico &#8211; Supernaturalis Historia\">&#8230; Read more &raquo;<\/a><\/p>\n","protected":false},"author":1,"featured_media":1684,"template":"","meta":{"_acf_changed":false,"_tribe_events_status":"","_tribe_events_status_reason":"","footnotes":""},"tags":[],"tribe_events_cat":[],"class_list":["post-1673","tribe_events","type-tribe_events","status-publish","has-post-thumbnail","hentry"],"acf":[],"yoast_head":"<!-- This site is optimized with the Yoast SEO plugin v27.4 - https:\/\/yoast.com\/product\/yoast-seo-wordpress\/ -->\n<title>Maurizio Elettrico - Supernaturalis Historia - Fondazione Morra<\/title>\n<meta name=\"robots\" content=\"index, follow, max-snippet:-1, max-image-preview:large, max-video-preview:-1\" \/>\n<link rel=\"canonical\" href=\"https:\/\/www.fondazionemorra.org\/it\/evento\/maurizio-elettrico-supernaturalis-historia\/\" \/>\n<meta property=\"og:locale\" content=\"it_IT\" \/>\n<meta property=\"og:type\" content=\"article\" \/>\n<meta property=\"og:title\" content=\"Maurizio Elettrico - Supernaturalis Historia - Fondazione Morra\" \/>\n<meta property=\"og:description\" content=\"30 settembre \u2013 18 novembre 2016 OPENING 30 SETTEMBRE ORE 19:00 PAN &#8211; Palazzo delle Arti di Napoli Via dei Mille 60, Napoli Supernaturalis Historia. Saga sulla Divina Natura del... Read more &raquo;\" \/>\n<meta property=\"og:url\" content=\"https:\/\/www.fondazionemorra.org\/it\/evento\/maurizio-elettrico-supernaturalis-historia\/\" \/>\n<meta property=\"og:site_name\" content=\"Fondazione Morra\" \/>\n<meta property=\"article:modified_time\" content=\"2021-03-02T14:09:44+00:00\" \/>\n<meta property=\"og:image\" content=\"https:\/\/www.fondazionemorra.org\/wp-content\/uploads\/2020\/11\/INV0391_ELEM10-fronte.jpg\" \/>\n\t<meta property=\"og:image:width\" content=\"600\" \/>\n\t<meta property=\"og:image:height\" content=\"876\" \/>\n\t<meta property=\"og:image:type\" content=\"image\/jpeg\" \/>\n<meta name=\"twitter:card\" content=\"summary_large_image\" \/>\n<meta name=\"twitter:label1\" content=\"Tempo di lettura stimato\" \/>\n\t<meta name=\"twitter:data1\" content=\"2 minuti\" \/>\n<script type=\"application\/ld+json\" class=\"yoast-schema-graph\">{\"@context\":\"https:\\\/\\\/schema.org\",\"@graph\":[{\"@type\":\"WebPage\",\"@id\":\"https:\\\/\\\/www.fondazionemorra.org\\\/it\\\/evento\\\/maurizio-elettrico-supernaturalis-historia\\\/\",\"url\":\"https:\\\/\\\/www.fondazionemorra.org\\\/it\\\/evento\\\/maurizio-elettrico-supernaturalis-historia\\\/\",\"name\":\"Maurizio Elettrico - Supernaturalis Historia - Fondazione Morra\",\"isPartOf\":{\"@id\":\"https:\\\/\\\/www.fondazionemorra.org\\\/it\\\/#website\"},\"primaryImageOfPage\":{\"@id\":\"https:\\\/\\\/www.fondazionemorra.org\\\/it\\\/evento\\\/maurizio-elettrico-supernaturalis-historia\\\/#primaryimage\"},\"image\":{\"@id\":\"https:\\\/\\\/www.fondazionemorra.org\\\/it\\\/evento\\\/maurizio-elettrico-supernaturalis-historia\\\/#primaryimage\"},\"thumbnailUrl\":\"https:\\\/\\\/www.fondazionemorra.org\\\/wp-content\\\/uploads\\\/2020\\\/11\\\/INV0391_ELEM10-fronte.jpg\",\"datePublished\":\"2020-11-06T13:53:52+00:00\",\"dateModified\":\"2021-03-02T14:09:44+00:00\",\"breadcrumb\":{\"@id\":\"https:\\\/\\\/www.fondazionemorra.org\\\/it\\\/evento\\\/maurizio-elettrico-supernaturalis-historia\\\/#breadcrumb\"},\"inLanguage\":\"it-IT\",\"potentialAction\":[{\"@type\":\"ReadAction\",\"target\":[\"https:\\\/\\\/www.fondazionemorra.org\\\/it\\\/evento\\\/maurizio-elettrico-supernaturalis-historia\\\/\"]}]},{\"@type\":\"ImageObject\",\"inLanguage\":\"it-IT\",\"@id\":\"https:\\\/\\\/www.fondazionemorra.org\\\/it\\\/evento\\\/maurizio-elettrico-supernaturalis-historia\\\/#primaryimage\",\"url\":\"https:\\\/\\\/www.fondazionemorra.org\\\/wp-content\\\/uploads\\\/2020\\\/11\\\/INV0391_ELEM10-fronte.jpg\",\"contentUrl\":\"https:\\\/\\\/www.fondazionemorra.org\\\/wp-content\\\/uploads\\\/2020\\\/11\\\/INV0391_ELEM10-fronte.jpg\",\"width\":600,\"height\":876},{\"@type\":\"BreadcrumbList\",\"@id\":\"https:\\\/\\\/www.fondazionemorra.org\\\/it\\\/evento\\\/maurizio-elettrico-supernaturalis-historia\\\/#breadcrumb\",\"itemListElement\":[{\"@type\":\"ListItem\",\"position\":1,\"name\":\"Home\",\"item\":\"https:\\\/\\\/www.fondazionemorra.org\\\/it\\\/\"},{\"@type\":\"ListItem\",\"position\":2,\"name\":\"Eventi\",\"item\":\"https:\\\/\\\/www.fondazionemorra.org\\\/it\\\/eventi\\\/\"},{\"@type\":\"ListItem\",\"position\":3,\"name\":\"Maurizio Elettrico &#8211; Supernaturalis Historia\"}]},{\"@type\":\"WebSite\",\"@id\":\"https:\\\/\\\/www.fondazionemorra.org\\\/it\\\/#website\",\"url\":\"https:\\\/\\\/www.fondazionemorra.org\\\/it\\\/\",\"name\":\"Fondazione Morra\",\"description\":\"\",\"publisher\":{\"@id\":\"https:\\\/\\\/www.fondazionemorra.org\\\/it\\\/#organization\"},\"potentialAction\":[{\"@type\":\"SearchAction\",\"target\":{\"@type\":\"EntryPoint\",\"urlTemplate\":\"https:\\\/\\\/www.fondazionemorra.org\\\/it\\\/?s={search_term_string}\"},\"query-input\":{\"@type\":\"PropertyValueSpecification\",\"valueRequired\":true,\"valueName\":\"search_term_string\"}}],\"inLanguage\":\"it-IT\"},{\"@type\":\"Organization\",\"@id\":\"https:\\\/\\\/www.fondazionemorra.org\\\/it\\\/#organization\",\"name\":\"Fondazione Morra\",\"url\":\"https:\\\/\\\/www.fondazionemorra.org\\\/it\\\/\",\"logo\":{\"@type\":\"ImageObject\",\"inLanguage\":\"it-IT\",\"@id\":\"https:\\\/\\\/www.fondazionemorra.org\\\/it\\\/#\\\/schema\\\/logo\\\/image\\\/\",\"url\":\"https:\\\/\\\/www.fondazionemorra.org\\\/wp-content\\\/uploads\\\/2021\\\/02\\\/logo.png\",\"contentUrl\":\"https:\\\/\\\/www.fondazionemorra.org\\\/wp-content\\\/uploads\\\/2021\\\/02\\\/logo.png\",\"width\":106,\"height\":114,\"caption\":\"Fondazione Morra\"},\"image\":{\"@id\":\"https:\\\/\\\/www.fondazionemorra.org\\\/it\\\/#\\\/schema\\\/logo\\\/image\\\/\"}}]}<\/script>\n<!-- \/ Yoast SEO plugin. -->","yoast_head_json":{"title":"Maurizio Elettrico - Supernaturalis Historia - Fondazione Morra","robots":{"index":"index","follow":"follow","max-snippet":"max-snippet:-1","max-image-preview":"max-image-preview:large","max-video-preview":"max-video-preview:-1"},"canonical":"https:\/\/www.fondazionemorra.org\/it\/evento\/maurizio-elettrico-supernaturalis-historia\/","og_locale":"it_IT","og_type":"article","og_title":"Maurizio Elettrico - Supernaturalis Historia - Fondazione Morra","og_description":"30 settembre \u2013 18 novembre 2016 OPENING 30 SETTEMBRE ORE 19:00 PAN &#8211; Palazzo delle Arti di Napoli Via dei Mille 60, Napoli Supernaturalis Historia. Saga sulla Divina Natura del... Read more &raquo;","og_url":"https:\/\/www.fondazionemorra.org\/it\/evento\/maurizio-elettrico-supernaturalis-historia\/","og_site_name":"Fondazione Morra","article_modified_time":"2021-03-02T14:09:44+00:00","og_image":[{"width":600,"height":876,"url":"https:\/\/www.fondazionemorra.org\/wp-content\/uploads\/2020\/11\/INV0391_ELEM10-fronte.jpg","type":"image\/jpeg"}],"twitter_card":"summary_large_image","twitter_misc":{"Tempo di lettura stimato":"2 minuti"},"schema":{"@context":"https:\/\/schema.org","@graph":[{"@type":"WebPage","@id":"https:\/\/www.fondazionemorra.org\/it\/evento\/maurizio-elettrico-supernaturalis-historia\/","url":"https:\/\/www.fondazionemorra.org\/it\/evento\/maurizio-elettrico-supernaturalis-historia\/","name":"Maurizio Elettrico - Supernaturalis Historia - Fondazione Morra","isPartOf":{"@id":"https:\/\/www.fondazionemorra.org\/it\/#website"},"primaryImageOfPage":{"@id":"https:\/\/www.fondazionemorra.org\/it\/evento\/maurizio-elettrico-supernaturalis-historia\/#primaryimage"},"image":{"@id":"https:\/\/www.fondazionemorra.org\/it\/evento\/maurizio-elettrico-supernaturalis-historia\/#primaryimage"},"thumbnailUrl":"https:\/\/www.fondazionemorra.org\/wp-content\/uploads\/2020\/11\/INV0391_ELEM10-fronte.jpg","datePublished":"2020-11-06T13:53:52+00:00","dateModified":"2021-03-02T14:09:44+00:00","breadcrumb":{"@id":"https:\/\/www.fondazionemorra.org\/it\/evento\/maurizio-elettrico-supernaturalis-historia\/#breadcrumb"},"inLanguage":"it-IT","potentialAction":[{"@type":"ReadAction","target":["https:\/\/www.fondazionemorra.org\/it\/evento\/maurizio-elettrico-supernaturalis-historia\/"]}]},{"@type":"ImageObject","inLanguage":"it-IT","@id":"https:\/\/www.fondazionemorra.org\/it\/evento\/maurizio-elettrico-supernaturalis-historia\/#primaryimage","url":"https:\/\/www.fondazionemorra.org\/wp-content\/uploads\/2020\/11\/INV0391_ELEM10-fronte.jpg","contentUrl":"https:\/\/www.fondazionemorra.org\/wp-content\/uploads\/2020\/11\/INV0391_ELEM10-fronte.jpg","width":600,"height":876},{"@type":"BreadcrumbList","@id":"https:\/\/www.fondazionemorra.org\/it\/evento\/maurizio-elettrico-supernaturalis-historia\/#breadcrumb","itemListElement":[{"@type":"ListItem","position":1,"name":"Home","item":"https:\/\/www.fondazionemorra.org\/it\/"},{"@type":"ListItem","position":2,"name":"Eventi","item":"https:\/\/www.fondazionemorra.org\/it\/eventi\/"},{"@type":"ListItem","position":3,"name":"Maurizio Elettrico &#8211; Supernaturalis Historia"}]},{"@type":"WebSite","@id":"https:\/\/www.fondazionemorra.org\/it\/#website","url":"https:\/\/www.fondazionemorra.org\/it\/","name":"Fondazione Morra","description":"","publisher":{"@id":"https:\/\/www.fondazionemorra.org\/it\/#organization"},"potentialAction":[{"@type":"SearchAction","target":{"@type":"EntryPoint","urlTemplate":"https:\/\/www.fondazionemorra.org\/it\/?s={search_term_string}"},"query-input":{"@type":"PropertyValueSpecification","valueRequired":true,"valueName":"search_term_string"}}],"inLanguage":"it-IT"},{"@type":"Organization","@id":"https:\/\/www.fondazionemorra.org\/it\/#organization","name":"Fondazione Morra","url":"https:\/\/www.fondazionemorra.org\/it\/","logo":{"@type":"ImageObject","inLanguage":"it-IT","@id":"https:\/\/www.fondazionemorra.org\/it\/#\/schema\/logo\/image\/","url":"https:\/\/www.fondazionemorra.org\/wp-content\/uploads\/2021\/02\/logo.png","contentUrl":"https:\/\/www.fondazionemorra.org\/wp-content\/uploads\/2021\/02\/logo.png","width":106,"height":114,"caption":"Fondazione Morra"},"image":{"@id":"https:\/\/www.fondazionemorra.org\/it\/#\/schema\/logo\/image\/"}}]}},"_links":{"self":[{"href":"https:\/\/www.fondazionemorra.org\/it\/wp-json\/wp\/v2\/tribe_events\/1673","targetHints":{"allow":["GET"]}}],"collection":[{"href":"https:\/\/www.fondazionemorra.org\/it\/wp-json\/wp\/v2\/tribe_events"}],"about":[{"href":"https:\/\/www.fondazionemorra.org\/it\/wp-json\/wp\/v2\/types\/tribe_events"}],"author":[{"embeddable":true,"href":"https:\/\/www.fondazionemorra.org\/it\/wp-json\/wp\/v2\/users\/1"}],"version-history":[{"count":2,"href":"https:\/\/www.fondazionemorra.org\/it\/wp-json\/wp\/v2\/tribe_events\/1673\/revisions"}],"predecessor-version":[{"id":1688,"href":"https:\/\/www.fondazionemorra.org\/it\/wp-json\/wp\/v2\/tribe_events\/1673\/revisions\/1688"}],"wp:featuredmedia":[{"embeddable":true,"href":"https:\/\/www.fondazionemorra.org\/it\/wp-json\/wp\/v2\/media\/1684"}],"wp:attachment":[{"href":"https:\/\/www.fondazionemorra.org\/it\/wp-json\/wp\/v2\/media?parent=1673"}],"wp:term":[{"taxonomy":"post_tag","embeddable":true,"href":"https:\/\/www.fondazionemorra.org\/it\/wp-json\/wp\/v2\/tags?post=1673"},{"taxonomy":"tribe_events_cat","embeddable":true,"href":"https:\/\/www.fondazionemorra.org\/it\/wp-json\/wp\/v2\/tribe_events_cat?post=1673"}],"curies":[{"name":"wp","href":"https:\/\/api.w.org\/{rel}","templated":true}]}}