{"id":2434,"date":"2020-11-13T11:27:41","date_gmt":"2020-11-13T10:27:41","guid":{"rendered":"http:\/\/www.fondazionemorra.org\/?post_type=tribe_events&#038;p=2434"},"modified":"2020-11-13T12:23:18","modified_gmt":"2020-11-13T11:23:18","slug":"sapere-i-luoghi","status":"publish","type":"tribe_events","link":"https:\/\/www.fondazionemorra.org\/it\/evento\/sapere-i-luoghi\/","title":{"rendered":"Sapere i luoghi"},"content":{"rendered":"<p><strong>26 ottobre 2018<\/strong><br \/>\n<strong>Casa Morra &#8211; Archivio d&#8217;Arte Contemporanea<\/strong><br \/>\nSalita San Raffaele 20\/c, Napoli<\/p>\n<p><strong>Percorso transdisciplinare sulla lettura e l\u2019attivazione dei luoghi attraverso l\u2019arte<\/strong><\/p>\n<p style=\"text-align: justify;\">Sapere i Luoghi,\u00a0progetto realizzato da <strong>Fondazione Morra<\/strong>, <strong>Fondazione Lac o Le Mon<\/strong> e <strong>Cantiere Giovani<\/strong>, vincitore del Bando 2018 \u201c<strong>PRENDI PARTE! Agire e pensare creativo<\/strong>\u201d ideato dalla Direzione Generale Arte e Architettura contemporanee e Periferie urbane (DGAAP) del Ministero per i Beni e le Attivit\u00e0 Culturali, per promuovere l\u2019inclusione culturale dei giovani nelle aree caratterizzate da situazioni di marginalit\u00e0 economica e sociale, entra nel vivo del percorso di formazione transdisciplinare-comunitaria che, attraverso i linguaggi dell\u2019arte contemporanea, intende fornire metodologie e strumenti per una nuova lettura e attivazione dei luoghi attraverso la ricerca, la sperimentazione e l\u2019espressione artistica.<br \/>\nI 20 beneficiari di progetto, selezionati tra le 89 candidature pervenute attraverso l\u2019open call pubblica rivolta in particolare a giovani NEET \u2013 giovani che vivono una condizione di <em>non-studio<\/em> e di <em>non-lavoro<\/em> \u2013 avranno la possibilit\u00e0 di prendere parte a lezioni frontali e attivit\u00e0 laboratoriali in cui si affronteranno i concetti e le pratiche di\u00a0luogo ed identit\u00e0, territorio e mappa, differenze e opportunit\u00e0 grazie ai contributi scientifici del\u00a0prof. <strong>Pasquale Persico<\/strong>. Con l\u2019obiettivo di generare contaminazioni tra contemporaneo e non-contemporaneo, la\u00a0prof.\u00a0<strong>Rossella Bonito Oliva<\/strong>\u00a0si focalizzer\u00e0 sulla possibilit\u00e0 di costruire passaggi inediti attraverso il rovesciamento del rapporto centro-periferia,\u00a0partendo dagli archivi per giungere alle pratiche di una nuova immaginazione in-comune. Su queste riflessioni si innesteranno le esplorazioni comunitarie condotte da\u00a0<strong>Nicoletta Ricciardelli<\/strong>\u00a0che lavorer\u00e0 con il gruppo sull\u2019unit\u00e0 territoriale del Quartiere Avvocata,\u00a0campo base del percorso formativo e presidio di ricerca artistica grazie alla\u00a0presenza del\u00a0Museo Archivio Laboratorio Hermann Nitsch,\u00a0dell&#8217;Associazione Shozo Shimamoto\u00a0e di\u00a0Casa Morra-Archivio d&#8217;Arte Contemporanea. Una geografia, quella del \u201cQuartiere dell\u2019Arte\u201d, che diventer\u00e0 fantastica e virtuale grazie al\u00a0Prof. <strong>Mario Franco<\/strong>\u00a0e ai \u201csuoi\u201d luoghi del cinema, artistiche manipolazioni che \u201cinventeranno\u201d lo spazio a fini narrativi sperimentando la possibilit\u00e0 di modificare percorsi e toponomastiche, portando il mare dentro i vicoli di Napoli, le astronavi nelle chiese, il sogno surreale ed i capovolgimenti dadaisti nel racconto del quotidiano. Queste indagini collettive,\u00a0citando le tutor\u00a0<strong>Loredana Troise<\/strong> e <strong>Raffaella Morra<\/strong>, permetteranno al territorio di divenire \u201czona sensibile all\u2019irruzione del vissuto, plasmato da quello che, con Foucault, potremmo chiamare il pensiero del fuori: un recinto dove si determina la convergenza tra l\u2019anima e le forme, tra il linguaggio e la vita\u201d.<\/p>\n<p style=\"text-align: justify;\">In questo senso, determinanti saranno i laboratori tenuti da\u00a0<strong>Cesare Pietroiusti<\/strong>\u00a0e\u00a0<strong>Emilio Fantin<\/strong>, che con il contributo di\u00a0<strong>Maria D\u2019Ambrosio<\/strong>, prenderanno forma tra Casa Morra, Quartiere Avvocata e l\u2019incantevole Vigna di San Martino, un vero e proprio terreno agricolo urbano nel cuore della citt\u00e0 di Napoli con coltivazioni a vite, agrumi ed altre specie di alberi da frutto. Ci si interrogher\u00e0 su arte, forme viventi ed estetica del processo; su come l&#8217;arte contemporanea pu\u00f2 entrare in relazione con i luoghi; sulla differenza fra <em>site-specific<\/em> e <em>context-specific<\/em>; sugli interventi artistici nel contesto urbano, quali le strategie possibili e quali esempi storici; sul concetto di &#8220;relazionale&#8221; e sull&#8217;importanza del rapporto con l&#8217;altro.<\/p>\n<p style=\"text-align: justify;\">L\u2019esperienza comunitaria sar\u00e0 rafforzata, infine, da un periodo di residenza presso la Fondazione Lac O Le Mon a San Cesario di Lecce, una casa colonica dei primi del Novecento dedicata alla sperimentazione dell&#8217;arte e dell&#8217;educazione autonoma, auto-sostenibile, auto-organizzata. In questa cornice le attivit\u00e0 si svilupperanno attraverso discussioni teoriche e progettuali in cui il sapere e le nuove idee saranno scambiate secondo una modalit\u00e0 circolare, di accoglimento ed elaborazione collettiva. In tal modo, il gruppo di lavoro sar\u00e0 invitato a elaborare progetti in cui l\u2019aspetto di condivisione diventa pi\u00f9 importante dell\u2019autorialit\u00e0 individuale. Un\u2019esperienza formativa, dunque, ma anche di produzione artistica, in cui i partecipanti verranno guidati trasversalmente nella realizzazione di un progetto individuale cos\u00ec come nella co-produzione di un dispositivo collettivo di design rappresentativo dell&#8217;esperienza.<\/p>\n<p style=\"text-align: justify;\">L&#8217;esperienza laboratoriale prender\u00e0 il via nel capoluogo partenopeo il 4 marzo fino al 7 aprile 2019. Momenti di tutoraggio sull&#8217;elaborazione e la progettazione dell&#8217;esperienza individuale dei beneficiari anticiperanno il periodo di residenza degli stessi in Puglia, a San Cesareo di Lecce, dove \u201ccomunit\u00e0\u201d e \u201cterra\u201d saranno le parole chiave fino al 2 maggio.<\/p>\n<p style=\"text-align: justify;\">La restituzione dell&#8217;esperienza fuori porta avr\u00e0 inizio dal 20 maggio presso Casa Morra \u2013 Archivio d&#8217;Arte Contemporanea con l&#8217;allestimento della mostra di chiusura del progetto, momento di \u201cmostrazione\u201d della trasformazione del processo\u00a0<em>in-out-in<\/em>\u00a0vissuto e interiorizzato dai beneficiari.<\/p>\n<p style=\"text-align: justify;\">La \u201cmostra dei luoghi compresi\u201d sar\u00e0 inaugurata il 1\u00b0 giugno 2019.<\/p>\n<p><a href=\"http:\/\/www.fondazionemorra.org\/wp-content\/uploads\/2020\/11\/Elenco-beneficiari-ammessi_-Sapere-i-Luoghi_ITA2.pdf\">Bando Iscrizione Sapere i Luoghi (Beneficiari Ammessi)<\/a><\/p>\n<h5 style=\"text-align: justify;\"><strong>Sulla Fondazione Lac o Le Mon<\/strong><\/h5>\n<h5 style=\"text-align: justify;\">La Fondazione Lac o Le Mon \u00e8 una organizzazione non profit dedicata all\u2019arte e alla cultura contemporanee fondata alla fine del 2015 dagli artisti Emilio Fantin, Luigi Negro, Giancarlo Norese, Cesare Pietroiusti e Luigi Presicce. Poco dopo la sua creazione, la Fondazione Lac o Le Mon ha acquisito un meraviglioso edificio con un grande appezzamento di terreno situato al confine tra San Cesario di Lecce e Cavallino (nel sud-est d&#8217;Italia), ribattezzato\u00a0Casa Cafausica. Oggi, questo sito \u00e8 sede di un centro di sperimentazione e formazione artistica che opera attraverso attivit\u00e0 laboratoriali, esperienze comunitarie, attivit\u00e0 trans-disciplinari e di promozione della cultura della sostenibilit\u00e0 attraverso esperienze di coabitazione e compresenza, di collaborazione progettuale e di osmosi fra le discipline, le conoscenze e le competenze.<\/h5>\n<p><a href=\"http:\/\/www.lacolemon.wordpress.com\/\">www.lacolemon.wordpress.com<\/a><\/p>\n<h5 style=\"text-align: justify;\"><strong>Su Cantiere Giovani<\/strong><\/h5>\n<h5 style=\"text-align: justify;\">Cantiere Giovani \u00e8 un\u2019organizzazione non profit nata nel 2001 a Frattamaggiore (Na) grazie ad un gruppo di giovani che, forti di esperienze socio-educative e culturali fatte in Italia e in Europa, ha deciso di cogliere la sfida di far nascere un\u2019organizzazione laica e indipendente nell\u2019hinterland Napoletano. Il progetto &#8220;Il Cantiere\u201d, centro socio-culturale e aggregativo, \u00e8 stato riconosciuto dal Consiglio d\u2019Europa uno tra i migliori interventi per il protagonismo e la cittadinanza attiva dei giovani. Membro di: Comitato di Coordinamento per il Servizio Volontario Internazionale \/Unesco, Rete Italiana Volontariato Europeo, Rete ITER. Promuove le risorse dei giovani coniugando impegno sociale e culturale, per sostenere i processi di cambiamento ed emancipazione. Cogestisce Piazzetta Durante, spazio di sperimentazione sociale, culturale e artistica.<\/h5>\n<p><a href=\"http:\/\/www.cantieregiovani.org\/\"><span lang=\"it-IT\">www.cantieregiovani.org<\/span><\/a><span lang=\"it-IT\">\u00a0|\u00a0<\/span><a href=\"http:\/\/www.piazzettadurante.it\/\"><span lang=\"it-IT\">www.piazzettadurante.it<\/span><\/a><\/p>\n<p>&nbsp;<\/p>\n","protected":false},"excerpt":{"rendered":"<p>26 ottobre 2018 Casa Morra &#8211; Archivio d&#8217;Arte Contemporanea Salita San Raffaele 20\/c, Napoli Percorso transdisciplinare sulla lettura e l\u2019attivazione dei luoghi attraverso l\u2019arte Sapere i Luoghi,\u00a0progetto realizzato da Fondazione<a class=\"excerpt-read-more\" href=\"https:\/\/www.fondazionemorra.org\/it\/evento\/sapere-i-luoghi\/\" title=\"ReadSapere i luoghi\">&#8230; Read more &raquo;<\/a><\/p>\n","protected":false},"author":1,"featured_media":2449,"template":"","meta":{"_acf_changed":false,"_tribe_events_status":"","_tribe_events_status_reason":"","footnotes":""},"tags":[],"tribe_events_cat":[12],"class_list":["post-2434","tribe_events","type-tribe_events","status-publish","has-post-thumbnail","hentry","tribe_events_cat-casa-morra","cat_casa-morra"],"acf":[],"yoast_head":"<!-- This site is optimized with the Yoast SEO plugin v27.4 - https:\/\/yoast.com\/product\/yoast-seo-wordpress\/ -->\n<title>Sapere i luoghi - Fondazione Morra<\/title>\n<meta name=\"robots\" content=\"index, follow, max-snippet:-1, max-image-preview:large, max-video-preview:-1\" \/>\n<link rel=\"canonical\" href=\"https:\/\/www.fondazionemorra.org\/it\/evento\/sapere-i-luoghi\/\" \/>\n<meta property=\"og:locale\" content=\"it_IT\" \/>\n<meta property=\"og:type\" content=\"article\" \/>\n<meta property=\"og:title\" content=\"Sapere i luoghi - Fondazione Morra\" \/>\n<meta property=\"og:description\" content=\"26 ottobre 2018 Casa Morra &#8211; Archivio d&#8217;Arte Contemporanea Salita San Raffaele 20\/c, Napoli Percorso transdisciplinare sulla lettura e l\u2019attivazione dei luoghi attraverso l\u2019arte Sapere i Luoghi,\u00a0progetto realizzato da Fondazione... Read more &raquo;\" \/>\n<meta property=\"og:url\" content=\"https:\/\/www.fondazionemorra.org\/it\/evento\/sapere-i-luoghi\/\" \/>\n<meta property=\"og:site_name\" content=\"Fondazione Morra\" \/>\n<meta property=\"article:modified_time\" content=\"2020-11-13T11:23:18+00:00\" \/>\n<meta property=\"og:image\" content=\"https:\/\/www.fondazionemorra.org\/wp-content\/uploads\/2020\/11\/Sapereiluoghi-2.jpg\" \/>\n\t<meta property=\"og:image:width\" content=\"1065\" \/>\n\t<meta property=\"og:image:height\" content=\"700\" \/>\n\t<meta property=\"og:image:type\" content=\"image\/jpeg\" \/>\n<meta name=\"twitter:card\" content=\"summary_large_image\" \/>\n<meta name=\"twitter:label1\" content=\"Tempo di lettura stimato\" \/>\n\t<meta name=\"twitter:data1\" content=\"5 minuti\" \/>\n<script type=\"application\/ld+json\" class=\"yoast-schema-graph\">{\"@context\":\"https:\\\/\\\/schema.org\",\"@graph\":[{\"@type\":\"WebPage\",\"@id\":\"https:\\\/\\\/www.fondazionemorra.org\\\/it\\\/evento\\\/sapere-i-luoghi\\\/\",\"url\":\"https:\\\/\\\/www.fondazionemorra.org\\\/it\\\/evento\\\/sapere-i-luoghi\\\/\",\"name\":\"Sapere i luoghi - Fondazione Morra\",\"isPartOf\":{\"@id\":\"https:\\\/\\\/www.fondazionemorra.org\\\/it\\\/#website\"},\"primaryImageOfPage\":{\"@id\":\"https:\\\/\\\/www.fondazionemorra.org\\\/it\\\/evento\\\/sapere-i-luoghi\\\/#primaryimage\"},\"image\":{\"@id\":\"https:\\\/\\\/www.fondazionemorra.org\\\/it\\\/evento\\\/sapere-i-luoghi\\\/#primaryimage\"},\"thumbnailUrl\":\"https:\\\/\\\/www.fondazionemorra.org\\\/wp-content\\\/uploads\\\/2020\\\/11\\\/Sapereiluoghi-2.jpg\",\"datePublished\":\"2020-11-13T10:27:41+00:00\",\"dateModified\":\"2020-11-13T11:23:18+00:00\",\"breadcrumb\":{\"@id\":\"https:\\\/\\\/www.fondazionemorra.org\\\/it\\\/evento\\\/sapere-i-luoghi\\\/#breadcrumb\"},\"inLanguage\":\"it-IT\",\"potentialAction\":[{\"@type\":\"ReadAction\",\"target\":[\"https:\\\/\\\/www.fondazionemorra.org\\\/it\\\/evento\\\/sapere-i-luoghi\\\/\"]}]},{\"@type\":\"ImageObject\",\"inLanguage\":\"it-IT\",\"@id\":\"https:\\\/\\\/www.fondazionemorra.org\\\/it\\\/evento\\\/sapere-i-luoghi\\\/#primaryimage\",\"url\":\"https:\\\/\\\/www.fondazionemorra.org\\\/wp-content\\\/uploads\\\/2020\\\/11\\\/Sapereiluoghi-2.jpg\",\"contentUrl\":\"https:\\\/\\\/www.fondazionemorra.org\\\/wp-content\\\/uploads\\\/2020\\\/11\\\/Sapereiluoghi-2.jpg\",\"width\":1065,\"height\":700},{\"@type\":\"BreadcrumbList\",\"@id\":\"https:\\\/\\\/www.fondazionemorra.org\\\/it\\\/evento\\\/sapere-i-luoghi\\\/#breadcrumb\",\"itemListElement\":[{\"@type\":\"ListItem\",\"position\":1,\"name\":\"Home\",\"item\":\"https:\\\/\\\/www.fondazionemorra.org\\\/it\\\/\"},{\"@type\":\"ListItem\",\"position\":2,\"name\":\"Eventi\",\"item\":\"https:\\\/\\\/www.fondazionemorra.org\\\/it\\\/eventi\\\/\"},{\"@type\":\"ListItem\",\"position\":3,\"name\":\"Sapere i luoghi\"}]},{\"@type\":\"WebSite\",\"@id\":\"https:\\\/\\\/www.fondazionemorra.org\\\/it\\\/#website\",\"url\":\"https:\\\/\\\/www.fondazionemorra.org\\\/it\\\/\",\"name\":\"Fondazione Morra\",\"description\":\"\",\"publisher\":{\"@id\":\"https:\\\/\\\/www.fondazionemorra.org\\\/it\\\/#organization\"},\"potentialAction\":[{\"@type\":\"SearchAction\",\"target\":{\"@type\":\"EntryPoint\",\"urlTemplate\":\"https:\\\/\\\/www.fondazionemorra.org\\\/it\\\/?s={search_term_string}\"},\"query-input\":{\"@type\":\"PropertyValueSpecification\",\"valueRequired\":true,\"valueName\":\"search_term_string\"}}],\"inLanguage\":\"it-IT\"},{\"@type\":\"Organization\",\"@id\":\"https:\\\/\\\/www.fondazionemorra.org\\\/it\\\/#organization\",\"name\":\"Fondazione Morra\",\"url\":\"https:\\\/\\\/www.fondazionemorra.org\\\/it\\\/\",\"logo\":{\"@type\":\"ImageObject\",\"inLanguage\":\"it-IT\",\"@id\":\"https:\\\/\\\/www.fondazionemorra.org\\\/it\\\/#\\\/schema\\\/logo\\\/image\\\/\",\"url\":\"https:\\\/\\\/www.fondazionemorra.org\\\/wp-content\\\/uploads\\\/2021\\\/02\\\/logo.png\",\"contentUrl\":\"https:\\\/\\\/www.fondazionemorra.org\\\/wp-content\\\/uploads\\\/2021\\\/02\\\/logo.png\",\"width\":106,\"height\":114,\"caption\":\"Fondazione Morra\"},\"image\":{\"@id\":\"https:\\\/\\\/www.fondazionemorra.org\\\/it\\\/#\\\/schema\\\/logo\\\/image\\\/\"}}]}<\/script>\n<!-- \/ Yoast SEO plugin. -->","yoast_head_json":{"title":"Sapere i luoghi - Fondazione Morra","robots":{"index":"index","follow":"follow","max-snippet":"max-snippet:-1","max-image-preview":"max-image-preview:large","max-video-preview":"max-video-preview:-1"},"canonical":"https:\/\/www.fondazionemorra.org\/it\/evento\/sapere-i-luoghi\/","og_locale":"it_IT","og_type":"article","og_title":"Sapere i luoghi - Fondazione Morra","og_description":"26 ottobre 2018 Casa Morra &#8211; Archivio d&#8217;Arte Contemporanea Salita San Raffaele 20\/c, Napoli Percorso transdisciplinare sulla lettura e l\u2019attivazione dei luoghi attraverso l\u2019arte Sapere i Luoghi,\u00a0progetto realizzato da Fondazione... Read more &raquo;","og_url":"https:\/\/www.fondazionemorra.org\/it\/evento\/sapere-i-luoghi\/","og_site_name":"Fondazione Morra","article_modified_time":"2020-11-13T11:23:18+00:00","og_image":[{"width":1065,"height":700,"url":"https:\/\/www.fondazionemorra.org\/wp-content\/uploads\/2020\/11\/Sapereiluoghi-2.jpg","type":"image\/jpeg"}],"twitter_card":"summary_large_image","twitter_misc":{"Tempo di lettura stimato":"5 minuti"},"schema":{"@context":"https:\/\/schema.org","@graph":[{"@type":"WebPage","@id":"https:\/\/www.fondazionemorra.org\/it\/evento\/sapere-i-luoghi\/","url":"https:\/\/www.fondazionemorra.org\/it\/evento\/sapere-i-luoghi\/","name":"Sapere i luoghi - Fondazione Morra","isPartOf":{"@id":"https:\/\/www.fondazionemorra.org\/it\/#website"},"primaryImageOfPage":{"@id":"https:\/\/www.fondazionemorra.org\/it\/evento\/sapere-i-luoghi\/#primaryimage"},"image":{"@id":"https:\/\/www.fondazionemorra.org\/it\/evento\/sapere-i-luoghi\/#primaryimage"},"thumbnailUrl":"https:\/\/www.fondazionemorra.org\/wp-content\/uploads\/2020\/11\/Sapereiluoghi-2.jpg","datePublished":"2020-11-13T10:27:41+00:00","dateModified":"2020-11-13T11:23:18+00:00","breadcrumb":{"@id":"https:\/\/www.fondazionemorra.org\/it\/evento\/sapere-i-luoghi\/#breadcrumb"},"inLanguage":"it-IT","potentialAction":[{"@type":"ReadAction","target":["https:\/\/www.fondazionemorra.org\/it\/evento\/sapere-i-luoghi\/"]}]},{"@type":"ImageObject","inLanguage":"it-IT","@id":"https:\/\/www.fondazionemorra.org\/it\/evento\/sapere-i-luoghi\/#primaryimage","url":"https:\/\/www.fondazionemorra.org\/wp-content\/uploads\/2020\/11\/Sapereiluoghi-2.jpg","contentUrl":"https:\/\/www.fondazionemorra.org\/wp-content\/uploads\/2020\/11\/Sapereiluoghi-2.jpg","width":1065,"height":700},{"@type":"BreadcrumbList","@id":"https:\/\/www.fondazionemorra.org\/it\/evento\/sapere-i-luoghi\/#breadcrumb","itemListElement":[{"@type":"ListItem","position":1,"name":"Home","item":"https:\/\/www.fondazionemorra.org\/it\/"},{"@type":"ListItem","position":2,"name":"Eventi","item":"https:\/\/www.fondazionemorra.org\/it\/eventi\/"},{"@type":"ListItem","position":3,"name":"Sapere i luoghi"}]},{"@type":"WebSite","@id":"https:\/\/www.fondazionemorra.org\/it\/#website","url":"https:\/\/www.fondazionemorra.org\/it\/","name":"Fondazione Morra","description":"","publisher":{"@id":"https:\/\/www.fondazionemorra.org\/it\/#organization"},"potentialAction":[{"@type":"SearchAction","target":{"@type":"EntryPoint","urlTemplate":"https:\/\/www.fondazionemorra.org\/it\/?s={search_term_string}"},"query-input":{"@type":"PropertyValueSpecification","valueRequired":true,"valueName":"search_term_string"}}],"inLanguage":"it-IT"},{"@type":"Organization","@id":"https:\/\/www.fondazionemorra.org\/it\/#organization","name":"Fondazione Morra","url":"https:\/\/www.fondazionemorra.org\/it\/","logo":{"@type":"ImageObject","inLanguage":"it-IT","@id":"https:\/\/www.fondazionemorra.org\/it\/#\/schema\/logo\/image\/","url":"https:\/\/www.fondazionemorra.org\/wp-content\/uploads\/2021\/02\/logo.png","contentUrl":"https:\/\/www.fondazionemorra.org\/wp-content\/uploads\/2021\/02\/logo.png","width":106,"height":114,"caption":"Fondazione Morra"},"image":{"@id":"https:\/\/www.fondazionemorra.org\/it\/#\/schema\/logo\/image\/"}}]}},"_links":{"self":[{"href":"https:\/\/www.fondazionemorra.org\/it\/wp-json\/wp\/v2\/tribe_events\/2434","targetHints":{"allow":["GET"]}}],"collection":[{"href":"https:\/\/www.fondazionemorra.org\/it\/wp-json\/wp\/v2\/tribe_events"}],"about":[{"href":"https:\/\/www.fondazionemorra.org\/it\/wp-json\/wp\/v2\/types\/tribe_events"}],"author":[{"embeddable":true,"href":"https:\/\/www.fondazionemorra.org\/it\/wp-json\/wp\/v2\/users\/1"}],"version-history":[{"count":4,"href":"https:\/\/www.fondazionemorra.org\/it\/wp-json\/wp\/v2\/tribe_events\/2434\/revisions"}],"predecessor-version":[{"id":2451,"href":"https:\/\/www.fondazionemorra.org\/it\/wp-json\/wp\/v2\/tribe_events\/2434\/revisions\/2451"}],"wp:featuredmedia":[{"embeddable":true,"href":"https:\/\/www.fondazionemorra.org\/it\/wp-json\/wp\/v2\/media\/2449"}],"wp:attachment":[{"href":"https:\/\/www.fondazionemorra.org\/it\/wp-json\/wp\/v2\/media?parent=2434"}],"wp:term":[{"taxonomy":"post_tag","embeddable":true,"href":"https:\/\/www.fondazionemorra.org\/it\/wp-json\/wp\/v2\/tags?post=2434"},{"taxonomy":"tribe_events_cat","embeddable":true,"href":"https:\/\/www.fondazionemorra.org\/it\/wp-json\/wp\/v2\/tribe_events_cat?post=2434"}],"curies":[{"name":"wp","href":"https:\/\/api.w.org\/{rel}","templated":true}]}}