{"id":2582,"date":"2020-11-16T11:33:27","date_gmt":"2020-11-16T10:33:27","guid":{"rendered":"http:\/\/www.fondazionemorra.org\/?post_type=tribe_events&#038;p=2582"},"modified":"2020-11-16T11:33:27","modified_gmt":"2020-11-16T10:33:27","slug":"cesare-pietroiusti-scuola-del-disegno-e-della-pittura-in-assenza-di-talento","status":"publish","type":"tribe_events","link":"https:\/\/www.fondazionemorra.org\/it\/evento\/cesare-pietroiusti-scuola-del-disegno-e-della-pittura-in-assenza-di-talento\/","title":{"rendered":"Cesare Pietroiusti &#8211; Scuola del disegno e della pittura in assenza di talento"},"content":{"rendered":"<p><strong>17 aprile &#8211; 19 maggio 2018<\/strong><br \/>\nOPENING 17 APRILE ORE 12:00<br \/>\n<strong>Casa Morra &#8211; Archivio d&#8217;Arte Contemporanea<\/strong><br \/>\nSalita San Raffaele 20\/C, Napoli<\/p>\n<p style=\"text-align: justify;\">Si inaugura il nuovo progetto laboratoriale ed espositivo ideato e coordinato dall\u2019artista <strong>Cesare Pietroiusti<\/strong>.<br \/>\n<strong><em>Scuola del disegno e della pittura in assenza di talento<\/em><\/strong>, in collaborazione con l\u2019<strong>Accademia di Belle Arti di Napoli<\/strong>, consiste in un progetto che ripercorrer\u00e0 in modo retrospettivo alcuni elementi della ricerca di Cesare Pietroiusti, composto da due momenti distinti ma correlati: un laboratorio performativo e una mostra conclusiva.<br \/>\nIl modulo laboratoriale, rivolto ad un gruppo di studenti dell\u2019Accademia di BB.AA. di Napoli, porter\u00e0 i partecipanti a ripercorrere operativamente, nel modo pi\u00f9 fedele possibile all\u2019originale, le tecniche che Cesare Pietroiusti ha usato (negli anni tra il 1982 e il 1986) per dare vita ai suoi primi (e pressoch\u00e9 unici) lavori pittorici, dalla preparazione delle tele alla ricopiatura di immagini proiettate attraverso diapositive.<br \/>\nIl gruppo potr\u00e0, inoltre, progettare una o pi\u00f9 serie di grandi quantit\u00e0 di disegni con tecniche eterodosse (fuoco, birra, acqua salata ecc.), secondo metodi gi\u00e0 usati dall\u2019artista per le \u201cproduzioni e distribuzioni gratuite\u201d dal 2005 in poi. Le opere saranno oggetto della mostra conclusiva.<\/p>\n<p style=\"text-align: justify;\">Laboratorio performativo e mostra si susseguiranno sulla <strong>scala monumentale<\/strong>, e negli spazi ad essa adiacenti, del <strong>Palazzo Cassano Ayerbo D\u2019Aragona \u2013 Casa Morra<\/strong>. Il pubblico interessato potr\u00e0 apprezzare le distinte fasi di lavoro e, in particolare:<\/p>\n<p style=\"text-align: justify;\">dal <strong>17 al 24 aprile 2018<\/strong>, dal marted\u00ec al venerd\u00ec dalle ore 12:00 alle ore 19:00;<\/p>\n<p style=\"text-align: justify;\">Laboratorio performativo Scuola del disegno e della pittura in assenza di talento con gli studenti dell\u2019Accademia di BB.AA. di Napoli dal <strong>25 aprile al 19 maggio 2018<\/strong>, dal marted\u00ec al venerd\u00ec dalle ore 10:00 alle ore 17:00;<\/p>\n<p style=\"text-align: justify;\"><strong>Mostra conclusiva<\/strong> della Scuola del disegno e della pittura in assenza di talento.<br \/>\nCasa Morra si trasforma, per l\u2019occasione, in un teatro-fabbrica multifocale nella quale le diverse mansioni accadono contemporaneamente in punti distinti del luogo, rimarcando la naturale vocazione performativa della scalinata.<\/p>\n<p>Oltre all\u2019elemento laboratoriale e performativo, Cesare Pietroiusti affronta il tema della retrospettiva in maniera laterale, riflettendo su come sia possibile mettere mano alla storia della propria carriera senza la necessit\u00e0 di dover riesumare, in maniera convenzionale o feticistica, le opere del passato. Affrontando in questo modo il tab\u00f9 del\u00a0rifacimento\u00a0di un\u2019opera, l\u2019artista propone una nuova interpretazione della contemporaneit\u00e0 vista, nel riesame dialettico con il passato, come la compresenza e la convergenza di tempi e significati diversi.<br \/>\nLa mano dell\u2019autore tende a scomparire in un\u2019operazione in cui si contempla la non necessariet\u00e0, per un artista, di possedere un talento esprimibile con una abilit\u00e0 tecnica. D\u2019altra parte questo progetto rispecchia la stessa assenza di talento di Pietroiusti che, a suo tempo, lo port\u00f2 a utilizzare la ricopiatura pedissequa, su tela e su carta, della dia-proiezione.<\/p>\n<h6 style=\"text-align: justify;\">Con la partecipazione di:\u00a0Eleonora Alabiso, Cristiana Amato, Gianmarco Biele, Elsa Bigliardo, Laura Bonito, Antonella Calabrese, Elena Chirico, Enrica Rosi Crispo, Maria Teresa De Cristofaro, Luisa De Donato, Giovanni Ferrara, Sara Fiorentino, Valeria Gentile, Francesca Iovane, Natalya Savino Kochetova, Valentina Manzo, Emanuela Palmieri, Roberta Passaro, Chiara Perna, Alessandro Piromallo, Chatrin Ponticelli, Gianmarco Trotta, Maria Ulino, Aurora Vivenzio, Huang Yuan, Haoran Zhou.<\/h6>\n<h5 style=\"text-align: justify;\"><strong>Cesare Pietroiusti<\/strong><br \/>\nClasse 1955, nato a Roma, svolge la sua ricerca artistica dal 1977, quando ha iniziato a lavorare nel centro studi Jartrakor di Sergio Lombardo, partecipando attivamente alla definizione di un\u2019arte &#8216;eventualista&#8217;. Nella seconda met\u00e0 degli anni Ottanta d\u00e0 vita, insieme a Salvatore Falci, Stefano Fontana, Pino Modica e Domenico Nardone, all\u2019esperienza del gruppo di Piombino che sperimenta, in anticipo di circa un decennio sull\u2019arte &#8216;relazionale&#8217;, il coinvolgimento, attraverso stimoli estetici, di un pubblico inconsapevole. Da allora ha fondato e coordinato centri di ricerca e programmi di residenza, convegni e laboratori sperimentali. Ha esposto in spazi privati e pubblici, deputati e non, in Italia e all\u2019estero. Nel 1997 ha pubblicato, con le edizioni Morra,\u00a0Pensieri non funzionali, raccolta di circa cento idee apparentemente assurde, formulate come istruzioni per realizzazione di progetti artistici. Nel primo decennio del 21\u00b0 secolo il suo lavoro si \u00e8 concentrato sul tema dello scambio e sui paradossi che possono celarsi nel sistema sociale occidentale, di cui viene sottolineata la peculiarit\u00e0 del rapporto economico denaro-merce. Dal 2004 ha distribuito gratuitamente decine di migliaia di disegni autografi, venduto storie, ingerito banconote al termine di un\u2019asta pubblica per poi restituirle al legittimo proprietario dopo l\u2019evacuazione, organizzato serate gastronomiche dove alla fine del pranzo si viene pagati, allestito mostre dove le opere si vendono in cambio di idee e non di soldi. Ha esposto le sue opere fra l\u2019altro presso: Art in General, New York (2001); Ikon Gallery, Birmingham (2007); Biennale di Atene (2009); MAXXI, Roma (2010); Moscow Museum of Modern Art (2011), Hayward Gallery, Londra (2012), Fondazione Sandretto, Torino (2014), Bozar, Bruxelles (2014), Maga, Museo di Gallarate (2016), Kunstverein Arnsberg (2016), ed \u00e8 stato co-curatore della mostra-evento \u201cSensibile Comune. Le opere vive\u201d, GNAM, Roma (2017). A partire dal 2004 al 2015 \u00e8 stato docente di Laboratorio Arti Visive presso lo Iuav di Venezia e, dal 2009 al 2016, MFA Faculty presso Lesley University, Boston. Due anni fa, come membro del collettivo \u201cLu Cafausu\u201d, ha dato vita alla Fondazione Lac o Le Mon (San Cesario di Lecce).<\/h5>\n\n\t\t<style type=\"text\/css\">\n\t\t\t#gallery-1 {\n\t\t\t\tmargin: auto;\n\t\t\t}\n\t\t\t#gallery-1 .gallery-item {\n\t\t\t\tfloat: left;\n\t\t\t\tmargin-top: 10px;\n\t\t\t\ttext-align: center;\n\t\t\t\twidth: 100%;\n\t\t\t}\n\t\t\t#gallery-1 img {\n\t\t\t\tborder: 2px solid #cfcfcf;\n\t\t\t}\n\t\t\t#gallery-1 .gallery-caption {\n\t\t\t\tmargin-left: 0;\n\t\t\t}\n\t\t\t\/* see gallery_shortcode() in wp-includes\/media.php *\/\n\t\t<\/style>\n\t\t<div id='gallery-1' class='gallery galleryid-2582 gallery-columns-1 gallery-size-large'><dl class='gallery-item'>\n\t\t\t<dt class='gallery-icon landscape'>\n\t\t\t\t<a href='https:\/\/www.fondazionemorra.org\/it\/evento\/cesare-pietroiusti-scuola-del-disegno-e-della-pittura-in-assenza-di-talento\/01-scuola-del_disegno-e-della_pittura-casa-morra\/'><img loading=\"lazy\" decoding=\"async\" width=\"1024\" height=\"683\" src=\"https:\/\/www.fondazionemorra.org\/wp-content\/uploads\/2020\/11\/01-Scuola-del_disegno-e-della_pittura-Casa-Morra-1024x683.jpg\" class=\"attachment-large size-large\" alt=\"\" aria-describedby=\"gallery-1-2585\" srcset=\"https:\/\/www.fondazionemorra.org\/wp-content\/uploads\/2020\/11\/01-Scuola-del_disegno-e-della_pittura-Casa-Morra-1024x683.jpg 1024w, https:\/\/www.fondazionemorra.org\/wp-content\/uploads\/2020\/11\/01-Scuola-del_disegno-e-della_pittura-Casa-Morra-300x200.jpg 300w, https:\/\/www.fondazionemorra.org\/wp-content\/uploads\/2020\/11\/01-Scuola-del_disegno-e-della_pittura-Casa-Morra-768x512.jpg 768w, https:\/\/www.fondazionemorra.org\/wp-content\/uploads\/2020\/11\/01-Scuola-del_disegno-e-della_pittura-Casa-Morra.jpg 1200w\" sizes=\"auto, (max-width: 1024px) 100vw, 1024px\" \/><\/a>\n\t\t\t<\/dt>\n\t\t\t\t<dd class='wp-caption-text gallery-caption' id='gallery-1-2585'>\n\t\t\t\tScuola del disegno e della pittura in assenza di talento, Casa Morra, 2018 \nCesare Pietroiusti \n\u00a9 photo Jacopo Seri \nCourtesy Fondazione Morra\n\t\t\t\t<\/dd><\/dl><br style=\"clear: both\" \/><dl class='gallery-item'>\n\t\t\t<dt class='gallery-icon portrait'>\n\t\t\t\t<a href='https:\/\/www.fondazionemorra.org\/it\/evento\/cesare-pietroiusti-scuola-del-disegno-e-della-pittura-in-assenza-di-talento\/06-scuola-del_disegno-e-della_pittura-casa-morra\/'><img loading=\"lazy\" decoding=\"async\" width=\"533\" height=\"800\" src=\"https:\/\/www.fondazionemorra.org\/wp-content\/uploads\/2020\/11\/06-Scuola-del_disegno-e-della_pittura-Casa-Morra.jpg\" class=\"attachment-large size-large\" alt=\"\" aria-describedby=\"gallery-1-2587\" srcset=\"https:\/\/www.fondazionemorra.org\/wp-content\/uploads\/2020\/11\/06-Scuola-del_disegno-e-della_pittura-Casa-Morra.jpg 533w, https:\/\/www.fondazionemorra.org\/wp-content\/uploads\/2020\/11\/06-Scuola-del_disegno-e-della_pittura-Casa-Morra-200x300.jpg 200w\" sizes=\"auto, (max-width: 533px) 100vw, 533px\" \/><\/a>\n\t\t\t<\/dt>\n\t\t\t\t<dd class='wp-caption-text gallery-caption' id='gallery-1-2587'>\n\t\t\t\tScuola del disegno e della pittura in assenza di talento, Casa Morra, 2018  Cesare Pietroiusti  \u00a9 photo Jacopo Seri  Courtesy Fondazione Morra\n\t\t\t\t<\/dd><\/dl><br style=\"clear: both\" \/><dl class='gallery-item'>\n\t\t\t<dt class='gallery-icon landscape'>\n\t\t\t\t<a href='https:\/\/www.fondazionemorra.org\/it\/evento\/cesare-pietroiusti-scuola-del-disegno-e-della-pittura-in-assenza-di-talento\/05-scuola-del_disegno-e-della_pittura-casa-morra\/'><img loading=\"lazy\" decoding=\"async\" width=\"1024\" height=\"683\" src=\"https:\/\/www.fondazionemorra.org\/wp-content\/uploads\/2020\/11\/05-Scuola-del_disegno-e-della_pittura-Casa-Morra-1024x683.jpg\" class=\"attachment-large size-large\" alt=\"\" aria-describedby=\"gallery-1-2589\" srcset=\"https:\/\/www.fondazionemorra.org\/wp-content\/uploads\/2020\/11\/05-Scuola-del_disegno-e-della_pittura-Casa-Morra-1024x683.jpg 1024w, https:\/\/www.fondazionemorra.org\/wp-content\/uploads\/2020\/11\/05-Scuola-del_disegno-e-della_pittura-Casa-Morra-300x200.jpg 300w, https:\/\/www.fondazionemorra.org\/wp-content\/uploads\/2020\/11\/05-Scuola-del_disegno-e-della_pittura-Casa-Morra-768x512.jpg 768w, https:\/\/www.fondazionemorra.org\/wp-content\/uploads\/2020\/11\/05-Scuola-del_disegno-e-della_pittura-Casa-Morra.jpg 1200w\" sizes=\"auto, (max-width: 1024px) 100vw, 1024px\" \/><\/a>\n\t\t\t<\/dt>\n\t\t\t\t<dd class='wp-caption-text gallery-caption' id='gallery-1-2589'>\n\t\t\t\tScuola del disegno e della pittura in assenza di talento, Casa Morra, 2018  Cesare Pietroiusti  \u00a9 photo Jacopo Seri  Courtesy Fondazione Morra\n\t\t\t\t<\/dd><\/dl><br style=\"clear: both\" \/><dl class='gallery-item'>\n\t\t\t<dt class='gallery-icon landscape'>\n\t\t\t\t<a href='https:\/\/www.fondazionemorra.org\/it\/evento\/cesare-pietroiusti-scuola-del-disegno-e-della-pittura-in-assenza-di-talento\/04-scuola-del_disegno-e-della_pittura-casa-morra\/'><img loading=\"lazy\" decoding=\"async\" width=\"1024\" height=\"683\" src=\"https:\/\/www.fondazionemorra.org\/wp-content\/uploads\/2020\/11\/04-Scuola-del_disegno-e-della_pittura-Casa-Morra-1024x683.jpg\" class=\"attachment-large size-large\" alt=\"\" aria-describedby=\"gallery-1-2591\" srcset=\"https:\/\/www.fondazionemorra.org\/wp-content\/uploads\/2020\/11\/04-Scuola-del_disegno-e-della_pittura-Casa-Morra-1024x683.jpg 1024w, https:\/\/www.fondazionemorra.org\/wp-content\/uploads\/2020\/11\/04-Scuola-del_disegno-e-della_pittura-Casa-Morra-300x200.jpg 300w, https:\/\/www.fondazionemorra.org\/wp-content\/uploads\/2020\/11\/04-Scuola-del_disegno-e-della_pittura-Casa-Morra-768x512.jpg 768w, https:\/\/www.fondazionemorra.org\/wp-content\/uploads\/2020\/11\/04-Scuola-del_disegno-e-della_pittura-Casa-Morra.jpg 1200w\" sizes=\"auto, (max-width: 1024px) 100vw, 1024px\" \/><\/a>\n\t\t\t<\/dt>\n\t\t\t\t<dd class='wp-caption-text gallery-caption' id='gallery-1-2591'>\n\t\t\t\tScuola del disegno e della pittura in assenza di talento, Casa Morra, 2018  Cesare Pietroiusti  \u00a9 photo Jacopo Seri  Courtesy Fondazione Morra\n\t\t\t\t<\/dd><\/dl><br style=\"clear: both\" \/><dl class='gallery-item'>\n\t\t\t<dt class='gallery-icon landscape'>\n\t\t\t\t<a href='https:\/\/www.fondazionemorra.org\/it\/evento\/cesare-pietroiusti-scuola-del-disegno-e-della-pittura-in-assenza-di-talento\/03-scuola-del_disegno-e-della_pittura-casa-morra\/'><img loading=\"lazy\" decoding=\"async\" width=\"1024\" height=\"683\" src=\"https:\/\/www.fondazionemorra.org\/wp-content\/uploads\/2020\/11\/03-Scuola-del_disegno-e-della_pittura-Casa-Morra-1024x683.jpg\" class=\"attachment-large size-large\" alt=\"\" aria-describedby=\"gallery-1-2593\" srcset=\"https:\/\/www.fondazionemorra.org\/wp-content\/uploads\/2020\/11\/03-Scuola-del_disegno-e-della_pittura-Casa-Morra-1024x683.jpg 1024w, https:\/\/www.fondazionemorra.org\/wp-content\/uploads\/2020\/11\/03-Scuola-del_disegno-e-della_pittura-Casa-Morra-300x200.jpg 300w, https:\/\/www.fondazionemorra.org\/wp-content\/uploads\/2020\/11\/03-Scuola-del_disegno-e-della_pittura-Casa-Morra-768x512.jpg 768w, https:\/\/www.fondazionemorra.org\/wp-content\/uploads\/2020\/11\/03-Scuola-del_disegno-e-della_pittura-Casa-Morra.jpg 1200w\" sizes=\"auto, (max-width: 1024px) 100vw, 1024px\" \/><\/a>\n\t\t\t<\/dt>\n\t\t\t\t<dd class='wp-caption-text gallery-caption' id='gallery-1-2593'>\n\t\t\t\tScuola del disegno e della pittura in assenza di talento, Casa Morra, 2018  Cesare Pietroiusti  \u00a9 photo Jacopo Seri  Courtesy Fondazione Morra\n\t\t\t\t<\/dd><\/dl><br style=\"clear: both\" \/><dl class='gallery-item'>\n\t\t\t<dt class='gallery-icon landscape'>\n\t\t\t\t<a href='https:\/\/www.fondazionemorra.org\/it\/evento\/cesare-pietroiusti-scuola-del-disegno-e-della-pittura-in-assenza-di-talento\/02-scuola-del_disegno-e-della_pittura-casa-morra\/'><img loading=\"lazy\" decoding=\"async\" width=\"1024\" height=\"683\" src=\"https:\/\/www.fondazionemorra.org\/wp-content\/uploads\/2020\/11\/02-Scuola-del_disegno-e-della_pittura-Casa-Morra-1024x683.jpg\" class=\"attachment-large size-large\" alt=\"\" aria-describedby=\"gallery-1-2595\" srcset=\"https:\/\/www.fondazionemorra.org\/wp-content\/uploads\/2020\/11\/02-Scuola-del_disegno-e-della_pittura-Casa-Morra-1024x683.jpg 1024w, https:\/\/www.fondazionemorra.org\/wp-content\/uploads\/2020\/11\/02-Scuola-del_disegno-e-della_pittura-Casa-Morra-300x200.jpg 300w, https:\/\/www.fondazionemorra.org\/wp-content\/uploads\/2020\/11\/02-Scuola-del_disegno-e-della_pittura-Casa-Morra-768x512.jpg 768w, https:\/\/www.fondazionemorra.org\/wp-content\/uploads\/2020\/11\/02-Scuola-del_disegno-e-della_pittura-Casa-Morra.jpg 1200w\" sizes=\"auto, (max-width: 1024px) 100vw, 1024px\" \/><\/a>\n\t\t\t<\/dt>\n\t\t\t\t<dd class='wp-caption-text gallery-caption' id='gallery-1-2595'>\n\t\t\t\tScuola del disegno e della pittura in assenza di talento, Casa Morra, 2018  Cesare Pietroiusti  \u00a9 photo Jacopo Seri  Courtesy Fondazione Morra\n\t\t\t\t<\/dd><\/dl><br style=\"clear: both\" \/>\n\t\t<\/div>\n\n<p>&nbsp;<\/p>\n","protected":false},"excerpt":{"rendered":"<p>17 aprile &#8211; 19 maggio 2018 OPENING 17 APRILE ORE 12:00 Casa Morra &#8211; Archivio d&#8217;Arte Contemporanea Salita San Raffaele 20\/C, Napoli Si inaugura il nuovo progetto laboratoriale ed espositivo<a class=\"excerpt-read-more\" href=\"https:\/\/www.fondazionemorra.org\/it\/evento\/cesare-pietroiusti-scuola-del-disegno-e-della-pittura-in-assenza-di-talento\/\" title=\"ReadCesare Pietroiusti &#8211; Scuola del disegno e della pittura in assenza di talento\">&#8230; Read more &raquo;<\/a><\/p>\n","protected":false},"author":1,"featured_media":2583,"template":"","meta":{"_acf_changed":false,"_tribe_events_status":"","_tribe_events_status_reason":"","footnotes":""},"tags":[],"tribe_events_cat":[12],"class_list":["post-2582","tribe_events","type-tribe_events","status-publish","has-post-thumbnail","hentry","tribe_events_cat-casa-morra","cat_casa-morra"],"acf":[],"yoast_head":"<!-- This site is optimized with the Yoast SEO plugin v27.4 - https:\/\/yoast.com\/product\/yoast-seo-wordpress\/ -->\n<title>Cesare Pietroiusti - Scuola del disegno e della pittura in assenza di talento - Fondazione Morra<\/title>\n<meta name=\"robots\" content=\"index, follow, max-snippet:-1, max-image-preview:large, max-video-preview:-1\" \/>\n<link rel=\"canonical\" href=\"https:\/\/www.fondazionemorra.org\/it\/evento\/cesare-pietroiusti-scuola-del-disegno-e-della-pittura-in-assenza-di-talento\/\" \/>\n<meta property=\"og:locale\" content=\"it_IT\" \/>\n<meta property=\"og:type\" content=\"article\" \/>\n<meta property=\"og:title\" content=\"Cesare Pietroiusti - Scuola del disegno e della pittura in assenza di talento - Fondazione Morra\" \/>\n<meta property=\"og:description\" content=\"17 aprile &#8211; 19 maggio 2018 OPENING 17 APRILE ORE 12:00 Casa Morra &#8211; Archivio d&#8217;Arte Contemporanea Salita San Raffaele 20\/C, Napoli Si inaugura il nuovo progetto laboratoriale ed espositivo... Read more &raquo;\" \/>\n<meta property=\"og:url\" content=\"https:\/\/www.fondazionemorra.org\/it\/evento\/cesare-pietroiusti-scuola-del-disegno-e-della-pittura-in-assenza-di-talento\/\" \/>\n<meta property=\"og:site_name\" content=\"Fondazione Morra\" \/>\n<meta property=\"og:image\" content=\"https:\/\/www.fondazionemorra.org\/wp-content\/uploads\/2020\/11\/Cesare-Pietroiusti_ph-Ivo_Corra_2.jpg\" \/>\n\t<meta property=\"og:image:width\" content=\"822\" \/>\n\t<meta property=\"og:image:height\" content=\"547\" \/>\n\t<meta property=\"og:image:type\" content=\"image\/jpeg\" \/>\n<meta name=\"twitter:card\" content=\"summary_large_image\" \/>\n<meta name=\"twitter:label1\" content=\"Tempo di lettura stimato\" \/>\n\t<meta name=\"twitter:data1\" content=\"4 minuti\" \/>\n<script type=\"application\/ld+json\" class=\"yoast-schema-graph\">{\"@context\":\"https:\\\/\\\/schema.org\",\"@graph\":[{\"@type\":\"WebPage\",\"@id\":\"https:\\\/\\\/www.fondazionemorra.org\\\/it\\\/evento\\\/cesare-pietroiusti-scuola-del-disegno-e-della-pittura-in-assenza-di-talento\\\/\",\"url\":\"https:\\\/\\\/www.fondazionemorra.org\\\/it\\\/evento\\\/cesare-pietroiusti-scuola-del-disegno-e-della-pittura-in-assenza-di-talento\\\/\",\"name\":\"Cesare Pietroiusti - Scuola del disegno e della pittura in assenza di talento - Fondazione Morra\",\"isPartOf\":{\"@id\":\"https:\\\/\\\/www.fondazionemorra.org\\\/it\\\/#website\"},\"primaryImageOfPage\":{\"@id\":\"https:\\\/\\\/www.fondazionemorra.org\\\/it\\\/evento\\\/cesare-pietroiusti-scuola-del-disegno-e-della-pittura-in-assenza-di-talento\\\/#primaryimage\"},\"image\":{\"@id\":\"https:\\\/\\\/www.fondazionemorra.org\\\/it\\\/evento\\\/cesare-pietroiusti-scuola-del-disegno-e-della-pittura-in-assenza-di-talento\\\/#primaryimage\"},\"thumbnailUrl\":\"https:\\\/\\\/www.fondazionemorra.org\\\/wp-content\\\/uploads\\\/2020\\\/11\\\/Cesare-Pietroiusti_ph-Ivo_Corra_2.jpg\",\"datePublished\":\"2020-11-16T10:33:27+00:00\",\"breadcrumb\":{\"@id\":\"https:\\\/\\\/www.fondazionemorra.org\\\/it\\\/evento\\\/cesare-pietroiusti-scuola-del-disegno-e-della-pittura-in-assenza-di-talento\\\/#breadcrumb\"},\"inLanguage\":\"it-IT\",\"potentialAction\":[{\"@type\":\"ReadAction\",\"target\":[\"https:\\\/\\\/www.fondazionemorra.org\\\/it\\\/evento\\\/cesare-pietroiusti-scuola-del-disegno-e-della-pittura-in-assenza-di-talento\\\/\"]}]},{\"@type\":\"ImageObject\",\"inLanguage\":\"it-IT\",\"@id\":\"https:\\\/\\\/www.fondazionemorra.org\\\/it\\\/evento\\\/cesare-pietroiusti-scuola-del-disegno-e-della-pittura-in-assenza-di-talento\\\/#primaryimage\",\"url\":\"https:\\\/\\\/www.fondazionemorra.org\\\/wp-content\\\/uploads\\\/2020\\\/11\\\/Cesare-Pietroiusti_ph-Ivo_Corra_2.jpg\",\"contentUrl\":\"https:\\\/\\\/www.fondazionemorra.org\\\/wp-content\\\/uploads\\\/2020\\\/11\\\/Cesare-Pietroiusti_ph-Ivo_Corra_2.jpg\",\"width\":822,\"height\":547},{\"@type\":\"BreadcrumbList\",\"@id\":\"https:\\\/\\\/www.fondazionemorra.org\\\/it\\\/evento\\\/cesare-pietroiusti-scuola-del-disegno-e-della-pittura-in-assenza-di-talento\\\/#breadcrumb\",\"itemListElement\":[{\"@type\":\"ListItem\",\"position\":1,\"name\":\"Home\",\"item\":\"https:\\\/\\\/www.fondazionemorra.org\\\/it\\\/\"},{\"@type\":\"ListItem\",\"position\":2,\"name\":\"Eventi\",\"item\":\"https:\\\/\\\/www.fondazionemorra.org\\\/it\\\/eventi\\\/\"},{\"@type\":\"ListItem\",\"position\":3,\"name\":\"Cesare Pietroiusti &#8211; Scuola del disegno e della pittura in assenza di talento\"}]},{\"@type\":\"WebSite\",\"@id\":\"https:\\\/\\\/www.fondazionemorra.org\\\/it\\\/#website\",\"url\":\"https:\\\/\\\/www.fondazionemorra.org\\\/it\\\/\",\"name\":\"Fondazione Morra\",\"description\":\"\",\"publisher\":{\"@id\":\"https:\\\/\\\/www.fondazionemorra.org\\\/it\\\/#organization\"},\"potentialAction\":[{\"@type\":\"SearchAction\",\"target\":{\"@type\":\"EntryPoint\",\"urlTemplate\":\"https:\\\/\\\/www.fondazionemorra.org\\\/it\\\/?s={search_term_string}\"},\"query-input\":{\"@type\":\"PropertyValueSpecification\",\"valueRequired\":true,\"valueName\":\"search_term_string\"}}],\"inLanguage\":\"it-IT\"},{\"@type\":\"Organization\",\"@id\":\"https:\\\/\\\/www.fondazionemorra.org\\\/it\\\/#organization\",\"name\":\"Fondazione Morra\",\"url\":\"https:\\\/\\\/www.fondazionemorra.org\\\/it\\\/\",\"logo\":{\"@type\":\"ImageObject\",\"inLanguage\":\"it-IT\",\"@id\":\"https:\\\/\\\/www.fondazionemorra.org\\\/it\\\/#\\\/schema\\\/logo\\\/image\\\/\",\"url\":\"https:\\\/\\\/www.fondazionemorra.org\\\/wp-content\\\/uploads\\\/2021\\\/02\\\/logo.png\",\"contentUrl\":\"https:\\\/\\\/www.fondazionemorra.org\\\/wp-content\\\/uploads\\\/2021\\\/02\\\/logo.png\",\"width\":106,\"height\":114,\"caption\":\"Fondazione Morra\"},\"image\":{\"@id\":\"https:\\\/\\\/www.fondazionemorra.org\\\/it\\\/#\\\/schema\\\/logo\\\/image\\\/\"}}]}<\/script>\n<!-- \/ Yoast SEO plugin. -->","yoast_head_json":{"title":"Cesare Pietroiusti - Scuola del disegno e della pittura in assenza di talento - Fondazione Morra","robots":{"index":"index","follow":"follow","max-snippet":"max-snippet:-1","max-image-preview":"max-image-preview:large","max-video-preview":"max-video-preview:-1"},"canonical":"https:\/\/www.fondazionemorra.org\/it\/evento\/cesare-pietroiusti-scuola-del-disegno-e-della-pittura-in-assenza-di-talento\/","og_locale":"it_IT","og_type":"article","og_title":"Cesare Pietroiusti - Scuola del disegno e della pittura in assenza di talento - Fondazione Morra","og_description":"17 aprile &#8211; 19 maggio 2018 OPENING 17 APRILE ORE 12:00 Casa Morra &#8211; Archivio d&#8217;Arte Contemporanea Salita San Raffaele 20\/C, Napoli Si inaugura il nuovo progetto laboratoriale ed espositivo... Read more &raquo;","og_url":"https:\/\/www.fondazionemorra.org\/it\/evento\/cesare-pietroiusti-scuola-del-disegno-e-della-pittura-in-assenza-di-talento\/","og_site_name":"Fondazione Morra","og_image":[{"width":822,"height":547,"url":"https:\/\/www.fondazionemorra.org\/wp-content\/uploads\/2020\/11\/Cesare-Pietroiusti_ph-Ivo_Corra_2.jpg","type":"image\/jpeg"}],"twitter_card":"summary_large_image","twitter_misc":{"Tempo di lettura stimato":"4 minuti"},"schema":{"@context":"https:\/\/schema.org","@graph":[{"@type":"WebPage","@id":"https:\/\/www.fondazionemorra.org\/it\/evento\/cesare-pietroiusti-scuola-del-disegno-e-della-pittura-in-assenza-di-talento\/","url":"https:\/\/www.fondazionemorra.org\/it\/evento\/cesare-pietroiusti-scuola-del-disegno-e-della-pittura-in-assenza-di-talento\/","name":"Cesare Pietroiusti - Scuola del disegno e della pittura in assenza di talento - Fondazione Morra","isPartOf":{"@id":"https:\/\/www.fondazionemorra.org\/it\/#website"},"primaryImageOfPage":{"@id":"https:\/\/www.fondazionemorra.org\/it\/evento\/cesare-pietroiusti-scuola-del-disegno-e-della-pittura-in-assenza-di-talento\/#primaryimage"},"image":{"@id":"https:\/\/www.fondazionemorra.org\/it\/evento\/cesare-pietroiusti-scuola-del-disegno-e-della-pittura-in-assenza-di-talento\/#primaryimage"},"thumbnailUrl":"https:\/\/www.fondazionemorra.org\/wp-content\/uploads\/2020\/11\/Cesare-Pietroiusti_ph-Ivo_Corra_2.jpg","datePublished":"2020-11-16T10:33:27+00:00","breadcrumb":{"@id":"https:\/\/www.fondazionemorra.org\/it\/evento\/cesare-pietroiusti-scuola-del-disegno-e-della-pittura-in-assenza-di-talento\/#breadcrumb"},"inLanguage":"it-IT","potentialAction":[{"@type":"ReadAction","target":["https:\/\/www.fondazionemorra.org\/it\/evento\/cesare-pietroiusti-scuola-del-disegno-e-della-pittura-in-assenza-di-talento\/"]}]},{"@type":"ImageObject","inLanguage":"it-IT","@id":"https:\/\/www.fondazionemorra.org\/it\/evento\/cesare-pietroiusti-scuola-del-disegno-e-della-pittura-in-assenza-di-talento\/#primaryimage","url":"https:\/\/www.fondazionemorra.org\/wp-content\/uploads\/2020\/11\/Cesare-Pietroiusti_ph-Ivo_Corra_2.jpg","contentUrl":"https:\/\/www.fondazionemorra.org\/wp-content\/uploads\/2020\/11\/Cesare-Pietroiusti_ph-Ivo_Corra_2.jpg","width":822,"height":547},{"@type":"BreadcrumbList","@id":"https:\/\/www.fondazionemorra.org\/it\/evento\/cesare-pietroiusti-scuola-del-disegno-e-della-pittura-in-assenza-di-talento\/#breadcrumb","itemListElement":[{"@type":"ListItem","position":1,"name":"Home","item":"https:\/\/www.fondazionemorra.org\/it\/"},{"@type":"ListItem","position":2,"name":"Eventi","item":"https:\/\/www.fondazionemorra.org\/it\/eventi\/"},{"@type":"ListItem","position":3,"name":"Cesare Pietroiusti &#8211; Scuola del disegno e della pittura in assenza di talento"}]},{"@type":"WebSite","@id":"https:\/\/www.fondazionemorra.org\/it\/#website","url":"https:\/\/www.fondazionemorra.org\/it\/","name":"Fondazione Morra","description":"","publisher":{"@id":"https:\/\/www.fondazionemorra.org\/it\/#organization"},"potentialAction":[{"@type":"SearchAction","target":{"@type":"EntryPoint","urlTemplate":"https:\/\/www.fondazionemorra.org\/it\/?s={search_term_string}"},"query-input":{"@type":"PropertyValueSpecification","valueRequired":true,"valueName":"search_term_string"}}],"inLanguage":"it-IT"},{"@type":"Organization","@id":"https:\/\/www.fondazionemorra.org\/it\/#organization","name":"Fondazione Morra","url":"https:\/\/www.fondazionemorra.org\/it\/","logo":{"@type":"ImageObject","inLanguage":"it-IT","@id":"https:\/\/www.fondazionemorra.org\/it\/#\/schema\/logo\/image\/","url":"https:\/\/www.fondazionemorra.org\/wp-content\/uploads\/2021\/02\/logo.png","contentUrl":"https:\/\/www.fondazionemorra.org\/wp-content\/uploads\/2021\/02\/logo.png","width":106,"height":114,"caption":"Fondazione Morra"},"image":{"@id":"https:\/\/www.fondazionemorra.org\/it\/#\/schema\/logo\/image\/"}}]}},"_links":{"self":[{"href":"https:\/\/www.fondazionemorra.org\/it\/wp-json\/wp\/v2\/tribe_events\/2582","targetHints":{"allow":["GET"]}}],"collection":[{"href":"https:\/\/www.fondazionemorra.org\/it\/wp-json\/wp\/v2\/tribe_events"}],"about":[{"href":"https:\/\/www.fondazionemorra.org\/it\/wp-json\/wp\/v2\/types\/tribe_events"}],"author":[{"embeddable":true,"href":"https:\/\/www.fondazionemorra.org\/it\/wp-json\/wp\/v2\/users\/1"}],"version-history":[{"count":1,"href":"https:\/\/www.fondazionemorra.org\/it\/wp-json\/wp\/v2\/tribe_events\/2582\/revisions"}],"predecessor-version":[{"id":2597,"href":"https:\/\/www.fondazionemorra.org\/it\/wp-json\/wp\/v2\/tribe_events\/2582\/revisions\/2597"}],"wp:featuredmedia":[{"embeddable":true,"href":"https:\/\/www.fondazionemorra.org\/it\/wp-json\/wp\/v2\/media\/2583"}],"wp:attachment":[{"href":"https:\/\/www.fondazionemorra.org\/it\/wp-json\/wp\/v2\/media?parent=2582"}],"wp:term":[{"taxonomy":"post_tag","embeddable":true,"href":"https:\/\/www.fondazionemorra.org\/it\/wp-json\/wp\/v2\/tags?post=2582"},{"taxonomy":"tribe_events_cat","embeddable":true,"href":"https:\/\/www.fondazionemorra.org\/it\/wp-json\/wp\/v2\/tribe_events_cat?post=2582"}],"curies":[{"name":"wp","href":"https:\/\/api.w.org\/{rel}","templated":true}]}}