{"id":2639,"date":"2020-11-16T17:20:04","date_gmt":"2020-11-16T16:20:04","guid":{"rendered":"http:\/\/www.fondazionemorra.org\/?post_type=tribe_events&#038;p=2639"},"modified":"2021-02-23T10:59:06","modified_gmt":"2021-02-23T09:59:06","slug":"piero-mottola-voices-on-the-stairs","status":"publish","type":"tribe_events","link":"https:\/\/www.fondazionemorra.org\/it\/evento\/piero-mottola-voices-on-the-stairs\/","title":{"rendered":"Piero Mottola &#8211; Voices on the Stairs"},"content":{"rendered":"<p><strong>26 gennaio 2018<\/strong><br \/>\nSTART ORE 19:00<br \/>\n<strong>Scalea di Casa Morra &#8211; Archivio d&#8217;Arte Contemporanea<\/strong><br \/>\nSalita San Raffaele 20\/c, Napoli<\/p>\n<p style=\"text-align: justify;\">La <strong>Fondazione Morra<\/strong> e il <strong>Polo museale della Campania<\/strong> presentano il suggestivo progetto di<strong> Piero Mottola<\/strong> &#8220;<em><strong>Voices on the Stairs e Cielo Acustico a 10 Emozioni<\/strong><\/em>&#8221;<br \/>\nSulla scenografica scalea di Casa Morra 24 interpreti del coro dell\u2019Universit\u00e0 Statale del Molise, diretto dal maestro <strong>Gennaro Continillo<\/strong>, eseguiranno il concerto performance di Piero Mottola contre composizioni dell\u2019artista.<\/p>\n<p style=\"text-align: justify;\">VOICES \u00e8 una ricerca sperimentale itinerante che indaga le potenzialit\u00e0 evocative e musicali delle voci umane delle persone in diverse aree geografiche; una ricerca tuttora in corso realizzata con la collaborazione di studenti universitari cinesi, iraniani, spagnoli, italiani, polacchi, sudamericani, tedeschi, cubani, portoghesi, che associa a dieci parametri emozionali, suoni e rumori prodotti esclusivamente con la voce e con il proprio corpo. La collaborazione con l\u2019Universit\u00e0 del Molise nasce da una ricerca promossa dall\u2019ARATRO, Museo Laboratorio di arte contemporanea dell\u2019Ateneo Molisano diretto da Lorenzo Canova che, all\u2019interno del corso Proforma 2017 (la scuola di Formazione per giovani artisti realizzata da ARATRO e EURelations GEIE nell&#8217;ambito del Bando S&#8217;ILLUMINA di SIAE e MIBACT) produrr\u00e0 il CD dell\u2019intero progetto Voices di Piero Mottola.<\/p>\n<p style=\"text-align: justify;\"><strong>Certosa di San Martino<\/strong><br \/>\n<em><strong>CIELO ACUSTICO A 10 EMOZIONI<br \/>\n<\/strong><\/em>I percorsi emozionali della composizione multicanale presentata a San Martino si evolvono creando gruppi concatenati di emozioni, il cui contenuto timbrico \u00e8 stato ottenuto trasformando numerosi rumori naturali, artificiali, umani e animali, selezionati dalla vasta gamma di stimoli maggiormente significativi tra dieci emozioni, dalla paura alla gioia. La trasformazione \u00e8 avvenuta rallentando e accelerando i rumori fino al limite della loro riconoscibilit\u00e0 di contenuto.<br \/>\nIl progetto \u00e8 stato ideato nel 2005 per la Sala Santa Rita del Comune di Roma, con rielaborazioni nel 2011 per un grande passage acustico emozionale alla 54. Biennale Arte di Venezia (isola di San Servolo),\u00a0e nel 2016 per la Biennale della Fine del Mondo a Valparaiso, Chile.<\/p>\n<p style=\"text-align: justify;\"><strong>Casa Morra &#8211; Archivio d&#8217;Arte Contemporanea<\/strong><br \/>\n<em><strong>VOICES ON THE STAIRS<\/strong><\/em><br \/>\nLa ricerca, tuttora in corso, \u00e8 stata realizzata con la collaborazione di studenti universitari di varia nazionalit\u00e0 ed \u00e8 stata svolta presso le sedi delle Universit\u00e0 di Valencia, Lisbona, Molise, Tenerife, Roma, Santiago del Cile, Lipsia, Varsavia, L\u2019Avana, Pechino alla Grande Muraglia e Citt\u00e0 Proibita. Alle persone \u00e8 stato chiesto di associare a dieci parametri emozionali &#8211; paura, angoscia, agitazione, collera, tristezza, stupore, eccitazione, piacere, gioia, calma &#8211; suoni e rumori prodotti esclusivamente con la voce e con il proprio corpo.<br \/>\nI 1000 frammenti sonori ottenuti sono stati catalogati e utilizzati per la costruzione di composizioni non contemplative, presentate nel 2016 in forma di ambienti sonori (con il sistema multicanale automatico di passeggiate emozionali Autocorrelatore acustico) alla IV Biennale Italia Cina presso Art District 798 di Pechino, al Museo d\u2019arte contemporanea MAC di Santiago del Cile, all\u2019Istituto Superiore EAC Escuela de Actores de Canarias di Tenerife nel 2015; al Master di Produzione Artistica Universit\u00e0 Politecnica di Valencia nel 2016; all\u2019ISA Facolt\u00e0 delle Arti dell\u2019Avana (2018);\u00a0al Beijing Institute of Graphic Communication (2017); al MACRO Museo d&#8217;arte contemporanea, Roma (2017).<\/p>\n<h5 style=\"text-align: justify;\"><strong>Piero Mottola<\/strong> \u00e8 artista e musicista sperimentale, docente di Sound Design e Plastica Ornamentale all\u2019Accademia di Belle Arti di Roma. Direttore del LER, Laboratorio di Estetica del Rumore, la sua formazione avviene nell\u2019ambito della Teoria Eventualista presso il Centro Studi Jartrakor di Roma dove nel 1988 tiene la sua prima personale con gli esperimenti interattivi \u201cMiglioramento-Peggioramento\u201d e \u201cBello-Brutto\u201d.\u00a0Indaga la soggettivit\u00e0 e la libera interpretazione del fruitore a strutture visive e sonore attraverso esperimenti e misurazioni.\u00a0\u00c8 stato invitato da diverse universit\u00e0 internazionali a tenere conferenze e a svolgere master sulla relazione tra rumore ed emozione. I risultati di tali ricerche sono stati pubblicati nel libro\u00a0Passeggiate emozionali, dal rumore alla Musica Relazionale,\u00a0presentato in diverse universit\u00e0 italiane e internazionali e nell\u2019ambito di trasmissioni culturali della radiotelevisione italiana, Rai Uno, Rai Radio Tre\u00a0e Radio Cultura Argentina.\u00a0Queste ricerche sono state presentate anche in diverse istituzioni museali nazionali e internazionali: FIAC, Grand Palais, Parigi (1992); Palazzo Esposizioni, Roma (1993); Artissima Lingotto Fiere, Torino (1994); Galleria Pino Casagrande, Roma (2003 e 2010); Fondazione Volume-RAM e Museo Radioartemobile, Casa dell\u2019Architettura, Roma (2010); Fondazione Spazio13, Varsavia (2010); Fondazione Signum, Venezia (2010); Hochschule f\u00fcr Musik und Theater, Lipsia (2011, 2014); 54. Biennale Arte di Venezia (2011); XI Biennale Arte de L\u2019Avana (2012);\u00a0Galleria OltreDimore Art Basel, Basilea (2012);\u00a0II Biennale Cina-Italia, Pechino (2013), Torino (2015); MAMBA, Museo Arte Moderno, Buenos Aires (2013); Galleria Nazionale d\u2019Arte Moderna, Roma (2013); IV Biennale della Fine del Mondo, Valpara\u00edso, Chile (2015); Istituto Superiore EAC\u00a0Escuela de Actores de Canarias, Tenerife (2015); MACRO, Museo d\u2019arte contemporanea, Roma (2015, 2017); Museo Hermann Nitsch-Fondazione Morra, Napoli (2009, 2015); MAC Museo d\u2019arte contemporanea, Santiago del Cile (2016); IV Biennale Cina-Italia, Art District 798, Pechino (2016);\u00a0Beijing Institute of Graphic Communication (2017); Istituto di Cultura Italiano, Pechino (2017);\u00a0Miami River Art Fair, Miami (2017); Contemporary Cluster Gallery, Roma (2018); CASA MORRA, Fondazione Morra-Museo Hermann Nitsch, Napoli (2018); Certosa di S. Martino, Castel S. Elmo, Napoli (2018).<\/h5>\n<p><iframe loading=\"lazy\" title=\"Piero Mottola VOICES ON THE STAIRS\" width=\"1200\" height=\"675\" src=\"https:\/\/www.youtube.com\/embed\/9aep0_2E5ao?feature=oembed\" frameborder=\"0\" allow=\"accelerometer; autoplay; clipboard-write; encrypted-media; gyroscope; picture-in-picture\" allowfullscreen><\/iframe><\/p>\n\n\t\t<style type=\"text\/css\">\n\t\t\t#gallery-1 {\n\t\t\t\tmargin: auto;\n\t\t\t}\n\t\t\t#gallery-1 .gallery-item {\n\t\t\t\tfloat: left;\n\t\t\t\tmargin-top: 10px;\n\t\t\t\ttext-align: center;\n\t\t\t\twidth: 100%;\n\t\t\t}\n\t\t\t#gallery-1 img {\n\t\t\t\tborder: 2px solid #cfcfcf;\n\t\t\t}\n\t\t\t#gallery-1 .gallery-caption {\n\t\t\t\tmargin-left: 0;\n\t\t\t}\n\t\t\t\/* see gallery_shortcode() in wp-includes\/media.php *\/\n\t\t<\/style>\n\t\t<div id='gallery-1' class='gallery galleryid-2639 gallery-columns-1 gallery-size-large'><dl class='gallery-item'>\n\t\t\t<dt class='gallery-icon landscape'>\n\t\t\t\t<a href='https:\/\/www.fondazionemorra.org\/it\/evento\/piero-mottola-voices-on-the-stairs\/26-01-2018-casa-morra-piero-mottola-giuseppe-arnesano\/'><img loading=\"lazy\" decoding=\"async\" width=\"1024\" height=\"803\" src=\"https:\/\/www.fondazionemorra.org\/wp-content\/uploads\/2020\/11\/26-01-2018-casa-morra-piero-mottola-Giuseppe-Arnesano-1024x803.jpg\" class=\"attachment-large size-large\" alt=\"\" aria-describedby=\"gallery-1-2647\" srcset=\"https:\/\/www.fondazionemorra.org\/wp-content\/uploads\/2020\/11\/26-01-2018-casa-morra-piero-mottola-Giuseppe-Arnesano-1024x803.jpg 1024w, https:\/\/www.fondazionemorra.org\/wp-content\/uploads\/2020\/11\/26-01-2018-casa-morra-piero-mottola-Giuseppe-Arnesano-300x235.jpg 300w, https:\/\/www.fondazionemorra.org\/wp-content\/uploads\/2020\/11\/26-01-2018-casa-morra-piero-mottola-Giuseppe-Arnesano-768x602.jpg 768w, https:\/\/www.fondazionemorra.org\/wp-content\/uploads\/2020\/11\/26-01-2018-casa-morra-piero-mottola-Giuseppe-Arnesano.jpg 1200w\" sizes=\"auto, (max-width: 1024px) 100vw, 1024px\" \/><\/a>\n\t\t\t<\/dt>\n\t\t\t\t<dd class='wp-caption-text gallery-caption' id='gallery-1-2647'>\n\t\t\t\tVoices on the Stairs, Casa Morra, Napoli 2018  Piero Mottola \u00a9 photo Elisa Partenzi Courtesy Fondazione Morra\n\t\t\t\t<\/dd><\/dl><br style=\"clear: both\" \/><dl class='gallery-item'>\n\t\t\t<dt class='gallery-icon landscape'>\n\t\t\t\t<a href='https:\/\/www.fondazionemorra.org\/it\/evento\/piero-mottola-voices-on-the-stairs\/26-01-2018-casa-morra-piero-mottola-_elisa-partenzi-3\/'><img loading=\"lazy\" decoding=\"async\" width=\"1024\" height=\"683\" src=\"https:\/\/www.fondazionemorra.org\/wp-content\/uploads\/2020\/11\/26-01-2018-casa-morra-piero-mottola-_Elisa-Partenzi-3-1024x683.jpg\" class=\"attachment-large size-large\" alt=\"\" aria-describedby=\"gallery-1-2645\" srcset=\"https:\/\/www.fondazionemorra.org\/wp-content\/uploads\/2020\/11\/26-01-2018-casa-morra-piero-mottola-_Elisa-Partenzi-3-1024x683.jpg 1024w, https:\/\/www.fondazionemorra.org\/wp-content\/uploads\/2020\/11\/26-01-2018-casa-morra-piero-mottola-_Elisa-Partenzi-3-300x200.jpg 300w, https:\/\/www.fondazionemorra.org\/wp-content\/uploads\/2020\/11\/26-01-2018-casa-morra-piero-mottola-_Elisa-Partenzi-3-768x512.jpg 768w, https:\/\/www.fondazionemorra.org\/wp-content\/uploads\/2020\/11\/26-01-2018-casa-morra-piero-mottola-_Elisa-Partenzi-3.jpg 1200w\" sizes=\"auto, (max-width: 1024px) 100vw, 1024px\" \/><\/a>\n\t\t\t<\/dt>\n\t\t\t\t<dd class='wp-caption-text gallery-caption' id='gallery-1-2645'>\n\t\t\t\tVoices on the Stairs, Casa Morra, Napoli 2018  Piero Mottola \u00a9 photo Elisa Partenzi Courtesy Fondazione Morra\n\t\t\t\t<\/dd><\/dl><br style=\"clear: both\" \/><dl class='gallery-item'>\n\t\t\t<dt class='gallery-icon landscape'>\n\t\t\t\t<a href='https:\/\/www.fondazionemorra.org\/it\/evento\/piero-mottola-voices-on-the-stairs\/26-01-2018-casa-morra-piero-mottola-_elisa-partenzi\/'><img loading=\"lazy\" decoding=\"async\" width=\"1024\" height=\"711\" src=\"https:\/\/www.fondazionemorra.org\/wp-content\/uploads\/2020\/11\/26-01-2018-casa-morra-piero-mottola-_Elisa-Partenzi-1024x711.jpg\" class=\"attachment-large size-large\" alt=\"\" aria-describedby=\"gallery-1-2643\" srcset=\"https:\/\/www.fondazionemorra.org\/wp-content\/uploads\/2020\/11\/26-01-2018-casa-morra-piero-mottola-_Elisa-Partenzi-1024x711.jpg 1024w, https:\/\/www.fondazionemorra.org\/wp-content\/uploads\/2020\/11\/26-01-2018-casa-morra-piero-mottola-_Elisa-Partenzi-300x208.jpg 300w, https:\/\/www.fondazionemorra.org\/wp-content\/uploads\/2020\/11\/26-01-2018-casa-morra-piero-mottola-_Elisa-Partenzi-768x533.jpg 768w, https:\/\/www.fondazionemorra.org\/wp-content\/uploads\/2020\/11\/26-01-2018-casa-morra-piero-mottola-_Elisa-Partenzi.jpg 1200w\" sizes=\"auto, (max-width: 1024px) 100vw, 1024px\" \/><\/a>\n\t\t\t<\/dt>\n\t\t\t\t<dd class='wp-caption-text gallery-caption' id='gallery-1-2643'>\n\t\t\t\tVoices on the Stairs, Casa Morra, Napoli 2018  Piero Mottola \u00a9 photo Elisa Partenzi Courtesy Fondazione Morra\n\t\t\t\t<\/dd><\/dl><br style=\"clear: both\" \/><dl class='gallery-item'>\n\t\t\t<dt class='gallery-icon landscape'>\n\t\t\t\t<a href='https:\/\/www.fondazionemorra.org\/it\/evento\/piero-mottola-voices-on-the-stairs\/26-01-2018-casa-morra-piero-mottola-_elisa-partenzi-1\/'><img loading=\"lazy\" decoding=\"async\" width=\"1024\" height=\"711\" src=\"https:\/\/www.fondazionemorra.org\/wp-content\/uploads\/2020\/11\/26-01-2018-casa-morra-piero-mottola-_Elisa-Partenzi-1-1024x711.jpg\" class=\"attachment-large size-large\" alt=\"\" aria-describedby=\"gallery-1-2641\" srcset=\"https:\/\/www.fondazionemorra.org\/wp-content\/uploads\/2020\/11\/26-01-2018-casa-morra-piero-mottola-_Elisa-Partenzi-1-1024x711.jpg 1024w, https:\/\/www.fondazionemorra.org\/wp-content\/uploads\/2020\/11\/26-01-2018-casa-morra-piero-mottola-_Elisa-Partenzi-1-300x208.jpg 300w, https:\/\/www.fondazionemorra.org\/wp-content\/uploads\/2020\/11\/26-01-2018-casa-morra-piero-mottola-_Elisa-Partenzi-1-768x533.jpg 768w, https:\/\/www.fondazionemorra.org\/wp-content\/uploads\/2020\/11\/26-01-2018-casa-morra-piero-mottola-_Elisa-Partenzi-1.jpg 1200w\" sizes=\"auto, (max-width: 1024px) 100vw, 1024px\" \/><\/a>\n\t\t\t<\/dt>\n\t\t\t\t<dd class='wp-caption-text gallery-caption' id='gallery-1-2641'>\n\t\t\t\tVoices on the Stairs, Casa Morra, Napoli 2018 \nPiero Mottola\n\u00a9 photo Elisa Partenzi\nCourtesy Fondazione Morra\n\t\t\t\t<\/dd><\/dl><br style=\"clear: both\" \/>\n\t\t<\/div>\n\n","protected":false},"excerpt":{"rendered":"<p>26 gennaio 2018 START ORE 19:00 Scalea di Casa Morra &#8211; Archivio d&#8217;Arte Contemporanea Salita San Raffaele 20\/c, Napoli La Fondazione Morra e il Polo museale della Campania presentano il<a class=\"excerpt-read-more\" href=\"https:\/\/www.fondazionemorra.org\/it\/evento\/piero-mottola-voices-on-the-stairs\/\" title=\"ReadPiero Mottola &#8211; Voices on the Stairs\">&#8230; Read more &raquo;<\/a><\/p>\n","protected":false},"author":1,"featured_media":5027,"template":"","meta":{"_acf_changed":false,"_tribe_events_status":"","_tribe_events_status_reason":"","footnotes":""},"tags":[],"tribe_events_cat":[12],"class_list":["post-2639","tribe_events","type-tribe_events","status-publish","has-post-thumbnail","hentry","tribe_events_cat-casa-morra","cat_casa-morra"],"acf":[],"yoast_head":"<!-- This site is optimized with the Yoast SEO plugin v27.4 - https:\/\/yoast.com\/product\/yoast-seo-wordpress\/ -->\n<title>Piero Mottola - Voices on the Stairs - Fondazione Morra<\/title>\n<meta name=\"robots\" content=\"index, follow, max-snippet:-1, max-image-preview:large, max-video-preview:-1\" \/>\n<link rel=\"canonical\" href=\"https:\/\/www.fondazionemorra.org\/it\/evento\/piero-mottola-voices-on-the-stairs\/\" \/>\n<meta property=\"og:locale\" content=\"it_IT\" \/>\n<meta property=\"og:type\" content=\"article\" \/>\n<meta property=\"og:title\" content=\"Piero Mottola - Voices on the Stairs - Fondazione Morra\" \/>\n<meta property=\"og:description\" content=\"26 gennaio 2018 START ORE 19:00 Scalea di Casa Morra &#8211; Archivio d&#8217;Arte Contemporanea Salita San Raffaele 20\/c, Napoli La Fondazione Morra e il Polo museale della Campania presentano il... Read more &raquo;\" \/>\n<meta property=\"og:url\" content=\"https:\/\/www.fondazionemorra.org\/it\/evento\/piero-mottola-voices-on-the-stairs\/\" \/>\n<meta property=\"og:site_name\" content=\"Fondazione Morra\" \/>\n<meta property=\"article:modified_time\" content=\"2021-02-23T09:59:06+00:00\" \/>\n<meta property=\"og:image\" content=\"https:\/\/www.fondazionemorra.org\/wp-content\/uploads\/2020\/11\/IMG_2802.jpeg\" \/>\n\t<meta property=\"og:image:width\" content=\"1200\" \/>\n\t<meta property=\"og:image:height\" content=\"800\" \/>\n\t<meta property=\"og:image:type\" content=\"image\/jpeg\" \/>\n<meta name=\"twitter:card\" content=\"summary_large_image\" \/>\n<meta name=\"twitter:label1\" content=\"Tempo di lettura stimato\" \/>\n\t<meta name=\"twitter:data1\" content=\"4 minuti\" \/>\n<script type=\"application\/ld+json\" class=\"yoast-schema-graph\">{\"@context\":\"https:\\\/\\\/schema.org\",\"@graph\":[{\"@type\":\"WebPage\",\"@id\":\"https:\\\/\\\/www.fondazionemorra.org\\\/it\\\/evento\\\/piero-mottola-voices-on-the-stairs\\\/\",\"url\":\"https:\\\/\\\/www.fondazionemorra.org\\\/it\\\/evento\\\/piero-mottola-voices-on-the-stairs\\\/\",\"name\":\"Piero Mottola - Voices on the Stairs - Fondazione Morra\",\"isPartOf\":{\"@id\":\"https:\\\/\\\/www.fondazionemorra.org\\\/it\\\/#website\"},\"primaryImageOfPage\":{\"@id\":\"https:\\\/\\\/www.fondazionemorra.org\\\/it\\\/evento\\\/piero-mottola-voices-on-the-stairs\\\/#primaryimage\"},\"image\":{\"@id\":\"https:\\\/\\\/www.fondazionemorra.org\\\/it\\\/evento\\\/piero-mottola-voices-on-the-stairs\\\/#primaryimage\"},\"thumbnailUrl\":\"https:\\\/\\\/www.fondazionemorra.org\\\/wp-content\\\/uploads\\\/2020\\\/11\\\/IMG_2802.jpeg\",\"datePublished\":\"2020-11-16T16:20:04+00:00\",\"dateModified\":\"2021-02-23T09:59:06+00:00\",\"breadcrumb\":{\"@id\":\"https:\\\/\\\/www.fondazionemorra.org\\\/it\\\/evento\\\/piero-mottola-voices-on-the-stairs\\\/#breadcrumb\"},\"inLanguage\":\"it-IT\",\"potentialAction\":[{\"@type\":\"ReadAction\",\"target\":[\"https:\\\/\\\/www.fondazionemorra.org\\\/it\\\/evento\\\/piero-mottola-voices-on-the-stairs\\\/\"]}]},{\"@type\":\"ImageObject\",\"inLanguage\":\"it-IT\",\"@id\":\"https:\\\/\\\/www.fondazionemorra.org\\\/it\\\/evento\\\/piero-mottola-voices-on-the-stairs\\\/#primaryimage\",\"url\":\"https:\\\/\\\/www.fondazionemorra.org\\\/wp-content\\\/uploads\\\/2020\\\/11\\\/IMG_2802.jpeg\",\"contentUrl\":\"https:\\\/\\\/www.fondazionemorra.org\\\/wp-content\\\/uploads\\\/2020\\\/11\\\/IMG_2802.jpeg\",\"width\":1200,\"height\":800},{\"@type\":\"BreadcrumbList\",\"@id\":\"https:\\\/\\\/www.fondazionemorra.org\\\/it\\\/evento\\\/piero-mottola-voices-on-the-stairs\\\/#breadcrumb\",\"itemListElement\":[{\"@type\":\"ListItem\",\"position\":1,\"name\":\"Home\",\"item\":\"https:\\\/\\\/www.fondazionemorra.org\\\/it\\\/\"},{\"@type\":\"ListItem\",\"position\":2,\"name\":\"Eventi\",\"item\":\"https:\\\/\\\/www.fondazionemorra.org\\\/it\\\/eventi\\\/\"},{\"@type\":\"ListItem\",\"position\":3,\"name\":\"Piero Mottola &#8211; Voices on the Stairs\"}]},{\"@type\":\"WebSite\",\"@id\":\"https:\\\/\\\/www.fondazionemorra.org\\\/it\\\/#website\",\"url\":\"https:\\\/\\\/www.fondazionemorra.org\\\/it\\\/\",\"name\":\"Fondazione Morra\",\"description\":\"\",\"publisher\":{\"@id\":\"https:\\\/\\\/www.fondazionemorra.org\\\/it\\\/#organization\"},\"potentialAction\":[{\"@type\":\"SearchAction\",\"target\":{\"@type\":\"EntryPoint\",\"urlTemplate\":\"https:\\\/\\\/www.fondazionemorra.org\\\/it\\\/?s={search_term_string}\"},\"query-input\":{\"@type\":\"PropertyValueSpecification\",\"valueRequired\":true,\"valueName\":\"search_term_string\"}}],\"inLanguage\":\"it-IT\"},{\"@type\":\"Organization\",\"@id\":\"https:\\\/\\\/www.fondazionemorra.org\\\/it\\\/#organization\",\"name\":\"Fondazione Morra\",\"url\":\"https:\\\/\\\/www.fondazionemorra.org\\\/it\\\/\",\"logo\":{\"@type\":\"ImageObject\",\"inLanguage\":\"it-IT\",\"@id\":\"https:\\\/\\\/www.fondazionemorra.org\\\/it\\\/#\\\/schema\\\/logo\\\/image\\\/\",\"url\":\"https:\\\/\\\/www.fondazionemorra.org\\\/wp-content\\\/uploads\\\/2021\\\/02\\\/logo.png\",\"contentUrl\":\"https:\\\/\\\/www.fondazionemorra.org\\\/wp-content\\\/uploads\\\/2021\\\/02\\\/logo.png\",\"width\":106,\"height\":114,\"caption\":\"Fondazione Morra\"},\"image\":{\"@id\":\"https:\\\/\\\/www.fondazionemorra.org\\\/it\\\/#\\\/schema\\\/logo\\\/image\\\/\"}}]}<\/script>\n<!-- \/ Yoast SEO plugin. -->","yoast_head_json":{"title":"Piero Mottola - Voices on the Stairs - Fondazione Morra","robots":{"index":"index","follow":"follow","max-snippet":"max-snippet:-1","max-image-preview":"max-image-preview:large","max-video-preview":"max-video-preview:-1"},"canonical":"https:\/\/www.fondazionemorra.org\/it\/evento\/piero-mottola-voices-on-the-stairs\/","og_locale":"it_IT","og_type":"article","og_title":"Piero Mottola - Voices on the Stairs - Fondazione Morra","og_description":"26 gennaio 2018 START ORE 19:00 Scalea di Casa Morra &#8211; Archivio d&#8217;Arte Contemporanea Salita San Raffaele 20\/c, Napoli La Fondazione Morra e il Polo museale della Campania presentano il... Read more &raquo;","og_url":"https:\/\/www.fondazionemorra.org\/it\/evento\/piero-mottola-voices-on-the-stairs\/","og_site_name":"Fondazione Morra","article_modified_time":"2021-02-23T09:59:06+00:00","og_image":[{"width":1200,"height":800,"url":"https:\/\/www.fondazionemorra.org\/wp-content\/uploads\/2020\/11\/IMG_2802.jpeg","type":"image\/jpeg"}],"twitter_card":"summary_large_image","twitter_misc":{"Tempo di lettura stimato":"4 minuti"},"schema":{"@context":"https:\/\/schema.org","@graph":[{"@type":"WebPage","@id":"https:\/\/www.fondazionemorra.org\/it\/evento\/piero-mottola-voices-on-the-stairs\/","url":"https:\/\/www.fondazionemorra.org\/it\/evento\/piero-mottola-voices-on-the-stairs\/","name":"Piero Mottola - Voices on the Stairs - Fondazione Morra","isPartOf":{"@id":"https:\/\/www.fondazionemorra.org\/it\/#website"},"primaryImageOfPage":{"@id":"https:\/\/www.fondazionemorra.org\/it\/evento\/piero-mottola-voices-on-the-stairs\/#primaryimage"},"image":{"@id":"https:\/\/www.fondazionemorra.org\/it\/evento\/piero-mottola-voices-on-the-stairs\/#primaryimage"},"thumbnailUrl":"https:\/\/www.fondazionemorra.org\/wp-content\/uploads\/2020\/11\/IMG_2802.jpeg","datePublished":"2020-11-16T16:20:04+00:00","dateModified":"2021-02-23T09:59:06+00:00","breadcrumb":{"@id":"https:\/\/www.fondazionemorra.org\/it\/evento\/piero-mottola-voices-on-the-stairs\/#breadcrumb"},"inLanguage":"it-IT","potentialAction":[{"@type":"ReadAction","target":["https:\/\/www.fondazionemorra.org\/it\/evento\/piero-mottola-voices-on-the-stairs\/"]}]},{"@type":"ImageObject","inLanguage":"it-IT","@id":"https:\/\/www.fondazionemorra.org\/it\/evento\/piero-mottola-voices-on-the-stairs\/#primaryimage","url":"https:\/\/www.fondazionemorra.org\/wp-content\/uploads\/2020\/11\/IMG_2802.jpeg","contentUrl":"https:\/\/www.fondazionemorra.org\/wp-content\/uploads\/2020\/11\/IMG_2802.jpeg","width":1200,"height":800},{"@type":"BreadcrumbList","@id":"https:\/\/www.fondazionemorra.org\/it\/evento\/piero-mottola-voices-on-the-stairs\/#breadcrumb","itemListElement":[{"@type":"ListItem","position":1,"name":"Home","item":"https:\/\/www.fondazionemorra.org\/it\/"},{"@type":"ListItem","position":2,"name":"Eventi","item":"https:\/\/www.fondazionemorra.org\/it\/eventi\/"},{"@type":"ListItem","position":3,"name":"Piero Mottola &#8211; Voices on the Stairs"}]},{"@type":"WebSite","@id":"https:\/\/www.fondazionemorra.org\/it\/#website","url":"https:\/\/www.fondazionemorra.org\/it\/","name":"Fondazione Morra","description":"","publisher":{"@id":"https:\/\/www.fondazionemorra.org\/it\/#organization"},"potentialAction":[{"@type":"SearchAction","target":{"@type":"EntryPoint","urlTemplate":"https:\/\/www.fondazionemorra.org\/it\/?s={search_term_string}"},"query-input":{"@type":"PropertyValueSpecification","valueRequired":true,"valueName":"search_term_string"}}],"inLanguage":"it-IT"},{"@type":"Organization","@id":"https:\/\/www.fondazionemorra.org\/it\/#organization","name":"Fondazione Morra","url":"https:\/\/www.fondazionemorra.org\/it\/","logo":{"@type":"ImageObject","inLanguage":"it-IT","@id":"https:\/\/www.fondazionemorra.org\/it\/#\/schema\/logo\/image\/","url":"https:\/\/www.fondazionemorra.org\/wp-content\/uploads\/2021\/02\/logo.png","contentUrl":"https:\/\/www.fondazionemorra.org\/wp-content\/uploads\/2021\/02\/logo.png","width":106,"height":114,"caption":"Fondazione Morra"},"image":{"@id":"https:\/\/www.fondazionemorra.org\/it\/#\/schema\/logo\/image\/"}}]}},"_links":{"self":[{"href":"https:\/\/www.fondazionemorra.org\/it\/wp-json\/wp\/v2\/tribe_events\/2639","targetHints":{"allow":["GET"]}}],"collection":[{"href":"https:\/\/www.fondazionemorra.org\/it\/wp-json\/wp\/v2\/tribe_events"}],"about":[{"href":"https:\/\/www.fondazionemorra.org\/it\/wp-json\/wp\/v2\/types\/tribe_events"}],"author":[{"embeddable":true,"href":"https:\/\/www.fondazionemorra.org\/it\/wp-json\/wp\/v2\/users\/1"}],"version-history":[{"count":2,"href":"https:\/\/www.fondazionemorra.org\/it\/wp-json\/wp\/v2\/tribe_events\/2639\/revisions"}],"predecessor-version":[{"id":5029,"href":"https:\/\/www.fondazionemorra.org\/it\/wp-json\/wp\/v2\/tribe_events\/2639\/revisions\/5029"}],"wp:featuredmedia":[{"embeddable":true,"href":"https:\/\/www.fondazionemorra.org\/it\/wp-json\/wp\/v2\/media\/5027"}],"wp:attachment":[{"href":"https:\/\/www.fondazionemorra.org\/it\/wp-json\/wp\/v2\/media?parent=2639"}],"wp:term":[{"taxonomy":"post_tag","embeddable":true,"href":"https:\/\/www.fondazionemorra.org\/it\/wp-json\/wp\/v2\/tags?post=2639"},{"taxonomy":"tribe_events_cat","embeddable":true,"href":"https:\/\/www.fondazionemorra.org\/it\/wp-json\/wp\/v2\/tribe_events_cat?post=2639"}],"curies":[{"name":"wp","href":"https:\/\/api.w.org\/{rel}","templated":true}]}}