{"id":2661,"date":"2020-11-17T11:53:36","date_gmt":"2020-11-17T10:53:36","guid":{"rendered":"http:\/\/www.fondazionemorra.org\/?post_type=tribe_events&#038;p=2661"},"modified":"2020-11-17T11:53:36","modified_gmt":"2020-11-17T10:53:36","slug":"la-digestion-musica-ascoltata-raramente-ii-edizione-3","status":"publish","type":"tribe_events","link":"https:\/\/www.fondazionemorra.org\/it\/evento\/la-digestion-musica-ascoltata-raramente-ii-edizione-3\/","title":{"rendered":"La Digestion &#8211; musica ascoltata raramente II Edizione"},"content":{"rendered":"<p><strong>24 novembre 2017<\/strong><br \/>\nAPERTURA PORTE ORE 20:00 INIZIO ORE 21:00<br \/>\n<strong>Chiesa di San Giuseppe alle Scalze<\/strong><br \/>\nSalita Pontecorvo 65, Napoli<\/p>\n<p><strong>Francisco Meirino<\/strong> [CH] + <strong>Kanaka<\/strong> [IT]<\/p>\n<p style=\"text-align: justify;\"><strong>La Digestion-musica ascoltata raramente<\/strong>, \u00e8 lieta di annunciare l\u2019apertura della seconda stagione, dopo il successo che ha caratterizzato un primo anno di attivit\u00e0 all\u2019insegna della novit\u00e0 e della sperimentazione. Il festival, risultato della sinergia tra le associazioni <strong>Phonurgia<\/strong> e <strong>EM-Arts<\/strong> e la <strong>Fondazione Morra<\/strong>, mette al centro i linguaggi pi\u00f9 innovativi dell\u2019arte sonora contemporanea, concentrandosi, quest\u2019anno, sulla relazione tra il suono e lo spazio. Durante i sei eventi del festival tra Novembre \u201817 e Giugno \u201818, alcuni dei luoghi pi\u00f9 antichi, nascosti e non convenzionali della citt\u00e0 di Napoli verranno riscoperti e reinterpretati attraverso le opere sonore di artisti internazionali, diventando cos\u00ec scena performativa per stabilire un contatto con la cultura musicale autoctona e internazionale, tra ascoltatori e ambienti architettonici. Dalla psicoacustica di <strong>Florian Hecker<\/strong> alla scultura del suono di<strong> Thomas Koner<\/strong>, dal detournement dei giradischi di <strong>Otomo Yoshihide<\/strong> all\u2019elettroacustica per oggetti di <strong>David Toop<\/strong>, fino all\u2019installazione\/performance di <strong>Pierre Berthet<\/strong> e <strong>Rye Nakajima<\/strong> nel magico <strong>Cimitero delle Fontanelle<\/strong>, questa seconda edizione del festival intraprende un percorso nella sperimentazione contemporanea, esplorando il potere del suono che si fa materia concreta, fisica e sensibile. Significativo ai fini dell\u2019incisivit\u00e0 del festival La Digestion, per la volont\u00e0 di stabilire solide relazioni per la vita culturale napoletana, \u00e8 il patrocinio concesso dal Comune di Napoli e la partnership con Istituti di cultura straniera quali il <strong>Goethe Institut<\/strong> e la <strong>Pro Helvetia<\/strong>, Fondazione svizzera per la cultura.<\/p>\n<p style=\"text-align: justify;\">Dopo l\u2019incredibile anteprima dell\u2019illustre <strong>William Basinski<\/strong> nella <strong>Chiesa di San Potito<\/strong>, l\u2019avvio ufficiale di questa seconda entusiasmante edizione \u00e8 Venerd\u00ec 24 Novembre, con le potenti tessiture elettroniche del musicista svizzero<strong> Francisco Meirino<\/strong> e il futuristico audio-video dei nostrani <strong>Kanaka<\/strong>, ambientati nella suggestiva <strong>Chiesa di San Giuseppe alle Scalze<\/strong>, nel quartiere Montesanto, grazie alla collaborazione dall\u2019associazione <strong>Le Scalze<\/strong>.<\/p>\n<p style=\"text-align: justify;\">Un lavoro di video-mapping e paesaggio sonoro immersivo del gruppo Kanaka fa rivivere le meravigliose architetture della Chiesa, e a seguire lo svizzero Francisco Meirino propone un live set in quadrifonia potente e dinamico, in grado di conciliare impatto sonoro e incredibile ricchezza di dettaglio.<\/p>\n<p style=\"text-align: justify;\">La poetica del compositore svizzero \u00e8, del resto, assolutamente originale: interessato in particolare ai malfunzionamenti delle apparecchiature elettroniche, Meirino opera uno speciale lavoro di registrazione e composizione dei suoni generate da queste macchine desuete, evidenziandolo sgretolamento di un mondo solo apparentemente dominato dall\u2019efficienza tecnologica. Grazie alla sua originalit\u00e0 e alla sua incredibile abilit\u00e0 di manipolazione e composizione dei materiali sonori pi\u00f9 disparati, Francisco Meirino \u00e8 diventato negli ultimi anni uno degli artisti sonori pi\u00f9 importanti del panorama sperimentale, apprezzatonei festival di tutto il mondo.<\/p>\n<p style=\"text-align: justify;\">La seconda edizione de La Digestion ha, tra i suoi tanti propositi la dedizione di offrire al pubblico la possibilit\u00e0 di avvicinarsi a un tipo di musica ascoltata raramente, e non solo attraverso le serate performative, ma anche riunioni dedicate all\u2019ascolto assorto e conferenze tenute da teorici specialisti di questo linguaggio. Anche agli artisti \u00e8 offerta la possibilit\u00e0 di insinuarsi capillarmente tra la pietra storica di Napoli, mediante delle mini-residenze, per poter familiarizzare con il tessuto partenopeo e ideare un\u2019ambientazione specifica per la performance musicale. Workshop, laboratori e inedite interviste radiofoniche saranno inoltre elementi di un anno di lavoro che intende tracciare nuovi percorsi nella vita culturale della citt\u00e0.<\/p>\n<p style=\"text-align: justify;\">Un format innovativo e multidisciplinare per offrire esperienze sonore uniche, affondando nella ricerca di una \u201cmusica concreta\u201d che, ben nota nel contesto internazionale, ha difficolt\u00e0 ad affermarsi nella citt\u00e0. L\u2019invito \u00e8 sintonizzarsi su una musica da sentire con il corpo e con la mente, una musica da lasciar entrare con stupore, una musica da digerire.<\/p>\n<p>&nbsp;<\/p>\n","protected":false},"excerpt":{"rendered":"<p>24 novembre 2017 APERTURA PORTE ORE 20:00 INIZIO ORE 21:00 Chiesa di San Giuseppe alle Scalze Salita Pontecorvo 65, Napoli Francisco Meirino [CH] + Kanaka [IT] La Digestion-musica ascoltata raramente,<a class=\"excerpt-read-more\" href=\"https:\/\/www.fondazionemorra.org\/it\/evento\/la-digestion-musica-ascoltata-raramente-ii-edizione-3\/\" title=\"ReadLa Digestion &#8211; musica ascoltata raramente II Edizione\">&#8230; Read more &raquo;<\/a><\/p>\n","protected":false},"author":1,"featured_media":2662,"template":"","meta":{"_acf_changed":false,"_tribe_events_status":"","_tribe_events_status_reason":"","footnotes":""},"tags":[],"tribe_events_cat":[12,15],"class_list":["post-2661","tribe_events","type-tribe_events","status-publish","has-post-thumbnail","hentry","tribe_events_cat-casa-morra","tribe_events_cat-museo-nitsch","cat_casa-morra","cat_museo-nitsch"],"acf":[],"yoast_head":"<!-- This site is optimized with the Yoast SEO plugin v27.4 - https:\/\/yoast.com\/product\/yoast-seo-wordpress\/ -->\n<title>La Digestion - musica ascoltata raramente II Edizione - Fondazione Morra<\/title>\n<meta name=\"robots\" content=\"index, follow, max-snippet:-1, max-image-preview:large, max-video-preview:-1\" \/>\n<link rel=\"canonical\" href=\"https:\/\/www.fondazionemorra.org\/it\/evento\/la-digestion-musica-ascoltata-raramente-ii-edizione-3\/\" \/>\n<meta property=\"og:locale\" content=\"it_IT\" \/>\n<meta property=\"og:type\" content=\"article\" \/>\n<meta property=\"og:title\" content=\"La Digestion - musica ascoltata raramente II Edizione - Fondazione Morra\" \/>\n<meta property=\"og:description\" content=\"24 novembre 2017 APERTURA PORTE ORE 20:00 INIZIO ORE 21:00 Chiesa di San Giuseppe alle Scalze Salita Pontecorvo 65, Napoli Francisco Meirino [CH] + Kanaka [IT] La Digestion-musica ascoltata raramente,... Read more &raquo;\" \/>\n<meta property=\"og:url\" content=\"https:\/\/www.fondazionemorra.org\/it\/evento\/la-digestion-musica-ascoltata-raramente-ii-edizione-3\/\" \/>\n<meta property=\"og:site_name\" content=\"Fondazione Morra\" \/>\n<meta property=\"og:image\" content=\"https:\/\/www.fondazionemorra.org\/wp-content\/uploads\/2020\/11\/24-11-2017-la-digestion_LOCANDINA-MEIRINO-1.jpg\" \/>\n\t<meta property=\"og:image:width\" content=\"784\" \/>\n\t<meta property=\"og:image:height\" content=\"1200\" \/>\n\t<meta property=\"og:image:type\" content=\"image\/jpeg\" \/>\n<meta name=\"twitter:card\" content=\"summary_large_image\" \/>\n<meta name=\"twitter:label1\" content=\"Tempo di lettura stimato\" \/>\n\t<meta name=\"twitter:data1\" content=\"3 minuti\" \/>\n<script type=\"application\/ld+json\" class=\"yoast-schema-graph\">{\"@context\":\"https:\\\/\\\/schema.org\",\"@graph\":[{\"@type\":\"WebPage\",\"@id\":\"https:\\\/\\\/www.fondazionemorra.org\\\/it\\\/evento\\\/la-digestion-musica-ascoltata-raramente-ii-edizione-3\\\/\",\"url\":\"https:\\\/\\\/www.fondazionemorra.org\\\/it\\\/evento\\\/la-digestion-musica-ascoltata-raramente-ii-edizione-3\\\/\",\"name\":\"La Digestion - musica ascoltata raramente II Edizione - Fondazione Morra\",\"isPartOf\":{\"@id\":\"https:\\\/\\\/www.fondazionemorra.org\\\/it\\\/#website\"},\"primaryImageOfPage\":{\"@id\":\"https:\\\/\\\/www.fondazionemorra.org\\\/it\\\/evento\\\/la-digestion-musica-ascoltata-raramente-ii-edizione-3\\\/#primaryimage\"},\"image\":{\"@id\":\"https:\\\/\\\/www.fondazionemorra.org\\\/it\\\/evento\\\/la-digestion-musica-ascoltata-raramente-ii-edizione-3\\\/#primaryimage\"},\"thumbnailUrl\":\"https:\\\/\\\/www.fondazionemorra.org\\\/wp-content\\\/uploads\\\/2020\\\/11\\\/24-11-2017-la-digestion_LOCANDINA-MEIRINO-1.jpg\",\"datePublished\":\"2020-11-17T10:53:36+00:00\",\"breadcrumb\":{\"@id\":\"https:\\\/\\\/www.fondazionemorra.org\\\/it\\\/evento\\\/la-digestion-musica-ascoltata-raramente-ii-edizione-3\\\/#breadcrumb\"},\"inLanguage\":\"it-IT\",\"potentialAction\":[{\"@type\":\"ReadAction\",\"target\":[\"https:\\\/\\\/www.fondazionemorra.org\\\/it\\\/evento\\\/la-digestion-musica-ascoltata-raramente-ii-edizione-3\\\/\"]}]},{\"@type\":\"ImageObject\",\"inLanguage\":\"it-IT\",\"@id\":\"https:\\\/\\\/www.fondazionemorra.org\\\/it\\\/evento\\\/la-digestion-musica-ascoltata-raramente-ii-edizione-3\\\/#primaryimage\",\"url\":\"https:\\\/\\\/www.fondazionemorra.org\\\/wp-content\\\/uploads\\\/2020\\\/11\\\/24-11-2017-la-digestion_LOCANDINA-MEIRINO-1.jpg\",\"contentUrl\":\"https:\\\/\\\/www.fondazionemorra.org\\\/wp-content\\\/uploads\\\/2020\\\/11\\\/24-11-2017-la-digestion_LOCANDINA-MEIRINO-1.jpg\",\"width\":784,\"height\":1200},{\"@type\":\"BreadcrumbList\",\"@id\":\"https:\\\/\\\/www.fondazionemorra.org\\\/it\\\/evento\\\/la-digestion-musica-ascoltata-raramente-ii-edizione-3\\\/#breadcrumb\",\"itemListElement\":[{\"@type\":\"ListItem\",\"position\":1,\"name\":\"Home\",\"item\":\"https:\\\/\\\/www.fondazionemorra.org\\\/it\\\/\"},{\"@type\":\"ListItem\",\"position\":2,\"name\":\"Eventi\",\"item\":\"https:\\\/\\\/www.fondazionemorra.org\\\/it\\\/eventi\\\/\"},{\"@type\":\"ListItem\",\"position\":3,\"name\":\"La Digestion &#8211; musica ascoltata raramente II Edizione\"}]},{\"@type\":\"WebSite\",\"@id\":\"https:\\\/\\\/www.fondazionemorra.org\\\/it\\\/#website\",\"url\":\"https:\\\/\\\/www.fondazionemorra.org\\\/it\\\/\",\"name\":\"Fondazione Morra\",\"description\":\"\",\"publisher\":{\"@id\":\"https:\\\/\\\/www.fondazionemorra.org\\\/it\\\/#organization\"},\"potentialAction\":[{\"@type\":\"SearchAction\",\"target\":{\"@type\":\"EntryPoint\",\"urlTemplate\":\"https:\\\/\\\/www.fondazionemorra.org\\\/it\\\/?s={search_term_string}\"},\"query-input\":{\"@type\":\"PropertyValueSpecification\",\"valueRequired\":true,\"valueName\":\"search_term_string\"}}],\"inLanguage\":\"it-IT\"},{\"@type\":\"Organization\",\"@id\":\"https:\\\/\\\/www.fondazionemorra.org\\\/it\\\/#organization\",\"name\":\"Fondazione Morra\",\"url\":\"https:\\\/\\\/www.fondazionemorra.org\\\/it\\\/\",\"logo\":{\"@type\":\"ImageObject\",\"inLanguage\":\"it-IT\",\"@id\":\"https:\\\/\\\/www.fondazionemorra.org\\\/it\\\/#\\\/schema\\\/logo\\\/image\\\/\",\"url\":\"https:\\\/\\\/www.fondazionemorra.org\\\/wp-content\\\/uploads\\\/2021\\\/02\\\/logo.png\",\"contentUrl\":\"https:\\\/\\\/www.fondazionemorra.org\\\/wp-content\\\/uploads\\\/2021\\\/02\\\/logo.png\",\"width\":106,\"height\":114,\"caption\":\"Fondazione Morra\"},\"image\":{\"@id\":\"https:\\\/\\\/www.fondazionemorra.org\\\/it\\\/#\\\/schema\\\/logo\\\/image\\\/\"}}]}<\/script>\n<!-- \/ Yoast SEO plugin. -->","yoast_head_json":{"title":"La Digestion - musica ascoltata raramente II Edizione - Fondazione Morra","robots":{"index":"index","follow":"follow","max-snippet":"max-snippet:-1","max-image-preview":"max-image-preview:large","max-video-preview":"max-video-preview:-1"},"canonical":"https:\/\/www.fondazionemorra.org\/it\/evento\/la-digestion-musica-ascoltata-raramente-ii-edizione-3\/","og_locale":"it_IT","og_type":"article","og_title":"La Digestion - musica ascoltata raramente II Edizione - Fondazione Morra","og_description":"24 novembre 2017 APERTURA PORTE ORE 20:00 INIZIO ORE 21:00 Chiesa di San Giuseppe alle Scalze Salita Pontecorvo 65, Napoli Francisco Meirino [CH] + Kanaka [IT] La Digestion-musica ascoltata raramente,... Read more &raquo;","og_url":"https:\/\/www.fondazionemorra.org\/it\/evento\/la-digestion-musica-ascoltata-raramente-ii-edizione-3\/","og_site_name":"Fondazione Morra","og_image":[{"width":784,"height":1200,"url":"https:\/\/www.fondazionemorra.org\/wp-content\/uploads\/2020\/11\/24-11-2017-la-digestion_LOCANDINA-MEIRINO-1.jpg","type":"image\/jpeg"}],"twitter_card":"summary_large_image","twitter_misc":{"Tempo di lettura stimato":"3 minuti"},"schema":{"@context":"https:\/\/schema.org","@graph":[{"@type":"WebPage","@id":"https:\/\/www.fondazionemorra.org\/it\/evento\/la-digestion-musica-ascoltata-raramente-ii-edizione-3\/","url":"https:\/\/www.fondazionemorra.org\/it\/evento\/la-digestion-musica-ascoltata-raramente-ii-edizione-3\/","name":"La Digestion - musica ascoltata raramente II Edizione - Fondazione Morra","isPartOf":{"@id":"https:\/\/www.fondazionemorra.org\/it\/#website"},"primaryImageOfPage":{"@id":"https:\/\/www.fondazionemorra.org\/it\/evento\/la-digestion-musica-ascoltata-raramente-ii-edizione-3\/#primaryimage"},"image":{"@id":"https:\/\/www.fondazionemorra.org\/it\/evento\/la-digestion-musica-ascoltata-raramente-ii-edizione-3\/#primaryimage"},"thumbnailUrl":"https:\/\/www.fondazionemorra.org\/wp-content\/uploads\/2020\/11\/24-11-2017-la-digestion_LOCANDINA-MEIRINO-1.jpg","datePublished":"2020-11-17T10:53:36+00:00","breadcrumb":{"@id":"https:\/\/www.fondazionemorra.org\/it\/evento\/la-digestion-musica-ascoltata-raramente-ii-edizione-3\/#breadcrumb"},"inLanguage":"it-IT","potentialAction":[{"@type":"ReadAction","target":["https:\/\/www.fondazionemorra.org\/it\/evento\/la-digestion-musica-ascoltata-raramente-ii-edizione-3\/"]}]},{"@type":"ImageObject","inLanguage":"it-IT","@id":"https:\/\/www.fondazionemorra.org\/it\/evento\/la-digestion-musica-ascoltata-raramente-ii-edizione-3\/#primaryimage","url":"https:\/\/www.fondazionemorra.org\/wp-content\/uploads\/2020\/11\/24-11-2017-la-digestion_LOCANDINA-MEIRINO-1.jpg","contentUrl":"https:\/\/www.fondazionemorra.org\/wp-content\/uploads\/2020\/11\/24-11-2017-la-digestion_LOCANDINA-MEIRINO-1.jpg","width":784,"height":1200},{"@type":"BreadcrumbList","@id":"https:\/\/www.fondazionemorra.org\/it\/evento\/la-digestion-musica-ascoltata-raramente-ii-edizione-3\/#breadcrumb","itemListElement":[{"@type":"ListItem","position":1,"name":"Home","item":"https:\/\/www.fondazionemorra.org\/it\/"},{"@type":"ListItem","position":2,"name":"Eventi","item":"https:\/\/www.fondazionemorra.org\/it\/eventi\/"},{"@type":"ListItem","position":3,"name":"La Digestion &#8211; musica ascoltata raramente II Edizione"}]},{"@type":"WebSite","@id":"https:\/\/www.fondazionemorra.org\/it\/#website","url":"https:\/\/www.fondazionemorra.org\/it\/","name":"Fondazione Morra","description":"","publisher":{"@id":"https:\/\/www.fondazionemorra.org\/it\/#organization"},"potentialAction":[{"@type":"SearchAction","target":{"@type":"EntryPoint","urlTemplate":"https:\/\/www.fondazionemorra.org\/it\/?s={search_term_string}"},"query-input":{"@type":"PropertyValueSpecification","valueRequired":true,"valueName":"search_term_string"}}],"inLanguage":"it-IT"},{"@type":"Organization","@id":"https:\/\/www.fondazionemorra.org\/it\/#organization","name":"Fondazione Morra","url":"https:\/\/www.fondazionemorra.org\/it\/","logo":{"@type":"ImageObject","inLanguage":"it-IT","@id":"https:\/\/www.fondazionemorra.org\/it\/#\/schema\/logo\/image\/","url":"https:\/\/www.fondazionemorra.org\/wp-content\/uploads\/2021\/02\/logo.png","contentUrl":"https:\/\/www.fondazionemorra.org\/wp-content\/uploads\/2021\/02\/logo.png","width":106,"height":114,"caption":"Fondazione Morra"},"image":{"@id":"https:\/\/www.fondazionemorra.org\/it\/#\/schema\/logo\/image\/"}}]}},"_links":{"self":[{"href":"https:\/\/www.fondazionemorra.org\/it\/wp-json\/wp\/v2\/tribe_events\/2661","targetHints":{"allow":["GET"]}}],"collection":[{"href":"https:\/\/www.fondazionemorra.org\/it\/wp-json\/wp\/v2\/tribe_events"}],"about":[{"href":"https:\/\/www.fondazionemorra.org\/it\/wp-json\/wp\/v2\/types\/tribe_events"}],"author":[{"embeddable":true,"href":"https:\/\/www.fondazionemorra.org\/it\/wp-json\/wp\/v2\/users\/1"}],"version-history":[{"count":2,"href":"https:\/\/www.fondazionemorra.org\/it\/wp-json\/wp\/v2\/tribe_events\/2661\/revisions"}],"predecessor-version":[{"id":4486,"href":"https:\/\/www.fondazionemorra.org\/it\/wp-json\/wp\/v2\/tribe_events\/2661\/revisions\/4486"}],"wp:featuredmedia":[{"embeddable":true,"href":"https:\/\/www.fondazionemorra.org\/it\/wp-json\/wp\/v2\/media\/2662"}],"wp:attachment":[{"href":"https:\/\/www.fondazionemorra.org\/it\/wp-json\/wp\/v2\/media?parent=2661"}],"wp:term":[{"taxonomy":"post_tag","embeddable":true,"href":"https:\/\/www.fondazionemorra.org\/it\/wp-json\/wp\/v2\/tags?post=2661"},{"taxonomy":"tribe_events_cat","embeddable":true,"href":"https:\/\/www.fondazionemorra.org\/it\/wp-json\/wp\/v2\/tribe_events_cat?post=2661"}],"curies":[{"name":"wp","href":"https:\/\/api.w.org\/{rel}","templated":true}]}}