{"id":2819,"date":"2020-11-20T15:58:39","date_gmt":"2020-11-20T14:58:39","guid":{"rendered":"http:\/\/www.fondazionemorra.org\/?post_type=tribe_events&#038;p=2819"},"modified":"2020-11-20T15:58:39","modified_gmt":"2020-11-20T14:58:39","slug":"ivan-dalberto-presentazione-testo-il-terzo-occhio","status":"publish","type":"tribe_events","link":"https:\/\/www.fondazionemorra.org\/it\/evento\/ivan-dalberto-presentazione-testo-il-terzo-occhio\/","title":{"rendered":"Ivan d\u2019Alberto &#8211; presentazione testo \u201cIl Terzo Occhio\u201d"},"content":{"rendered":"<p style=\"text-align: justify;\"><strong>20 maggio 2016\u00a0<\/strong><br \/>\nSTART ORE 18:00<br \/>\n<strong>Museo Hermann Nitsch\u00a0<\/strong><br \/>\nVico Lungo Pontecorvo 29\/d, Napoli<\/p>\n<p>Dall\u2019omicidio di Avetrana a Profondo Rosso, dai plastici di Bruno Vespa alle installazioni di Angelo Colangelo di <strong>Ivan D\u2019Alberto<\/p>\n<p><\/strong><\/p>\n<p style=\"text-align: justify;\">Presso il <strong>Museo Hermann Nitsch<\/strong>\u00a0di Napoli, sar\u00e0 presentata la nuova pubblicazione di\u00a0<strong>Ivan D\u2019Alberto<\/strong>\u00a0&#8211; Il Terzo Occhio &#8211; dall\u2019omicidio di Avetrana a Profondo Rosso, dai plastici di Bruno Vespa alle installazioni di Angelo Colangelo, edito da primeVie Edizioni (Corfinio Aq \u2013 ottobre 2015).<br \/>\nOltre l\u2019autore saranno presenti\u00a0<strong>Giuseppe Morra<\/strong>, direttore del Museo Hermann Nitsch, Michela Becchis, storico dell\u2019arte,\u00a0<strong>Sibilla Panerai<\/strong>, dell\u2019Universit\u00e0 \u201cG. d\u2019Annunzio\u201d di Chieti &#8211; Pescara e\u00a0<strong>Fabrizio Sacchetti<\/strong>, artista.<br \/>\nIl libro, adottato nel corso di Cultura Visuale del Dipartimento di Studi Umanistici dell\u2019Universit\u00e0 di Ferrara, \u00e8 stato gi\u00e0 presentato a Torino, presso lo Spazio Atelier Giorgi, in occasione di ARTISSIMA 2015 e a Roma presso lo Spazio TRAleVOLTE.<br \/>\nL\u2019incontro sar\u00e0 accompagnato dalla proiezione di alcuni video funzionali alla descrizione della metodologia di studio, quella dei visual studies, usata dall\u2019autore in questa sua ultima pubblicazione.<\/p>\n<p style=\"text-align: justify;\"><strong>Sinossi del testo<br \/>\n<\/strong>Attraverso un approccio tipico degli studi visuali il volume \u00e8 gi\u00e0 di per s\u00e9 un progetto editoriale costruito secondo un\u2019impalcatura propria dei cultural studies: capitoli brevi ma incisivi, con molte note e riferimenti bibliografici tratti direttamente dal web e un apparato fotografico inedito ed esplicativo il pi\u00f9 delle volte recuperato su Internet.<br \/>\nSeguendo una linea scientifico-narrativa che inizia con l\u2019analisi della cultura artistica e letteraria di fine Ottocento, lo studio prosegue nelle larghe trame della pornografia orrorifica, le inchieste giornalistiche subalterne e il cinema d\u2019autore, dimostrando come il caso di Avetrana di Puglia, intesse maglie con il film Profondo Rosso di Dario Argento e il romanzo giallo di Kate Summerscale Omicidio a Road Hill House (vicenda realmente accaduta nell\u2019Inghilterra di met\u00e0 \u2018800).<br \/>\nI rifermenti culturali chiamati in causa in questa sorta di \u201calbum di esercizi\u201d dialogano con molte proposte artistiche di autori contemporanei come ad esempio le foto di Daniele Ratti, Goldiechiari e Fabrizio Sacchetti, le installazioni di Angelo Colangelo e la rinnovata pittura di Dario Carratta, a dimostrazione di come l\u2019arte sia sempre stata lo \u201cspecchio della societ\u00e0\u201d.<br \/>\nL\u2019indagine poi giunge a registrare quello che Jean Clair definisce disgustoso e che Julia Kristeva chiama Arte dell\u2019Abiezione, ovvero le scorie che questa ricerca della verit\u00e0 ha messo in luce, come ad esempio i 486 fotogrammi sulla morte del presidente americano J. F. K. di Abraham Zapruder, il sangue che scorre sul corpo esamine del dittatore Muammar Gheddafi e l\u2019immagine di un coniglio schiacciato da una pressa industriale fotografato dall\u2019artista Simone Ialongo.<br \/>\nMa cos\u00ec come accadde con La zattera della Medusa di G\u00e9ricault, inizialmente considerata oscena e lontana da ogni canone estetico e invece oggi ritenuta manifesto della cultura francese di fine Ottocento, non \u00e8 detto che queste immagini, ora considerate indecorose e di cattivo gusto, diventino, in un futuro non troppo lontano, il manifesto del nostro tempo.<br \/>\nIl progetto editoriale si completa con una prefazione a cura di Michela Becchis e una postfazione a cura di Franco Speroni a presentazione e a sostegno delle tesi avanzate nel testo.<\/p>\n<p>&nbsp;<\/p>\n<h5 style=\"text-align: justify;\"><strong>Ivan D\u2019Alberto<\/strong> \u00e8 storico e critico d\u2019arte contemporanea. Nel 2005 ha collaborato con il Dipartimento di Studi Medievali e Moderni dell\u2019Universit\u00e0 \u201cd\u2019Annunzio\u201d di Chieti. Nel 2006 partecipa alle attivit\u00e0 promosse dall\u2019ICA The Institute of Contemporary Arts di Londra e alla fine del 2008 \u00e8 nominato direttore del Museo di Arte Contemporanea di Nocciano\/Pescara.<br \/>\n\u00c8 stato docente esterno di visual art della Dartmouth University (Massachusetts, USA).<br \/>\nDal 2011, insieme a Sibilla Panerai, \u00e8 curatore di CORPO: Festival delle Arti Performative. Ha curato diverse mostre tra cui MadeinAbruzzo: ricerche regionali di videoarte (Milano 2011), Integumenta Angelii: utili ammaestramenti per l\u2019anima e per il corpo (Roma 2013), audi\u0306enti\u0306a \u2013 citt\u00e0 in ascolto (Roma 2014), A Letto con l\u2019artista (Milano 2015), E123 (Venezia 2015).<br \/>\nPer Andromeda edizioni ha pubblicato le voci enciclopediche di alcuni artisti tra cui Andrea Pazienza e Remo Brindisi. Con Verdone Editore ha pubblicato il volume CORPO estraneo\/straniero &#8211; Storia delle arti performative in Abruzzo. Di recente con Nicomp L. E. di Firenze ha pubblicato gli atti del convegno Il corpo che abito. Identit\u00e0 di genere e suoi transiti. Analisi dei linguaggi performativi contemporanei, organizzato nel 2015 dal Dipartimento delle Arti dell\u2019Universit\u00e0 di Bologna e dalla IAAP &#8211; International Association for Art and Psychology. \u00a0Scrive per il portale web Juliet Art Magazine di Trieste.<\/h5>\n<p>&nbsp;<\/p>\n","protected":false},"excerpt":{"rendered":"<p>20 maggio 2016\u00a0 START ORE 18:00 Museo Hermann Nitsch\u00a0 Vico Lungo Pontecorvo 29\/d, Napoli Dall\u2019omicidio di Avetrana a Profondo Rosso, dai plastici di Bruno Vespa alle installazioni di Angelo Colangelo<a class=\"excerpt-read-more\" href=\"https:\/\/www.fondazionemorra.org\/it\/evento\/ivan-dalberto-presentazione-testo-il-terzo-occhio\/\" title=\"ReadIvan d\u2019Alberto &#8211; presentazione testo \u201cIl Terzo Occhio\u201d\">&#8230; Read more &raquo;<\/a><\/p>\n","protected":false},"author":1,"featured_media":2820,"template":"","meta":{"_acf_changed":false,"_tribe_events_status":"","_tribe_events_status_reason":"","footnotes":""},"tags":[],"tribe_events_cat":[15],"class_list":["post-2819","tribe_events","type-tribe_events","status-publish","has-post-thumbnail","hentry","tribe_events_cat-museo-nitsch","cat_museo-nitsch"],"acf":[],"yoast_head":"<!-- This site is optimized with the Yoast SEO plugin v27.4 - https:\/\/yoast.com\/product\/yoast-seo-wordpress\/ -->\n<title>Ivan d\u2019Alberto - presentazione testo \u201cIl Terzo Occhio\u201d - Fondazione Morra<\/title>\n<meta name=\"robots\" content=\"index, follow, max-snippet:-1, max-image-preview:large, max-video-preview:-1\" \/>\n<link rel=\"canonical\" href=\"https:\/\/www.fondazionemorra.org\/it\/evento\/ivan-dalberto-presentazione-testo-il-terzo-occhio\/\" \/>\n<meta property=\"og:locale\" content=\"it_IT\" \/>\n<meta property=\"og:type\" content=\"article\" \/>\n<meta property=\"og:title\" content=\"Ivan d\u2019Alberto - presentazione testo \u201cIl Terzo Occhio\u201d - Fondazione Morra\" \/>\n<meta property=\"og:description\" content=\"20 maggio 2016\u00a0 START ORE 18:00 Museo Hermann Nitsch\u00a0 Vico Lungo Pontecorvo 29\/d, Napoli Dall\u2019omicidio di Avetrana a Profondo Rosso, dai plastici di Bruno Vespa alle installazioni di Angelo Colangelo... Read more &raquo;\" \/>\n<meta property=\"og:url\" content=\"https:\/\/www.fondazionemorra.org\/it\/evento\/ivan-dalberto-presentazione-testo-il-terzo-occhio\/\" \/>\n<meta property=\"og:site_name\" content=\"Fondazione Morra\" \/>\n<meta property=\"og:image\" content=\"https:\/\/www.fondazionemorra.org\/wp-content\/uploads\/2020\/11\/20_05_2016_D_alberto_il_terzo_occhio.jpg\" \/>\n\t<meta property=\"og:image:width\" content=\"826\" \/>\n\t<meta property=\"og:image:height\" content=\"1200\" \/>\n\t<meta property=\"og:image:type\" content=\"image\/jpeg\" \/>\n<meta name=\"twitter:card\" content=\"summary_large_image\" \/>\n<meta name=\"twitter:label1\" content=\"Tempo di lettura stimato\" \/>\n\t<meta name=\"twitter:data1\" content=\"4 minuti\" \/>\n<script type=\"application\/ld+json\" class=\"yoast-schema-graph\">{\"@context\":\"https:\\\/\\\/schema.org\",\"@graph\":[{\"@type\":\"WebPage\",\"@id\":\"https:\\\/\\\/www.fondazionemorra.org\\\/it\\\/evento\\\/ivan-dalberto-presentazione-testo-il-terzo-occhio\\\/\",\"url\":\"https:\\\/\\\/www.fondazionemorra.org\\\/it\\\/evento\\\/ivan-dalberto-presentazione-testo-il-terzo-occhio\\\/\",\"name\":\"Ivan d\u2019Alberto - presentazione testo \u201cIl Terzo Occhio\u201d - Fondazione Morra\",\"isPartOf\":{\"@id\":\"https:\\\/\\\/www.fondazionemorra.org\\\/it\\\/#website\"},\"primaryImageOfPage\":{\"@id\":\"https:\\\/\\\/www.fondazionemorra.org\\\/it\\\/evento\\\/ivan-dalberto-presentazione-testo-il-terzo-occhio\\\/#primaryimage\"},\"image\":{\"@id\":\"https:\\\/\\\/www.fondazionemorra.org\\\/it\\\/evento\\\/ivan-dalberto-presentazione-testo-il-terzo-occhio\\\/#primaryimage\"},\"thumbnailUrl\":\"https:\\\/\\\/www.fondazionemorra.org\\\/wp-content\\\/uploads\\\/2020\\\/11\\\/20_05_2016_D_alberto_il_terzo_occhio.jpg\",\"datePublished\":\"2020-11-20T14:58:39+00:00\",\"breadcrumb\":{\"@id\":\"https:\\\/\\\/www.fondazionemorra.org\\\/it\\\/evento\\\/ivan-dalberto-presentazione-testo-il-terzo-occhio\\\/#breadcrumb\"},\"inLanguage\":\"it-IT\",\"potentialAction\":[{\"@type\":\"ReadAction\",\"target\":[\"https:\\\/\\\/www.fondazionemorra.org\\\/it\\\/evento\\\/ivan-dalberto-presentazione-testo-il-terzo-occhio\\\/\"]}]},{\"@type\":\"ImageObject\",\"inLanguage\":\"it-IT\",\"@id\":\"https:\\\/\\\/www.fondazionemorra.org\\\/it\\\/evento\\\/ivan-dalberto-presentazione-testo-il-terzo-occhio\\\/#primaryimage\",\"url\":\"https:\\\/\\\/www.fondazionemorra.org\\\/wp-content\\\/uploads\\\/2020\\\/11\\\/20_05_2016_D_alberto_il_terzo_occhio.jpg\",\"contentUrl\":\"https:\\\/\\\/www.fondazionemorra.org\\\/wp-content\\\/uploads\\\/2020\\\/11\\\/20_05_2016_D_alberto_il_terzo_occhio.jpg\",\"width\":826,\"height\":1200},{\"@type\":\"BreadcrumbList\",\"@id\":\"https:\\\/\\\/www.fondazionemorra.org\\\/it\\\/evento\\\/ivan-dalberto-presentazione-testo-il-terzo-occhio\\\/#breadcrumb\",\"itemListElement\":[{\"@type\":\"ListItem\",\"position\":1,\"name\":\"Home\",\"item\":\"https:\\\/\\\/www.fondazionemorra.org\\\/it\\\/\"},{\"@type\":\"ListItem\",\"position\":2,\"name\":\"Eventi\",\"item\":\"https:\\\/\\\/www.fondazionemorra.org\\\/it\\\/eventi\\\/\"},{\"@type\":\"ListItem\",\"position\":3,\"name\":\"Ivan d\u2019Alberto &#8211; presentazione testo \u201cIl Terzo Occhio\u201d\"}]},{\"@type\":\"WebSite\",\"@id\":\"https:\\\/\\\/www.fondazionemorra.org\\\/it\\\/#website\",\"url\":\"https:\\\/\\\/www.fondazionemorra.org\\\/it\\\/\",\"name\":\"Fondazione Morra\",\"description\":\"\",\"publisher\":{\"@id\":\"https:\\\/\\\/www.fondazionemorra.org\\\/it\\\/#organization\"},\"potentialAction\":[{\"@type\":\"SearchAction\",\"target\":{\"@type\":\"EntryPoint\",\"urlTemplate\":\"https:\\\/\\\/www.fondazionemorra.org\\\/it\\\/?s={search_term_string}\"},\"query-input\":{\"@type\":\"PropertyValueSpecification\",\"valueRequired\":true,\"valueName\":\"search_term_string\"}}],\"inLanguage\":\"it-IT\"},{\"@type\":\"Organization\",\"@id\":\"https:\\\/\\\/www.fondazionemorra.org\\\/it\\\/#organization\",\"name\":\"Fondazione Morra\",\"url\":\"https:\\\/\\\/www.fondazionemorra.org\\\/it\\\/\",\"logo\":{\"@type\":\"ImageObject\",\"inLanguage\":\"it-IT\",\"@id\":\"https:\\\/\\\/www.fondazionemorra.org\\\/it\\\/#\\\/schema\\\/logo\\\/image\\\/\",\"url\":\"https:\\\/\\\/www.fondazionemorra.org\\\/wp-content\\\/uploads\\\/2021\\\/02\\\/logo.png\",\"contentUrl\":\"https:\\\/\\\/www.fondazionemorra.org\\\/wp-content\\\/uploads\\\/2021\\\/02\\\/logo.png\",\"width\":106,\"height\":114,\"caption\":\"Fondazione Morra\"},\"image\":{\"@id\":\"https:\\\/\\\/www.fondazionemorra.org\\\/it\\\/#\\\/schema\\\/logo\\\/image\\\/\"}}]}<\/script>\n<!-- \/ Yoast SEO plugin. -->","yoast_head_json":{"title":"Ivan d\u2019Alberto - presentazione testo \u201cIl Terzo Occhio\u201d - Fondazione Morra","robots":{"index":"index","follow":"follow","max-snippet":"max-snippet:-1","max-image-preview":"max-image-preview:large","max-video-preview":"max-video-preview:-1"},"canonical":"https:\/\/www.fondazionemorra.org\/it\/evento\/ivan-dalberto-presentazione-testo-il-terzo-occhio\/","og_locale":"it_IT","og_type":"article","og_title":"Ivan d\u2019Alberto - presentazione testo \u201cIl Terzo Occhio\u201d - Fondazione Morra","og_description":"20 maggio 2016\u00a0 START ORE 18:00 Museo Hermann Nitsch\u00a0 Vico Lungo Pontecorvo 29\/d, Napoli Dall\u2019omicidio di Avetrana a Profondo Rosso, dai plastici di Bruno Vespa alle installazioni di Angelo Colangelo... Read more &raquo;","og_url":"https:\/\/www.fondazionemorra.org\/it\/evento\/ivan-dalberto-presentazione-testo-il-terzo-occhio\/","og_site_name":"Fondazione Morra","og_image":[{"width":826,"height":1200,"url":"https:\/\/www.fondazionemorra.org\/wp-content\/uploads\/2020\/11\/20_05_2016_D_alberto_il_terzo_occhio.jpg","type":"image\/jpeg"}],"twitter_card":"summary_large_image","twitter_misc":{"Tempo di lettura stimato":"4 minuti"},"schema":{"@context":"https:\/\/schema.org","@graph":[{"@type":"WebPage","@id":"https:\/\/www.fondazionemorra.org\/it\/evento\/ivan-dalberto-presentazione-testo-il-terzo-occhio\/","url":"https:\/\/www.fondazionemorra.org\/it\/evento\/ivan-dalberto-presentazione-testo-il-terzo-occhio\/","name":"Ivan d\u2019Alberto - presentazione testo \u201cIl Terzo Occhio\u201d - Fondazione Morra","isPartOf":{"@id":"https:\/\/www.fondazionemorra.org\/it\/#website"},"primaryImageOfPage":{"@id":"https:\/\/www.fondazionemorra.org\/it\/evento\/ivan-dalberto-presentazione-testo-il-terzo-occhio\/#primaryimage"},"image":{"@id":"https:\/\/www.fondazionemorra.org\/it\/evento\/ivan-dalberto-presentazione-testo-il-terzo-occhio\/#primaryimage"},"thumbnailUrl":"https:\/\/www.fondazionemorra.org\/wp-content\/uploads\/2020\/11\/20_05_2016_D_alberto_il_terzo_occhio.jpg","datePublished":"2020-11-20T14:58:39+00:00","breadcrumb":{"@id":"https:\/\/www.fondazionemorra.org\/it\/evento\/ivan-dalberto-presentazione-testo-il-terzo-occhio\/#breadcrumb"},"inLanguage":"it-IT","potentialAction":[{"@type":"ReadAction","target":["https:\/\/www.fondazionemorra.org\/it\/evento\/ivan-dalberto-presentazione-testo-il-terzo-occhio\/"]}]},{"@type":"ImageObject","inLanguage":"it-IT","@id":"https:\/\/www.fondazionemorra.org\/it\/evento\/ivan-dalberto-presentazione-testo-il-terzo-occhio\/#primaryimage","url":"https:\/\/www.fondazionemorra.org\/wp-content\/uploads\/2020\/11\/20_05_2016_D_alberto_il_terzo_occhio.jpg","contentUrl":"https:\/\/www.fondazionemorra.org\/wp-content\/uploads\/2020\/11\/20_05_2016_D_alberto_il_terzo_occhio.jpg","width":826,"height":1200},{"@type":"BreadcrumbList","@id":"https:\/\/www.fondazionemorra.org\/it\/evento\/ivan-dalberto-presentazione-testo-il-terzo-occhio\/#breadcrumb","itemListElement":[{"@type":"ListItem","position":1,"name":"Home","item":"https:\/\/www.fondazionemorra.org\/it\/"},{"@type":"ListItem","position":2,"name":"Eventi","item":"https:\/\/www.fondazionemorra.org\/it\/eventi\/"},{"@type":"ListItem","position":3,"name":"Ivan d\u2019Alberto &#8211; presentazione testo \u201cIl Terzo Occhio\u201d"}]},{"@type":"WebSite","@id":"https:\/\/www.fondazionemorra.org\/it\/#website","url":"https:\/\/www.fondazionemorra.org\/it\/","name":"Fondazione Morra","description":"","publisher":{"@id":"https:\/\/www.fondazionemorra.org\/it\/#organization"},"potentialAction":[{"@type":"SearchAction","target":{"@type":"EntryPoint","urlTemplate":"https:\/\/www.fondazionemorra.org\/it\/?s={search_term_string}"},"query-input":{"@type":"PropertyValueSpecification","valueRequired":true,"valueName":"search_term_string"}}],"inLanguage":"it-IT"},{"@type":"Organization","@id":"https:\/\/www.fondazionemorra.org\/it\/#organization","name":"Fondazione Morra","url":"https:\/\/www.fondazionemorra.org\/it\/","logo":{"@type":"ImageObject","inLanguage":"it-IT","@id":"https:\/\/www.fondazionemorra.org\/it\/#\/schema\/logo\/image\/","url":"https:\/\/www.fondazionemorra.org\/wp-content\/uploads\/2021\/02\/logo.png","contentUrl":"https:\/\/www.fondazionemorra.org\/wp-content\/uploads\/2021\/02\/logo.png","width":106,"height":114,"caption":"Fondazione Morra"},"image":{"@id":"https:\/\/www.fondazionemorra.org\/it\/#\/schema\/logo\/image\/"}}]}},"_links":{"self":[{"href":"https:\/\/www.fondazionemorra.org\/it\/wp-json\/wp\/v2\/tribe_events\/2819","targetHints":{"allow":["GET"]}}],"collection":[{"href":"https:\/\/www.fondazionemorra.org\/it\/wp-json\/wp\/v2\/tribe_events"}],"about":[{"href":"https:\/\/www.fondazionemorra.org\/it\/wp-json\/wp\/v2\/types\/tribe_events"}],"author":[{"embeddable":true,"href":"https:\/\/www.fondazionemorra.org\/it\/wp-json\/wp\/v2\/users\/1"}],"version-history":[{"count":1,"href":"https:\/\/www.fondazionemorra.org\/it\/wp-json\/wp\/v2\/tribe_events\/2819\/revisions"}],"predecessor-version":[{"id":2822,"href":"https:\/\/www.fondazionemorra.org\/it\/wp-json\/wp\/v2\/tribe_events\/2819\/revisions\/2822"}],"wp:featuredmedia":[{"embeddable":true,"href":"https:\/\/www.fondazionemorra.org\/it\/wp-json\/wp\/v2\/media\/2820"}],"wp:attachment":[{"href":"https:\/\/www.fondazionemorra.org\/it\/wp-json\/wp\/v2\/media?parent=2819"}],"wp:term":[{"taxonomy":"post_tag","embeddable":true,"href":"https:\/\/www.fondazionemorra.org\/it\/wp-json\/wp\/v2\/tags?post=2819"},{"taxonomy":"tribe_events_cat","embeddable":true,"href":"https:\/\/www.fondazionemorra.org\/it\/wp-json\/wp\/v2\/tribe_events_cat?post=2819"}],"curies":[{"name":"wp","href":"https:\/\/api.w.org\/{rel}","templated":true}]}}