{"id":3123,"date":"2020-11-22T19:30:35","date_gmt":"2020-11-22T18:30:35","guid":{"rendered":"http:\/\/www.fondazionemorra.org\/?post_type=tribe_events&#038;p=3123"},"modified":"2020-11-22T19:30:35","modified_gmt":"2020-11-22T18:30:35","slug":"gian-maria-tosatti-sette-stagioni-dello-spirito-1_la-peste","status":"publish","type":"tribe_events","link":"https:\/\/www.fondazionemorra.org\/it\/evento\/gian-maria-tosatti-sette-stagioni-dello-spirito-1_la-peste\/","title":{"rendered":"Gian Maria Tosatti &#8211; Sette Stagioni dello Spirito 1_La Peste"},"content":{"rendered":"<p><strong>26 settembre &#8211; 30 novembre 2013<\/strong><br \/>\nOPENING 26 SETTEMBRE ORE 11:00<br \/>\n<strong>Chiesa dei SS. Cosma e Damiano<\/strong><br \/>\nLargo Banchi Nuovi, Napoli<\/p>\n<p>A cura di Eugenio Viola<\/p>\n<p style=\"text-align: justify;\">Dall\u2019inizio di settembre \u00e8 visibile a Napoli il primo intervento del progetto <em><strong>Sette Stagioni dello Spirito<\/strong><\/em> di <strong>Gian Maria Tosatti<\/strong>. L\u2019intero ciclo di opere \u00e8 pensato per manifestarsi nello spazio urbano quasi segretamente, sottopelle. La prima tappa di questo percorso, <em><strong>1_La peste<\/strong><\/em>, su precisa volont\u00e0 dell\u2019artista, sar\u00e0 presentata ufficialmente il prossimo 26 settembre, giorno dedicato ai <strong>SS. Cosma e Damiano<\/strong>, soltanto dopo aver gi\u00e0 avuto parzialmente corso nel corpo della citt\u00e0. Un giorno scelto non a caso, poich\u00e9 l\u2019epicentro di questa prima tappa del progetto si situa proprio nella chiesa dei SS. Cosma e Damiano, nel centro antico di Napoli.<\/p>\n<p style=\"text-align: justify;\">Edificata nel 1616 al Largo dei Banchi Nuovi, nel punto dove esisteva la loggia dei mercanti, l\u2019edificio divenne poi luogo di culto e ampliata dall\u2019ingegnere Luigi Giura intorno alla met\u00e0 dell\u2019Ottocento. La facciata utilizza l&#8217;impianto preesistente, ancora visibile negli archi a tutto sesto della loggia cinquecentesca. Nei tompagni laterali si aprono due botteghe, attualmente occupate da attivit\u00e0 commerciali, mentre in quello centrale si staglia il monumentale portale in piperno, sormontato da un finestrone polilobato in stucco, risalente all\u2019epoca tardo barocca. Nell&#8217;interno, secondo le cronache del Celano, erano poste una tela del Donzelli e una della scuola di Luca Giordano. L\u2019edificio, chiuso dalla Seconda Guerra Mondiale, \u00e8 stato riaperto per ospitare l\u2019installazione di Tosatti, che si caratterizza come un\u2019opera dal profilo estremamente mimetico rispetto all\u2019identit\u00e0 del luogo e del suo contesto di riferimento.<\/p>\n<p style=\"text-align: justify;\">L\u2019intervento <em>site-specific<\/em> di Tosatti \u00e8 volto a dare una lettura specifica e ulteriore dell\u2019identit\u00e0 di questo edificio un tempo dedicato al culto e di collegarlo al pi\u00f9 ampio discorso sulla citt\u00e0 di Napoli, portato avanti dall\u2019artista nell\u2019ambito del progetto. I singoli elementi disposti dall\u2019artista nella chiesa alludono sottilmente alla storia del luogo, contribuiscono alla creazione di un palinsesto visivo: un \u201carchivio della memoria\u201d sospeso tra immaginario e simbolico, che s\u2019insinua nella vertigine tra forma e funzione originarie dello spazio e la sua rifunzionalizzazione per opera dell\u2019artista. L\u2019intervento di Tosatti ambisce alla dimensione ambientale e per questo investe anche il quartiere su cui la chiesa insiste e l\u2019antico Largo. Una colatura di cera abita le placche metalliche che proteggono il portale della chiesa, come elemento di estrema delicatezza esposto alla ferocia di un quartiere difficile, mentre il numero \u201c1\u201d che su di esso si staglia, titola questo primo lavoro e allo stesso tempo preannuncia l\u2019ingresso in una dimensione altra. Gli elementi scelti o utilizzati per la realizzazione del lavoro alludono alla precariet\u00e0 dello spazio, che a sua volta \u00e8 analogia di una crisi di coscienza profonda che ha invaso il presente. Si percepisce un senso di instabilit\u00e0 diffuso, che per induzione passa dal luogo al visitatore che ad esso approccia, in un rapporto personale e solitario, volto a svelare l\u2019esperienza empatica dell\u2019opera. Lo stesso riferimento alla peste, intesa come stagione dello spirito, come male dell\u2019anima che torna ciclicamente nella Storia per uccidere le coscienze di intere generazioni, diviene un mero ipertesto. In questo senso, il legame con La peste di Camus \u00e8 evidente. Non trova, infatti, alcun riferimento alla storia della chiesa ma allude a una condizione psicologica ed emotiva dell\u2019essere umano, nonostante la patristica insegni che Cosma e Damiano siano santi medici e in alcune tradizioni siano loro affidate qualit\u00e0 taumaturgiche.<\/p>\n<p style=\"text-align: justify;\">L\u2019azione dell\u2019artista si carica di altre valenze, legate alla creazione di una nuova identit\u00e0 sociale per questo luogo, per l\u2019impatto ambientale e per le vicende storiche e umane cui \u00e8 inscindibilmente associato. Il luogo stesso diventa analogia di quello spazio disegnato da Santa Teresa d\u2019Avila nelle prime \u201cmansioni\u201d del suo Castello Interiore, in cui l\u2019essere umano vive ai margini della consapevolezza di s\u00e9. \u00c8 da qui, da queste lontananze dello spirito che pu\u00f2 solo iniziare il cammino di salita verso le altezze dell\u2019umano. Ed \u00e8 da qui solo che pu\u00f2 prendere le mosse questo percorso di Tosatti, teso fra riflessione sociale e spirituale. Di fronte ad un monumento ormai fatiscente, simbolo di degrado urbano ed emarginazione umana, riemerge, attraverso il lavoro di Tosatti, la necessit\u00e0 di una testimonianza storica da preservare e contestualmente invita a una nuova idea di percezione e partecipazione attiva degli spazi, ponendosi allo stesso tempo come strumento di sensibilizzazione per il rilancio e la rivitalizzazione del centro storico cittadino. In questo senso l\u2019intervento dell\u2019artista si carica di valenze sociali, invita a proporre una nuova progettualit\u00e0. L\u2019intervento realizzato mira, in ultima analisi, a rendere lo spazio attivo e a creare un dialogo attraverso il luogo e l\u2019esperienza vissuta da chi lo attraversa.<\/p>\n<h5 style=\"text-align: justify;\"><strong>Gian Maria Tosatti<\/strong> (Roma, 16.04.1980 &#8211; vive a New York) ha compiuto la sua formazione nel campo performativo, presso il Centro per la Sperimentazione e la Ricerca Teatrale di Pontedera. Nel 2005 torna a Roma per intraprendere un percorso artistico nel territorio di\u00a0connessione tra architettura e arti visive realizzando principalmente grandi installazioni site specific.<br \/>\nI suoi progetti, abitualmente, sono indagini a lungo termine su temi legati al concetto di identit\u00e0, sia sul piano politico che spirituale. I primi cicli di opere che ha sviluppato sono stati\u00a0\u00abDevozioni\u00bb (2005-2011) &#8211; dieci installazioni per dieci edifici di Roma sugli archetipi dell\u2019era moderna &#8211; e \u00abLandscapes\u00bb (2006-), un progetto di arte pubblica in aree di conflitto.<br \/>\nAttualmente la ricerca dell\u2019artista \u00e8 legata a due nuovi progetti, \u00abFondamenta\u00bb (2011-), basato sull\u2019identificazione degli archetipi dell\u2019era contemporanea, e le \u00abLe considerazioni&#8230;\u00bb, ciclo dedicato agli enigmi che risiedono nella memoria personale.<br \/>\nTra il 2013 e il 2016 la sua ricerca si \u00e8 concentrata su un\u2019opera in sette parti che ha abitato l\u2019intera citt\u00e0 di Napoli dal titolo \u201cSette Stagioni dello Spirito\u201d.<br \/>\nTosatti \u00e8 anche giornalista. \u00c8 stato direttore del settimanale \u00abLa Differenza\u00bb e ha collaborato con molti giornali italiani come editorialista. \u00c8 editorialista per Artribune e scrive su Opera Viva. Scrive saggi sull\u2019arte e sulla politica.<br \/>\nNel 2011 ha curato RELOAD, prototipo di intervento culturale urbano sul riutilizzo temporaneo di spazi improduttivi ed \u00e8 fondatore del progetto \u201cLa costruzione di una cosmologia\u201d, (www.unacosmologia.com).<br \/>\nHa esposto anche presso l\u2019Hessel Museum del CCS BARD (New York \u2013 2014), il Lower Manhattan Cultural Council (New York &#8211; 2011), American Academy in Rome (Roma \u2013 2013), Museo Villa Croce (Genova \u2013 2012) Andrew Freedman Home (New York &#8211; 2012), Tenuta dello Scompiglio (Lucca &#8211; 2012), Palazzo delle Esposizioni (Roma &#8211; 2008), Chelsea Art Museum (New York &#8211; 2009), BJCEM (2014), Centrale Montemartini \u2013 Musei Capitolini (Roma \u2013 2007), Museo Wilfredo Lam (L\u2019Avana &#8211; 2015), Casa Testori (Milano \u2013 2014), MAAM (Roma &#8211; permanente), Castel Sant\u2019Elmo (Napoli &#8211; permanente).<\/h5>\n\n\t\t<style type=\"text\/css\">\n\t\t\t#gallery-1 {\n\t\t\t\tmargin: auto;\n\t\t\t}\n\t\t\t#gallery-1 .gallery-item {\n\t\t\t\tfloat: left;\n\t\t\t\tmargin-top: 10px;\n\t\t\t\ttext-align: center;\n\t\t\t\twidth: 100%;\n\t\t\t}\n\t\t\t#gallery-1 img {\n\t\t\t\tborder: 2px solid #cfcfcf;\n\t\t\t}\n\t\t\t#gallery-1 .gallery-caption {\n\t\t\t\tmargin-left: 0;\n\t\t\t}\n\t\t\t\/* see gallery_shortcode() in wp-includes\/media.php *\/\n\t\t<\/style>\n\t\t<div id='gallery-1' class='gallery galleryid-3123 gallery-columns-1 gallery-size-full'><dl class='gallery-item'>\n\t\t\t<dt class='gallery-icon landscape'>\n\t\t\t\t<a href='https:\/\/www.fondazionemorra.org\/it\/evento\/gian-maria-tosatti-sette-stagioni-dello-spirito-1_la-peste\/gian_maria_tosatti_la_peste_2013_2\/'><img loading=\"lazy\" decoding=\"async\" width=\"1200\" height=\"800\" src=\"https:\/\/www.fondazionemorra.org\/wp-content\/uploads\/2020\/11\/Gian_Maria_Tosatti_La_Peste_2013_2.jpg\" class=\"attachment-full size-full\" alt=\"\" aria-describedby=\"gallery-1-3132\" srcset=\"https:\/\/www.fondazionemorra.org\/wp-content\/uploads\/2020\/11\/Gian_Maria_Tosatti_La_Peste_2013_2.jpg 1200w, https:\/\/www.fondazionemorra.org\/wp-content\/uploads\/2020\/11\/Gian_Maria_Tosatti_La_Peste_2013_2-300x200.jpg 300w, https:\/\/www.fondazionemorra.org\/wp-content\/uploads\/2020\/11\/Gian_Maria_Tosatti_La_Peste_2013_2-1024x683.jpg 1024w, https:\/\/www.fondazionemorra.org\/wp-content\/uploads\/2020\/11\/Gian_Maria_Tosatti_La_Peste_2013_2-768x512.jpg 768w\" sizes=\"auto, (max-width: 1200px) 100vw, 1200px\" \/><\/a>\n\t\t\t<\/dt>\n\t\t\t\t<dd class='wp-caption-text gallery-caption' id='gallery-1-3132'>\n\t\t\t\tInstallation View, Sette Stagioni dello Spirito 1_La Peste, Chiesa dei SS. Cosma e Damiano, Napoli,2013 \nGian Maria Tosatti \nCourtesy dell&#8217;artista e Fondazione Morra, Napoli\n\t\t\t\t<\/dd><\/dl><br style=\"clear: both\" \/><dl class='gallery-item'>\n\t\t\t<dt class='gallery-icon landscape'>\n\t\t\t\t<a href='https:\/\/www.fondazionemorra.org\/it\/evento\/gian-maria-tosatti-sette-stagioni-dello-spirito-1_la-peste\/gian_maria_tosatti_la_peste_2013_3\/'><img loading=\"lazy\" decoding=\"async\" width=\"1200\" height=\"800\" src=\"https:\/\/www.fondazionemorra.org\/wp-content\/uploads\/2020\/11\/Gian_Maria_Tosatti_La_Peste_2013_3.jpg\" class=\"attachment-full size-full\" alt=\"\" aria-describedby=\"gallery-1-3130\" srcset=\"https:\/\/www.fondazionemorra.org\/wp-content\/uploads\/2020\/11\/Gian_Maria_Tosatti_La_Peste_2013_3.jpg 1200w, https:\/\/www.fondazionemorra.org\/wp-content\/uploads\/2020\/11\/Gian_Maria_Tosatti_La_Peste_2013_3-300x200.jpg 300w, https:\/\/www.fondazionemorra.org\/wp-content\/uploads\/2020\/11\/Gian_Maria_Tosatti_La_Peste_2013_3-1024x683.jpg 1024w, https:\/\/www.fondazionemorra.org\/wp-content\/uploads\/2020\/11\/Gian_Maria_Tosatti_La_Peste_2013_3-768x512.jpg 768w\" sizes=\"auto, (max-width: 1200px) 100vw, 1200px\" \/><\/a>\n\t\t\t<\/dt>\n\t\t\t\t<dd class='wp-caption-text gallery-caption' id='gallery-1-3130'>\n\t\t\t\tInstallation View, Sette Stagioni dello Spirito 1_La Peste, Chiesa dei SS. Cosma e Damiano, Napoli,2013  Gian Maria Tosatti  Courtesy dell&#8217;artista e Fondazione Morra, Napoli\n\t\t\t\t<\/dd><\/dl><br style=\"clear: both\" \/><dl class='gallery-item'>\n\t\t\t<dt class='gallery-icon landscape'>\n\t\t\t\t<a href='https:\/\/www.fondazionemorra.org\/it\/evento\/gian-maria-tosatti-sette-stagioni-dello-spirito-1_la-peste\/gian_maria_tosatti_la_peste_2013_4\/'><img loading=\"lazy\" decoding=\"async\" width=\"1200\" height=\"800\" src=\"https:\/\/www.fondazionemorra.org\/wp-content\/uploads\/2020\/11\/Gian_Maria_Tosatti_La_Peste_2013_4.jpg\" class=\"attachment-full size-full\" alt=\"\" aria-describedby=\"gallery-1-3128\" srcset=\"https:\/\/www.fondazionemorra.org\/wp-content\/uploads\/2020\/11\/Gian_Maria_Tosatti_La_Peste_2013_4.jpg 1200w, https:\/\/www.fondazionemorra.org\/wp-content\/uploads\/2020\/11\/Gian_Maria_Tosatti_La_Peste_2013_4-300x200.jpg 300w, https:\/\/www.fondazionemorra.org\/wp-content\/uploads\/2020\/11\/Gian_Maria_Tosatti_La_Peste_2013_4-1024x683.jpg 1024w, https:\/\/www.fondazionemorra.org\/wp-content\/uploads\/2020\/11\/Gian_Maria_Tosatti_La_Peste_2013_4-768x512.jpg 768w\" sizes=\"auto, (max-width: 1200px) 100vw, 1200px\" \/><\/a>\n\t\t\t<\/dt>\n\t\t\t\t<dd class='wp-caption-text gallery-caption' id='gallery-1-3128'>\n\t\t\t\tInstallation View, Sette Stagioni dello Spirito 1_La Peste, Chiesa dei SS. Cosma e Damiano, Napoli,2013  Gian Maria Tosatti  Courtesy dell&#8217;artista e Fondazione Morra, Napoli\n\t\t\t\t<\/dd><\/dl><br style=\"clear: both\" \/><dl class='gallery-item'>\n\t\t\t<dt class='gallery-icon landscape'>\n\t\t\t\t<a href='https:\/\/www.fondazionemorra.org\/it\/evento\/gian-maria-tosatti-sette-stagioni-dello-spirito-1_la-peste\/gian_maria_tosatti_la_peste_2013_5\/'><img loading=\"lazy\" decoding=\"async\" width=\"1200\" height=\"646\" src=\"https:\/\/www.fondazionemorra.org\/wp-content\/uploads\/2020\/11\/Gian_Maria_Tosatti_La_Peste_2013_5.jpg\" class=\"attachment-full size-full\" alt=\"\" aria-describedby=\"gallery-1-3126\" srcset=\"https:\/\/www.fondazionemorra.org\/wp-content\/uploads\/2020\/11\/Gian_Maria_Tosatti_La_Peste_2013_5.jpg 1200w, https:\/\/www.fondazionemorra.org\/wp-content\/uploads\/2020\/11\/Gian_Maria_Tosatti_La_Peste_2013_5-300x162.jpg 300w, https:\/\/www.fondazionemorra.org\/wp-content\/uploads\/2020\/11\/Gian_Maria_Tosatti_La_Peste_2013_5-1024x551.jpg 1024w, https:\/\/www.fondazionemorra.org\/wp-content\/uploads\/2020\/11\/Gian_Maria_Tosatti_La_Peste_2013_5-768x413.jpg 768w\" sizes=\"auto, (max-width: 1200px) 100vw, 1200px\" \/><\/a>\n\t\t\t<\/dt>\n\t\t\t\t<dd class='wp-caption-text gallery-caption' id='gallery-1-3126'>\n\t\t\t\tInstallation View, Sette Stagioni dello Spirito 1_La Peste, Chiesa dei SS. Cosma e Damiano, Napoli,2013  Gian Maria Tosatti  Courtesy dell&#8217;artista e Fondazione Morra, Napoli\n\t\t\t\t<\/dd><\/dl><br style=\"clear: both\" \/><dl class='gallery-item'>\n\t\t\t<dt class='gallery-icon portrait'>\n\t\t\t\t<a href='https:\/\/www.fondazionemorra.org\/it\/evento\/gian-maria-tosatti-sette-stagioni-dello-spirito-1_la-peste\/gian_maria_tosatti_la_peste_2013_6\/'><img loading=\"lazy\" decoding=\"async\" width=\"534\" height=\"800\" src=\"https:\/\/www.fondazionemorra.org\/wp-content\/uploads\/2020\/11\/Gian_Maria_Tosatti_La_Peste_2013_6.jpg\" class=\"attachment-full size-full\" alt=\"\" aria-describedby=\"gallery-1-3124\" srcset=\"https:\/\/www.fondazionemorra.org\/wp-content\/uploads\/2020\/11\/Gian_Maria_Tosatti_La_Peste_2013_6.jpg 534w, https:\/\/www.fondazionemorra.org\/wp-content\/uploads\/2020\/11\/Gian_Maria_Tosatti_La_Peste_2013_6-200x300.jpg 200w\" sizes=\"auto, (max-width: 534px) 100vw, 534px\" \/><\/a>\n\t\t\t<\/dt>\n\t\t\t\t<dd class='wp-caption-text gallery-caption' id='gallery-1-3124'>\n\t\t\t\tInstallation View, Sette Stagioni dello Spirito 1_La Peste, Chiesa dei SS. Cosma e Damiano, Napoli,2013  Gian Maria Tosatti  Courtesy dell&#8217;artista e Fondazione Morra, Napoli\n\t\t\t\t<\/dd><\/dl><br style=\"clear: both\" \/>\n\t\t<\/div>\n\n","protected":false},"excerpt":{"rendered":"<p>26 settembre &#8211; 30 novembre 2013 OPENING 26 SETTEMBRE ORE 11:00 Chiesa dei SS. Cosma e Damiano Largo Banchi Nuovi, Napoli A cura di Eugenio Viola Dall\u2019inizio di settembre \u00e8<a class=\"excerpt-read-more\" href=\"https:\/\/www.fondazionemorra.org\/it\/evento\/gian-maria-tosatti-sette-stagioni-dello-spirito-1_la-peste\/\" title=\"ReadGian Maria Tosatti &#8211; Sette Stagioni dello Spirito 1_La Peste\">&#8230; Read more &raquo;<\/a><\/p>\n","protected":false},"author":1,"featured_media":3134,"template":"","meta":{"_acf_changed":false,"_tribe_events_status":"","_tribe_events_status_reason":"","footnotes":""},"tags":[],"tribe_events_cat":[],"class_list":["post-3123","tribe_events","type-tribe_events","status-publish","has-post-thumbnail","hentry"],"acf":[],"yoast_head":"<!-- This site is optimized with the Yoast SEO plugin v27.4 - https:\/\/yoast.com\/product\/yoast-seo-wordpress\/ -->\n<title>Gian Maria Tosatti - Sette Stagioni dello Spirito 1_La Peste - Fondazione Morra<\/title>\n<meta name=\"robots\" content=\"index, follow, max-snippet:-1, max-image-preview:large, max-video-preview:-1\" \/>\n<link rel=\"canonical\" href=\"https:\/\/www.fondazionemorra.org\/it\/evento\/gian-maria-tosatti-sette-stagioni-dello-spirito-1_la-peste\/\" \/>\n<meta property=\"og:locale\" content=\"it_IT\" \/>\n<meta property=\"og:type\" content=\"article\" \/>\n<meta property=\"og:title\" content=\"Gian Maria Tosatti - Sette Stagioni dello Spirito 1_La Peste - Fondazione Morra\" \/>\n<meta property=\"og:description\" content=\"26 settembre &#8211; 30 novembre 2013 OPENING 26 SETTEMBRE ORE 11:00 Chiesa dei SS. Cosma e Damiano Largo Banchi Nuovi, Napoli A cura di Eugenio Viola Dall\u2019inizio di settembre \u00e8... Read more &raquo;\" \/>\n<meta property=\"og:url\" content=\"https:\/\/www.fondazionemorra.org\/it\/evento\/gian-maria-tosatti-sette-stagioni-dello-spirito-1_la-peste\/\" \/>\n<meta property=\"og:site_name\" content=\"Fondazione Morra\" \/>\n<meta property=\"og:image\" content=\"https:\/\/www.fondazionemorra.org\/wp-content\/uploads\/2020\/11\/Gian_Maria_Tosatti_La_Peste_2013_1.jpg\" \/>\n\t<meta property=\"og:image:width\" content=\"531\" \/>\n\t<meta property=\"og:image:height\" content=\"800\" \/>\n\t<meta property=\"og:image:type\" content=\"image\/jpeg\" \/>\n<meta name=\"twitter:card\" content=\"summary_large_image\" \/>\n<meta name=\"twitter:label1\" content=\"Tempo di lettura stimato\" \/>\n\t<meta name=\"twitter:data1\" content=\"5 minuti\" \/>\n<script type=\"application\/ld+json\" class=\"yoast-schema-graph\">{\"@context\":\"https:\\\/\\\/schema.org\",\"@graph\":[{\"@type\":\"WebPage\",\"@id\":\"https:\\\/\\\/www.fondazionemorra.org\\\/it\\\/evento\\\/gian-maria-tosatti-sette-stagioni-dello-spirito-1_la-peste\\\/\",\"url\":\"https:\\\/\\\/www.fondazionemorra.org\\\/it\\\/evento\\\/gian-maria-tosatti-sette-stagioni-dello-spirito-1_la-peste\\\/\",\"name\":\"Gian Maria Tosatti - Sette Stagioni dello Spirito 1_La Peste - Fondazione Morra\",\"isPartOf\":{\"@id\":\"https:\\\/\\\/www.fondazionemorra.org\\\/it\\\/#website\"},\"primaryImageOfPage\":{\"@id\":\"https:\\\/\\\/www.fondazionemorra.org\\\/it\\\/evento\\\/gian-maria-tosatti-sette-stagioni-dello-spirito-1_la-peste\\\/#primaryimage\"},\"image\":{\"@id\":\"https:\\\/\\\/www.fondazionemorra.org\\\/it\\\/evento\\\/gian-maria-tosatti-sette-stagioni-dello-spirito-1_la-peste\\\/#primaryimage\"},\"thumbnailUrl\":\"https:\\\/\\\/www.fondazionemorra.org\\\/wp-content\\\/uploads\\\/2020\\\/11\\\/Gian_Maria_Tosatti_La_Peste_2013_1.jpg\",\"datePublished\":\"2020-11-22T18:30:35+00:00\",\"breadcrumb\":{\"@id\":\"https:\\\/\\\/www.fondazionemorra.org\\\/it\\\/evento\\\/gian-maria-tosatti-sette-stagioni-dello-spirito-1_la-peste\\\/#breadcrumb\"},\"inLanguage\":\"it-IT\",\"potentialAction\":[{\"@type\":\"ReadAction\",\"target\":[\"https:\\\/\\\/www.fondazionemorra.org\\\/it\\\/evento\\\/gian-maria-tosatti-sette-stagioni-dello-spirito-1_la-peste\\\/\"]}]},{\"@type\":\"ImageObject\",\"inLanguage\":\"it-IT\",\"@id\":\"https:\\\/\\\/www.fondazionemorra.org\\\/it\\\/evento\\\/gian-maria-tosatti-sette-stagioni-dello-spirito-1_la-peste\\\/#primaryimage\",\"url\":\"https:\\\/\\\/www.fondazionemorra.org\\\/wp-content\\\/uploads\\\/2020\\\/11\\\/Gian_Maria_Tosatti_La_Peste_2013_1.jpg\",\"contentUrl\":\"https:\\\/\\\/www.fondazionemorra.org\\\/wp-content\\\/uploads\\\/2020\\\/11\\\/Gian_Maria_Tosatti_La_Peste_2013_1.jpg\",\"width\":531,\"height\":800},{\"@type\":\"BreadcrumbList\",\"@id\":\"https:\\\/\\\/www.fondazionemorra.org\\\/it\\\/evento\\\/gian-maria-tosatti-sette-stagioni-dello-spirito-1_la-peste\\\/#breadcrumb\",\"itemListElement\":[{\"@type\":\"ListItem\",\"position\":1,\"name\":\"Home\",\"item\":\"https:\\\/\\\/www.fondazionemorra.org\\\/it\\\/\"},{\"@type\":\"ListItem\",\"position\":2,\"name\":\"Eventi\",\"item\":\"https:\\\/\\\/www.fondazionemorra.org\\\/it\\\/eventi\\\/\"},{\"@type\":\"ListItem\",\"position\":3,\"name\":\"Gian Maria Tosatti &#8211; Sette Stagioni dello Spirito 1_La Peste\"}]},{\"@type\":\"WebSite\",\"@id\":\"https:\\\/\\\/www.fondazionemorra.org\\\/it\\\/#website\",\"url\":\"https:\\\/\\\/www.fondazionemorra.org\\\/it\\\/\",\"name\":\"Fondazione Morra\",\"description\":\"\",\"publisher\":{\"@id\":\"https:\\\/\\\/www.fondazionemorra.org\\\/it\\\/#organization\"},\"potentialAction\":[{\"@type\":\"SearchAction\",\"target\":{\"@type\":\"EntryPoint\",\"urlTemplate\":\"https:\\\/\\\/www.fondazionemorra.org\\\/it\\\/?s={search_term_string}\"},\"query-input\":{\"@type\":\"PropertyValueSpecification\",\"valueRequired\":true,\"valueName\":\"search_term_string\"}}],\"inLanguage\":\"it-IT\"},{\"@type\":\"Organization\",\"@id\":\"https:\\\/\\\/www.fondazionemorra.org\\\/it\\\/#organization\",\"name\":\"Fondazione Morra\",\"url\":\"https:\\\/\\\/www.fondazionemorra.org\\\/it\\\/\",\"logo\":{\"@type\":\"ImageObject\",\"inLanguage\":\"it-IT\",\"@id\":\"https:\\\/\\\/www.fondazionemorra.org\\\/it\\\/#\\\/schema\\\/logo\\\/image\\\/\",\"url\":\"https:\\\/\\\/www.fondazionemorra.org\\\/wp-content\\\/uploads\\\/2021\\\/02\\\/logo.png\",\"contentUrl\":\"https:\\\/\\\/www.fondazionemorra.org\\\/wp-content\\\/uploads\\\/2021\\\/02\\\/logo.png\",\"width\":106,\"height\":114,\"caption\":\"Fondazione Morra\"},\"image\":{\"@id\":\"https:\\\/\\\/www.fondazionemorra.org\\\/it\\\/#\\\/schema\\\/logo\\\/image\\\/\"}}]}<\/script>\n<!-- \/ Yoast SEO plugin. -->","yoast_head_json":{"title":"Gian Maria Tosatti - Sette Stagioni dello Spirito 1_La Peste - Fondazione Morra","robots":{"index":"index","follow":"follow","max-snippet":"max-snippet:-1","max-image-preview":"max-image-preview:large","max-video-preview":"max-video-preview:-1"},"canonical":"https:\/\/www.fondazionemorra.org\/it\/evento\/gian-maria-tosatti-sette-stagioni-dello-spirito-1_la-peste\/","og_locale":"it_IT","og_type":"article","og_title":"Gian Maria Tosatti - Sette Stagioni dello Spirito 1_La Peste - Fondazione Morra","og_description":"26 settembre &#8211; 30 novembre 2013 OPENING 26 SETTEMBRE ORE 11:00 Chiesa dei SS. Cosma e Damiano Largo Banchi Nuovi, Napoli A cura di Eugenio Viola Dall\u2019inizio di settembre \u00e8... Read more &raquo;","og_url":"https:\/\/www.fondazionemorra.org\/it\/evento\/gian-maria-tosatti-sette-stagioni-dello-spirito-1_la-peste\/","og_site_name":"Fondazione Morra","og_image":[{"width":531,"height":800,"url":"https:\/\/www.fondazionemorra.org\/wp-content\/uploads\/2020\/11\/Gian_Maria_Tosatti_La_Peste_2013_1.jpg","type":"image\/jpeg"}],"twitter_card":"summary_large_image","twitter_misc":{"Tempo di lettura stimato":"5 minuti"},"schema":{"@context":"https:\/\/schema.org","@graph":[{"@type":"WebPage","@id":"https:\/\/www.fondazionemorra.org\/it\/evento\/gian-maria-tosatti-sette-stagioni-dello-spirito-1_la-peste\/","url":"https:\/\/www.fondazionemorra.org\/it\/evento\/gian-maria-tosatti-sette-stagioni-dello-spirito-1_la-peste\/","name":"Gian Maria Tosatti - Sette Stagioni dello Spirito 1_La Peste - Fondazione Morra","isPartOf":{"@id":"https:\/\/www.fondazionemorra.org\/it\/#website"},"primaryImageOfPage":{"@id":"https:\/\/www.fondazionemorra.org\/it\/evento\/gian-maria-tosatti-sette-stagioni-dello-spirito-1_la-peste\/#primaryimage"},"image":{"@id":"https:\/\/www.fondazionemorra.org\/it\/evento\/gian-maria-tosatti-sette-stagioni-dello-spirito-1_la-peste\/#primaryimage"},"thumbnailUrl":"https:\/\/www.fondazionemorra.org\/wp-content\/uploads\/2020\/11\/Gian_Maria_Tosatti_La_Peste_2013_1.jpg","datePublished":"2020-11-22T18:30:35+00:00","breadcrumb":{"@id":"https:\/\/www.fondazionemorra.org\/it\/evento\/gian-maria-tosatti-sette-stagioni-dello-spirito-1_la-peste\/#breadcrumb"},"inLanguage":"it-IT","potentialAction":[{"@type":"ReadAction","target":["https:\/\/www.fondazionemorra.org\/it\/evento\/gian-maria-tosatti-sette-stagioni-dello-spirito-1_la-peste\/"]}]},{"@type":"ImageObject","inLanguage":"it-IT","@id":"https:\/\/www.fondazionemorra.org\/it\/evento\/gian-maria-tosatti-sette-stagioni-dello-spirito-1_la-peste\/#primaryimage","url":"https:\/\/www.fondazionemorra.org\/wp-content\/uploads\/2020\/11\/Gian_Maria_Tosatti_La_Peste_2013_1.jpg","contentUrl":"https:\/\/www.fondazionemorra.org\/wp-content\/uploads\/2020\/11\/Gian_Maria_Tosatti_La_Peste_2013_1.jpg","width":531,"height":800},{"@type":"BreadcrumbList","@id":"https:\/\/www.fondazionemorra.org\/it\/evento\/gian-maria-tosatti-sette-stagioni-dello-spirito-1_la-peste\/#breadcrumb","itemListElement":[{"@type":"ListItem","position":1,"name":"Home","item":"https:\/\/www.fondazionemorra.org\/it\/"},{"@type":"ListItem","position":2,"name":"Eventi","item":"https:\/\/www.fondazionemorra.org\/it\/eventi\/"},{"@type":"ListItem","position":3,"name":"Gian Maria Tosatti &#8211; Sette Stagioni dello Spirito 1_La Peste"}]},{"@type":"WebSite","@id":"https:\/\/www.fondazionemorra.org\/it\/#website","url":"https:\/\/www.fondazionemorra.org\/it\/","name":"Fondazione Morra","description":"","publisher":{"@id":"https:\/\/www.fondazionemorra.org\/it\/#organization"},"potentialAction":[{"@type":"SearchAction","target":{"@type":"EntryPoint","urlTemplate":"https:\/\/www.fondazionemorra.org\/it\/?s={search_term_string}"},"query-input":{"@type":"PropertyValueSpecification","valueRequired":true,"valueName":"search_term_string"}}],"inLanguage":"it-IT"},{"@type":"Organization","@id":"https:\/\/www.fondazionemorra.org\/it\/#organization","name":"Fondazione Morra","url":"https:\/\/www.fondazionemorra.org\/it\/","logo":{"@type":"ImageObject","inLanguage":"it-IT","@id":"https:\/\/www.fondazionemorra.org\/it\/#\/schema\/logo\/image\/","url":"https:\/\/www.fondazionemorra.org\/wp-content\/uploads\/2021\/02\/logo.png","contentUrl":"https:\/\/www.fondazionemorra.org\/wp-content\/uploads\/2021\/02\/logo.png","width":106,"height":114,"caption":"Fondazione Morra"},"image":{"@id":"https:\/\/www.fondazionemorra.org\/it\/#\/schema\/logo\/image\/"}}]}},"_links":{"self":[{"href":"https:\/\/www.fondazionemorra.org\/it\/wp-json\/wp\/v2\/tribe_events\/3123","targetHints":{"allow":["GET"]}}],"collection":[{"href":"https:\/\/www.fondazionemorra.org\/it\/wp-json\/wp\/v2\/tribe_events"}],"about":[{"href":"https:\/\/www.fondazionemorra.org\/it\/wp-json\/wp\/v2\/types\/tribe_events"}],"author":[{"embeddable":true,"href":"https:\/\/www.fondazionemorra.org\/it\/wp-json\/wp\/v2\/users\/1"}],"version-history":[{"count":1,"href":"https:\/\/www.fondazionemorra.org\/it\/wp-json\/wp\/v2\/tribe_events\/3123\/revisions"}],"predecessor-version":[{"id":3136,"href":"https:\/\/www.fondazionemorra.org\/it\/wp-json\/wp\/v2\/tribe_events\/3123\/revisions\/3136"}],"wp:featuredmedia":[{"embeddable":true,"href":"https:\/\/www.fondazionemorra.org\/it\/wp-json\/wp\/v2\/media\/3134"}],"wp:attachment":[{"href":"https:\/\/www.fondazionemorra.org\/it\/wp-json\/wp\/v2\/media?parent=3123"}],"wp:term":[{"taxonomy":"post_tag","embeddable":true,"href":"https:\/\/www.fondazionemorra.org\/it\/wp-json\/wp\/v2\/tags?post=3123"},{"taxonomy":"tribe_events_cat","embeddable":true,"href":"https:\/\/www.fondazionemorra.org\/it\/wp-json\/wp\/v2\/tribe_events_cat?post=3123"}],"curies":[{"name":"wp","href":"https:\/\/api.w.org\/{rel}","templated":true}]}}