{"id":4487,"date":"2020-12-16T19:30:03","date_gmt":"2020-12-16T18:30:03","guid":{"rendered":"http:\/\/www.fondazionemorra.org\/?post_type=tribe_events&#038;p=4487"},"modified":"2021-03-03T14:45:43","modified_gmt":"2021-03-03T13:45:43","slug":"la-digestion-musica-ascoltata-raramente-ii-edizione-4","status":"publish","type":"tribe_events","link":"https:\/\/www.fondazionemorra.org\/it\/evento\/la-digestion-musica-ascoltata-raramente-ii-edizione-4\/","title":{"rendered":"La Digestion &#8211; musica ascoltata raramente II Edizione"},"content":{"rendered":"<p><strong>3 Febbraio 2018<\/strong><br \/>\nSTART CONCERTO ORE 21:00<strong><br \/>\nCasa Morra Archivio d&#8217;Arte Contemporanea<br \/>\n<\/strong>Salita San Raffaele 20\/c, Napoli<\/p>\n<p><strong>Otomo Yoshihide<\/strong> [JP] e <strong>Elio Martusciello<\/strong>\u00a0[IT]<\/p>\n<p>Alle ore 18:00 conversazione con il <strong>Prof. Carlo Serra<\/strong>\u00a0(Universit\u00e0 della Calabria)<\/p>\n<p style=\"text-align: justify;\">Continua la seconda edizione de &#8220;<strong>La Digestion &#8211; musica ascoltata raramente<\/strong>&#8220;, un festival che esplora i linguaggi pi\u00f9 innovativi della sound art contemporanea, frutto della sinergia tra le associazioni Phonurgia e EM-Arts e la Fondazione Morra.<br \/>\nL&#8217;evento del 3 febbraio costituir\u00e0 il tentativo di stabilire un nuovo format, in cui il momento musicale sar\u00e0 accompagnato da uno teorico, nella volont\u00e0 di pensare al suono come strumento fondamentale di costruzione individuale e sociale.<br \/>\nProtagonisti della giornata saranno l&#8217;interprete Otomo Yoshihide, il maestro Elio Martusciello e il filosofo della musica Carlo Serra.<br \/>\nLa conversazione pomeridiana con quest&#8217;ultimo sar\u00e0 una riflessione sulla centralit\u00e0 dell&#8217;ascolto nei processi di soggettivit\u00e0 contemporanea, un argomento che si nutre delle pratiche dei due musicisti che si esibiranno la sera nella splendida cornice di Casa Morra.<br \/>\nYoshihide esplora la dimensione della produzione e della trasformazione del suono dal vivo, attraverso l&#8217;uso di giradischi hackerati e &#8220;suonati&#8221; in modo non convenzionale, assumendosi il rischio di creare un suono la cui natura \u00e8 imprevedibile, Martusciello si concentra sul rapporto del suono con lo spazio, il tempo e l&#8217;individuo. Come spiega lo stesso Martusciello: &#8220;Sviluppare l&#8217;ascolto significa mettere in discussione se stessi, decostruire la propria prospettiva d&#8217;ascolto, ampliare l&#8217;orizzonte spazio-temporale. L&#8217;orecchio si configura come il senso dell&#8217;ospitalit\u00e0 e dell&#8217;accoglienza, strumento di apertura e di trascendenza&#8221;. Ecco la pratica dell&#8217;improvvisazione con le sue implicazioni sociali, la sua capacit\u00e0 di produrre comunit\u00e0 collega e partecipa alla filosofia dell&#8217;ospitalit\u00e0.<br \/>\nPensare il suono come qualcosa di non dato, ma creare e scoprire continuamente in comunit\u00e0 e che suggerisce l&#8217;unione, significa in ultima analisi pensare a se stessi come essenzialmente &#8220;in relazione&#8221;.<\/p>\n<h5 style=\"text-align: justify;\"><strong>Otomo Yoshihide<\/strong> [Giappone], uno dei pi\u00f9 importanti improvvisatori viventi, collaboratore tra gli altri di Luc Ferrari, JimO&#8217;Rourke, ButchMorris, Ryuichi Sakamoto, fondatore dei progetti seminariali degli anni &#8217;90 Ground Zero e ISO e dell&#8217;ONJO (Otomo New Jazz Orchestra). Utilizza i giradischi come strumenti principali per eclissare i materiali sonori in modo eclettico e ultra-dinamico, oltre che per produrre suoni in modo non convenzionale. Sfruttando non solo i vinili, ma anche oggetti metallici, sistemi a molla, cortocircuiti elettrici e feedback, Otomo opera un detournement del dispositivo sonoro che gli permette di produrre dal vivo manipolazioni, montaggi, cut-up tipici della musica concreta da studio; un&#8217;operazione di hacking non solo verso gli strumenti ma verso il suono stesso, liberato dalle gabbie della forma ed esploso in mille direzioni.<br \/>\nAttivo anche come compositore di colonne sonore e sperimentatore a 360 gradi, la sua voce \u00e8 unica nel panorama musicale internazionale, capace di rivoluzionare sia la musica concreta ed elettroacustica, sia l&#8217;improvvisazione e il freejazz; tra gli iniziatori del leggendario movimento del rumore giapponese, \u00e8 anche in quel contesto un esempio unico di contaminazione tra visceralit\u00e0, ricerca, estremismo ed eleganza.<\/h5>\n<h5 style=\"text-align: justify;\">Luc Ferrari ha detto di lui: &#8220;<em>Finalmente uomini come Otomo Yoshihide&#8230; quando l&#8217;ho sentito la prima volta, faceva musica concreta, ma in tempo reale. &#8211; quello che facevamo negli studi 50 anni fa<\/em>&#8220;.<\/h5>\n<h5 style=\"text-align: justify;\">http:\/\/otomoyoshihide.com\/en\/<\/h5>\n<p><iframe loading=\"lazy\" title=\"otomo yoshihide Tokyo Experimental Performance Archive\" width=\"1200\" height=\"675\" src=\"https:\/\/www.youtube.com\/embed\/wNgPvVPGyf0?start=706&#038;feature=oembed\" frameborder=\"0\" allow=\"accelerometer; autoplay; clipboard-write; encrypted-media; gyroscope; picture-in-picture\" allowfullscreen><\/iframe><\/p>\n<p><iframe loading=\"lazy\" title=\"Luc Ferrari &amp; Otomo Yoshihide perform &quot;Archives Sauv\u00e9es des Eaux&quot;\" width=\"1200\" height=\"900\" src=\"https:\/\/www.youtube.com\/embed\/Yhcgm3rdaUY?feature=oembed\" frameborder=\"0\" allow=\"accelerometer; autoplay; clipboard-write; encrypted-media; gyroscope; picture-in-picture\" allowfullscreen><\/iframe><\/p>\n<h5 style=\"text-align: justify;\"><strong>Elio Martusciello<\/strong> (Napoli, 1959) \u00e8 musicista, compositore e insegnante di musica elettronica ed elettroacustica. Considerato tra i maggiori esponenti italiani della musica sperimentale, da anni indirizza la sua ricerca verso un&#8217;attenta analisi del suono e delle sue relazioni con lo spazio, il tempo e l&#8217;individuo. Insegna musica elettronica al Conservatorio San Pietro a Majella di Napoli.<br \/>\nHa presentato lavori al GRM (Parigi), al Synth\u00e8se (Bourges), all&#8217;Henie Onstad Arts Center (Oslo), al PAN aroma (S\u00e3o Paolo do Brasil) e ha collaborato con musicisti e compositori sperimentali come: Alvin Curran, Thomas Lehn, Jerome Noetinger e vari altri.<\/h5>\n<p><iframe loading=\"lazy\" title=\"elio martusciello - dispositivo di superficie (from cd &quot;unoccupied areas&quot;)\" width=\"1200\" height=\"675\" src=\"https:\/\/www.youtube.com\/embed\/MP3f6oK9GL4?feature=oembed\" frameborder=\"0\" allow=\"accelerometer; autoplay; clipboard-write; encrypted-media; gyroscope; picture-in-picture\" allowfullscreen><\/iframe><\/p>\n<h5 style=\"text-align: justify;\"><strong>Carlo Serra<\/strong> (Milano, 1959) Ricercatore presso l&#8217;Universit\u00e0 della Calabria, dove insegna Estetica e Filosofia della Musica, si \u00e8 laureato in filosofia sul rapporto di Giovanni Piana con una tesi su La concezione dello spazio musicale nel pensiero di Jacques Chailley. Dal 2001 al 2008 \u00e8 stato Coordinatore del Seminario Permanente di Filosofia della Musica. Sempre fino al 2008 \u00e8 stato direttore della collana &#8220;Il Dodecaedro&#8221;, con Giovanni Piana, Paolo Spinicci ed Elio Franzini.<\/h5>\n","protected":false},"excerpt":{"rendered":"<p>3 Febbraio 2018 START CONCERTO ORE 21:00 Casa Morra Archivio d&#8217;Arte Contemporanea Salita San Raffaele 20\/c, Napoli Otomo Yoshihide [JP] e Elio Martusciello\u00a0[IT] Alle ore 18:00 conversazione con il Prof.<a class=\"excerpt-read-more\" href=\"https:\/\/www.fondazionemorra.org\/it\/evento\/la-digestion-musica-ascoltata-raramente-ii-edizione-4\/\" title=\"ReadLa Digestion &#8211; musica ascoltata raramente II Edizione\">&#8230; Read more &raquo;<\/a><\/p>\n","protected":false},"author":1,"featured_media":4492,"template":"","meta":{"_acf_changed":false,"_tribe_events_status":"","_tribe_events_status_reason":"","footnotes":""},"tags":[],"tribe_events_cat":[12],"class_list":["post-4487","tribe_events","type-tribe_events","status-publish","has-post-thumbnail","hentry","tribe_events_cat-casa-morra","cat_casa-morra"],"acf":[],"yoast_head":"<!-- This site is optimized with the Yoast SEO plugin v27.4 - https:\/\/yoast.com\/product\/yoast-seo-wordpress\/ -->\n<title>La Digestion - musica ascoltata raramente II Edizione - Fondazione Morra<\/title>\n<meta name=\"robots\" content=\"index, follow, max-snippet:-1, max-image-preview:large, max-video-preview:-1\" \/>\n<link rel=\"canonical\" href=\"https:\/\/www.fondazionemorra.org\/it\/evento\/la-digestion-musica-ascoltata-raramente-ii-edizione-4\/\" \/>\n<meta property=\"og:locale\" content=\"it_IT\" \/>\n<meta property=\"og:type\" content=\"article\" \/>\n<meta property=\"og:title\" content=\"La Digestion - musica ascoltata raramente II Edizione - Fondazione Morra\" \/>\n<meta property=\"og:description\" content=\"3 Febbraio 2018 START CONCERTO ORE 21:00 Casa Morra Archivio d&#8217;Arte Contemporanea Salita San Raffaele 20\/c, Napoli Otomo Yoshihide [JP] e Elio Martusciello\u00a0[IT] Alle ore 18:00 conversazione con il Prof.... Read more &raquo;\" \/>\n<meta property=\"og:url\" content=\"https:\/\/www.fondazionemorra.org\/it\/evento\/la-digestion-musica-ascoltata-raramente-ii-edizione-4\/\" \/>\n<meta property=\"og:site_name\" content=\"Fondazione Morra\" \/>\n<meta property=\"article:modified_time\" content=\"2021-03-03T13:45:43+00:00\" \/>\n<meta property=\"og:image\" content=\"https:\/\/www.fondazionemorra.org\/wp-content\/uploads\/2020\/11\/3-Febbraio-2018-otomo_hi.jpg\" \/>\n\t<meta property=\"og:image:width\" content=\"1200\" \/>\n\t<meta property=\"og:image:height\" content=\"675\" \/>\n\t<meta property=\"og:image:type\" content=\"image\/jpeg\" \/>\n<meta name=\"twitter:card\" content=\"summary_large_image\" \/>\n<meta name=\"twitter:label1\" content=\"Tempo di lettura stimato\" \/>\n\t<meta name=\"twitter:data1\" content=\"3 minuti\" \/>\n<script type=\"application\/ld+json\" class=\"yoast-schema-graph\">{\"@context\":\"https:\\\/\\\/schema.org\",\"@graph\":[{\"@type\":\"WebPage\",\"@id\":\"https:\\\/\\\/www.fondazionemorra.org\\\/it\\\/evento\\\/la-digestion-musica-ascoltata-raramente-ii-edizione-4\\\/\",\"url\":\"https:\\\/\\\/www.fondazionemorra.org\\\/it\\\/evento\\\/la-digestion-musica-ascoltata-raramente-ii-edizione-4\\\/\",\"name\":\"La Digestion - musica ascoltata raramente II Edizione - Fondazione Morra\",\"isPartOf\":{\"@id\":\"https:\\\/\\\/www.fondazionemorra.org\\\/it\\\/#website\"},\"primaryImageOfPage\":{\"@id\":\"https:\\\/\\\/www.fondazionemorra.org\\\/it\\\/evento\\\/la-digestion-musica-ascoltata-raramente-ii-edizione-4\\\/#primaryimage\"},\"image\":{\"@id\":\"https:\\\/\\\/www.fondazionemorra.org\\\/it\\\/evento\\\/la-digestion-musica-ascoltata-raramente-ii-edizione-4\\\/#primaryimage\"},\"thumbnailUrl\":\"https:\\\/\\\/www.fondazionemorra.org\\\/wp-content\\\/uploads\\\/2020\\\/11\\\/3-Febbraio-2018-otomo_hi.jpg\",\"datePublished\":\"2020-12-16T18:30:03+00:00\",\"dateModified\":\"2021-03-03T13:45:43+00:00\",\"breadcrumb\":{\"@id\":\"https:\\\/\\\/www.fondazionemorra.org\\\/it\\\/evento\\\/la-digestion-musica-ascoltata-raramente-ii-edizione-4\\\/#breadcrumb\"},\"inLanguage\":\"it-IT\",\"potentialAction\":[{\"@type\":\"ReadAction\",\"target\":[\"https:\\\/\\\/www.fondazionemorra.org\\\/it\\\/evento\\\/la-digestion-musica-ascoltata-raramente-ii-edizione-4\\\/\"]}]},{\"@type\":\"ImageObject\",\"inLanguage\":\"it-IT\",\"@id\":\"https:\\\/\\\/www.fondazionemorra.org\\\/it\\\/evento\\\/la-digestion-musica-ascoltata-raramente-ii-edizione-4\\\/#primaryimage\",\"url\":\"https:\\\/\\\/www.fondazionemorra.org\\\/wp-content\\\/uploads\\\/2020\\\/11\\\/3-Febbraio-2018-otomo_hi.jpg\",\"contentUrl\":\"https:\\\/\\\/www.fondazionemorra.org\\\/wp-content\\\/uploads\\\/2020\\\/11\\\/3-Febbraio-2018-otomo_hi.jpg\",\"width\":1200,\"height\":675},{\"@type\":\"BreadcrumbList\",\"@id\":\"https:\\\/\\\/www.fondazionemorra.org\\\/it\\\/evento\\\/la-digestion-musica-ascoltata-raramente-ii-edizione-4\\\/#breadcrumb\",\"itemListElement\":[{\"@type\":\"ListItem\",\"position\":1,\"name\":\"Home\",\"item\":\"https:\\\/\\\/www.fondazionemorra.org\\\/it\\\/\"},{\"@type\":\"ListItem\",\"position\":2,\"name\":\"Eventi\",\"item\":\"https:\\\/\\\/www.fondazionemorra.org\\\/it\\\/eventi\\\/\"},{\"@type\":\"ListItem\",\"position\":3,\"name\":\"La Digestion &#8211; musica ascoltata raramente II Edizione\"}]},{\"@type\":\"WebSite\",\"@id\":\"https:\\\/\\\/www.fondazionemorra.org\\\/it\\\/#website\",\"url\":\"https:\\\/\\\/www.fondazionemorra.org\\\/it\\\/\",\"name\":\"Fondazione Morra\",\"description\":\"\",\"publisher\":{\"@id\":\"https:\\\/\\\/www.fondazionemorra.org\\\/it\\\/#organization\"},\"potentialAction\":[{\"@type\":\"SearchAction\",\"target\":{\"@type\":\"EntryPoint\",\"urlTemplate\":\"https:\\\/\\\/www.fondazionemorra.org\\\/it\\\/?s={search_term_string}\"},\"query-input\":{\"@type\":\"PropertyValueSpecification\",\"valueRequired\":true,\"valueName\":\"search_term_string\"}}],\"inLanguage\":\"it-IT\"},{\"@type\":\"Organization\",\"@id\":\"https:\\\/\\\/www.fondazionemorra.org\\\/it\\\/#organization\",\"name\":\"Fondazione Morra\",\"url\":\"https:\\\/\\\/www.fondazionemorra.org\\\/it\\\/\",\"logo\":{\"@type\":\"ImageObject\",\"inLanguage\":\"it-IT\",\"@id\":\"https:\\\/\\\/www.fondazionemorra.org\\\/it\\\/#\\\/schema\\\/logo\\\/image\\\/\",\"url\":\"https:\\\/\\\/www.fondazionemorra.org\\\/wp-content\\\/uploads\\\/2021\\\/02\\\/logo.png\",\"contentUrl\":\"https:\\\/\\\/www.fondazionemorra.org\\\/wp-content\\\/uploads\\\/2021\\\/02\\\/logo.png\",\"width\":106,\"height\":114,\"caption\":\"Fondazione Morra\"},\"image\":{\"@id\":\"https:\\\/\\\/www.fondazionemorra.org\\\/it\\\/#\\\/schema\\\/logo\\\/image\\\/\"}}]}<\/script>\n<!-- \/ Yoast SEO plugin. -->","yoast_head_json":{"title":"La Digestion - musica ascoltata raramente II Edizione - Fondazione Morra","robots":{"index":"index","follow":"follow","max-snippet":"max-snippet:-1","max-image-preview":"max-image-preview:large","max-video-preview":"max-video-preview:-1"},"canonical":"https:\/\/www.fondazionemorra.org\/it\/evento\/la-digestion-musica-ascoltata-raramente-ii-edizione-4\/","og_locale":"it_IT","og_type":"article","og_title":"La Digestion - musica ascoltata raramente II Edizione - Fondazione Morra","og_description":"3 Febbraio 2018 START CONCERTO ORE 21:00 Casa Morra Archivio d&#8217;Arte Contemporanea Salita San Raffaele 20\/c, Napoli Otomo Yoshihide [JP] e Elio Martusciello\u00a0[IT] Alle ore 18:00 conversazione con il Prof.... Read more &raquo;","og_url":"https:\/\/www.fondazionemorra.org\/it\/evento\/la-digestion-musica-ascoltata-raramente-ii-edizione-4\/","og_site_name":"Fondazione Morra","article_modified_time":"2021-03-03T13:45:43+00:00","og_image":[{"width":1200,"height":675,"url":"https:\/\/www.fondazionemorra.org\/wp-content\/uploads\/2020\/11\/3-Febbraio-2018-otomo_hi.jpg","type":"image\/jpeg"}],"twitter_card":"summary_large_image","twitter_misc":{"Tempo di lettura stimato":"3 minuti"},"schema":{"@context":"https:\/\/schema.org","@graph":[{"@type":"WebPage","@id":"https:\/\/www.fondazionemorra.org\/it\/evento\/la-digestion-musica-ascoltata-raramente-ii-edizione-4\/","url":"https:\/\/www.fondazionemorra.org\/it\/evento\/la-digestion-musica-ascoltata-raramente-ii-edizione-4\/","name":"La Digestion - musica ascoltata raramente II Edizione - Fondazione Morra","isPartOf":{"@id":"https:\/\/www.fondazionemorra.org\/it\/#website"},"primaryImageOfPage":{"@id":"https:\/\/www.fondazionemorra.org\/it\/evento\/la-digestion-musica-ascoltata-raramente-ii-edizione-4\/#primaryimage"},"image":{"@id":"https:\/\/www.fondazionemorra.org\/it\/evento\/la-digestion-musica-ascoltata-raramente-ii-edizione-4\/#primaryimage"},"thumbnailUrl":"https:\/\/www.fondazionemorra.org\/wp-content\/uploads\/2020\/11\/3-Febbraio-2018-otomo_hi.jpg","datePublished":"2020-12-16T18:30:03+00:00","dateModified":"2021-03-03T13:45:43+00:00","breadcrumb":{"@id":"https:\/\/www.fondazionemorra.org\/it\/evento\/la-digestion-musica-ascoltata-raramente-ii-edizione-4\/#breadcrumb"},"inLanguage":"it-IT","potentialAction":[{"@type":"ReadAction","target":["https:\/\/www.fondazionemorra.org\/it\/evento\/la-digestion-musica-ascoltata-raramente-ii-edizione-4\/"]}]},{"@type":"ImageObject","inLanguage":"it-IT","@id":"https:\/\/www.fondazionemorra.org\/it\/evento\/la-digestion-musica-ascoltata-raramente-ii-edizione-4\/#primaryimage","url":"https:\/\/www.fondazionemorra.org\/wp-content\/uploads\/2020\/11\/3-Febbraio-2018-otomo_hi.jpg","contentUrl":"https:\/\/www.fondazionemorra.org\/wp-content\/uploads\/2020\/11\/3-Febbraio-2018-otomo_hi.jpg","width":1200,"height":675},{"@type":"BreadcrumbList","@id":"https:\/\/www.fondazionemorra.org\/it\/evento\/la-digestion-musica-ascoltata-raramente-ii-edizione-4\/#breadcrumb","itemListElement":[{"@type":"ListItem","position":1,"name":"Home","item":"https:\/\/www.fondazionemorra.org\/it\/"},{"@type":"ListItem","position":2,"name":"Eventi","item":"https:\/\/www.fondazionemorra.org\/it\/eventi\/"},{"@type":"ListItem","position":3,"name":"La Digestion &#8211; musica ascoltata raramente II Edizione"}]},{"@type":"WebSite","@id":"https:\/\/www.fondazionemorra.org\/it\/#website","url":"https:\/\/www.fondazionemorra.org\/it\/","name":"Fondazione Morra","description":"","publisher":{"@id":"https:\/\/www.fondazionemorra.org\/it\/#organization"},"potentialAction":[{"@type":"SearchAction","target":{"@type":"EntryPoint","urlTemplate":"https:\/\/www.fondazionemorra.org\/it\/?s={search_term_string}"},"query-input":{"@type":"PropertyValueSpecification","valueRequired":true,"valueName":"search_term_string"}}],"inLanguage":"it-IT"},{"@type":"Organization","@id":"https:\/\/www.fondazionemorra.org\/it\/#organization","name":"Fondazione Morra","url":"https:\/\/www.fondazionemorra.org\/it\/","logo":{"@type":"ImageObject","inLanguage":"it-IT","@id":"https:\/\/www.fondazionemorra.org\/it\/#\/schema\/logo\/image\/","url":"https:\/\/www.fondazionemorra.org\/wp-content\/uploads\/2021\/02\/logo.png","contentUrl":"https:\/\/www.fondazionemorra.org\/wp-content\/uploads\/2021\/02\/logo.png","width":106,"height":114,"caption":"Fondazione Morra"},"image":{"@id":"https:\/\/www.fondazionemorra.org\/it\/#\/schema\/logo\/image\/"}}]}},"_links":{"self":[{"href":"https:\/\/www.fondazionemorra.org\/it\/wp-json\/wp\/v2\/tribe_events\/4487","targetHints":{"allow":["GET"]}}],"collection":[{"href":"https:\/\/www.fondazionemorra.org\/it\/wp-json\/wp\/v2\/tribe_events"}],"about":[{"href":"https:\/\/www.fondazionemorra.org\/it\/wp-json\/wp\/v2\/types\/tribe_events"}],"author":[{"embeddable":true,"href":"https:\/\/www.fondazionemorra.org\/it\/wp-json\/wp\/v2\/users\/1"}],"version-history":[{"count":3,"href":"https:\/\/www.fondazionemorra.org\/it\/wp-json\/wp\/v2\/tribe_events\/4487\/revisions"}],"predecessor-version":[{"id":5466,"href":"https:\/\/www.fondazionemorra.org\/it\/wp-json\/wp\/v2\/tribe_events\/4487\/revisions\/5466"}],"wp:featuredmedia":[{"embeddable":true,"href":"https:\/\/www.fondazionemorra.org\/it\/wp-json\/wp\/v2\/media\/4492"}],"wp:attachment":[{"href":"https:\/\/www.fondazionemorra.org\/it\/wp-json\/wp\/v2\/media?parent=4487"}],"wp:term":[{"taxonomy":"post_tag","embeddable":true,"href":"https:\/\/www.fondazionemorra.org\/it\/wp-json\/wp\/v2\/tags?post=4487"},{"taxonomy":"tribe_events_cat","embeddable":true,"href":"https:\/\/www.fondazionemorra.org\/it\/wp-json\/wp\/v2\/tribe_events_cat?post=4487"}],"curies":[{"name":"wp","href":"https:\/\/api.w.org\/{rel}","templated":true}]}}