{"id":4578,"date":"2020-12-17T22:00:43","date_gmt":"2020-12-17T21:00:43","guid":{"rendered":"http:\/\/www.fondazionemorra.org\/?post_type=tribe_events&#038;p=4578"},"modified":"2020-12-17T22:00:43","modified_gmt":"2020-12-17T21:00:43","slug":"ventanni-di-suoni-contemporanei-con-dissonanzen","status":"publish","type":"tribe_events","link":"https:\/\/www.fondazionemorra.org\/it\/evento\/ventanni-di-suoni-contemporanei-con-dissonanzen\/","title":{"rendered":"Vent\u2019anni di Suoni Contemporanei con Dissonanzen"},"content":{"rendered":"<p><strong>27 gennaio 2014<\/strong><br \/>\nSTART ORE 20:00<br \/>\n<strong>Museo Hermann Nitsch\u00a0<\/strong><br \/>\nVico Lungo Pontecorvo 29\/d, Napoli<\/p>\n<p>&nbsp;<\/p>\n<p style=\"text-align: justify;\"><strong>Dissonanzen <\/strong>compie vent\u2019anni. Vent\u2019anni in cui si sono prodotti e organizzati 200 tra concerti, eventi, rassegne di cinema sonorizzato, festival, pubblicazioni e 4 incisioni discografiche. Vent\u2019anni di grandi successi e di prestigiose collaborazioni, che hanno animato la scena della musica contemporanea a Napoli, in Italia al Ravenna festival, al Cantiere Internazionale di Montepulciano, al festival Traiettorie di Parma, con apparizioni significative anche all\u2019estero al festival di Salisburgo, al Guggenheim di New York, al Festival di Annecy. Vent\u2019anni di suoni contemporanei, caratterizzati da un lavoro svolto all\u2019insegna della ricerca e della sperimentazione. Dissonanzen ha sviluppato in questi anni un percorso di produzione di progetti inediti attraverso l\u2019attivit\u00e0 dell\u2019Ensemble Dissonanzen, realizzando in prima esecuzione napoletana fondamentali opere del secondo \u2018900 come <strong><em>Le Marteau sains Maitre<\/em><\/strong> di <strong>Pierre Boulez<\/strong> e <strong><em>Autotono<\/em><\/strong> di <strong>Sylvano Bussotti<\/strong>. Un lavoro in continuo divenire e sempre diversificato attraverso la collaborazione di ospiti di as\u00adsoluto rilievo come <strong>Cristina Zavalloni<\/strong>, <strong>Marc<\/strong> <strong>Ribot<\/strong>, <strong>Michel Godard<\/strong>, <strong>Markus Stockhausen<\/strong>, <strong>Adam Rudolph<\/strong>, <strong>Alvin Curran<\/strong>, <strong>Stefano Scodanibbio<\/strong>, <strong>Agostino Di Scipio<\/strong>, <strong>Jim Pugliese<\/strong>, cercando sempre strade nuove, senza mai identificarsi in un <em>suono<\/em> predefinito. \u00a0Per festeggiarli, <strong>luned\u00ec 27 gennaio <\/strong>ore<strong> 20.00<\/strong> al <strong>Museo Hermann Nitsch<\/strong> | vico Lungo Pontecorvo 29\/d, Napoli, in collaborazione con la <strong>Fondazione Morra<\/strong>, sar\u00e0 presentato il box di cinque cd, in una serata animata esecuzioni live, performance improvvisative, ospiti e testimonianze video. Un vero e proprio happening di suoni, testi e immagini, animato da tutti gli artisti di Dissonanzen e da ospiti quali il <strong>VJ Andrea Lapsus, Federico Odling, Gianni Trovalusci. <\/strong>Esecuzioni live di autori a cui da sempre Dissonanzen \u00e8 legata, quali <strong>John Cage<\/strong>, <strong>Bruno Maderna<\/strong>, <strong>Cathy Berberian<\/strong>, <strong>Erwin Schuloff<\/strong>, <strong>Franco Evangelisti<\/strong>, <strong>Hans Werner Henze<\/strong>, <strong>Gene Pritsker<\/strong>, <strong>Cole Porter<\/strong>, <strong>Morton Feldman<\/strong>, <strong>Giacinto Scelsi<\/strong>, improvvisazioni a cura dell&#8217;Ensemble Dissonanzen, lettura di testi a cura di <strong>Enzo Salomone Quodlibet<\/strong>, e la visione di un <em>patchwork<\/em> video curato da <strong>Paola Pagliuca<\/strong> e VJ Lapsus (alias Andrea Pennisi), realizzato con i contributi di molti artisti e intellettuali con cui Dissonanzen ha collaborato in questi anni: tra questi <strong>Cristina Zavalloni<\/strong>, <strong>Marc Ribot <\/strong>e lo scrittore <strong>Ermanno Rea<\/strong>.<\/p>\n<p style=\"text-align: justify;\">Sul palco <strong>Daniela del Monaco<\/strong>, contralto, <strong>Tommaso Rossi <\/strong>e <strong>Gianni Trovalusci<\/strong>, flauti, <strong>Marco Sannini<\/strong> tromba, <strong>Daniele Colombo<\/strong>, violino, <strong>Marco Vitali<\/strong> e <strong>Federico Odling<\/strong>, violoncello,\u00a0 <strong>Marco Cappelli<\/strong>, chitarra <strong>Ciro Longobardi<\/strong> e <strong>Francesco D&#8217;Errico<\/strong>, pianoforte<\/p>\n<p style=\"text-align: justify;\"><strong>Alessandra Petitti<\/strong>, danza. Ingresso gratuito.<\/p>\n<p style=\"text-align: justify;\">La raccolta edita in collaborazione con l&#8217;etichetta milanese <strong><em>Die Schachtel<\/em><\/strong> e curata da <strong>Ciro Longobardi<\/strong> e <strong>Tommaso Rossi<\/strong>, contiene incisioni che testimoniano le tappe fondamentali del percorso artistico dell\u2019Associazione e dell\u2019Ensemble.<\/p>\n<p style=\"text-align: justify;\">Pezzi di vita musicale di un\u2019avventura cominciata a Napoli nel 1993 grazie all\u2019intuizione di Marco Vitali, e proseguita con l\u2019impegno corale dei membri dell\u2019Associazione, i musicisti dell\u2019ensemble, <strong>Marco Cappelli<\/strong>, <strong>Daniele Colombo<\/strong>, <strong>Francesco D\u2019Errico<\/strong>, <strong>Raffaele Di Donna,<\/strong> <strong>Ciro Longobardi<\/strong>, <strong>Claudio Lugo<\/strong>, <strong>Marco Sannini<\/strong>, <strong>Tommaso Rossi<\/strong>, l\u2019attore <strong>Enzo Salomone<\/strong> e la danzatrice <strong>Alessandra Petitti<\/strong>. Le registrazioni presenti nel cofanetto coprono un arco di circa sei anni, dal 2003 al 2009, e evidenziano quanto l\u2019improvvisazione, oltre al repertorio scritto, sia stata centrale nella ricerca musicale e stilistica dell\u2019ensemble. \u201cL\u2019improvvisazione rappresenta qualcosa di pi\u00f9 che un\u2019esigenza estetica &#8211; spiega Tommaso Rossi, presidente dell\u2019associazione dal 2000 e flautista dell\u2019ensemble \u2013 \u00c8 il messaggio politico-culturale che caratterizza il lavoro di una comunit\u00e0 artistica come la nostra e rappresenta una delle sue cifre di espressione.\u201d \u201cDopo due dischi dedicati a grandi compositori contemporanei, Luigi Dallapiccola, Goffredo Petrassi, Hans Werner Henze \u2013spiega Ciro Longobardi &#8211; abbiamo sentito l\u2019esigenza di documentare pubblicamente il nostro percorso nell\u2019ambito della creativit\u00e0 estemporanea. Avevamo nel cassetto alcune ottime registrazioni, sia live che in studio, che ci \u00e8 sembrato acquistassero ancora pi\u00f9 forza nell\u2019essere presentate tutte insieme e nella reciproca complementariet\u00e0 che esalta i diversi tipi di improvvisazione affrontati. L\u2019imminente ventennale dell\u2019Associazione ha finalmente fornito l\u2019occasione per pubblicare questi documenti sonori, cui siamo molto legati dal punto di vista sia artistico che affettivo.\u201d<\/p>\n<p style=\"text-align: justify;\">I cinque progetti che compongono il cofanetto rappresenta\u00adno cinque strade diverse di concepire l\u2019improv\u00advisazione. Nel caso di <strong><em>Man Ray Suite<\/em><\/strong> convivo\u00adno insieme due idee: il lavoro cinematografico di <strong>Man Ray<\/strong> come <strong><em>Partitura grafica in movi\u00admento<\/em><\/strong> e la musica di <strong>Satie <\/strong>come materiale per l\u2019improvvisazione. Per <strong><em>Alchemic Sounds<\/em><\/strong> il grande jazz di <strong>Monk <\/strong>e <strong>Gillespie<\/strong> \u00e8 il pun\u00adto di partenza per un tipo di approccio pi\u00f9 sperimentale, che trova un protagonismo solistico negli assoli strumentali, a cura dei musicisti dell\u2019ensemble. Anche qui lo spunto iniziale, costituito dai cortometraggi di <strong>Harry Smith<\/strong>, \u00e8 diventato solo un ricordo, perch\u00e9 la musica ha ormai preso il soprav\u00advento e vive in autonomia.<\/p>\n<p style=\"text-align: justify;\"><strong><em>Musica Porosa<\/em><\/strong> \u00e8 stata la prima pubblicazione discografica dell\u2019Ensem\u00adble, nel 2004, frutto del bellissimo incontro umano ed artistico con <strong>Markus Stockhausen<\/strong> e <strong>Tara Bou\u00adman<\/strong>. L\u2019idea di porosit\u00e0 non \u00e8 solo un pretesto ma una declinazione ulteriore del carattere \u201cintuitivo\u201d dell\u2019approccio estetico di <strong>Markus Stockhausen<\/strong>, straordinariamente evocativo e nello stesso tempo indirizzato alla costruzio\u00adne di un suono d\u2019insieme.<\/p>\n<p style=\"text-align: justify;\"><strong><em>Teatrini napoletani<\/em><\/strong> riunisce alcuni lavori di <strong>Claudio Lugo<\/strong>, direttore artistico dell\u2019ensemble dal 2000 al 2006, scritti espressamente per Dissonanzen, in cui \u00e8 for\u00adte la presenza del testo e di una dimensione para-teatrale, la voce attoriale e recitante di <strong>Enzo Salomone<\/strong>, con le sue infinite sfumature musicali, la vocalit\u00e0 sensuale di <strong>Daniela Del<\/strong> <strong>Monaco<\/strong> e <strong>Roberta Andal\u00f2<\/strong>.<\/p>\n<p style=\"text-align: justify;\">Infine <strong><em>A Glimpse<\/em><\/strong> raccoglie le migliori sessioni di prove in stu\u00addio realizzate in occasione di un concerto con <strong>Adam Rudolph<\/strong> nel novembre del 2009.<\/p>\n","protected":false},"excerpt":{"rendered":"<p>27 gennaio 2014 START ORE 20:00 Museo Hermann Nitsch\u00a0 Vico Lungo Pontecorvo 29\/d, Napoli &nbsp; Dissonanzen compie vent\u2019anni. Vent\u2019anni in cui si sono prodotti e organizzati 200 tra concerti, eventi,<a class=\"excerpt-read-more\" href=\"https:\/\/www.fondazionemorra.org\/it\/evento\/ventanni-di-suoni-contemporanei-con-dissonanzen\/\" title=\"ReadVent\u2019anni di Suoni Contemporanei con Dissonanzen\">&#8230; Read more &raquo;<\/a><\/p>\n","protected":false},"author":1,"featured_media":4579,"template":"","meta":{"_acf_changed":false,"_tribe_events_status":"","_tribe_events_status_reason":"","footnotes":""},"tags":[],"tribe_events_cat":[15],"class_list":["post-4578","tribe_events","type-tribe_events","status-publish","has-post-thumbnail","hentry","tribe_events_cat-museo-nitsch","cat_museo-nitsch"],"acf":[],"yoast_head":"<!-- This site is optimized with the Yoast SEO plugin v27.4 - https:\/\/yoast.com\/product\/yoast-seo-wordpress\/ -->\n<title>Vent\u2019anni di Suoni Contemporanei con Dissonanzen - Fondazione Morra<\/title>\n<meta name=\"robots\" content=\"index, follow, max-snippet:-1, max-image-preview:large, max-video-preview:-1\" \/>\n<link rel=\"canonical\" href=\"https:\/\/www.fondazionemorra.org\/it\/evento\/ventanni-di-suoni-contemporanei-con-dissonanzen\/\" \/>\n<meta property=\"og:locale\" content=\"it_IT\" \/>\n<meta property=\"og:type\" content=\"article\" \/>\n<meta property=\"og:title\" content=\"Vent\u2019anni di Suoni Contemporanei con Dissonanzen - Fondazione Morra\" \/>\n<meta property=\"og:description\" content=\"27 gennaio 2014 START ORE 20:00 Museo Hermann Nitsch\u00a0 Vico Lungo Pontecorvo 29\/d, Napoli &nbsp; Dissonanzen compie vent\u2019anni. Vent\u2019anni in cui si sono prodotti e organizzati 200 tra concerti, eventi,... Read more &raquo;\" \/>\n<meta property=\"og:url\" content=\"https:\/\/www.fondazionemorra.org\/it\/evento\/ventanni-di-suoni-contemporanei-con-dissonanzen\/\" \/>\n<meta property=\"og:site_name\" content=\"Fondazione Morra\" \/>\n<meta property=\"og:image\" content=\"https:\/\/www.fondazionemorra.org\/wp-content\/uploads\/2020\/12\/locandina-Dissonanzen_page-0001.jpg\" \/>\n\t<meta property=\"og:image:width\" content=\"848\" \/>\n\t<meta property=\"og:image:height\" content=\"1200\" \/>\n\t<meta property=\"og:image:type\" content=\"image\/jpeg\" \/>\n<meta name=\"twitter:card\" content=\"summary_large_image\" \/>\n<meta name=\"twitter:label1\" content=\"Tempo di lettura stimato\" \/>\n\t<meta name=\"twitter:data1\" content=\"5 minuti\" \/>\n<script type=\"application\/ld+json\" class=\"yoast-schema-graph\">{\"@context\":\"https:\\\/\\\/schema.org\",\"@graph\":[{\"@type\":\"WebPage\",\"@id\":\"https:\\\/\\\/www.fondazionemorra.org\\\/it\\\/evento\\\/ventanni-di-suoni-contemporanei-con-dissonanzen\\\/\",\"url\":\"https:\\\/\\\/www.fondazionemorra.org\\\/it\\\/evento\\\/ventanni-di-suoni-contemporanei-con-dissonanzen\\\/\",\"name\":\"Vent\u2019anni di Suoni Contemporanei con Dissonanzen - Fondazione Morra\",\"isPartOf\":{\"@id\":\"https:\\\/\\\/www.fondazionemorra.org\\\/it\\\/#website\"},\"primaryImageOfPage\":{\"@id\":\"https:\\\/\\\/www.fondazionemorra.org\\\/it\\\/evento\\\/ventanni-di-suoni-contemporanei-con-dissonanzen\\\/#primaryimage\"},\"image\":{\"@id\":\"https:\\\/\\\/www.fondazionemorra.org\\\/it\\\/evento\\\/ventanni-di-suoni-contemporanei-con-dissonanzen\\\/#primaryimage\"},\"thumbnailUrl\":\"https:\\\/\\\/www.fondazionemorra.org\\\/wp-content\\\/uploads\\\/2020\\\/12\\\/locandina-Dissonanzen_page-0001.jpg\",\"datePublished\":\"2020-12-17T21:00:43+00:00\",\"breadcrumb\":{\"@id\":\"https:\\\/\\\/www.fondazionemorra.org\\\/it\\\/evento\\\/ventanni-di-suoni-contemporanei-con-dissonanzen\\\/#breadcrumb\"},\"inLanguage\":\"it-IT\",\"potentialAction\":[{\"@type\":\"ReadAction\",\"target\":[\"https:\\\/\\\/www.fondazionemorra.org\\\/it\\\/evento\\\/ventanni-di-suoni-contemporanei-con-dissonanzen\\\/\"]}]},{\"@type\":\"ImageObject\",\"inLanguage\":\"it-IT\",\"@id\":\"https:\\\/\\\/www.fondazionemorra.org\\\/it\\\/evento\\\/ventanni-di-suoni-contemporanei-con-dissonanzen\\\/#primaryimage\",\"url\":\"https:\\\/\\\/www.fondazionemorra.org\\\/wp-content\\\/uploads\\\/2020\\\/12\\\/locandina-Dissonanzen_page-0001.jpg\",\"contentUrl\":\"https:\\\/\\\/www.fondazionemorra.org\\\/wp-content\\\/uploads\\\/2020\\\/12\\\/locandina-Dissonanzen_page-0001.jpg\",\"width\":848,\"height\":1200},{\"@type\":\"BreadcrumbList\",\"@id\":\"https:\\\/\\\/www.fondazionemorra.org\\\/it\\\/evento\\\/ventanni-di-suoni-contemporanei-con-dissonanzen\\\/#breadcrumb\",\"itemListElement\":[{\"@type\":\"ListItem\",\"position\":1,\"name\":\"Home\",\"item\":\"https:\\\/\\\/www.fondazionemorra.org\\\/it\\\/\"},{\"@type\":\"ListItem\",\"position\":2,\"name\":\"Eventi\",\"item\":\"https:\\\/\\\/www.fondazionemorra.org\\\/it\\\/eventi\\\/\"},{\"@type\":\"ListItem\",\"position\":3,\"name\":\"Vent\u2019anni di Suoni Contemporanei con Dissonanzen\"}]},{\"@type\":\"WebSite\",\"@id\":\"https:\\\/\\\/www.fondazionemorra.org\\\/it\\\/#website\",\"url\":\"https:\\\/\\\/www.fondazionemorra.org\\\/it\\\/\",\"name\":\"Fondazione Morra\",\"description\":\"\",\"publisher\":{\"@id\":\"https:\\\/\\\/www.fondazionemorra.org\\\/it\\\/#organization\"},\"potentialAction\":[{\"@type\":\"SearchAction\",\"target\":{\"@type\":\"EntryPoint\",\"urlTemplate\":\"https:\\\/\\\/www.fondazionemorra.org\\\/it\\\/?s={search_term_string}\"},\"query-input\":{\"@type\":\"PropertyValueSpecification\",\"valueRequired\":true,\"valueName\":\"search_term_string\"}}],\"inLanguage\":\"it-IT\"},{\"@type\":\"Organization\",\"@id\":\"https:\\\/\\\/www.fondazionemorra.org\\\/it\\\/#organization\",\"name\":\"Fondazione Morra\",\"url\":\"https:\\\/\\\/www.fondazionemorra.org\\\/it\\\/\",\"logo\":{\"@type\":\"ImageObject\",\"inLanguage\":\"it-IT\",\"@id\":\"https:\\\/\\\/www.fondazionemorra.org\\\/it\\\/#\\\/schema\\\/logo\\\/image\\\/\",\"url\":\"https:\\\/\\\/www.fondazionemorra.org\\\/wp-content\\\/uploads\\\/2021\\\/02\\\/logo.png\",\"contentUrl\":\"https:\\\/\\\/www.fondazionemorra.org\\\/wp-content\\\/uploads\\\/2021\\\/02\\\/logo.png\",\"width\":106,\"height\":114,\"caption\":\"Fondazione Morra\"},\"image\":{\"@id\":\"https:\\\/\\\/www.fondazionemorra.org\\\/it\\\/#\\\/schema\\\/logo\\\/image\\\/\"}}]}<\/script>\n<!-- \/ Yoast SEO plugin. -->","yoast_head_json":{"title":"Vent\u2019anni di Suoni Contemporanei con Dissonanzen - Fondazione Morra","robots":{"index":"index","follow":"follow","max-snippet":"max-snippet:-1","max-image-preview":"max-image-preview:large","max-video-preview":"max-video-preview:-1"},"canonical":"https:\/\/www.fondazionemorra.org\/it\/evento\/ventanni-di-suoni-contemporanei-con-dissonanzen\/","og_locale":"it_IT","og_type":"article","og_title":"Vent\u2019anni di Suoni Contemporanei con Dissonanzen - Fondazione Morra","og_description":"27 gennaio 2014 START ORE 20:00 Museo Hermann Nitsch\u00a0 Vico Lungo Pontecorvo 29\/d, Napoli &nbsp; Dissonanzen compie vent\u2019anni. Vent\u2019anni in cui si sono prodotti e organizzati 200 tra concerti, eventi,... Read more &raquo;","og_url":"https:\/\/www.fondazionemorra.org\/it\/evento\/ventanni-di-suoni-contemporanei-con-dissonanzen\/","og_site_name":"Fondazione Morra","og_image":[{"width":848,"height":1200,"url":"https:\/\/www.fondazionemorra.org\/wp-content\/uploads\/2020\/12\/locandina-Dissonanzen_page-0001.jpg","type":"image\/jpeg"}],"twitter_card":"summary_large_image","twitter_misc":{"Tempo di lettura stimato":"5 minuti"},"schema":{"@context":"https:\/\/schema.org","@graph":[{"@type":"WebPage","@id":"https:\/\/www.fondazionemorra.org\/it\/evento\/ventanni-di-suoni-contemporanei-con-dissonanzen\/","url":"https:\/\/www.fondazionemorra.org\/it\/evento\/ventanni-di-suoni-contemporanei-con-dissonanzen\/","name":"Vent\u2019anni di Suoni Contemporanei con Dissonanzen - Fondazione Morra","isPartOf":{"@id":"https:\/\/www.fondazionemorra.org\/it\/#website"},"primaryImageOfPage":{"@id":"https:\/\/www.fondazionemorra.org\/it\/evento\/ventanni-di-suoni-contemporanei-con-dissonanzen\/#primaryimage"},"image":{"@id":"https:\/\/www.fondazionemorra.org\/it\/evento\/ventanni-di-suoni-contemporanei-con-dissonanzen\/#primaryimage"},"thumbnailUrl":"https:\/\/www.fondazionemorra.org\/wp-content\/uploads\/2020\/12\/locandina-Dissonanzen_page-0001.jpg","datePublished":"2020-12-17T21:00:43+00:00","breadcrumb":{"@id":"https:\/\/www.fondazionemorra.org\/it\/evento\/ventanni-di-suoni-contemporanei-con-dissonanzen\/#breadcrumb"},"inLanguage":"it-IT","potentialAction":[{"@type":"ReadAction","target":["https:\/\/www.fondazionemorra.org\/it\/evento\/ventanni-di-suoni-contemporanei-con-dissonanzen\/"]}]},{"@type":"ImageObject","inLanguage":"it-IT","@id":"https:\/\/www.fondazionemorra.org\/it\/evento\/ventanni-di-suoni-contemporanei-con-dissonanzen\/#primaryimage","url":"https:\/\/www.fondazionemorra.org\/wp-content\/uploads\/2020\/12\/locandina-Dissonanzen_page-0001.jpg","contentUrl":"https:\/\/www.fondazionemorra.org\/wp-content\/uploads\/2020\/12\/locandina-Dissonanzen_page-0001.jpg","width":848,"height":1200},{"@type":"BreadcrumbList","@id":"https:\/\/www.fondazionemorra.org\/it\/evento\/ventanni-di-suoni-contemporanei-con-dissonanzen\/#breadcrumb","itemListElement":[{"@type":"ListItem","position":1,"name":"Home","item":"https:\/\/www.fondazionemorra.org\/it\/"},{"@type":"ListItem","position":2,"name":"Eventi","item":"https:\/\/www.fondazionemorra.org\/it\/eventi\/"},{"@type":"ListItem","position":3,"name":"Vent\u2019anni di Suoni Contemporanei con Dissonanzen"}]},{"@type":"WebSite","@id":"https:\/\/www.fondazionemorra.org\/it\/#website","url":"https:\/\/www.fondazionemorra.org\/it\/","name":"Fondazione Morra","description":"","publisher":{"@id":"https:\/\/www.fondazionemorra.org\/it\/#organization"},"potentialAction":[{"@type":"SearchAction","target":{"@type":"EntryPoint","urlTemplate":"https:\/\/www.fondazionemorra.org\/it\/?s={search_term_string}"},"query-input":{"@type":"PropertyValueSpecification","valueRequired":true,"valueName":"search_term_string"}}],"inLanguage":"it-IT"},{"@type":"Organization","@id":"https:\/\/www.fondazionemorra.org\/it\/#organization","name":"Fondazione Morra","url":"https:\/\/www.fondazionemorra.org\/it\/","logo":{"@type":"ImageObject","inLanguage":"it-IT","@id":"https:\/\/www.fondazionemorra.org\/it\/#\/schema\/logo\/image\/","url":"https:\/\/www.fondazionemorra.org\/wp-content\/uploads\/2021\/02\/logo.png","contentUrl":"https:\/\/www.fondazionemorra.org\/wp-content\/uploads\/2021\/02\/logo.png","width":106,"height":114,"caption":"Fondazione Morra"},"image":{"@id":"https:\/\/www.fondazionemorra.org\/it\/#\/schema\/logo\/image\/"}}]}},"_links":{"self":[{"href":"https:\/\/www.fondazionemorra.org\/it\/wp-json\/wp\/v2\/tribe_events\/4578","targetHints":{"allow":["GET"]}}],"collection":[{"href":"https:\/\/www.fondazionemorra.org\/it\/wp-json\/wp\/v2\/tribe_events"}],"about":[{"href":"https:\/\/www.fondazionemorra.org\/it\/wp-json\/wp\/v2\/types\/tribe_events"}],"author":[{"embeddable":true,"href":"https:\/\/www.fondazionemorra.org\/it\/wp-json\/wp\/v2\/users\/1"}],"version-history":[{"count":1,"href":"https:\/\/www.fondazionemorra.org\/it\/wp-json\/wp\/v2\/tribe_events\/4578\/revisions"}],"predecessor-version":[{"id":4581,"href":"https:\/\/www.fondazionemorra.org\/it\/wp-json\/wp\/v2\/tribe_events\/4578\/revisions\/4581"}],"wp:featuredmedia":[{"embeddable":true,"href":"https:\/\/www.fondazionemorra.org\/it\/wp-json\/wp\/v2\/media\/4579"}],"wp:attachment":[{"href":"https:\/\/www.fondazionemorra.org\/it\/wp-json\/wp\/v2\/media?parent=4578"}],"wp:term":[{"taxonomy":"post_tag","embeddable":true,"href":"https:\/\/www.fondazionemorra.org\/it\/wp-json\/wp\/v2\/tags?post=4578"},{"taxonomy":"tribe_events_cat","embeddable":true,"href":"https:\/\/www.fondazionemorra.org\/it\/wp-json\/wp\/v2\/tribe_events_cat?post=4578"}],"curies":[{"name":"wp","href":"https:\/\/api.w.org\/{rel}","templated":true}]}}