{"id":4582,"date":"2020-12-17T22:13:42","date_gmt":"2020-12-17T21:13:42","guid":{"rendered":"http:\/\/www.fondazionemorra.org\/?post_type=tribe_events&#038;p=4582"},"modified":"2020-12-17T22:30:03","modified_gmt":"2020-12-17T21:30:03","slug":"notte-darte-gruppo-63-50-anni-i-poeti-leggono-i-poeti","status":"publish","type":"tribe_events","link":"https:\/\/www.fondazionemorra.org\/it\/evento\/notte-darte-gruppo-63-50-anni-i-poeti-leggono-i-poeti\/","title":{"rendered":"Notte D\u2019Arte &#8211; Gruppo 63\/50 anni: i poeti leggono i poeti"},"content":{"rendered":"<p><strong>14 dicembre &#8211; 20 dicembre 2013<\/strong><br \/>\nOPENING 14 DICEMBRE ORE 16:00<br \/>\n<strong>Museo Hermann Nitsch\u00a0<\/strong><br \/>\nVico Lungo Pontecorvo 29\/d, Napoli<\/p>\n<p style=\"text-align: justify;\">La <strong>Fondazione Morra<\/strong> presenta <strong><em>Gruppo 63\/50 anni: i poeti leggono i poeti<\/em><\/strong>, una serata dedicata alla poesia sperimentale e visiva degli artisti del Gruppo 63, a cui seguir\u00e0 la proiezione di <strong>film d\u2019artista<\/strong>, a cura di Giuseppe Morra e Tommaso Ottonieri.<\/p>\n<p style=\"text-align: justify;\">Nel 1963 poeti, scrittori, critici e studiosi, e con essi musicisti e artisti visivi di varia tendenza ed estrazione, si incontrarono a Palermo animati dal rifiuto del panorama culturale allora dominante, spinti dal desiderio di sperimentare nuove forme di espressione, fuori dagli schemi e dalle abitudini di linguaggio allora consolidate. Le intenzioni del Gruppo 63, tale il nome scelto dagli artisti, erano quelle di interpretare un paese nuovo che esigeva nuove parole, nuove forme, nuovi suoni, di lasciare al macero un passato provinciale, cinico, bigotto, fatto di compromessi e sopraffazione, egoismo e cialtroneria, di attingere alle nuove idee e energie che si sviluppavano dovunque in un mondo in trasformazione, e suscitarne.<\/p>\n<p style=\"text-align: justify;\">A suggellare la serie di manifestazioni di respiro internazionale susseguitesi per celebrare questa importante ricorrenza, Napoli, da sempre fra le capitali vive delle avanguardie e delle contaminazioni artistiche, rende il suo omaggio al Gruppo e a quel che attraverso la sua avventura \u00e8 stato reso possibile. L&#8217;evento organizzato dalla Fondazione Morra si centra sul nesso tra parola e immagine in movimento; presentando, da un lato, le letture di poeti protagonisti di quella esperienza (N. Balestrini, G. Niccolai) o che, di generazione successiva, in modi diversi e autonomi si rapportano a essa e che qui a essa rendono il loro omaggio, prestando la loro voce alle parole di quel tempo; dall\u2019altro, la colonna visiva di artisti che impressero su pellicola le loro nuove e scardinanti visioni: e sar\u00e0 da ricordare che appunto a Napoli, poco pi\u00f9 in l\u00e0, nel &#8217;67, sull&#8217;onda delle innovazioni suscitate dal Gruppo, sarebbe nata l&#8217;esperienza della Cooperativa Cinema Indipendente. Completa il programma un ampio dibattito, occasionato anche dalla ripresentazione editoriale di testi capitali del Gruppo: al dibattito partecipano, fra gli altri, artisti e teorici che lo fondarono; e infine, protagonista un attore di riconosciuto talento (Lino Guanciale), una lettura scenica di un monologo datato giusto a quel 1963, proveniente da un autore (come G. Manganelli) inclassificabile e dunque esemplare di quella grande, e forse irripetibile, stagione.<\/p>\n<p><strong>Programmazione<\/strong>:<\/p>\n<p style=\"text-align: justify;\"><strong>Ore 16.00:<\/strong> Proiezioni di <strong><em>Fil<\/em><\/strong><strong><em>m d\u2019artista: a partire dal Gruppo 63<\/em><\/strong>, a cura di Paolo Bertetto, pellicole di G. Baruchello, A. Grifi, U. Nespolo, A. Leonardi, M. Schifano, L.M. Patella, T. De Bernardi. La sequenza delle proiezioni sar\u00e0 introdotta da Mario Franco.<\/p>\n<p style=\"text-align: justify;\"><strong>Ore 18.15:<\/strong> Presentazione-dibattito sui libri <strong><em>Gruppo 63 &#8211; L\u2019antologia<\/em> <\/strong>a cura di Nanni Balestrini e Alfredo Giuliani. <strong><em>Critica e teoria<\/em><\/strong> a cura di Renato Barilli e Angelo Guglielmi, ed. Bompiani, <strong><em>Il romanzo sperimentale<\/em><\/strong>: <em>Palermo 1965\/Gruppo 63<\/em> a cura di Nanni Balestrini, seguito da <em>Col senno di poi<\/em> a cura di Andrea Cortellessa, ed. L\u2019Orma &#8211; Fuori Formato; inserto speciale per i 50 anni del Gruppo 63 in <strong><em>Alfabeta2<\/em><\/strong> (numero di novembre-dicembre).<\/p>\n<p style=\"text-align: justify;\"><strong>Partecipanti<\/strong>: Nanni Balestrini, Andrea Cortellessa, Angelo Gugliemi, Mario Franco, Tommaso Ottonieri, Andrea Viliani.<\/p>\n<p style=\"text-align: justify;\"><strong>Ore 19.45:<\/strong> <strong><em>I poeti leggono i poeti<\/em><\/strong>. Letture e omaggi di Mariano Baino, Bruno Galluccio, Giovanna Marmo, Tommaso Ottonieri, Gilda Policastro, Gian Paolo Renello, Federico Sanguineti, con la partecipazione di Nanni Balestrini (testi di N. Balestrini, C. Costa, A. Giuliani, G. Niccolai, E. Pagliarani, A. Porta, A. Rosselli, E. Sanguineti, A. Spatola, P. Vicinelli).<\/p>\n<p><strong>Ore 21.30: <em>Iperipotesi<\/em><\/strong> di Giorgio Manganelli: lettura scenica di Lino Guanciale.<\/p>\n<p><strong>Ore 22.00: <\/strong>Proiezioni <strong><em>Film<\/em><\/strong><strong><em> d\u2019artista: a partire dal gruppo 63<\/em><\/strong>:<\/p>\n<p>Gianfranco Baruchello, Alberto Grifi, <em>Verifica incerta <\/em>(1964, 30\u2019)<\/p>\n<p>Alfredo Leonardi, <em>Living and Glorious<\/em> (1965, 21\u2019)<\/p>\n<p>Ugo Nespolo, <em>La galante avventura del cavaliere dal lieto volto<\/em> (1966-67, 9\u2019)<\/p>\n<p>Ugo Nespolo, <em>Buongiorno Michelangelo<\/em> (1969, 11\u2019)<\/p>\n<p>Mario Schifano, <em>Reflex<\/em> (1964, 8\u2019)<\/p>\n<p>Mario Schifano, <em>Vietnam<\/em> (1967, 3\u2019)<\/p>\n<p>Alberto Grifi, <em>Dodici ore No stop<\/em> (1967, estratto 15\u2019)<\/p>\n<p>Luca Maria Patella, <em>Terra animata <\/em>(1967, 7\u2019)<\/p>\n<p>Tonino De Bernardi, <em>A Patrizia: l&#8217;irrealt\u00e0 ideale, l&#8217;oggetto d&#8217;amore <\/em>(1970, estratto 12\u2019)<\/p>\n<p>Il programma verr\u00e0 integrato con i seguenti film: Baruchello, <em>Tre lettere a Raymond Roussel<\/em> (1969, 28\u2019), L.M. Patella, <em>SKPM2 <\/em>(1968, 23\u2019), <em>Vedo, Vado! <\/em>(1969, 15\u2019), T. De Bernardi, <em>Il mostro verde<\/em> (1967, 28\u2019) e l\u2019intera proiezione di <em>A Patrizia<\/em> (1970, 59\u2019)<\/p>\n","protected":false},"excerpt":{"rendered":"<p>14 dicembre &#8211; 20 dicembre 2013 OPENING 14 DICEMBRE ORE 16:00 Museo Hermann Nitsch\u00a0 Vico Lungo Pontecorvo 29\/d, Napoli La Fondazione Morra presenta Gruppo 63\/50 anni: i poeti leggono i<a class=\"excerpt-read-more\" href=\"https:\/\/www.fondazionemorra.org\/it\/evento\/notte-darte-gruppo-63-50-anni-i-poeti-leggono-i-poeti\/\" title=\"ReadNotte D\u2019Arte &#8211; Gruppo 63\/50 anni: i poeti leggono i poeti\">&#8230; Read more &raquo;<\/a><\/p>\n","protected":false},"author":1,"featured_media":4583,"template":"","meta":{"_acf_changed":false,"_tribe_events_status":"","_tribe_events_status_reason":"","footnotes":""},"tags":[],"tribe_events_cat":[15],"class_list":["post-4582","tribe_events","type-tribe_events","status-publish","has-post-thumbnail","hentry","tribe_events_cat-museo-nitsch","cat_museo-nitsch"],"acf":[],"yoast_head":"<!-- This site is optimized with the Yoast SEO plugin v27.4 - https:\/\/yoast.com\/product\/yoast-seo-wordpress\/ -->\n<title>Notte D\u2019Arte - Gruppo 63\/50 anni: i poeti leggono i poeti - Fondazione Morra<\/title>\n<meta name=\"robots\" content=\"index, follow, max-snippet:-1, max-image-preview:large, max-video-preview:-1\" \/>\n<link rel=\"canonical\" href=\"https:\/\/www.fondazionemorra.org\/it\/evento\/notte-darte-gruppo-63-50-anni-i-poeti-leggono-i-poeti\/\" \/>\n<meta property=\"og:locale\" content=\"it_IT\" \/>\n<meta property=\"og:type\" content=\"article\" \/>\n<meta property=\"og:title\" content=\"Notte D\u2019Arte - Gruppo 63\/50 anni: i poeti leggono i poeti - Fondazione Morra\" \/>\n<meta property=\"og:description\" content=\"14 dicembre &#8211; 20 dicembre 2013 OPENING 14 DICEMBRE ORE 16:00 Museo Hermann Nitsch\u00a0 Vico Lungo Pontecorvo 29\/d, Napoli La Fondazione Morra presenta Gruppo 63\/50 anni: i poeti leggono i... Read more &raquo;\" \/>\n<meta property=\"og:url\" content=\"https:\/\/www.fondazionemorra.org\/it\/evento\/notte-darte-gruppo-63-50-anni-i-poeti-leggono-i-poeti\/\" \/>\n<meta property=\"og:site_name\" content=\"Fondazione Morra\" \/>\n<meta property=\"article:modified_time\" content=\"2020-12-17T21:30:03+00:00\" \/>\n<meta property=\"og:image\" content=\"https:\/\/www.fondazionemorra.org\/wp-content\/uploads\/2020\/12\/i__id220_crop3_2c_t1386696733__1x.jpg\" \/>\n\t<meta property=\"og:image:width\" content=\"300\" \/>\n\t<meta property=\"og:image:height\" content=\"200\" \/>\n\t<meta property=\"og:image:type\" content=\"image\/jpeg\" \/>\n<meta name=\"twitter:card\" content=\"summary_large_image\" \/>\n<meta name=\"twitter:label1\" content=\"Tempo di lettura stimato\" \/>\n\t<meta name=\"twitter:data1\" content=\"3 minuti\" \/>\n<script type=\"application\/ld+json\" class=\"yoast-schema-graph\">{\"@context\":\"https:\\\/\\\/schema.org\",\"@graph\":[{\"@type\":\"WebPage\",\"@id\":\"https:\\\/\\\/www.fondazionemorra.org\\\/it\\\/evento\\\/notte-darte-gruppo-63-50-anni-i-poeti-leggono-i-poeti\\\/\",\"url\":\"https:\\\/\\\/www.fondazionemorra.org\\\/it\\\/evento\\\/notte-darte-gruppo-63-50-anni-i-poeti-leggono-i-poeti\\\/\",\"name\":\"Notte D\u2019Arte - Gruppo 63\\\/50 anni: i poeti leggono i poeti - Fondazione Morra\",\"isPartOf\":{\"@id\":\"https:\\\/\\\/www.fondazionemorra.org\\\/it\\\/#website\"},\"primaryImageOfPage\":{\"@id\":\"https:\\\/\\\/www.fondazionemorra.org\\\/it\\\/evento\\\/notte-darte-gruppo-63-50-anni-i-poeti-leggono-i-poeti\\\/#primaryimage\"},\"image\":{\"@id\":\"https:\\\/\\\/www.fondazionemorra.org\\\/it\\\/evento\\\/notte-darte-gruppo-63-50-anni-i-poeti-leggono-i-poeti\\\/#primaryimage\"},\"thumbnailUrl\":\"https:\\\/\\\/www.fondazionemorra.org\\\/wp-content\\\/uploads\\\/2020\\\/12\\\/i__id220_crop3_2c_t1386696733__1x.jpg\",\"datePublished\":\"2020-12-17T21:13:42+00:00\",\"dateModified\":\"2020-12-17T21:30:03+00:00\",\"breadcrumb\":{\"@id\":\"https:\\\/\\\/www.fondazionemorra.org\\\/it\\\/evento\\\/notte-darte-gruppo-63-50-anni-i-poeti-leggono-i-poeti\\\/#breadcrumb\"},\"inLanguage\":\"it-IT\",\"potentialAction\":[{\"@type\":\"ReadAction\",\"target\":[\"https:\\\/\\\/www.fondazionemorra.org\\\/it\\\/evento\\\/notte-darte-gruppo-63-50-anni-i-poeti-leggono-i-poeti\\\/\"]}]},{\"@type\":\"ImageObject\",\"inLanguage\":\"it-IT\",\"@id\":\"https:\\\/\\\/www.fondazionemorra.org\\\/it\\\/evento\\\/notte-darte-gruppo-63-50-anni-i-poeti-leggono-i-poeti\\\/#primaryimage\",\"url\":\"https:\\\/\\\/www.fondazionemorra.org\\\/wp-content\\\/uploads\\\/2020\\\/12\\\/i__id220_crop3_2c_t1386696733__1x.jpg\",\"contentUrl\":\"https:\\\/\\\/www.fondazionemorra.org\\\/wp-content\\\/uploads\\\/2020\\\/12\\\/i__id220_crop3_2c_t1386696733__1x.jpg\",\"width\":300,\"height\":200},{\"@type\":\"BreadcrumbList\",\"@id\":\"https:\\\/\\\/www.fondazionemorra.org\\\/it\\\/evento\\\/notte-darte-gruppo-63-50-anni-i-poeti-leggono-i-poeti\\\/#breadcrumb\",\"itemListElement\":[{\"@type\":\"ListItem\",\"position\":1,\"name\":\"Home\",\"item\":\"https:\\\/\\\/www.fondazionemorra.org\\\/it\\\/\"},{\"@type\":\"ListItem\",\"position\":2,\"name\":\"Eventi\",\"item\":\"https:\\\/\\\/www.fondazionemorra.org\\\/it\\\/eventi\\\/\"},{\"@type\":\"ListItem\",\"position\":3,\"name\":\"Notte D\u2019Arte &#8211; Gruppo 63\\\/50 anni: i poeti leggono i poeti\"}]},{\"@type\":\"WebSite\",\"@id\":\"https:\\\/\\\/www.fondazionemorra.org\\\/it\\\/#website\",\"url\":\"https:\\\/\\\/www.fondazionemorra.org\\\/it\\\/\",\"name\":\"Fondazione Morra\",\"description\":\"\",\"publisher\":{\"@id\":\"https:\\\/\\\/www.fondazionemorra.org\\\/it\\\/#organization\"},\"potentialAction\":[{\"@type\":\"SearchAction\",\"target\":{\"@type\":\"EntryPoint\",\"urlTemplate\":\"https:\\\/\\\/www.fondazionemorra.org\\\/it\\\/?s={search_term_string}\"},\"query-input\":{\"@type\":\"PropertyValueSpecification\",\"valueRequired\":true,\"valueName\":\"search_term_string\"}}],\"inLanguage\":\"it-IT\"},{\"@type\":\"Organization\",\"@id\":\"https:\\\/\\\/www.fondazionemorra.org\\\/it\\\/#organization\",\"name\":\"Fondazione Morra\",\"url\":\"https:\\\/\\\/www.fondazionemorra.org\\\/it\\\/\",\"logo\":{\"@type\":\"ImageObject\",\"inLanguage\":\"it-IT\",\"@id\":\"https:\\\/\\\/www.fondazionemorra.org\\\/it\\\/#\\\/schema\\\/logo\\\/image\\\/\",\"url\":\"https:\\\/\\\/www.fondazionemorra.org\\\/wp-content\\\/uploads\\\/2021\\\/02\\\/logo.png\",\"contentUrl\":\"https:\\\/\\\/www.fondazionemorra.org\\\/wp-content\\\/uploads\\\/2021\\\/02\\\/logo.png\",\"width\":106,\"height\":114,\"caption\":\"Fondazione Morra\"},\"image\":{\"@id\":\"https:\\\/\\\/www.fondazionemorra.org\\\/it\\\/#\\\/schema\\\/logo\\\/image\\\/\"}}]}<\/script>\n<!-- \/ Yoast SEO plugin. -->","yoast_head_json":{"title":"Notte D\u2019Arte - Gruppo 63\/50 anni: i poeti leggono i poeti - Fondazione Morra","robots":{"index":"index","follow":"follow","max-snippet":"max-snippet:-1","max-image-preview":"max-image-preview:large","max-video-preview":"max-video-preview:-1"},"canonical":"https:\/\/www.fondazionemorra.org\/it\/evento\/notte-darte-gruppo-63-50-anni-i-poeti-leggono-i-poeti\/","og_locale":"it_IT","og_type":"article","og_title":"Notte D\u2019Arte - Gruppo 63\/50 anni: i poeti leggono i poeti - Fondazione Morra","og_description":"14 dicembre &#8211; 20 dicembre 2013 OPENING 14 DICEMBRE ORE 16:00 Museo Hermann Nitsch\u00a0 Vico Lungo Pontecorvo 29\/d, Napoli La Fondazione Morra presenta Gruppo 63\/50 anni: i poeti leggono i... Read more &raquo;","og_url":"https:\/\/www.fondazionemorra.org\/it\/evento\/notte-darte-gruppo-63-50-anni-i-poeti-leggono-i-poeti\/","og_site_name":"Fondazione Morra","article_modified_time":"2020-12-17T21:30:03+00:00","og_image":[{"width":300,"height":200,"url":"https:\/\/www.fondazionemorra.org\/wp-content\/uploads\/2020\/12\/i__id220_crop3_2c_t1386696733__1x.jpg","type":"image\/jpeg"}],"twitter_card":"summary_large_image","twitter_misc":{"Tempo di lettura stimato":"3 minuti"},"schema":{"@context":"https:\/\/schema.org","@graph":[{"@type":"WebPage","@id":"https:\/\/www.fondazionemorra.org\/it\/evento\/notte-darte-gruppo-63-50-anni-i-poeti-leggono-i-poeti\/","url":"https:\/\/www.fondazionemorra.org\/it\/evento\/notte-darte-gruppo-63-50-anni-i-poeti-leggono-i-poeti\/","name":"Notte D\u2019Arte - Gruppo 63\/50 anni: i poeti leggono i poeti - Fondazione Morra","isPartOf":{"@id":"https:\/\/www.fondazionemorra.org\/it\/#website"},"primaryImageOfPage":{"@id":"https:\/\/www.fondazionemorra.org\/it\/evento\/notte-darte-gruppo-63-50-anni-i-poeti-leggono-i-poeti\/#primaryimage"},"image":{"@id":"https:\/\/www.fondazionemorra.org\/it\/evento\/notte-darte-gruppo-63-50-anni-i-poeti-leggono-i-poeti\/#primaryimage"},"thumbnailUrl":"https:\/\/www.fondazionemorra.org\/wp-content\/uploads\/2020\/12\/i__id220_crop3_2c_t1386696733__1x.jpg","datePublished":"2020-12-17T21:13:42+00:00","dateModified":"2020-12-17T21:30:03+00:00","breadcrumb":{"@id":"https:\/\/www.fondazionemorra.org\/it\/evento\/notte-darte-gruppo-63-50-anni-i-poeti-leggono-i-poeti\/#breadcrumb"},"inLanguage":"it-IT","potentialAction":[{"@type":"ReadAction","target":["https:\/\/www.fondazionemorra.org\/it\/evento\/notte-darte-gruppo-63-50-anni-i-poeti-leggono-i-poeti\/"]}]},{"@type":"ImageObject","inLanguage":"it-IT","@id":"https:\/\/www.fondazionemorra.org\/it\/evento\/notte-darte-gruppo-63-50-anni-i-poeti-leggono-i-poeti\/#primaryimage","url":"https:\/\/www.fondazionemorra.org\/wp-content\/uploads\/2020\/12\/i__id220_crop3_2c_t1386696733__1x.jpg","contentUrl":"https:\/\/www.fondazionemorra.org\/wp-content\/uploads\/2020\/12\/i__id220_crop3_2c_t1386696733__1x.jpg","width":300,"height":200},{"@type":"BreadcrumbList","@id":"https:\/\/www.fondazionemorra.org\/it\/evento\/notte-darte-gruppo-63-50-anni-i-poeti-leggono-i-poeti\/#breadcrumb","itemListElement":[{"@type":"ListItem","position":1,"name":"Home","item":"https:\/\/www.fondazionemorra.org\/it\/"},{"@type":"ListItem","position":2,"name":"Eventi","item":"https:\/\/www.fondazionemorra.org\/it\/eventi\/"},{"@type":"ListItem","position":3,"name":"Notte D\u2019Arte &#8211; Gruppo 63\/50 anni: i poeti leggono i poeti"}]},{"@type":"WebSite","@id":"https:\/\/www.fondazionemorra.org\/it\/#website","url":"https:\/\/www.fondazionemorra.org\/it\/","name":"Fondazione Morra","description":"","publisher":{"@id":"https:\/\/www.fondazionemorra.org\/it\/#organization"},"potentialAction":[{"@type":"SearchAction","target":{"@type":"EntryPoint","urlTemplate":"https:\/\/www.fondazionemorra.org\/it\/?s={search_term_string}"},"query-input":{"@type":"PropertyValueSpecification","valueRequired":true,"valueName":"search_term_string"}}],"inLanguage":"it-IT"},{"@type":"Organization","@id":"https:\/\/www.fondazionemorra.org\/it\/#organization","name":"Fondazione Morra","url":"https:\/\/www.fondazionemorra.org\/it\/","logo":{"@type":"ImageObject","inLanguage":"it-IT","@id":"https:\/\/www.fondazionemorra.org\/it\/#\/schema\/logo\/image\/","url":"https:\/\/www.fondazionemorra.org\/wp-content\/uploads\/2021\/02\/logo.png","contentUrl":"https:\/\/www.fondazionemorra.org\/wp-content\/uploads\/2021\/02\/logo.png","width":106,"height":114,"caption":"Fondazione Morra"},"image":{"@id":"https:\/\/www.fondazionemorra.org\/it\/#\/schema\/logo\/image\/"}}]}},"_links":{"self":[{"href":"https:\/\/www.fondazionemorra.org\/it\/wp-json\/wp\/v2\/tribe_events\/4582","targetHints":{"allow":["GET"]}}],"collection":[{"href":"https:\/\/www.fondazionemorra.org\/it\/wp-json\/wp\/v2\/tribe_events"}],"about":[{"href":"https:\/\/www.fondazionemorra.org\/it\/wp-json\/wp\/v2\/types\/tribe_events"}],"author":[{"embeddable":true,"href":"https:\/\/www.fondazionemorra.org\/it\/wp-json\/wp\/v2\/users\/1"}],"version-history":[{"count":1,"href":"https:\/\/www.fondazionemorra.org\/it\/wp-json\/wp\/v2\/tribe_events\/4582\/revisions"}],"predecessor-version":[{"id":4585,"href":"https:\/\/www.fondazionemorra.org\/it\/wp-json\/wp\/v2\/tribe_events\/4582\/revisions\/4585"}],"wp:featuredmedia":[{"embeddable":true,"href":"https:\/\/www.fondazionemorra.org\/it\/wp-json\/wp\/v2\/media\/4583"}],"wp:attachment":[{"href":"https:\/\/www.fondazionemorra.org\/it\/wp-json\/wp\/v2\/media?parent=4582"}],"wp:term":[{"taxonomy":"post_tag","embeddable":true,"href":"https:\/\/www.fondazionemorra.org\/it\/wp-json\/wp\/v2\/tags?post=4582"},{"taxonomy":"tribe_events_cat","embeddable":true,"href":"https:\/\/www.fondazionemorra.org\/it\/wp-json\/wp\/v2\/tribe_events_cat?post=4582"}],"curies":[{"name":"wp","href":"https:\/\/api.w.org\/{rel}","templated":true}]}}