{"id":5159,"date":"2021-02-24T12:44:08","date_gmt":"2021-02-24T11:44:08","guid":{"rendered":"http:\/\/www.fondazionemorra.org\/?post_type=tribe_events&#038;p=5159"},"modified":"2021-02-24T12:44:08","modified_gmt":"2021-02-24T11:44:08","slug":"pino-bertelli-presentazione-del-libro-il-cinema-e-morto-di-guy-debord","status":"publish","type":"tribe_events","link":"https:\/\/www.fondazionemorra.org\/it\/evento\/pino-bertelli-presentazione-del-libro-il-cinema-e-morto-di-guy-debord\/","title":{"rendered":"Pino Bertelli. Presentazione del libro: il cinema \u00e8 morto di Guy Debord"},"content":{"rendered":"<p><strong>23 aprile 2010\u00a0<\/strong><br \/>\nINIZIO ORE 10:30<br \/>\n<strong>Museo Hermann Nitsch<\/strong><br \/>\nVico Lungo Pontecorvo 29\/d, Napoli<\/p>\n<p>Dibattito su <strong>\u201cl\u2019arte e la filosofia di Guy Debord\u201d <\/strong>e presentazione del volume di Pino Bertelli\u00a0 <strong>\u201cil cinema \u00e8 morto\u201d<\/strong>\u00a0 edizioni La Fiaccola.<\/p>\n<p>La giornata si concluder\u00e0 con la proiezione del film: <strong>\u201cGuy Debord.son art et son tems\u201d<\/strong><\/p>\n<p>Partecipano all\u2019incontro :<\/p>\n<p><strong>Alfonso Amendola<\/strong> insegna Linguaggi audiovisivi presso l\u2019Universit\u00e0 di Salerno dove \u00e8 vice-direttore del Centro Studi \u201cRappresentazioni Linguistiche\u201d. Studioso di sociologia della comunicazione, si occupa principalmente dei rapporti tra culture di massa e culture d\u2019avanguardia<\/p>\n<p><strong>Pino Bertelli<\/strong> \u00e8 nato Piombino. Giornalista, fotografo di strada, filmmaker, critico di cinema e fotografia. I suoi scritti sono tradotti in diverse lingue. L'&#8221;International Writers Association&#8221; (Stati Uniti), lo ha riconosciuto scrittore dell&#8217;anno 1995, per la &#8221; non-fiction&#8221;.<\/p>\n<p><strong>Matteo D\u2019Ambrosio, <\/strong>semiologo e storico delle avanguardie, \u00e8 professore di Storia della critica letteraria e Letterature comparate presso la Facolt\u00e0 di Lettere e Filosofia dell\u2019Universit\u00e0 di Napoli \u201cFederico II\u201d<\/p>\n<p><strong>Mario Franco<\/strong> regista e storico del cinema, autore di cinema, radio e televisione, dal 1979 collaboratore RAI. \u00c8 docente di ruolo per la cattedra di &#8220;Teoria e metodo dei mass-media&#8221; e del corso di \u201cStoria del cinema e del video\u201d presso l\u2019Accademia di Belle Arti di Napoli. Ha inoltre tenuto lezioni di \u201cTecniche dei linguaggi multimediali\u201d presso la Facolt\u00e0 di Architettura della Seconda Universit\u00e0 di Napoli (corso di Industrial Design) ed attualmente \u00e8 docente a contratto di \u201cComunicazione e Beni Culturali\u201d per il Master di 1\u00b0 livello in Politiche Culturali Europee in convenzione tra l&#8217;Universit\u00e0 di Napoli Federico II e l&#8217;Institut f\u00fcr Kulturelle Infrastruktur Sachsen (European Network of Arts&#8217; Management Studies) \/Universit\u00e4t di G\u00f6rlitz\/Zittau.<\/p>\n<p><strong>Antonio Gasbarrini<\/strong>, critico d\u2019arte, \u00e8 direttore responsabile della rivista <em>B\u00e9r\u00e9nice<\/em>, quadrimestrale di Studi comparati e ricerche sulle avanguardie. Dal 1988 \u00e8 <em>art director<\/em> del Centro Documentazione Artepoesia Contemporanea \u201cAngelus Novus\u201d dell\u2019Aquila. Tra gli ultimi volumi pubblicati si segnalano <em>L\u2019avanguardia inista<\/em> (Edizioni l\u2019Harmattan, Torino) e <em>Guy Debord. Dal superamento dell\u2019arte alla realizzazione della filosofia<\/em> (Angelus Novus Edizioni, L\u2019Aquila).<\/p>\n<p><strong>Enrico Ghezzi<\/strong> \u00e8 un critico cinematografico italiano.<\/p>\n<p>Si trasferisce a Genova dove frequenta il cineclub Filmstory e frequenta lo storico gruppo scout AGESCI Genova 3. Entrato alla RAI nel 1978, ha curato il palinsesto cinematografico di Raitre dal 1987 al 1994.<\/p>\n<p>\u00c8 l&#8217;inventore del contenitore televisivo notturno Fuori Orario e uno dei creatori di Blob, entrambe trasmissioni nate alla fine degli anni ottanta.<\/p>\n","protected":false},"excerpt":{"rendered":"<p>23 aprile 2010\u00a0 INIZIO ORE 10:30 Museo Hermann Nitsch Vico Lungo Pontecorvo 29\/d, Napoli Dibattito su \u201cl\u2019arte e la filosofia di Guy Debord\u201d e presentazione del volume di Pino Bertelli\u00a0<a class=\"excerpt-read-more\" href=\"https:\/\/www.fondazionemorra.org\/it\/evento\/pino-bertelli-presentazione-del-libro-il-cinema-e-morto-di-guy-debord\/\" title=\"ReadPino Bertelli. Presentazione del libro: il cinema \u00e8 morto di Guy Debord\">&#8230; Read more &raquo;<\/a><\/p>\n","protected":false},"author":2,"featured_media":5160,"template":"","meta":{"_acf_changed":false,"_tribe_events_status":"","_tribe_events_status_reason":"","footnotes":""},"tags":[],"tribe_events_cat":[15],"class_list":["post-5159","tribe_events","type-tribe_events","status-publish","has-post-thumbnail","hentry","tribe_events_cat-museo-nitsch","cat_museo-nitsch"],"acf":[],"yoast_head":"<!-- This site is optimized with the Yoast SEO plugin v27.4 - https:\/\/yoast.com\/product\/yoast-seo-wordpress\/ -->\n<title>Pino Bertelli. Presentazione del libro: il cinema \u00e8 morto di Guy Debord - Fondazione Morra<\/title>\n<meta name=\"robots\" content=\"index, follow, max-snippet:-1, max-image-preview:large, max-video-preview:-1\" \/>\n<link rel=\"canonical\" href=\"https:\/\/www.fondazionemorra.org\/it\/evento\/pino-bertelli-presentazione-del-libro-il-cinema-e-morto-di-guy-debord\/\" \/>\n<meta property=\"og:locale\" content=\"it_IT\" \/>\n<meta property=\"og:type\" content=\"article\" \/>\n<meta property=\"og:title\" content=\"Pino Bertelli. Presentazione del libro: il cinema \u00e8 morto di Guy Debord - Fondazione Morra\" \/>\n<meta property=\"og:description\" content=\"23 aprile 2010\u00a0 INIZIO ORE 10:30 Museo Hermann Nitsch Vico Lungo Pontecorvo 29\/d, Napoli Dibattito su \u201cl\u2019arte e la filosofia di Guy Debord\u201d e presentazione del volume di Pino Bertelli\u00a0... Read more &raquo;\" \/>\n<meta property=\"og:url\" content=\"https:\/\/www.fondazionemorra.org\/it\/evento\/pino-bertelli-presentazione-del-libro-il-cinema-e-morto-di-guy-debord\/\" \/>\n<meta property=\"og:site_name\" content=\"Fondazione Morra\" \/>\n<meta property=\"og:image\" content=\"https:\/\/www.fondazionemorra.org\/wp-content\/uploads\/2021\/02\/Pino-Bertelli-Retro.jpg\" \/>\n\t<meta property=\"og:image:width\" content=\"783\" \/>\n\t<meta property=\"og:image:height\" content=\"1200\" \/>\n\t<meta property=\"og:image:type\" content=\"image\/jpeg\" \/>\n<meta name=\"twitter:card\" content=\"summary_large_image\" \/>\n<meta name=\"twitter:label1\" content=\"Tempo di lettura stimato\" \/>\n\t<meta name=\"twitter:data1\" content=\"2 minuti\" \/>\n<script type=\"application\/ld+json\" class=\"yoast-schema-graph\">{\"@context\":\"https:\\\/\\\/schema.org\",\"@graph\":[{\"@type\":\"WebPage\",\"@id\":\"https:\\\/\\\/www.fondazionemorra.org\\\/it\\\/evento\\\/pino-bertelli-presentazione-del-libro-il-cinema-e-morto-di-guy-debord\\\/\",\"url\":\"https:\\\/\\\/www.fondazionemorra.org\\\/it\\\/evento\\\/pino-bertelli-presentazione-del-libro-il-cinema-e-morto-di-guy-debord\\\/\",\"name\":\"Pino Bertelli. Presentazione del libro: il cinema \u00e8 morto di Guy Debord - Fondazione Morra\",\"isPartOf\":{\"@id\":\"https:\\\/\\\/www.fondazionemorra.org\\\/it\\\/#website\"},\"primaryImageOfPage\":{\"@id\":\"https:\\\/\\\/www.fondazionemorra.org\\\/it\\\/evento\\\/pino-bertelli-presentazione-del-libro-il-cinema-e-morto-di-guy-debord\\\/#primaryimage\"},\"image\":{\"@id\":\"https:\\\/\\\/www.fondazionemorra.org\\\/it\\\/evento\\\/pino-bertelli-presentazione-del-libro-il-cinema-e-morto-di-guy-debord\\\/#primaryimage\"},\"thumbnailUrl\":\"https:\\\/\\\/www.fondazionemorra.org\\\/wp-content\\\/uploads\\\/2021\\\/02\\\/Pino-Bertelli-Retro.jpg\",\"datePublished\":\"2021-02-24T11:44:08+00:00\",\"breadcrumb\":{\"@id\":\"https:\\\/\\\/www.fondazionemorra.org\\\/it\\\/evento\\\/pino-bertelli-presentazione-del-libro-il-cinema-e-morto-di-guy-debord\\\/#breadcrumb\"},\"inLanguage\":\"it-IT\",\"potentialAction\":[{\"@type\":\"ReadAction\",\"target\":[\"https:\\\/\\\/www.fondazionemorra.org\\\/it\\\/evento\\\/pino-bertelli-presentazione-del-libro-il-cinema-e-morto-di-guy-debord\\\/\"]}]},{\"@type\":\"ImageObject\",\"inLanguage\":\"it-IT\",\"@id\":\"https:\\\/\\\/www.fondazionemorra.org\\\/it\\\/evento\\\/pino-bertelli-presentazione-del-libro-il-cinema-e-morto-di-guy-debord\\\/#primaryimage\",\"url\":\"https:\\\/\\\/www.fondazionemorra.org\\\/wp-content\\\/uploads\\\/2021\\\/02\\\/Pino-Bertelli-Retro.jpg\",\"contentUrl\":\"https:\\\/\\\/www.fondazionemorra.org\\\/wp-content\\\/uploads\\\/2021\\\/02\\\/Pino-Bertelli-Retro.jpg\",\"width\":783,\"height\":1200},{\"@type\":\"BreadcrumbList\",\"@id\":\"https:\\\/\\\/www.fondazionemorra.org\\\/it\\\/evento\\\/pino-bertelli-presentazione-del-libro-il-cinema-e-morto-di-guy-debord\\\/#breadcrumb\",\"itemListElement\":[{\"@type\":\"ListItem\",\"position\":1,\"name\":\"Home\",\"item\":\"https:\\\/\\\/www.fondazionemorra.org\\\/it\\\/\"},{\"@type\":\"ListItem\",\"position\":2,\"name\":\"Eventi\",\"item\":\"https:\\\/\\\/www.fondazionemorra.org\\\/it\\\/eventi\\\/\"},{\"@type\":\"ListItem\",\"position\":3,\"name\":\"Pino Bertelli. Presentazione del libro: il cinema \u00e8 morto di Guy Debord\"}]},{\"@type\":\"WebSite\",\"@id\":\"https:\\\/\\\/www.fondazionemorra.org\\\/it\\\/#website\",\"url\":\"https:\\\/\\\/www.fondazionemorra.org\\\/it\\\/\",\"name\":\"Fondazione Morra\",\"description\":\"\",\"publisher\":{\"@id\":\"https:\\\/\\\/www.fondazionemorra.org\\\/it\\\/#organization\"},\"potentialAction\":[{\"@type\":\"SearchAction\",\"target\":{\"@type\":\"EntryPoint\",\"urlTemplate\":\"https:\\\/\\\/www.fondazionemorra.org\\\/it\\\/?s={search_term_string}\"},\"query-input\":{\"@type\":\"PropertyValueSpecification\",\"valueRequired\":true,\"valueName\":\"search_term_string\"}}],\"inLanguage\":\"it-IT\"},{\"@type\":\"Organization\",\"@id\":\"https:\\\/\\\/www.fondazionemorra.org\\\/it\\\/#organization\",\"name\":\"Fondazione Morra\",\"url\":\"https:\\\/\\\/www.fondazionemorra.org\\\/it\\\/\",\"logo\":{\"@type\":\"ImageObject\",\"inLanguage\":\"it-IT\",\"@id\":\"https:\\\/\\\/www.fondazionemorra.org\\\/it\\\/#\\\/schema\\\/logo\\\/image\\\/\",\"url\":\"https:\\\/\\\/www.fondazionemorra.org\\\/wp-content\\\/uploads\\\/2021\\\/02\\\/logo.png\",\"contentUrl\":\"https:\\\/\\\/www.fondazionemorra.org\\\/wp-content\\\/uploads\\\/2021\\\/02\\\/logo.png\",\"width\":106,\"height\":114,\"caption\":\"Fondazione Morra\"},\"image\":{\"@id\":\"https:\\\/\\\/www.fondazionemorra.org\\\/it\\\/#\\\/schema\\\/logo\\\/image\\\/\"}}]}<\/script>\n<!-- \/ Yoast SEO plugin. -->","yoast_head_json":{"title":"Pino Bertelli. Presentazione del libro: il cinema \u00e8 morto di Guy Debord - Fondazione Morra","robots":{"index":"index","follow":"follow","max-snippet":"max-snippet:-1","max-image-preview":"max-image-preview:large","max-video-preview":"max-video-preview:-1"},"canonical":"https:\/\/www.fondazionemorra.org\/it\/evento\/pino-bertelli-presentazione-del-libro-il-cinema-e-morto-di-guy-debord\/","og_locale":"it_IT","og_type":"article","og_title":"Pino Bertelli. Presentazione del libro: il cinema \u00e8 morto di Guy Debord - Fondazione Morra","og_description":"23 aprile 2010\u00a0 INIZIO ORE 10:30 Museo Hermann Nitsch Vico Lungo Pontecorvo 29\/d, Napoli Dibattito su \u201cl\u2019arte e la filosofia di Guy Debord\u201d e presentazione del volume di Pino Bertelli\u00a0... Read more &raquo;","og_url":"https:\/\/www.fondazionemorra.org\/it\/evento\/pino-bertelli-presentazione-del-libro-il-cinema-e-morto-di-guy-debord\/","og_site_name":"Fondazione Morra","og_image":[{"width":783,"height":1200,"url":"https:\/\/www.fondazionemorra.org\/wp-content\/uploads\/2021\/02\/Pino-Bertelli-Retro.jpg","type":"image\/jpeg"}],"twitter_card":"summary_large_image","twitter_misc":{"Tempo di lettura stimato":"2 minuti"},"schema":{"@context":"https:\/\/schema.org","@graph":[{"@type":"WebPage","@id":"https:\/\/www.fondazionemorra.org\/it\/evento\/pino-bertelli-presentazione-del-libro-il-cinema-e-morto-di-guy-debord\/","url":"https:\/\/www.fondazionemorra.org\/it\/evento\/pino-bertelli-presentazione-del-libro-il-cinema-e-morto-di-guy-debord\/","name":"Pino Bertelli. Presentazione del libro: il cinema \u00e8 morto di Guy Debord - Fondazione Morra","isPartOf":{"@id":"https:\/\/www.fondazionemorra.org\/it\/#website"},"primaryImageOfPage":{"@id":"https:\/\/www.fondazionemorra.org\/it\/evento\/pino-bertelli-presentazione-del-libro-il-cinema-e-morto-di-guy-debord\/#primaryimage"},"image":{"@id":"https:\/\/www.fondazionemorra.org\/it\/evento\/pino-bertelli-presentazione-del-libro-il-cinema-e-morto-di-guy-debord\/#primaryimage"},"thumbnailUrl":"https:\/\/www.fondazionemorra.org\/wp-content\/uploads\/2021\/02\/Pino-Bertelli-Retro.jpg","datePublished":"2021-02-24T11:44:08+00:00","breadcrumb":{"@id":"https:\/\/www.fondazionemorra.org\/it\/evento\/pino-bertelli-presentazione-del-libro-il-cinema-e-morto-di-guy-debord\/#breadcrumb"},"inLanguage":"it-IT","potentialAction":[{"@type":"ReadAction","target":["https:\/\/www.fondazionemorra.org\/it\/evento\/pino-bertelli-presentazione-del-libro-il-cinema-e-morto-di-guy-debord\/"]}]},{"@type":"ImageObject","inLanguage":"it-IT","@id":"https:\/\/www.fondazionemorra.org\/it\/evento\/pino-bertelli-presentazione-del-libro-il-cinema-e-morto-di-guy-debord\/#primaryimage","url":"https:\/\/www.fondazionemorra.org\/wp-content\/uploads\/2021\/02\/Pino-Bertelli-Retro.jpg","contentUrl":"https:\/\/www.fondazionemorra.org\/wp-content\/uploads\/2021\/02\/Pino-Bertelli-Retro.jpg","width":783,"height":1200},{"@type":"BreadcrumbList","@id":"https:\/\/www.fondazionemorra.org\/it\/evento\/pino-bertelli-presentazione-del-libro-il-cinema-e-morto-di-guy-debord\/#breadcrumb","itemListElement":[{"@type":"ListItem","position":1,"name":"Home","item":"https:\/\/www.fondazionemorra.org\/it\/"},{"@type":"ListItem","position":2,"name":"Eventi","item":"https:\/\/www.fondazionemorra.org\/it\/eventi\/"},{"@type":"ListItem","position":3,"name":"Pino Bertelli. Presentazione del libro: il cinema \u00e8 morto di Guy Debord"}]},{"@type":"WebSite","@id":"https:\/\/www.fondazionemorra.org\/it\/#website","url":"https:\/\/www.fondazionemorra.org\/it\/","name":"Fondazione Morra","description":"","publisher":{"@id":"https:\/\/www.fondazionemorra.org\/it\/#organization"},"potentialAction":[{"@type":"SearchAction","target":{"@type":"EntryPoint","urlTemplate":"https:\/\/www.fondazionemorra.org\/it\/?s={search_term_string}"},"query-input":{"@type":"PropertyValueSpecification","valueRequired":true,"valueName":"search_term_string"}}],"inLanguage":"it-IT"},{"@type":"Organization","@id":"https:\/\/www.fondazionemorra.org\/it\/#organization","name":"Fondazione Morra","url":"https:\/\/www.fondazionemorra.org\/it\/","logo":{"@type":"ImageObject","inLanguage":"it-IT","@id":"https:\/\/www.fondazionemorra.org\/it\/#\/schema\/logo\/image\/","url":"https:\/\/www.fondazionemorra.org\/wp-content\/uploads\/2021\/02\/logo.png","contentUrl":"https:\/\/www.fondazionemorra.org\/wp-content\/uploads\/2021\/02\/logo.png","width":106,"height":114,"caption":"Fondazione Morra"},"image":{"@id":"https:\/\/www.fondazionemorra.org\/it\/#\/schema\/logo\/image\/"}}]}},"_links":{"self":[{"href":"https:\/\/www.fondazionemorra.org\/it\/wp-json\/wp\/v2\/tribe_events\/5159","targetHints":{"allow":["GET"]}}],"collection":[{"href":"https:\/\/www.fondazionemorra.org\/it\/wp-json\/wp\/v2\/tribe_events"}],"about":[{"href":"https:\/\/www.fondazionemorra.org\/it\/wp-json\/wp\/v2\/types\/tribe_events"}],"author":[{"embeddable":true,"href":"https:\/\/www.fondazionemorra.org\/it\/wp-json\/wp\/v2\/users\/2"}],"version-history":[{"count":1,"href":"https:\/\/www.fondazionemorra.org\/it\/wp-json\/wp\/v2\/tribe_events\/5159\/revisions"}],"predecessor-version":[{"id":5162,"href":"https:\/\/www.fondazionemorra.org\/it\/wp-json\/wp\/v2\/tribe_events\/5159\/revisions\/5162"}],"wp:featuredmedia":[{"embeddable":true,"href":"https:\/\/www.fondazionemorra.org\/it\/wp-json\/wp\/v2\/media\/5160"}],"wp:attachment":[{"href":"https:\/\/www.fondazionemorra.org\/it\/wp-json\/wp\/v2\/media?parent=5159"}],"wp:term":[{"taxonomy":"post_tag","embeddable":true,"href":"https:\/\/www.fondazionemorra.org\/it\/wp-json\/wp\/v2\/tags?post=5159"},{"taxonomy":"tribe_events_cat","embeddable":true,"href":"https:\/\/www.fondazionemorra.org\/it\/wp-json\/wp\/v2\/tribe_events_cat?post=5159"}],"curies":[{"name":"wp","href":"https:\/\/api.w.org\/{rel}","templated":true}]}}