{"id":5283,"date":"2021-02-25T14:43:49","date_gmt":"2021-02-25T13:43:49","guid":{"rendered":"http:\/\/www.fondazionemorra.org\/?post_type=tribe_events&#038;p=5283"},"modified":"2021-02-25T14:43:49","modified_gmt":"2021-02-25T13:43:49","slug":"libero-de-cunzo-re-garder-vibrazioni-e-corrispondenze","status":"publish","type":"tribe_events","link":"https:\/\/www.fondazionemorra.org\/it\/evento\/libero-de-cunzo-re-garder-vibrazioni-e-corrispondenze\/","title":{"rendered":"Libero de Cunzo. RE\/GARDER Vibrazioni e corrispondenze"},"content":{"rendered":"<p><strong>16 dicembre 2017 \u2013 6 gennaio 2018<\/strong><br \/>\nOPENING 16 DICEMBRE ORE 12:00<br \/>\n<strong>Castel dell\u2019Ovo<\/strong><br \/>\n<span class=\"LrzXr\">Via Eldorado 3<\/span>, Napoli<\/p>\n<p>a cura di Raffaella Morra e Loredana Troise<\/p>\n<p><strong>in collaborazione con l\u2019Assessorato alla Cultura del Comune di Napoli<\/strong><\/p>\n<p><strong>\u00a0<\/strong><\/p>\n<p>In stretta connessione con le sale della terrazza del Castel dell\u2019Ovo, <em>RE\/GARDER Vibrazioni e corrispondenze<\/em> di Libero de Cunzo \u00e8 la presentazione di un punto di vista, una proposta di riflessione sullo scrivere con la luce, che l\u2019artista racconta con la messa in scena di seducenti cicli fotografici di grande formato (circa 30 opere) a delineare capitoli visivi illuminati da riflessi e vibrazioni guidandoci in un complesso e affascinante tragitto, dove siamo tutti chiamati a riflettere. E a vedere, come pratica di riflessione e crescita, con uno sguardo che pu\u00f2 variamente rallentare, accelerare, sostare e ricominciare. La spiritualit\u00e0 della riflessione di Libero de Cunzo non perde mai i suoi lineamenti di tangibile trascendenza. Si dispone sull\u2019altare dello sguardo, afferma che il fare e l\u2019energia dell\u2019immagine si impongono come contrappunto rafforzativo del pensiero, cosa imprescindibile per la sopravvivenza della consapevolezza. Attraversarne <em>il senso <\/em>\u00e8 un modo per imbattersi nei paragrafi di un romanzo il cui autore \u00e8 un artista che \u00e8 riuscito sempre a proclamare, con ferma autonomia, il suo principio artistico e la sua personale poetica, in sintonia con le energie che regolano le forze del cosmo. RE\/GARDER &#8211; come affermano le curatrici &#8211; \u00e8 il desiderio di sospendere il frammento del quotidiano e trasmutarlo in un\u2019esperienza visuale complessa ed empatica, una trama che ci invita a prendere atto delle possibilit\u00e0 insite nelle pause che la costituiscono, dei suoi meccanismi e delle sue rifrangenze ponderate.<\/p>\n<p>In un mondo in cui si dimora separati, questa mostra \u00e8 un riapprendere a lasciare fluire dentro di noi un tacito sentire, fra le condivisioni e le corrispondenze di un tempo relativo che coincide con quello dell&#8217;esserci: spazio non astratto, ma effimero, legato alla possibilit\u00e0 di agire e di realizzarsi, di vivere il momento del presente come atto ultimo e provvisorio di un infinito incessante.<\/p>\n<p>Accompagneranno il percorso espositivo i contributi audio-video e le realizzazioni musicali del Maestro Lucio Lo Gatto, per una pulsante decodifica multimediale delle immagini in mostra. Per l\u2019occasione sar\u00e0 editato un <em>feuilleton <\/em>con testi dell\u2019artista, di Raffaella Morra, Olga Scotto Di Vettimo e Loredana Troise.<\/p>\n<p><strong>Libero de Cunzo<\/strong> \u00e8 docente di Arte della Fotografia al Liceo Artistico <em>Boccioni-Palizzi<\/em> e all\u2019Accademia di Belle Arti di Napoli di Fotografia per l\u2019ambiente e il paesaggio. L\u2019attivit\u00e0 didattica, da sempre caratterizzata dalla proposta di una maggiore consapevolezza del<em> saper vedere <\/em>e di una conoscenza del linguaggio fotografico, risulta parte integrante del suo progetto di ricerca. Ha promosso numerose iniziative realizzando reportage su architettura, ambiente e paesaggio. Ha collaborato con diversi enti ed istituzioni come il Ministero per i Beni Culturali, il MAXXI, la Facolt\u00e0 di Architettura di Napoli, l\u2019Institut Fran\u00e7ais Grenoble, l\u2019Istituto Universitario Suor Orsola Benincasa. Ha esposto in diversi spazi, in Italia e all\u2019estero. Dalla rassegna <em>Trismegisto<\/em> curata e allestita da Lucio Amelio nel 1993 con i maggiori artisti contemporanei. Per de Cunzo si manifesta con chiarezza il ruolo fondamentale della fotografia nell\u2019arte intesa come <em>viaggio etico<\/em>. Ha partecipato con contributi monografici alle rassegne: <em>L\u2019Italia nel paesaggio <\/em>(1999);<em> Le stanze dell\u2019Arte <\/em>(2002); <em>Living Theatre, labirinti dell\u2019immaginario <\/em>(2003);<em> Citt\u00e0 architettura edilizia pubblica, Napoli e il Piano Ina-Casa <\/em>(2006);<em> il Paesaggio degli Dei e il lavoro degli Uomini <\/em>(2012), <em>La rosa dei 20<\/em> (2017)<em>.<\/em>Tra i titoli pubblicati: <em>Infiniti possibili: Ravello; Grotta del Sole; Lontano dall\u2019Isola Azzurra; Zone-Napoli\/Parigi; La trama vivente della storia; a passo di Vigna; Vocis Imago\/Imago Vocis. <\/em>Nella primavera 2015, ha curato con l\u2019Assessorato alla Cultura del Comune di Napoli la mostra <em>Nove Visioni: nuove proposte per la fotografia d\u2019autore<\/em> al PAN presentando le ultime \u201ceccellenti visioni\u201d dall\u2019Istruzione Artistica Statale.<\/p>\n","protected":false},"excerpt":{"rendered":"<p>16 dicembre 2017 \u2013 6 gennaio 2018 OPENING 16 DICEMBRE ORE 12:00 Castel dell\u2019Ovo Via Eldorado 3, Napoli a cura di Raffaella Morra e Loredana Troise in collaborazione con l\u2019Assessorato<a class=\"excerpt-read-more\" href=\"https:\/\/www.fondazionemorra.org\/it\/evento\/libero-de-cunzo-re-garder-vibrazioni-e-corrispondenze\/\" title=\"ReadLibero de Cunzo. RE\/GARDER Vibrazioni e corrispondenze\">&#8230; Read more &raquo;<\/a><\/p>\n","protected":false},"author":2,"featured_media":5284,"template":"","meta":{"_acf_changed":false,"_tribe_events_status":"","_tribe_events_status_reason":"","footnotes":""},"tags":[],"tribe_events_cat":[],"class_list":["post-5283","tribe_events","type-tribe_events","status-publish","has-post-thumbnail","hentry"],"acf":[],"yoast_head":"<!-- This site is optimized with the Yoast SEO plugin v27.4 - https:\/\/yoast.com\/product\/yoast-seo-wordpress\/ -->\n<title>Libero de Cunzo. RE\/GARDER Vibrazioni e corrispondenze - Fondazione Morra<\/title>\n<meta name=\"robots\" content=\"index, follow, max-snippet:-1, max-image-preview:large, max-video-preview:-1\" \/>\n<link rel=\"canonical\" href=\"https:\/\/www.fondazionemorra.org\/it\/evento\/libero-de-cunzo-re-garder-vibrazioni-e-corrispondenze\/\" \/>\n<meta property=\"og:locale\" content=\"it_IT\" \/>\n<meta property=\"og:type\" content=\"article\" \/>\n<meta property=\"og:title\" content=\"Libero de Cunzo. RE\/GARDER Vibrazioni e corrispondenze - Fondazione Morra\" \/>\n<meta property=\"og:description\" content=\"16 dicembre 2017 \u2013 6 gennaio 2018 OPENING 16 DICEMBRE ORE 12:00 Castel dell\u2019Ovo Via Eldorado 3, Napoli a cura di Raffaella Morra e Loredana Troise in collaborazione con l\u2019Assessorato... Read more &raquo;\" \/>\n<meta property=\"og:url\" content=\"https:\/\/www.fondazionemorra.org\/it\/evento\/libero-de-cunzo-re-garder-vibrazioni-e-corrispondenze\/\" \/>\n<meta property=\"og:site_name\" content=\"Fondazione Morra\" \/>\n<meta property=\"og:image\" content=\"https:\/\/www.fondazionemorra.org\/wp-content\/uploads\/2021\/02\/2xLocandina-ULTIMO-libero.jpg\" \/>\n\t<meta property=\"og:image:width\" content=\"600\" \/>\n\t<meta property=\"og:image:height\" content=\"1200\" \/>\n\t<meta property=\"og:image:type\" content=\"image\/jpeg\" \/>\n<meta name=\"twitter:card\" content=\"summary_large_image\" \/>\n<meta name=\"twitter:label1\" content=\"Tempo di lettura stimato\" \/>\n\t<meta name=\"twitter:data1\" content=\"3 minuti\" \/>\n<script type=\"application\/ld+json\" class=\"yoast-schema-graph\">{\"@context\":\"https:\\\/\\\/schema.org\",\"@graph\":[{\"@type\":\"WebPage\",\"@id\":\"https:\\\/\\\/www.fondazionemorra.org\\\/it\\\/evento\\\/libero-de-cunzo-re-garder-vibrazioni-e-corrispondenze\\\/\",\"url\":\"https:\\\/\\\/www.fondazionemorra.org\\\/it\\\/evento\\\/libero-de-cunzo-re-garder-vibrazioni-e-corrispondenze\\\/\",\"name\":\"Libero de Cunzo. RE\\\/GARDER Vibrazioni e corrispondenze - Fondazione Morra\",\"isPartOf\":{\"@id\":\"https:\\\/\\\/www.fondazionemorra.org\\\/it\\\/#website\"},\"primaryImageOfPage\":{\"@id\":\"https:\\\/\\\/www.fondazionemorra.org\\\/it\\\/evento\\\/libero-de-cunzo-re-garder-vibrazioni-e-corrispondenze\\\/#primaryimage\"},\"image\":{\"@id\":\"https:\\\/\\\/www.fondazionemorra.org\\\/it\\\/evento\\\/libero-de-cunzo-re-garder-vibrazioni-e-corrispondenze\\\/#primaryimage\"},\"thumbnailUrl\":\"https:\\\/\\\/www.fondazionemorra.org\\\/wp-content\\\/uploads\\\/2021\\\/02\\\/2xLocandina-ULTIMO-libero.jpg\",\"datePublished\":\"2021-02-25T13:43:49+00:00\",\"breadcrumb\":{\"@id\":\"https:\\\/\\\/www.fondazionemorra.org\\\/it\\\/evento\\\/libero-de-cunzo-re-garder-vibrazioni-e-corrispondenze\\\/#breadcrumb\"},\"inLanguage\":\"it-IT\",\"potentialAction\":[{\"@type\":\"ReadAction\",\"target\":[\"https:\\\/\\\/www.fondazionemorra.org\\\/it\\\/evento\\\/libero-de-cunzo-re-garder-vibrazioni-e-corrispondenze\\\/\"]}]},{\"@type\":\"ImageObject\",\"inLanguage\":\"it-IT\",\"@id\":\"https:\\\/\\\/www.fondazionemorra.org\\\/it\\\/evento\\\/libero-de-cunzo-re-garder-vibrazioni-e-corrispondenze\\\/#primaryimage\",\"url\":\"https:\\\/\\\/www.fondazionemorra.org\\\/wp-content\\\/uploads\\\/2021\\\/02\\\/2xLocandina-ULTIMO-libero.jpg\",\"contentUrl\":\"https:\\\/\\\/www.fondazionemorra.org\\\/wp-content\\\/uploads\\\/2021\\\/02\\\/2xLocandina-ULTIMO-libero.jpg\",\"width\":600,\"height\":1200},{\"@type\":\"BreadcrumbList\",\"@id\":\"https:\\\/\\\/www.fondazionemorra.org\\\/it\\\/evento\\\/libero-de-cunzo-re-garder-vibrazioni-e-corrispondenze\\\/#breadcrumb\",\"itemListElement\":[{\"@type\":\"ListItem\",\"position\":1,\"name\":\"Home\",\"item\":\"https:\\\/\\\/www.fondazionemorra.org\\\/it\\\/\"},{\"@type\":\"ListItem\",\"position\":2,\"name\":\"Eventi\",\"item\":\"https:\\\/\\\/www.fondazionemorra.org\\\/it\\\/eventi\\\/\"},{\"@type\":\"ListItem\",\"position\":3,\"name\":\"Libero de Cunzo. RE\\\/GARDER Vibrazioni e corrispondenze\"}]},{\"@type\":\"WebSite\",\"@id\":\"https:\\\/\\\/www.fondazionemorra.org\\\/it\\\/#website\",\"url\":\"https:\\\/\\\/www.fondazionemorra.org\\\/it\\\/\",\"name\":\"Fondazione Morra\",\"description\":\"\",\"publisher\":{\"@id\":\"https:\\\/\\\/www.fondazionemorra.org\\\/it\\\/#organization\"},\"potentialAction\":[{\"@type\":\"SearchAction\",\"target\":{\"@type\":\"EntryPoint\",\"urlTemplate\":\"https:\\\/\\\/www.fondazionemorra.org\\\/it\\\/?s={search_term_string}\"},\"query-input\":{\"@type\":\"PropertyValueSpecification\",\"valueRequired\":true,\"valueName\":\"search_term_string\"}}],\"inLanguage\":\"it-IT\"},{\"@type\":\"Organization\",\"@id\":\"https:\\\/\\\/www.fondazionemorra.org\\\/it\\\/#organization\",\"name\":\"Fondazione Morra\",\"url\":\"https:\\\/\\\/www.fondazionemorra.org\\\/it\\\/\",\"logo\":{\"@type\":\"ImageObject\",\"inLanguage\":\"it-IT\",\"@id\":\"https:\\\/\\\/www.fondazionemorra.org\\\/it\\\/#\\\/schema\\\/logo\\\/image\\\/\",\"url\":\"https:\\\/\\\/www.fondazionemorra.org\\\/wp-content\\\/uploads\\\/2021\\\/02\\\/logo.png\",\"contentUrl\":\"https:\\\/\\\/www.fondazionemorra.org\\\/wp-content\\\/uploads\\\/2021\\\/02\\\/logo.png\",\"width\":106,\"height\":114,\"caption\":\"Fondazione Morra\"},\"image\":{\"@id\":\"https:\\\/\\\/www.fondazionemorra.org\\\/it\\\/#\\\/schema\\\/logo\\\/image\\\/\"}}]}<\/script>\n<!-- \/ Yoast SEO plugin. -->","yoast_head_json":{"title":"Libero de Cunzo. RE\/GARDER Vibrazioni e corrispondenze - Fondazione Morra","robots":{"index":"index","follow":"follow","max-snippet":"max-snippet:-1","max-image-preview":"max-image-preview:large","max-video-preview":"max-video-preview:-1"},"canonical":"https:\/\/www.fondazionemorra.org\/it\/evento\/libero-de-cunzo-re-garder-vibrazioni-e-corrispondenze\/","og_locale":"it_IT","og_type":"article","og_title":"Libero de Cunzo. RE\/GARDER Vibrazioni e corrispondenze - Fondazione Morra","og_description":"16 dicembre 2017 \u2013 6 gennaio 2018 OPENING 16 DICEMBRE ORE 12:00 Castel dell\u2019Ovo Via Eldorado 3, Napoli a cura di Raffaella Morra e Loredana Troise in collaborazione con l\u2019Assessorato... Read more &raquo;","og_url":"https:\/\/www.fondazionemorra.org\/it\/evento\/libero-de-cunzo-re-garder-vibrazioni-e-corrispondenze\/","og_site_name":"Fondazione Morra","og_image":[{"width":600,"height":1200,"url":"https:\/\/www.fondazionemorra.org\/wp-content\/uploads\/2021\/02\/2xLocandina-ULTIMO-libero.jpg","type":"image\/jpeg"}],"twitter_card":"summary_large_image","twitter_misc":{"Tempo di lettura stimato":"3 minuti"},"schema":{"@context":"https:\/\/schema.org","@graph":[{"@type":"WebPage","@id":"https:\/\/www.fondazionemorra.org\/it\/evento\/libero-de-cunzo-re-garder-vibrazioni-e-corrispondenze\/","url":"https:\/\/www.fondazionemorra.org\/it\/evento\/libero-de-cunzo-re-garder-vibrazioni-e-corrispondenze\/","name":"Libero de Cunzo. RE\/GARDER Vibrazioni e corrispondenze - Fondazione Morra","isPartOf":{"@id":"https:\/\/www.fondazionemorra.org\/it\/#website"},"primaryImageOfPage":{"@id":"https:\/\/www.fondazionemorra.org\/it\/evento\/libero-de-cunzo-re-garder-vibrazioni-e-corrispondenze\/#primaryimage"},"image":{"@id":"https:\/\/www.fondazionemorra.org\/it\/evento\/libero-de-cunzo-re-garder-vibrazioni-e-corrispondenze\/#primaryimage"},"thumbnailUrl":"https:\/\/www.fondazionemorra.org\/wp-content\/uploads\/2021\/02\/2xLocandina-ULTIMO-libero.jpg","datePublished":"2021-02-25T13:43:49+00:00","breadcrumb":{"@id":"https:\/\/www.fondazionemorra.org\/it\/evento\/libero-de-cunzo-re-garder-vibrazioni-e-corrispondenze\/#breadcrumb"},"inLanguage":"it-IT","potentialAction":[{"@type":"ReadAction","target":["https:\/\/www.fondazionemorra.org\/it\/evento\/libero-de-cunzo-re-garder-vibrazioni-e-corrispondenze\/"]}]},{"@type":"ImageObject","inLanguage":"it-IT","@id":"https:\/\/www.fondazionemorra.org\/it\/evento\/libero-de-cunzo-re-garder-vibrazioni-e-corrispondenze\/#primaryimage","url":"https:\/\/www.fondazionemorra.org\/wp-content\/uploads\/2021\/02\/2xLocandina-ULTIMO-libero.jpg","contentUrl":"https:\/\/www.fondazionemorra.org\/wp-content\/uploads\/2021\/02\/2xLocandina-ULTIMO-libero.jpg","width":600,"height":1200},{"@type":"BreadcrumbList","@id":"https:\/\/www.fondazionemorra.org\/it\/evento\/libero-de-cunzo-re-garder-vibrazioni-e-corrispondenze\/#breadcrumb","itemListElement":[{"@type":"ListItem","position":1,"name":"Home","item":"https:\/\/www.fondazionemorra.org\/it\/"},{"@type":"ListItem","position":2,"name":"Eventi","item":"https:\/\/www.fondazionemorra.org\/it\/eventi\/"},{"@type":"ListItem","position":3,"name":"Libero de Cunzo. RE\/GARDER Vibrazioni e corrispondenze"}]},{"@type":"WebSite","@id":"https:\/\/www.fondazionemorra.org\/it\/#website","url":"https:\/\/www.fondazionemorra.org\/it\/","name":"Fondazione Morra","description":"","publisher":{"@id":"https:\/\/www.fondazionemorra.org\/it\/#organization"},"potentialAction":[{"@type":"SearchAction","target":{"@type":"EntryPoint","urlTemplate":"https:\/\/www.fondazionemorra.org\/it\/?s={search_term_string}"},"query-input":{"@type":"PropertyValueSpecification","valueRequired":true,"valueName":"search_term_string"}}],"inLanguage":"it-IT"},{"@type":"Organization","@id":"https:\/\/www.fondazionemorra.org\/it\/#organization","name":"Fondazione Morra","url":"https:\/\/www.fondazionemorra.org\/it\/","logo":{"@type":"ImageObject","inLanguage":"it-IT","@id":"https:\/\/www.fondazionemorra.org\/it\/#\/schema\/logo\/image\/","url":"https:\/\/www.fondazionemorra.org\/wp-content\/uploads\/2021\/02\/logo.png","contentUrl":"https:\/\/www.fondazionemorra.org\/wp-content\/uploads\/2021\/02\/logo.png","width":106,"height":114,"caption":"Fondazione Morra"},"image":{"@id":"https:\/\/www.fondazionemorra.org\/it\/#\/schema\/logo\/image\/"}}]}},"_links":{"self":[{"href":"https:\/\/www.fondazionemorra.org\/it\/wp-json\/wp\/v2\/tribe_events\/5283","targetHints":{"allow":["GET"]}}],"collection":[{"href":"https:\/\/www.fondazionemorra.org\/it\/wp-json\/wp\/v2\/tribe_events"}],"about":[{"href":"https:\/\/www.fondazionemorra.org\/it\/wp-json\/wp\/v2\/types\/tribe_events"}],"author":[{"embeddable":true,"href":"https:\/\/www.fondazionemorra.org\/it\/wp-json\/wp\/v2\/users\/2"}],"version-history":[{"count":1,"href":"https:\/\/www.fondazionemorra.org\/it\/wp-json\/wp\/v2\/tribe_events\/5283\/revisions"}],"predecessor-version":[{"id":5286,"href":"https:\/\/www.fondazionemorra.org\/it\/wp-json\/wp\/v2\/tribe_events\/5283\/revisions\/5286"}],"wp:featuredmedia":[{"embeddable":true,"href":"https:\/\/www.fondazionemorra.org\/it\/wp-json\/wp\/v2\/media\/5284"}],"wp:attachment":[{"href":"https:\/\/www.fondazionemorra.org\/it\/wp-json\/wp\/v2\/media?parent=5283"}],"wp:term":[{"taxonomy":"post_tag","embeddable":true,"href":"https:\/\/www.fondazionemorra.org\/it\/wp-json\/wp\/v2\/tags?post=5283"},{"taxonomy":"tribe_events_cat","embeddable":true,"href":"https:\/\/www.fondazionemorra.org\/it\/wp-json\/wp\/v2\/tribe_events_cat?post=5283"}],"curies":[{"name":"wp","href":"https:\/\/api.w.org\/{rel}","templated":true}]}}