{"id":5311,"date":"2021-02-25T15:48:19","date_gmt":"2021-02-25T14:48:19","guid":{"rendered":"http:\/\/www.fondazionemorra.org\/?post_type=tribe_events&#038;p=5311"},"modified":"2021-02-25T15:48:19","modified_gmt":"2021-02-25T14:48:19","slug":"tra-oriente-ed-occidente-arte-e-spiritualita-nel-novecento-le-danze-sacre-danza-sul-mandala","status":"publish","type":"tribe_events","link":"https:\/\/www.fondazionemorra.org\/it\/evento\/tra-oriente-ed-occidente-arte-e-spiritualita-nel-novecento-le-danze-sacre-danza-sul-mandala\/","title":{"rendered":"Tra Oriente ed Occidente \u2013 Arte e spiritualit\u00e0 nel Novecento. Le Danze Sacre &#8211;\u00a0 Danza sul mandala"},"content":{"rendered":"<p><strong>12 aprile 2014<\/strong><br \/>\nINIZIO ORE 10:00<br \/>\n<strong>Museo Hermann Nitsch<\/strong><br \/>\nVico Lungo Pontecorvo 29\/d, Napoli<\/p>\n<p>&nbsp;<\/p>\n<p><em>Tra Oriente ed Occidente<\/em> &#8211; <em>Arte e spiritualit\u00e0 nel Novecento, Le Danze Sacre<\/em> (Danza sul mandala e Danza di Gurdjieff), \u00e8 un primo appuntamento con la citt\u00e0 di Napoli che l\u2019Accademia di Belle Arti, in collaborazione con la Fondazione Morra, e la Comunit\u00e0 Dzogchen di Napoli <em>Namdeling<\/em>, vuole dare per lo sviluppo di una cultura di pace e di consapevolezza individuale e collettiva.<\/p>\n<p>Il titolo dell\u2019iniziativa si inserisce nel programma didattico di Gabriella Dalesio, docente di Storia dell\u2019arte contemporanea, nonch\u00e9 critico d\u2019arte e studiosa del rapporto tra arte orientale e occidentale.<\/p>\n<p>Dopo la conferenza, che prevede proiezioni di video informativi sulle danze presentate, dodici persone, sei uomini e sei donne danzeranno su un mandala di cinque colori, steso a terra sulla terrazza antistante il Museo, la <em>Danza delle Sei Liberazioni<\/em>.<\/p>\n<p>La Danza del Vajra \u00e8 stata insegnata dal Maestro Ch\u00f6gyal Namkhai Norbu sin dai primi anni novanta, ed \u00e8 stata inserita dall\u2019Unesco fra i patrimoni dell\u2019Umanit\u00e0.<\/p>\n<p>Vajra \u00e8 un termine sanscrito che significa diamante: nell&#8217;insegnamento Dzogchen \u00e8 il simbolo della nostra natura essenziale, immutabile come il diamante.<\/p>\n<p>&#8220;Attraverso la Danza del Vajra il praticante integra la voce nel canto, il corpo nella danza e la mente nello stato di contemplazione.&#8221; Sono queste le parole del Maestro Ch\u00f6gyal Namkhai Norbu sul senso della Danza del Vajra, una meditazione in movimento che ci aiuta a rilassare le tensioni della vita quotidiana.<\/p>\n<p>Presiede: Aurora Spinosa, Direttore dell\u2019Accademia di Belle Arti di Napoli<\/p>\n<p>Coordinatore: Gabriella Dalesio<\/p>\n<p>Relatori: Salvatore Di Carluccio, Christiane Rhein, Margit Martinu, Giovanna Natalini<\/p>\n<p><strong>Programma<\/strong><\/p>\n<p><strong>Ore 10:00<\/strong> Presentazione programma della giornata<\/p>\n<p><strong>Ore 10:30<\/strong> <strong><em>Le danze sacre di Gurdjieff<\/em><\/strong><\/p>\n<p>Interventi di Margit Martinu e Giovanna Natalini<\/p>\n<p><strong><em>\u00a0\u00a0\u00a0\u00a0\u00a0\u00a0\u00a0\u00a0\u00a0\u00a0\u00a0\u00a0\u00a0\u00a0\u00a0\u00a0 Danza sul Mandala<\/em><\/strong>, <strong><em>Danza delle Sei liberazioni<\/em><\/strong><\/p>\n<p>Interventi di Salvatore di Carluccio e Christiane Rhein<\/p>\n<p><strong>Ore 12:00-13:30<\/strong> <strong>Danza delle Sei Liberazioni<\/strong> (dimostrazione di danza sul mandala)<\/p>\n<p><em>Salvatore Di Carluccio<\/em> e <em>Christiane Rhein<\/em>, studenti di <strong>Ch\u00f6gyal Namkhai Norbu<\/strong>, il maestro Dzogchen cui questa danza fa riferimento, sono insegnanti della Danza del Vajra da diversi anni. \u00a0<em>Margit Martinu<\/em> \u00e8 insegnante delle Danze di Gurdjieff e <em>Giovanna Natalini<\/em> \u00e8 compositrice e pianista.<\/p>\n<p>Il giorno 6 giugno sar\u00e0 organizzato presso la sede del Museo Nitsch un workshop sulla <em>Danza di Gurdjjeff.<\/em><\/p>\n<p><strong>La Danza del Vajra<\/strong><\/p>\n<p>La <em>Danza del Vajra<\/em>, se praticata con la giusta attitudine e perseveranza, pu\u00f2 diventare un mezzo per scoprire la nostra vera natura, nello stato della contemplazione. La <strong>Danza del Vajra<\/strong> \u00e8 una meditazione in movimento che ci aiuta a rilassare le tensioni della vita quotidiana. I movimenti semplici, ampi e fluidi donano dolcezza e serenit\u00e0 alla mente. Eseguiti al suono di sillabe sacre (mantra), che si trovano nei testi originari dell&#8217;Insegnamento <em>Dzogchen<\/em>, ci permettono di ritrovare uno stato di equilibrio e di benessere. I suoni e i movimenti della <em>Danza del Vajra<\/em> agiscono sui vari punti energetici del corpo, secondo una conoscenza millenaria dei canali e dei centri dell&#8217;energia simile a quella dell&#8217;agopuntura. In tal modo la Danza scioglie eventuali blocchi, armonizza i nostri tre aspetti principali, vale a dire il corpo, la voce o energia, e la mente, e sviluppa la presenza e la consapevolezza. La <em>Danza del Vajra<\/em> viene praticata su un Mandala, simbolo della corrispondenza fra la dimensione interna dell&#8217;individuo (microcosmo) e quella esterna del mondo (macrocosmo). Una sessione di danza dura almeno 20 minuti. Possono partecipare dodici danzatori, sei uomini e sei donne, disposti sulle dodici dimensioni del Mandala. Queste dimensioni rappresentano l&#8217;interazione e l&#8217;inseparabilit\u00e0 dell&#8217;energia femminile e maschile. Quando nella Danza queste energie sono perfettamente coordinate, la pratica diventa un&#8217;esperienza di intensa gioia.<\/p>\n<p><strong>DANZE SACRE E MOVIMENTI di G.I. GURDJIEFF<\/strong><\/p>\n<p><em>La presenza al corpo, al pensiero, al sentimento <\/em><\/p>\n<p>I Movimenti e le Danze sacre, sviluppati da G.I. Gurdjieff, hanno una origine molto antica e sono frutto dei suoi lunghi viaggi durante molti anni che egli ha dedicato alle ricerche della conoscenza all\u2019inizio del secolo scorso. Fanno parte integrante del suo insegnamento; contengono ritmi, esercizi e movimenti, disegnati per liberarci dalle abitudini e tensioni del corpo, del sentimento e del pensiero \u2013 che ci tengono imprigionati nel mondo condizionato. Richiamano la presenza a noi stessi, sviluppano l\u2019attenzione, il coordinamento, la concentrazione e la consapevolezza. Sono un strumento per l\u2019osservazione di se stessi e ci conducono ad uno stato pi\u00f9 equilibrato. La ricerca e la pratica di questa arte sacra ci portano ad una percezione profonda del sacro dentro di noi. Le musiche per i Movimenti eseguite al pianoforte sono intimamente connesse con questo \u201cviaggio interiore\u201d.<\/p>\n<p><strong>Margit Sien MARTINU<\/strong><\/p>\n<p>Nata e cresciuta a Praga. E\u2018 stata educata alla danza e alla ginnastica artistica; ha partecipato alla squadra nazionale. Questo training ha avuto le sue radici nel metodo Delacroz che comprende non solo il movimento corporeo, ma sviluppa anche la sensibilit\u00e0 verso la musica. Nel 1968 lascia il paese di origine e si reca a Londra. Agli inizi degli anni settanta incontra J.G. Bennett, allievo di G.J.Gurdjieff, il quale la introduce all\u2019insegnamento di quest\u2019ultimo. Nel 1975 entra nell\u2019 International Academy for Continuous Education in Sherborne, Inghilterra, diretta da J.G. Bennett ove frequenta un corso residenziale di dieci mesi basato sull\u2019insegnamento di Gurdjieff e disegnato per lo sviluppo armonico dell\u2019uomo. Comprendeva lo studio dei metodi orientali ed occidentali tra cui la psicologia, la storia, la cosmologia e la filosofia ma anche i lavori pratici come il giardinaggio, laboratori artigianali, la musica, la meditazione e, in particolare, i Movimenti e le Danze Sacre di Gurdjieff. Nell\u2019 estate del 1977 partecipa negli Stati Uniti al seminario di training per la formazione di insegnanti dei Movimenti a Claymont in West Virginia &#8211; filiale dell\u2019International Academy for Continous Education, fondata da J.G. Bennett. Dal 1977 al 1982 approfondisce negli Stati Uniti lo studio dell\u2019insegnamento e del sistema di Gurdjieff presso l\u2019Istituto di Paul Anderson, allievo e segretario di Gurdjieff negli Stati Uniti.\u00a0 Sotto la sua direzione si \u00e8 formata come insegnante di Movimenti e comincia la sua attivit\u00e0 didattica. Nel 1985 torna in Europa e studia con insegnanti della Fondazione di Gurdjieff e svolge il ruolo di insegnante di Movimenti. Ha condotto laboratori sull\u2019Introduzione ai Movimenti di Gurdjieff presso il DAMS della Sapienza a Roma. Ha curato varie dimostrazioni pubbliche di Movimenti: al DAMS di Bologna, a Pescara, a Roma, al Teatro Era di Pontedera. Ha curato vari concerti di musiche sacre di Gurdjeiff a Roma e a Praga. Negli ultimi anni partecipa come staff al Gathering annuale in Inghilterra di vari gruppi europei che studiano e praticano l\u2019insegnamento di Gurdjieff. Negli ultimi tre anni dirige negli Stati Uniti il Progetto sullo studio e la ricerca dei Movimenti e delle Danze Sacre al fine di approfondire, trasmettere e preservare questo metodo nella societ\u00e0 odierna. Da pi\u00f9 di vent\u2019anni conduce corsi e seminari in Italia, in Europa e negli Stati Uniti. <strong>www.gurdjieffmouvements.it<\/strong><\/p>\n<p><strong>\u00a0<\/strong><\/p>\n<p><strong>GIOVANNA NATALINI\u00a0 <\/strong><\/p>\n<p>Dal 1998 lavora come pianista accompagnatore per le Danze Sacre di Gurdjieff, tenendo regolarmente seminari in Italia (a Roma, Centeno e Pontedera) con M. Martinu; ha anche lavorato con J. Wilkinson in Toscana e in Slovenia in diversi seminari residenziali. Ha partecipato a diverse dimostrazioni pubbliche del lavoro di Gurdjieff: nel 2004 a Pescara per il Festival Moving in the City, nel 2005 a Roma presso la Sala Cantieri Scalzi, nel 2010 a Pontedera presso il Teatro Era. Dal 2003 lavora a RAI RADIO3 come esperto di musica, fino al 2009 per Il Terzo Anello Musica, dal 2010 per la trasmissione Primo Movimento. Ha collaborato come compositore con i gruppi teatrali O Thiasos TeatroNatura e il Teatro della Memoria e con la casa editrice EMONS specializzata in audiolibri. <strong>www.giovannanatalini.com<\/strong><\/p>\n<p>&nbsp;<\/p>\n","protected":false},"excerpt":{"rendered":"<p>12 aprile 2014 INIZIO ORE 10:00 Museo Hermann Nitsch Vico Lungo Pontecorvo 29\/d, Napoli &nbsp; Tra Oriente ed Occidente &#8211; Arte e spiritualit\u00e0 nel Novecento, Le Danze Sacre (Danza sul<a class=\"excerpt-read-more\" href=\"https:\/\/www.fondazionemorra.org\/it\/evento\/tra-oriente-ed-occidente-arte-e-spiritualita-nel-novecento-le-danze-sacre-danza-sul-mandala\/\" title=\"ReadTra Oriente ed Occidente \u2013 Arte e spiritualit\u00e0 nel Novecento. Le Danze Sacre &#8211;\u00a0 Danza sul mandala\">&#8230; Read more &raquo;<\/a><\/p>\n","protected":false},"author":2,"featured_media":0,"template":"","meta":{"_acf_changed":false,"_tribe_events_status":"","_tribe_events_status_reason":"","footnotes":""},"tags":[],"tribe_events_cat":[15],"class_list":["post-5311","tribe_events","type-tribe_events","status-publish","hentry","tribe_events_cat-museo-nitsch","cat_museo-nitsch"],"acf":[],"yoast_head":"<!-- This site is optimized with the Yoast SEO plugin v27.4 - https:\/\/yoast.com\/product\/yoast-seo-wordpress\/ -->\n<title>Tra Oriente ed Occidente \u2013 Arte e spiritualit\u00e0 nel Novecento. Le Danze Sacre -\u00a0 Danza sul mandala - Fondazione Morra<\/title>\n<meta name=\"robots\" content=\"index, follow, max-snippet:-1, max-image-preview:large, max-video-preview:-1\" \/>\n<link rel=\"canonical\" href=\"https:\/\/www.fondazionemorra.org\/it\/evento\/tra-oriente-ed-occidente-arte-e-spiritualita-nel-novecento-le-danze-sacre-danza-sul-mandala\/\" \/>\n<meta property=\"og:locale\" content=\"it_IT\" \/>\n<meta property=\"og:type\" content=\"article\" \/>\n<meta property=\"og:title\" content=\"Tra Oriente ed Occidente \u2013 Arte e spiritualit\u00e0 nel Novecento. Le Danze Sacre -\u00a0 Danza sul mandala - Fondazione Morra\" \/>\n<meta property=\"og:description\" content=\"12 aprile 2014 INIZIO ORE 10:00 Museo Hermann Nitsch Vico Lungo Pontecorvo 29\/d, Napoli &nbsp; Tra Oriente ed Occidente &#8211; Arte e spiritualit\u00e0 nel Novecento, Le Danze Sacre (Danza sul... Read more &raquo;\" \/>\n<meta property=\"og:url\" content=\"https:\/\/www.fondazionemorra.org\/it\/evento\/tra-oriente-ed-occidente-arte-e-spiritualita-nel-novecento-le-danze-sacre-danza-sul-mandala\/\" \/>\n<meta property=\"og:site_name\" content=\"Fondazione Morra\" \/>\n<meta name=\"twitter:card\" content=\"summary_large_image\" \/>\n<meta name=\"twitter:label1\" content=\"Tempo di lettura stimato\" \/>\n\t<meta name=\"twitter:data1\" content=\"6 minuti\" \/>\n<script type=\"application\/ld+json\" class=\"yoast-schema-graph\">{\"@context\":\"https:\\\/\\\/schema.org\",\"@graph\":[{\"@type\":\"WebPage\",\"@id\":\"https:\\\/\\\/www.fondazionemorra.org\\\/it\\\/evento\\\/tra-oriente-ed-occidente-arte-e-spiritualita-nel-novecento-le-danze-sacre-danza-sul-mandala\\\/\",\"url\":\"https:\\\/\\\/www.fondazionemorra.org\\\/it\\\/evento\\\/tra-oriente-ed-occidente-arte-e-spiritualita-nel-novecento-le-danze-sacre-danza-sul-mandala\\\/\",\"name\":\"Tra Oriente ed Occidente \u2013 Arte e spiritualit\u00e0 nel Novecento. Le Danze Sacre -\u00a0 Danza sul mandala - Fondazione Morra\",\"isPartOf\":{\"@id\":\"https:\\\/\\\/www.fondazionemorra.org\\\/it\\\/#website\"},\"datePublished\":\"2021-02-25T14:48:19+00:00\",\"breadcrumb\":{\"@id\":\"https:\\\/\\\/www.fondazionemorra.org\\\/it\\\/evento\\\/tra-oriente-ed-occidente-arte-e-spiritualita-nel-novecento-le-danze-sacre-danza-sul-mandala\\\/#breadcrumb\"},\"inLanguage\":\"it-IT\",\"potentialAction\":[{\"@type\":\"ReadAction\",\"target\":[\"https:\\\/\\\/www.fondazionemorra.org\\\/it\\\/evento\\\/tra-oriente-ed-occidente-arte-e-spiritualita-nel-novecento-le-danze-sacre-danza-sul-mandala\\\/\"]}]},{\"@type\":\"BreadcrumbList\",\"@id\":\"https:\\\/\\\/www.fondazionemorra.org\\\/it\\\/evento\\\/tra-oriente-ed-occidente-arte-e-spiritualita-nel-novecento-le-danze-sacre-danza-sul-mandala\\\/#breadcrumb\",\"itemListElement\":[{\"@type\":\"ListItem\",\"position\":1,\"name\":\"Home\",\"item\":\"https:\\\/\\\/www.fondazionemorra.org\\\/it\\\/\"},{\"@type\":\"ListItem\",\"position\":2,\"name\":\"Eventi\",\"item\":\"https:\\\/\\\/www.fondazionemorra.org\\\/it\\\/eventi\\\/\"},{\"@type\":\"ListItem\",\"position\":3,\"name\":\"Tra Oriente ed Occidente \u2013 Arte e spiritualit\u00e0 nel Novecento. Le Danze Sacre &#8211;\u00a0 Danza sul mandala\"}]},{\"@type\":\"WebSite\",\"@id\":\"https:\\\/\\\/www.fondazionemorra.org\\\/it\\\/#website\",\"url\":\"https:\\\/\\\/www.fondazionemorra.org\\\/it\\\/\",\"name\":\"Fondazione Morra\",\"description\":\"\",\"publisher\":{\"@id\":\"https:\\\/\\\/www.fondazionemorra.org\\\/it\\\/#organization\"},\"potentialAction\":[{\"@type\":\"SearchAction\",\"target\":{\"@type\":\"EntryPoint\",\"urlTemplate\":\"https:\\\/\\\/www.fondazionemorra.org\\\/it\\\/?s={search_term_string}\"},\"query-input\":{\"@type\":\"PropertyValueSpecification\",\"valueRequired\":true,\"valueName\":\"search_term_string\"}}],\"inLanguage\":\"it-IT\"},{\"@type\":\"Organization\",\"@id\":\"https:\\\/\\\/www.fondazionemorra.org\\\/it\\\/#organization\",\"name\":\"Fondazione Morra\",\"url\":\"https:\\\/\\\/www.fondazionemorra.org\\\/it\\\/\",\"logo\":{\"@type\":\"ImageObject\",\"inLanguage\":\"it-IT\",\"@id\":\"https:\\\/\\\/www.fondazionemorra.org\\\/it\\\/#\\\/schema\\\/logo\\\/image\\\/\",\"url\":\"https:\\\/\\\/www.fondazionemorra.org\\\/wp-content\\\/uploads\\\/2021\\\/02\\\/logo.png\",\"contentUrl\":\"https:\\\/\\\/www.fondazionemorra.org\\\/wp-content\\\/uploads\\\/2021\\\/02\\\/logo.png\",\"width\":106,\"height\":114,\"caption\":\"Fondazione Morra\"},\"image\":{\"@id\":\"https:\\\/\\\/www.fondazionemorra.org\\\/it\\\/#\\\/schema\\\/logo\\\/image\\\/\"}}]}<\/script>\n<!-- \/ Yoast SEO plugin. -->","yoast_head_json":{"title":"Tra Oriente ed Occidente \u2013 Arte e spiritualit\u00e0 nel Novecento. Le Danze Sacre -\u00a0 Danza sul mandala - Fondazione Morra","robots":{"index":"index","follow":"follow","max-snippet":"max-snippet:-1","max-image-preview":"max-image-preview:large","max-video-preview":"max-video-preview:-1"},"canonical":"https:\/\/www.fondazionemorra.org\/it\/evento\/tra-oriente-ed-occidente-arte-e-spiritualita-nel-novecento-le-danze-sacre-danza-sul-mandala\/","og_locale":"it_IT","og_type":"article","og_title":"Tra Oriente ed Occidente \u2013 Arte e spiritualit\u00e0 nel Novecento. Le Danze Sacre -\u00a0 Danza sul mandala - Fondazione Morra","og_description":"12 aprile 2014 INIZIO ORE 10:00 Museo Hermann Nitsch Vico Lungo Pontecorvo 29\/d, Napoli &nbsp; Tra Oriente ed Occidente &#8211; Arte e spiritualit\u00e0 nel Novecento, Le Danze Sacre (Danza sul... Read more &raquo;","og_url":"https:\/\/www.fondazionemorra.org\/it\/evento\/tra-oriente-ed-occidente-arte-e-spiritualita-nel-novecento-le-danze-sacre-danza-sul-mandala\/","og_site_name":"Fondazione Morra","twitter_card":"summary_large_image","twitter_misc":{"Tempo di lettura stimato":"6 minuti"},"schema":{"@context":"https:\/\/schema.org","@graph":[{"@type":"WebPage","@id":"https:\/\/www.fondazionemorra.org\/it\/evento\/tra-oriente-ed-occidente-arte-e-spiritualita-nel-novecento-le-danze-sacre-danza-sul-mandala\/","url":"https:\/\/www.fondazionemorra.org\/it\/evento\/tra-oriente-ed-occidente-arte-e-spiritualita-nel-novecento-le-danze-sacre-danza-sul-mandala\/","name":"Tra Oriente ed Occidente \u2013 Arte e spiritualit\u00e0 nel Novecento. Le Danze Sacre -\u00a0 Danza sul mandala - Fondazione Morra","isPartOf":{"@id":"https:\/\/www.fondazionemorra.org\/it\/#website"},"datePublished":"2021-02-25T14:48:19+00:00","breadcrumb":{"@id":"https:\/\/www.fondazionemorra.org\/it\/evento\/tra-oriente-ed-occidente-arte-e-spiritualita-nel-novecento-le-danze-sacre-danza-sul-mandala\/#breadcrumb"},"inLanguage":"it-IT","potentialAction":[{"@type":"ReadAction","target":["https:\/\/www.fondazionemorra.org\/it\/evento\/tra-oriente-ed-occidente-arte-e-spiritualita-nel-novecento-le-danze-sacre-danza-sul-mandala\/"]}]},{"@type":"BreadcrumbList","@id":"https:\/\/www.fondazionemorra.org\/it\/evento\/tra-oriente-ed-occidente-arte-e-spiritualita-nel-novecento-le-danze-sacre-danza-sul-mandala\/#breadcrumb","itemListElement":[{"@type":"ListItem","position":1,"name":"Home","item":"https:\/\/www.fondazionemorra.org\/it\/"},{"@type":"ListItem","position":2,"name":"Eventi","item":"https:\/\/www.fondazionemorra.org\/it\/eventi\/"},{"@type":"ListItem","position":3,"name":"Tra Oriente ed Occidente \u2013 Arte e spiritualit\u00e0 nel Novecento. Le Danze Sacre &#8211;\u00a0 Danza sul mandala"}]},{"@type":"WebSite","@id":"https:\/\/www.fondazionemorra.org\/it\/#website","url":"https:\/\/www.fondazionemorra.org\/it\/","name":"Fondazione Morra","description":"","publisher":{"@id":"https:\/\/www.fondazionemorra.org\/it\/#organization"},"potentialAction":[{"@type":"SearchAction","target":{"@type":"EntryPoint","urlTemplate":"https:\/\/www.fondazionemorra.org\/it\/?s={search_term_string}"},"query-input":{"@type":"PropertyValueSpecification","valueRequired":true,"valueName":"search_term_string"}}],"inLanguage":"it-IT"},{"@type":"Organization","@id":"https:\/\/www.fondazionemorra.org\/it\/#organization","name":"Fondazione Morra","url":"https:\/\/www.fondazionemorra.org\/it\/","logo":{"@type":"ImageObject","inLanguage":"it-IT","@id":"https:\/\/www.fondazionemorra.org\/it\/#\/schema\/logo\/image\/","url":"https:\/\/www.fondazionemorra.org\/wp-content\/uploads\/2021\/02\/logo.png","contentUrl":"https:\/\/www.fondazionemorra.org\/wp-content\/uploads\/2021\/02\/logo.png","width":106,"height":114,"caption":"Fondazione Morra"},"image":{"@id":"https:\/\/www.fondazionemorra.org\/it\/#\/schema\/logo\/image\/"}}]}},"_links":{"self":[{"href":"https:\/\/www.fondazionemorra.org\/it\/wp-json\/wp\/v2\/tribe_events\/5311","targetHints":{"allow":["GET"]}}],"collection":[{"href":"https:\/\/www.fondazionemorra.org\/it\/wp-json\/wp\/v2\/tribe_events"}],"about":[{"href":"https:\/\/www.fondazionemorra.org\/it\/wp-json\/wp\/v2\/types\/tribe_events"}],"author":[{"embeddable":true,"href":"https:\/\/www.fondazionemorra.org\/it\/wp-json\/wp\/v2\/users\/2"}],"version-history":[{"count":1,"href":"https:\/\/www.fondazionemorra.org\/it\/wp-json\/wp\/v2\/tribe_events\/5311\/revisions"}],"predecessor-version":[{"id":5312,"href":"https:\/\/www.fondazionemorra.org\/it\/wp-json\/wp\/v2\/tribe_events\/5311\/revisions\/5312"}],"wp:attachment":[{"href":"https:\/\/www.fondazionemorra.org\/it\/wp-json\/wp\/v2\/media?parent=5311"}],"wp:term":[{"taxonomy":"post_tag","embeddable":true,"href":"https:\/\/www.fondazionemorra.org\/it\/wp-json\/wp\/v2\/tags?post=5311"},{"taxonomy":"tribe_events_cat","embeddable":true,"href":"https:\/\/www.fondazionemorra.org\/it\/wp-json\/wp\/v2\/tribe_events_cat?post=5311"}],"curies":[{"name":"wp","href":"https:\/\/api.w.org\/{rel}","templated":true}]}}