{"id":5568,"date":"2021-03-04T15:52:51","date_gmt":"2021-03-04T14:52:51","guid":{"rendered":"http:\/\/www.fondazionemorra.org\/?post_type=tribe_events&#038;p=5568"},"modified":"2021-03-04T15:52:51","modified_gmt":"2021-03-04T14:52:51","slug":"the-yellow-truck","status":"publish","type":"tribe_events","link":"https:\/\/www.fondazionemorra.org\/it\/evento\/the-yellow-truck\/","title":{"rendered":"The Yellow Truck"},"content":{"rendered":"<p><strong>1 marzo \u2013 30 marzo 2018<\/strong><br \/>\nOPENING 1 MARZO ORE 18:30<br \/>\n<strong>Archivi Mario Franco c\/o Casa Morra Archivio d\u2019Arte Contemporanea<\/strong><br \/>\nSalita San Raffaele 20\/c, Napoli<\/p>\n<p>A cura di Chiara Reale<\/p>\n<p>Inaugura <strong>gioved\u00ec 1 marzo 2018<\/strong>, alle <strong>ore 18,30<\/strong>, presso <strong>Casa Morra \u2013 Archivi Mario Franco <\/strong>la mostra fotografica di <strong>Robert Herman \u201cThe Yellow Truck\u201d<\/strong>, a cura di <strong>Chiara Reale<\/strong>, a cui si lega la nuova rassegna cinematografica curata da <strong>Mario Franco<\/strong> dal titolo <strong>\u201cIl Cinema allo Specchio\u201d<\/strong> incentrata sul \u201ccinema che parla di cinema\u201d.<\/p>\n<p><strong>Robert Herman<\/strong> \u00e8 uno dei pi\u00f9 importanti street photographer newyorkesi contemporanei. Le sue fotografie, cos\u00ec come le sue pubblicazioni, sono presenti in importanti musei americani ed europei.<\/p>\n<p>La sua mostra, assolutamente inedita, <strong>\u201cThe Yellow Truck\u201d<\/strong> raccoglie<strong> 20 fotografie <\/strong>in cui sono raccontate le fasi produttive di \u201cVigilante\u201d, B Movie ambientato e prodotto negli anni 80 a New York. Gli scatti in mostra sono dedicati alle numerose figure professionali che lavorano duramente affinch\u00e9 la grande macchina cinematografica continui a muoversi, che non salgono mai alla ribalta ma che restano sempre e inevitabilmente un nome che scorre rapidamente nei titoli di coda.<\/p>\n<p>Il <strong>cortometraggio dal titolo \u201cStory for Lisa\u201d<\/strong> (USA, 1979, 16mm Color\/Black and White,14 min), scritto e diretto dell&#8217;artista, aiuta il fruitore ad entrare nel mondo di Herman e di comprende meglio cosa lui intende per \u201cfare cinema\u201d.<\/p>\n<p>Spiega la curatrice della mostra Chiara Reale:<\/p>\n<p>\u201cLe caratteristiche narrative della fotografia di Robert Herman si avvicinano molto a quelle del linguaggio cinematografico, linguaggio che l&#8217;artista inizia ad apprendere fin dalla tenera et\u00e0. Cresciuto fra le poltrone polverose e l&#8217;odore di celluloide del piccolo cinema <em>d&#8217;essai<\/em> di propriet\u00e0 del padre, a Brooklyn, guardando i film di Antonioni, Fellini e Rafelson, Herman inizia un percorso formativo che, arricchito e successivamente consolidato con la frequentazione della Film School alla New York University, contribuir\u00e0 in modo determinante alla formazione del suo codice estetico e rimarr\u00e0 nella sua produzione fotografica fino ai giorni nostri.<\/p>\n<p>In \u201cThe Yellow Truck\u201d l&#8217;indissolubile legame fra il cinema e la fotografia dell&#8217;artista viene affrontato apertamente, mettendo a nudo i punti di tensione, i nervi scoperti di tale rapporto. \u00a0\u00a0\u00a0\u00a0\u00a0\u00a0\u00a0\u00a0\u00a0La mostra infatti si compone degli scatti fatti da Robert Herman, street photographer che vive e opera a New York, nel corso della produzione del film <em>Vigilante<\/em>, <em>B movie<\/em> di cui tutte le figure professionali coinvolte non vedranno mai il relativo compenso economico. Scatti di backstage e foto di scena che raccontano un mondo amato di un amore quasi atavico che \u00e8 stato, citando lo stesso Herman \u201cla mia vita e la mia salvezza, con tutte le sue distorsioni\u201d.<\/p>\n<p>L&#8217;intento di svelare i lati pi\u00f9 oscuri dell\u2019 \u201cestablishment\u201d cinematografico \u00e8 sviluppato nella rassegna dal titolo<strong> \u201cIl Cinema allo Specchio\u201d<\/strong>: <strong>14 film<\/strong> che <strong>dal 1 marzo al 26 aprile<\/strong> verranno proiettati tutti i mercoled\u00ec e gioved\u00ec sera, e che partir\u00e0 proprio il 1 marzo, successivamente all&#8217;inaugurazione della mostra, con il film <strong>\u201cAlice nelle Citt\u00e0\u201d di Wim Wenders<\/strong>. L&#8217;ingresso agli Archivi, cos\u00ec come la visione dei film, \u00e8 gratuito fino a esaurimento posti.<\/p>\n<p>Spiega il curatore della rassegna Mario Franco:<\/p>\n<p>\u201cIl cosiddetto \u201cmetacinema\u201d, \u00e8 quel cinema che mostra e parla di s\u00e9 stesso e che descrive i meccanismi di funzionamento delle proprie strutture, dei processi produttivi ed economici e racconta l\u2019evolversi della sua storia. Un cinema che, apparentemente, decide di scoprire l&#8217;inganno, di rivelare il trucco insito in ogni film. Come \u00e8 noto, sono molti i grandi cineasti che hanno ragionato sul proprio lavoro, sulla bellezza ma anche sui compromessi e sulle crisi esistenziali del loro lavoro. (Godard con <em>Il disprezzo<\/em>, Fellini con <em>8 e mezzo<\/em>, Truffaut con <em>Effetto notte<\/em>).<\/p>\n<p>Film ambientati nel mondo del cinema sono anche quelli dedicati alla sua primitiva affermazione come industria (<em>Nicikelodeon<\/em>) o quelli ambientati nella Hollywood di fine anni Venti quando il cinema conquist\u00f2 la parola, con gli attori del muto che temevano per la propria carriera in uno dei momenti pi\u00f9 significativi della storia della produzione cinematografica, quando la gestualit\u00e0 delle espressioni divenne obsoleta davanti alle possibilit\u00e0 offerte dal sonoro. \u00c8 interessante notare come <em>Cantando sotto la pioggia<\/em>, del 1952, sfrutti le potenzialit\u00e0 offerte dal sonoro e dal Technicolor, mentre <em>The Artist <\/em>riesuma il bianco e nero per un film muto che punta tutto sulla colonna sonora, in pieno 2011. Ma in omaggio alle fotografie di Herman, che documentano un film di serie B dove le maestranze e gli attori restano senza paga mentre il film si interrompe per deficienze produttive, ecco un film,<em> Lo stato delle cose, <\/em>nel quale Wenders racconta una storia analoga o l\u2019<em>Ed Wood <\/em>di Burton, che narra della strana carriera del &#8220;peggior regista della storia del cinema\u201d, un grottesco elogio della bruttezza che ci invita a riflettere sui generi cinematografici e sull\u2019ambiguit\u00e0 sessuale, per andare oltre ogni pregiudizio e per interrogarci su cosa \u00e8 lecito definire \u201carte\u201d. Ancora a Robert Herman, cresciuto nella sala cinematografica gestita da suo padre \u00e8 dedicato <em>L\u2019ultimo spettacolo <\/em>di Peter Bogdanovich &#8211; che nei primi anni &#8217;70, era un giovane critico innamorato del cinema e dei suoi personaggi mitici &#8211; e alla citt\u00e0 di New York alla quale Herman ha dedicato molto del suo lavoro fotografico.<\/p>\n<p>Nella tradizione dei nostri Archivi, che hanno l\u2019abitudine di mostrare film difficilmente vedibili altrove, mostreremo anche un\u2019immagine inedita di New York nell\u2019interpretazione di Steve Reich, un omaggio alle sue strade e ai suoni della grande mela. Reich \u00e8 uno dei padri del minimalismo, premio Pulitzer 2009 e Leone d\u2019oro 2014 alla Biennale Musica di Venezia. Reich dedica la sua musica a Manhattan per poi condurci alle prove del concerto ed infine alla sua rappresentazione in teatro. Anche qui un discorso metalinguistico, incentrato sull&#8217;atto stesso del comporre: un punto di vista \u201cemotivo\u201d che si \u201cmostra mostrare\u201d e si \u201cguarda guardare\u201d. L&#8217;autoriflessivit\u00e0, riassumibile nell&#8217;idea che la creazione pu\u00f2 interrogarsi sulla natura stessa dell&#8217;atto creativo, \u00e8 tipico della modernit\u00e0, percepita come parte integrante della produzione di senso nella letteratura, nel teatro, nella pittura e nel cinema.\u201d<\/p>\n<p>&nbsp;<\/p>\n","protected":false},"excerpt":{"rendered":"<p>1 marzo \u2013 30 marzo 2018 OPENING 1 MARZO ORE 18:30 Archivi Mario Franco c\/o Casa Morra Archivio d\u2019Arte Contemporanea Salita San Raffaele 20\/c, Napoli A cura di Chiara Reale<a class=\"excerpt-read-more\" href=\"https:\/\/www.fondazionemorra.org\/it\/evento\/the-yellow-truck\/\" title=\"ReadThe Yellow Truck\">&#8230; Read more &raquo;<\/a><\/p>\n","protected":false},"author":2,"featured_media":5569,"template":"","meta":{"_acf_changed":false,"_tribe_events_status":"","_tribe_events_status_reason":"","footnotes":""},"tags":[],"tribe_events_cat":[12],"class_list":["post-5568","tribe_events","type-tribe_events","status-publish","has-post-thumbnail","hentry","tribe_events_cat-casa-morra","cat_casa-morra"],"acf":[],"yoast_head":"<!-- This site is optimized with the Yoast SEO plugin v27.4 - https:\/\/yoast.com\/product\/yoast-seo-wordpress\/ -->\n<title>The Yellow Truck - Fondazione Morra<\/title>\n<meta name=\"robots\" content=\"index, follow, max-snippet:-1, max-image-preview:large, max-video-preview:-1\" \/>\n<link rel=\"canonical\" href=\"https:\/\/www.fondazionemorra.org\/it\/evento\/the-yellow-truck\/\" \/>\n<meta property=\"og:locale\" content=\"it_IT\" \/>\n<meta property=\"og:type\" content=\"article\" \/>\n<meta property=\"og:title\" content=\"The Yellow Truck - Fondazione Morra\" \/>\n<meta property=\"og:description\" content=\"1 marzo \u2013 30 marzo 2018 OPENING 1 MARZO ORE 18:30 Archivi Mario Franco c\/o Casa Morra Archivio d\u2019Arte Contemporanea Salita San Raffaele 20\/c, Napoli A cura di Chiara Reale... Read more &raquo;\" \/>\n<meta property=\"og:url\" content=\"https:\/\/www.fondazionemorra.org\/it\/evento\/the-yellow-truck\/\" \/>\n<meta property=\"og:site_name\" content=\"Fondazione Morra\" \/>\n<meta property=\"og:image\" content=\"https:\/\/www.fondazionemorra.org\/wp-content\/uploads\/2021\/03\/invito-conferenza-stampa.jpg\" \/>\n\t<meta property=\"og:image:width\" content=\"826\" \/>\n\t<meta property=\"og:image:height\" content=\"1169\" \/>\n\t<meta property=\"og:image:type\" content=\"image\/jpeg\" \/>\n<meta name=\"twitter:card\" content=\"summary_large_image\" \/>\n<meta name=\"twitter:label1\" content=\"Tempo di lettura stimato\" \/>\n\t<meta name=\"twitter:data1\" content=\"5 minuti\" \/>\n<script type=\"application\/ld+json\" class=\"yoast-schema-graph\">{\"@context\":\"https:\\\/\\\/schema.org\",\"@graph\":[{\"@type\":\"WebPage\",\"@id\":\"https:\\\/\\\/www.fondazionemorra.org\\\/it\\\/evento\\\/the-yellow-truck\\\/\",\"url\":\"https:\\\/\\\/www.fondazionemorra.org\\\/it\\\/evento\\\/the-yellow-truck\\\/\",\"name\":\"The Yellow Truck - Fondazione Morra\",\"isPartOf\":{\"@id\":\"https:\\\/\\\/www.fondazionemorra.org\\\/it\\\/#website\"},\"primaryImageOfPage\":{\"@id\":\"https:\\\/\\\/www.fondazionemorra.org\\\/it\\\/evento\\\/the-yellow-truck\\\/#primaryimage\"},\"image\":{\"@id\":\"https:\\\/\\\/www.fondazionemorra.org\\\/it\\\/evento\\\/the-yellow-truck\\\/#primaryimage\"},\"thumbnailUrl\":\"https:\\\/\\\/www.fondazionemorra.org\\\/wp-content\\\/uploads\\\/2021\\\/03\\\/invito-conferenza-stampa.jpg\",\"datePublished\":\"2021-03-04T14:52:51+00:00\",\"breadcrumb\":{\"@id\":\"https:\\\/\\\/www.fondazionemorra.org\\\/it\\\/evento\\\/the-yellow-truck\\\/#breadcrumb\"},\"inLanguage\":\"it-IT\",\"potentialAction\":[{\"@type\":\"ReadAction\",\"target\":[\"https:\\\/\\\/www.fondazionemorra.org\\\/it\\\/evento\\\/the-yellow-truck\\\/\"]}]},{\"@type\":\"ImageObject\",\"inLanguage\":\"it-IT\",\"@id\":\"https:\\\/\\\/www.fondazionemorra.org\\\/it\\\/evento\\\/the-yellow-truck\\\/#primaryimage\",\"url\":\"https:\\\/\\\/www.fondazionemorra.org\\\/wp-content\\\/uploads\\\/2021\\\/03\\\/invito-conferenza-stampa.jpg\",\"contentUrl\":\"https:\\\/\\\/www.fondazionemorra.org\\\/wp-content\\\/uploads\\\/2021\\\/03\\\/invito-conferenza-stampa.jpg\",\"width\":826,\"height\":1169},{\"@type\":\"BreadcrumbList\",\"@id\":\"https:\\\/\\\/www.fondazionemorra.org\\\/it\\\/evento\\\/the-yellow-truck\\\/#breadcrumb\",\"itemListElement\":[{\"@type\":\"ListItem\",\"position\":1,\"name\":\"Home\",\"item\":\"https:\\\/\\\/www.fondazionemorra.org\\\/it\\\/\"},{\"@type\":\"ListItem\",\"position\":2,\"name\":\"Eventi\",\"item\":\"https:\\\/\\\/www.fondazionemorra.org\\\/it\\\/eventi\\\/\"},{\"@type\":\"ListItem\",\"position\":3,\"name\":\"The Yellow Truck\"}]},{\"@type\":\"WebSite\",\"@id\":\"https:\\\/\\\/www.fondazionemorra.org\\\/it\\\/#website\",\"url\":\"https:\\\/\\\/www.fondazionemorra.org\\\/it\\\/\",\"name\":\"Fondazione Morra\",\"description\":\"\",\"publisher\":{\"@id\":\"https:\\\/\\\/www.fondazionemorra.org\\\/it\\\/#organization\"},\"potentialAction\":[{\"@type\":\"SearchAction\",\"target\":{\"@type\":\"EntryPoint\",\"urlTemplate\":\"https:\\\/\\\/www.fondazionemorra.org\\\/it\\\/?s={search_term_string}\"},\"query-input\":{\"@type\":\"PropertyValueSpecification\",\"valueRequired\":true,\"valueName\":\"search_term_string\"}}],\"inLanguage\":\"it-IT\"},{\"@type\":\"Organization\",\"@id\":\"https:\\\/\\\/www.fondazionemorra.org\\\/it\\\/#organization\",\"name\":\"Fondazione Morra\",\"url\":\"https:\\\/\\\/www.fondazionemorra.org\\\/it\\\/\",\"logo\":{\"@type\":\"ImageObject\",\"inLanguage\":\"it-IT\",\"@id\":\"https:\\\/\\\/www.fondazionemorra.org\\\/it\\\/#\\\/schema\\\/logo\\\/image\\\/\",\"url\":\"https:\\\/\\\/www.fondazionemorra.org\\\/wp-content\\\/uploads\\\/2021\\\/02\\\/logo.png\",\"contentUrl\":\"https:\\\/\\\/www.fondazionemorra.org\\\/wp-content\\\/uploads\\\/2021\\\/02\\\/logo.png\",\"width\":106,\"height\":114,\"caption\":\"Fondazione Morra\"},\"image\":{\"@id\":\"https:\\\/\\\/www.fondazionemorra.org\\\/it\\\/#\\\/schema\\\/logo\\\/image\\\/\"}}]}<\/script>\n<!-- \/ Yoast SEO plugin. -->","yoast_head_json":{"title":"The Yellow Truck - Fondazione Morra","robots":{"index":"index","follow":"follow","max-snippet":"max-snippet:-1","max-image-preview":"max-image-preview:large","max-video-preview":"max-video-preview:-1"},"canonical":"https:\/\/www.fondazionemorra.org\/it\/evento\/the-yellow-truck\/","og_locale":"it_IT","og_type":"article","og_title":"The Yellow Truck - Fondazione Morra","og_description":"1 marzo \u2013 30 marzo 2018 OPENING 1 MARZO ORE 18:30 Archivi Mario Franco c\/o Casa Morra Archivio d\u2019Arte Contemporanea Salita San Raffaele 20\/c, Napoli A cura di Chiara Reale... Read more &raquo;","og_url":"https:\/\/www.fondazionemorra.org\/it\/evento\/the-yellow-truck\/","og_site_name":"Fondazione Morra","og_image":[{"width":826,"height":1169,"url":"https:\/\/www.fondazionemorra.org\/wp-content\/uploads\/2021\/03\/invito-conferenza-stampa.jpg","type":"image\/jpeg"}],"twitter_card":"summary_large_image","twitter_misc":{"Tempo di lettura stimato":"5 minuti"},"schema":{"@context":"https:\/\/schema.org","@graph":[{"@type":"WebPage","@id":"https:\/\/www.fondazionemorra.org\/it\/evento\/the-yellow-truck\/","url":"https:\/\/www.fondazionemorra.org\/it\/evento\/the-yellow-truck\/","name":"The Yellow Truck - Fondazione Morra","isPartOf":{"@id":"https:\/\/www.fondazionemorra.org\/it\/#website"},"primaryImageOfPage":{"@id":"https:\/\/www.fondazionemorra.org\/it\/evento\/the-yellow-truck\/#primaryimage"},"image":{"@id":"https:\/\/www.fondazionemorra.org\/it\/evento\/the-yellow-truck\/#primaryimage"},"thumbnailUrl":"https:\/\/www.fondazionemorra.org\/wp-content\/uploads\/2021\/03\/invito-conferenza-stampa.jpg","datePublished":"2021-03-04T14:52:51+00:00","breadcrumb":{"@id":"https:\/\/www.fondazionemorra.org\/it\/evento\/the-yellow-truck\/#breadcrumb"},"inLanguage":"it-IT","potentialAction":[{"@type":"ReadAction","target":["https:\/\/www.fondazionemorra.org\/it\/evento\/the-yellow-truck\/"]}]},{"@type":"ImageObject","inLanguage":"it-IT","@id":"https:\/\/www.fondazionemorra.org\/it\/evento\/the-yellow-truck\/#primaryimage","url":"https:\/\/www.fondazionemorra.org\/wp-content\/uploads\/2021\/03\/invito-conferenza-stampa.jpg","contentUrl":"https:\/\/www.fondazionemorra.org\/wp-content\/uploads\/2021\/03\/invito-conferenza-stampa.jpg","width":826,"height":1169},{"@type":"BreadcrumbList","@id":"https:\/\/www.fondazionemorra.org\/it\/evento\/the-yellow-truck\/#breadcrumb","itemListElement":[{"@type":"ListItem","position":1,"name":"Home","item":"https:\/\/www.fondazionemorra.org\/it\/"},{"@type":"ListItem","position":2,"name":"Eventi","item":"https:\/\/www.fondazionemorra.org\/it\/eventi\/"},{"@type":"ListItem","position":3,"name":"The Yellow Truck"}]},{"@type":"WebSite","@id":"https:\/\/www.fondazionemorra.org\/it\/#website","url":"https:\/\/www.fondazionemorra.org\/it\/","name":"Fondazione Morra","description":"","publisher":{"@id":"https:\/\/www.fondazionemorra.org\/it\/#organization"},"potentialAction":[{"@type":"SearchAction","target":{"@type":"EntryPoint","urlTemplate":"https:\/\/www.fondazionemorra.org\/it\/?s={search_term_string}"},"query-input":{"@type":"PropertyValueSpecification","valueRequired":true,"valueName":"search_term_string"}}],"inLanguage":"it-IT"},{"@type":"Organization","@id":"https:\/\/www.fondazionemorra.org\/it\/#organization","name":"Fondazione Morra","url":"https:\/\/www.fondazionemorra.org\/it\/","logo":{"@type":"ImageObject","inLanguage":"it-IT","@id":"https:\/\/www.fondazionemorra.org\/it\/#\/schema\/logo\/image\/","url":"https:\/\/www.fondazionemorra.org\/wp-content\/uploads\/2021\/02\/logo.png","contentUrl":"https:\/\/www.fondazionemorra.org\/wp-content\/uploads\/2021\/02\/logo.png","width":106,"height":114,"caption":"Fondazione Morra"},"image":{"@id":"https:\/\/www.fondazionemorra.org\/it\/#\/schema\/logo\/image\/"}}]}},"_links":{"self":[{"href":"https:\/\/www.fondazionemorra.org\/it\/wp-json\/wp\/v2\/tribe_events\/5568","targetHints":{"allow":["GET"]}}],"collection":[{"href":"https:\/\/www.fondazionemorra.org\/it\/wp-json\/wp\/v2\/tribe_events"}],"about":[{"href":"https:\/\/www.fondazionemorra.org\/it\/wp-json\/wp\/v2\/types\/tribe_events"}],"author":[{"embeddable":true,"href":"https:\/\/www.fondazionemorra.org\/it\/wp-json\/wp\/v2\/users\/2"}],"version-history":[{"count":1,"href":"https:\/\/www.fondazionemorra.org\/it\/wp-json\/wp\/v2\/tribe_events\/5568\/revisions"}],"predecessor-version":[{"id":5571,"href":"https:\/\/www.fondazionemorra.org\/it\/wp-json\/wp\/v2\/tribe_events\/5568\/revisions\/5571"}],"wp:featuredmedia":[{"embeddable":true,"href":"https:\/\/www.fondazionemorra.org\/it\/wp-json\/wp\/v2\/media\/5569"}],"wp:attachment":[{"href":"https:\/\/www.fondazionemorra.org\/it\/wp-json\/wp\/v2\/media?parent=5568"}],"wp:term":[{"taxonomy":"post_tag","embeddable":true,"href":"https:\/\/www.fondazionemorra.org\/it\/wp-json\/wp\/v2\/tags?post=5568"},{"taxonomy":"tribe_events_cat","embeddable":true,"href":"https:\/\/www.fondazionemorra.org\/it\/wp-json\/wp\/v2\/tribe_events_cat?post=5568"}],"curies":[{"name":"wp","href":"https:\/\/api.w.org\/{rel}","templated":true}]}}