{"id":5763,"date":"2021-03-15T16:41:59","date_gmt":"2021-03-15T15:41:59","guid":{"rendered":"http:\/\/www.fondazionemorra.org\/?post_type=tribe_events&#038;p=5763"},"modified":"2021-03-15T16:41:59","modified_gmt":"2021-03-15T15:41:59","slug":"andrea-cusumano-praxis-exhibition","status":"publish","type":"tribe_events","link":"https:\/\/www.fondazionemorra.org\/it\/evento\/andrea-cusumano-praxis-exhibition\/","title":{"rendered":"Andrea Cusumano. Praxis Exhibition"},"content":{"rendered":"<p><strong>18 aprile 2001<\/strong><br \/>\nINIZIO ORE 20:00<br \/>\n<strong>Studio Morra<\/strong><br \/>\nVia Calabritto 20, Napoli<\/p>\n<p class=\"rtejustify\">La ricerca artistica di Andrea Cusumano sintetizza le sue due matrici culturali d&#8217;origine: quella tedesca della madre e quella siciliana del padre. Hermann Nitsch, per il quale \u00e8 stato per anni assistente, \u00e8 artista di fondamentale importanza per la sua crescita artistica.<br \/>\nNel 1993 Cusumano inizia il progetto dell\u2019Installazione dei Morti che lo ha portato a realizzare fino ad oggi sei grandi installazioni ed a portarle in giro per l\u2019Europa e gli Stati Uniti d&#8217;America. Andrea Cusumano \u00e8 convinto che questo terrore della morte, la iato tra la natura e la cultura, generi creativit\u00e0. Per l\u2019estetica della morte Cusumano ha la possibilit\u00e0 di attingere alla ricca tradizione siciliana della cultura della morte e del culto dei morti. Nella cultura siciliana la costante attenzione alla morte ed il vissuto di morte nella vita sono accompagnati all\u2019amore ed alla conoscenza.<\/p>\n<p class=\"rtejustify\">L\u2019Installazione dei Morti \u00e8 un progetto che \u00e8 nato con l\u2019intento di spostare 1\u2019interesse del mio operato dalla ricerca introspettiva verticale alla comunicazione orizzontale e pi\u00f9 diretta col pubblico. Parallelamente a questa ricerca \u00e8 comunque per me rimasta di primaria importanza la disciplina privatissima del dipingere, dello scolpire e del modellare. \u2026La mia acerba fascinazione per il tema della morte, la mia transpersonale sicilianit\u00e0 ed il mio anelare alla materna mittel-europa hanno fatto s\u00ec che il tema unico di questa ricerca fosse quello della morte. La morte come vissuto, come paura, come immagine, come metafora ma anche come forza. \u2026Trovai perci\u00f2 nella realizzazione dell\u2019installazione dei morti la possibilit\u00e0 di creare una forma profondamente intima ma al contempo estremamente comunicativa. L\u2019installazione sin dall\u2019inizio \u00e8 stata da me concepita un tutt\u2019uno con il pubblico riuscendo per\u00f2 al contempo a costruire una dimensione mitopoietica piuttosto frastagliata. Quello che avrei poi compreso essere fondamentale anche nella pittura l\u2019ho in realt\u00e0 realizzato, o meglio scoperto per primo con le installazioni.<br \/>\nCredo che i diversi e contraddittori livelli del mio operato ora con le installazioni, ora con i quadri o le sculture, ora con Mons Realis o con nuove performances, ora con la pagina scritta etc. etc., siano in realt\u00e0 espressioni di un unico gioco infantile: il mio.<\/p>\n<p>Praxis \u00e8 pensata prima e dunque \u00e8 gi\u00e0 una forma<br \/>\nPraxis \u00e8 azione spontanea che \u00e8 fine a s\u00e9 stessa<br \/>\nPraxis \u00e8 praxis<br \/>\nPraxis \u00e8 azione spontanea che sa di produrre un oggetto<br \/>\nPraxis \u00e8 Poiesis<br \/>\nPraxis \u00e8 il frutto di un atto creativo egotista<br \/>\nPraxis \u00e8 fatta dall\u2019incontro di due egotisti: io e Giulia<br \/>\nPraxis \u00e8 il frutto di questo incontro: \u00e8 un&#8217;installazione<br \/>\nPraxis \u00e8 il luogo privilegiato in cui si dipana la mia epistemofilia ed il mio &#8220;mondo poetico&#8221;<br \/>\nPraxis soprattutto deve essere Bellezza<\/p>\n","protected":false},"excerpt":{"rendered":"<p>18 aprile 2001 INIZIO ORE 20:00 Studio Morra Via Calabritto 20, Napoli La ricerca artistica di Andrea Cusumano sintetizza le sue due matrici culturali d&#8217;origine: quella tedesca della madre e<a class=\"excerpt-read-more\" href=\"https:\/\/www.fondazionemorra.org\/it\/evento\/andrea-cusumano-praxis-exhibition\/\" title=\"ReadAndrea Cusumano. Praxis Exhibition\">&#8230; Read more &raquo;<\/a><\/p>\n","protected":false},"author":2,"featured_media":5764,"template":"","meta":{"_acf_changed":false,"_tribe_events_status":"","_tribe_events_status_reason":"","footnotes":""},"tags":[],"tribe_events_cat":[],"class_list":["post-5763","tribe_events","type-tribe_events","status-publish","has-post-thumbnail","hentry"],"acf":[],"yoast_head":"<!-- This site is optimized with the Yoast SEO plugin v27.4 - https:\/\/yoast.com\/product\/yoast-seo-wordpress\/ -->\n<title>Andrea Cusumano. Praxis Exhibition - Fondazione Morra<\/title>\n<meta name=\"robots\" content=\"index, follow, max-snippet:-1, max-image-preview:large, max-video-preview:-1\" \/>\n<link rel=\"canonical\" href=\"https:\/\/www.fondazionemorra.org\/it\/evento\/andrea-cusumano-praxis-exhibition\/\" \/>\n<meta property=\"og:locale\" content=\"it_IT\" \/>\n<meta property=\"og:type\" content=\"article\" \/>\n<meta property=\"og:title\" content=\"Andrea Cusumano. Praxis Exhibition - Fondazione Morra\" \/>\n<meta property=\"og:description\" content=\"18 aprile 2001 INIZIO ORE 20:00 Studio Morra Via Calabritto 20, Napoli La ricerca artistica di Andrea Cusumano sintetizza le sue due matrici culturali d&#8217;origine: quella tedesca della madre e... Read more &raquo;\" \/>\n<meta property=\"og:url\" content=\"https:\/\/www.fondazionemorra.org\/it\/evento\/andrea-cusumano-praxis-exhibition\/\" \/>\n<meta property=\"og:site_name\" content=\"Fondazione Morra\" \/>\n<meta property=\"og:image\" content=\"https:\/\/www.fondazionemorra.org\/wp-content\/uploads\/2021\/03\/Andrea-Cusumano-interno003.jpg\" \/>\n\t<meta property=\"og:image:width\" content=\"855\" \/>\n\t<meta property=\"og:image:height\" content=\"1200\" \/>\n\t<meta property=\"og:image:type\" content=\"image\/jpeg\" \/>\n<meta name=\"twitter:card\" content=\"summary_large_image\" \/>\n<meta name=\"twitter:label1\" content=\"Tempo di lettura stimato\" \/>\n\t<meta name=\"twitter:data1\" content=\"2 minuti\" \/>\n<script type=\"application\/ld+json\" class=\"yoast-schema-graph\">{\"@context\":\"https:\\\/\\\/schema.org\",\"@graph\":[{\"@type\":\"WebPage\",\"@id\":\"https:\\\/\\\/www.fondazionemorra.org\\\/it\\\/evento\\\/andrea-cusumano-praxis-exhibition\\\/\",\"url\":\"https:\\\/\\\/www.fondazionemorra.org\\\/it\\\/evento\\\/andrea-cusumano-praxis-exhibition\\\/\",\"name\":\"Andrea Cusumano. Praxis Exhibition - Fondazione Morra\",\"isPartOf\":{\"@id\":\"https:\\\/\\\/www.fondazionemorra.org\\\/it\\\/#website\"},\"primaryImageOfPage\":{\"@id\":\"https:\\\/\\\/www.fondazionemorra.org\\\/it\\\/evento\\\/andrea-cusumano-praxis-exhibition\\\/#primaryimage\"},\"image\":{\"@id\":\"https:\\\/\\\/www.fondazionemorra.org\\\/it\\\/evento\\\/andrea-cusumano-praxis-exhibition\\\/#primaryimage\"},\"thumbnailUrl\":\"https:\\\/\\\/www.fondazionemorra.org\\\/wp-content\\\/uploads\\\/2021\\\/03\\\/Andrea-Cusumano-interno003.jpg\",\"datePublished\":\"2021-03-15T15:41:59+00:00\",\"breadcrumb\":{\"@id\":\"https:\\\/\\\/www.fondazionemorra.org\\\/it\\\/evento\\\/andrea-cusumano-praxis-exhibition\\\/#breadcrumb\"},\"inLanguage\":\"it-IT\",\"potentialAction\":[{\"@type\":\"ReadAction\",\"target\":[\"https:\\\/\\\/www.fondazionemorra.org\\\/it\\\/evento\\\/andrea-cusumano-praxis-exhibition\\\/\"]}]},{\"@type\":\"ImageObject\",\"inLanguage\":\"it-IT\",\"@id\":\"https:\\\/\\\/www.fondazionemorra.org\\\/it\\\/evento\\\/andrea-cusumano-praxis-exhibition\\\/#primaryimage\",\"url\":\"https:\\\/\\\/www.fondazionemorra.org\\\/wp-content\\\/uploads\\\/2021\\\/03\\\/Andrea-Cusumano-interno003.jpg\",\"contentUrl\":\"https:\\\/\\\/www.fondazionemorra.org\\\/wp-content\\\/uploads\\\/2021\\\/03\\\/Andrea-Cusumano-interno003.jpg\",\"width\":855,\"height\":1200},{\"@type\":\"BreadcrumbList\",\"@id\":\"https:\\\/\\\/www.fondazionemorra.org\\\/it\\\/evento\\\/andrea-cusumano-praxis-exhibition\\\/#breadcrumb\",\"itemListElement\":[{\"@type\":\"ListItem\",\"position\":1,\"name\":\"Home\",\"item\":\"https:\\\/\\\/www.fondazionemorra.org\\\/it\\\/\"},{\"@type\":\"ListItem\",\"position\":2,\"name\":\"Eventi\",\"item\":\"https:\\\/\\\/www.fondazionemorra.org\\\/it\\\/eventi\\\/\"},{\"@type\":\"ListItem\",\"position\":3,\"name\":\"Andrea Cusumano. Praxis Exhibition\"}]},{\"@type\":\"WebSite\",\"@id\":\"https:\\\/\\\/www.fondazionemorra.org\\\/it\\\/#website\",\"url\":\"https:\\\/\\\/www.fondazionemorra.org\\\/it\\\/\",\"name\":\"Fondazione Morra\",\"description\":\"\",\"publisher\":{\"@id\":\"https:\\\/\\\/www.fondazionemorra.org\\\/it\\\/#organization\"},\"potentialAction\":[{\"@type\":\"SearchAction\",\"target\":{\"@type\":\"EntryPoint\",\"urlTemplate\":\"https:\\\/\\\/www.fondazionemorra.org\\\/it\\\/?s={search_term_string}\"},\"query-input\":{\"@type\":\"PropertyValueSpecification\",\"valueRequired\":true,\"valueName\":\"search_term_string\"}}],\"inLanguage\":\"it-IT\"},{\"@type\":\"Organization\",\"@id\":\"https:\\\/\\\/www.fondazionemorra.org\\\/it\\\/#organization\",\"name\":\"Fondazione Morra\",\"url\":\"https:\\\/\\\/www.fondazionemorra.org\\\/it\\\/\",\"logo\":{\"@type\":\"ImageObject\",\"inLanguage\":\"it-IT\",\"@id\":\"https:\\\/\\\/www.fondazionemorra.org\\\/it\\\/#\\\/schema\\\/logo\\\/image\\\/\",\"url\":\"https:\\\/\\\/www.fondazionemorra.org\\\/wp-content\\\/uploads\\\/2021\\\/02\\\/logo.png\",\"contentUrl\":\"https:\\\/\\\/www.fondazionemorra.org\\\/wp-content\\\/uploads\\\/2021\\\/02\\\/logo.png\",\"width\":106,\"height\":114,\"caption\":\"Fondazione Morra\"},\"image\":{\"@id\":\"https:\\\/\\\/www.fondazionemorra.org\\\/it\\\/#\\\/schema\\\/logo\\\/image\\\/\"}}]}<\/script>\n<!-- \/ Yoast SEO plugin. -->","yoast_head_json":{"title":"Andrea Cusumano. Praxis Exhibition - Fondazione Morra","robots":{"index":"index","follow":"follow","max-snippet":"max-snippet:-1","max-image-preview":"max-image-preview:large","max-video-preview":"max-video-preview:-1"},"canonical":"https:\/\/www.fondazionemorra.org\/it\/evento\/andrea-cusumano-praxis-exhibition\/","og_locale":"it_IT","og_type":"article","og_title":"Andrea Cusumano. Praxis Exhibition - Fondazione Morra","og_description":"18 aprile 2001 INIZIO ORE 20:00 Studio Morra Via Calabritto 20, Napoli La ricerca artistica di Andrea Cusumano sintetizza le sue due matrici culturali d&#8217;origine: quella tedesca della madre e... Read more &raquo;","og_url":"https:\/\/www.fondazionemorra.org\/it\/evento\/andrea-cusumano-praxis-exhibition\/","og_site_name":"Fondazione Morra","og_image":[{"width":855,"height":1200,"url":"https:\/\/www.fondazionemorra.org\/wp-content\/uploads\/2021\/03\/Andrea-Cusumano-interno003.jpg","type":"image\/jpeg"}],"twitter_card":"summary_large_image","twitter_misc":{"Tempo di lettura stimato":"2 minuti"},"schema":{"@context":"https:\/\/schema.org","@graph":[{"@type":"WebPage","@id":"https:\/\/www.fondazionemorra.org\/it\/evento\/andrea-cusumano-praxis-exhibition\/","url":"https:\/\/www.fondazionemorra.org\/it\/evento\/andrea-cusumano-praxis-exhibition\/","name":"Andrea Cusumano. Praxis Exhibition - Fondazione Morra","isPartOf":{"@id":"https:\/\/www.fondazionemorra.org\/it\/#website"},"primaryImageOfPage":{"@id":"https:\/\/www.fondazionemorra.org\/it\/evento\/andrea-cusumano-praxis-exhibition\/#primaryimage"},"image":{"@id":"https:\/\/www.fondazionemorra.org\/it\/evento\/andrea-cusumano-praxis-exhibition\/#primaryimage"},"thumbnailUrl":"https:\/\/www.fondazionemorra.org\/wp-content\/uploads\/2021\/03\/Andrea-Cusumano-interno003.jpg","datePublished":"2021-03-15T15:41:59+00:00","breadcrumb":{"@id":"https:\/\/www.fondazionemorra.org\/it\/evento\/andrea-cusumano-praxis-exhibition\/#breadcrumb"},"inLanguage":"it-IT","potentialAction":[{"@type":"ReadAction","target":["https:\/\/www.fondazionemorra.org\/it\/evento\/andrea-cusumano-praxis-exhibition\/"]}]},{"@type":"ImageObject","inLanguage":"it-IT","@id":"https:\/\/www.fondazionemorra.org\/it\/evento\/andrea-cusumano-praxis-exhibition\/#primaryimage","url":"https:\/\/www.fondazionemorra.org\/wp-content\/uploads\/2021\/03\/Andrea-Cusumano-interno003.jpg","contentUrl":"https:\/\/www.fondazionemorra.org\/wp-content\/uploads\/2021\/03\/Andrea-Cusumano-interno003.jpg","width":855,"height":1200},{"@type":"BreadcrumbList","@id":"https:\/\/www.fondazionemorra.org\/it\/evento\/andrea-cusumano-praxis-exhibition\/#breadcrumb","itemListElement":[{"@type":"ListItem","position":1,"name":"Home","item":"https:\/\/www.fondazionemorra.org\/it\/"},{"@type":"ListItem","position":2,"name":"Eventi","item":"https:\/\/www.fondazionemorra.org\/it\/eventi\/"},{"@type":"ListItem","position":3,"name":"Andrea Cusumano. Praxis Exhibition"}]},{"@type":"WebSite","@id":"https:\/\/www.fondazionemorra.org\/it\/#website","url":"https:\/\/www.fondazionemorra.org\/it\/","name":"Fondazione Morra","description":"","publisher":{"@id":"https:\/\/www.fondazionemorra.org\/it\/#organization"},"potentialAction":[{"@type":"SearchAction","target":{"@type":"EntryPoint","urlTemplate":"https:\/\/www.fondazionemorra.org\/it\/?s={search_term_string}"},"query-input":{"@type":"PropertyValueSpecification","valueRequired":true,"valueName":"search_term_string"}}],"inLanguage":"it-IT"},{"@type":"Organization","@id":"https:\/\/www.fondazionemorra.org\/it\/#organization","name":"Fondazione Morra","url":"https:\/\/www.fondazionemorra.org\/it\/","logo":{"@type":"ImageObject","inLanguage":"it-IT","@id":"https:\/\/www.fondazionemorra.org\/it\/#\/schema\/logo\/image\/","url":"https:\/\/www.fondazionemorra.org\/wp-content\/uploads\/2021\/02\/logo.png","contentUrl":"https:\/\/www.fondazionemorra.org\/wp-content\/uploads\/2021\/02\/logo.png","width":106,"height":114,"caption":"Fondazione Morra"},"image":{"@id":"https:\/\/www.fondazionemorra.org\/it\/#\/schema\/logo\/image\/"}}]}},"_links":{"self":[{"href":"https:\/\/www.fondazionemorra.org\/it\/wp-json\/wp\/v2\/tribe_events\/5763","targetHints":{"allow":["GET"]}}],"collection":[{"href":"https:\/\/www.fondazionemorra.org\/it\/wp-json\/wp\/v2\/tribe_events"}],"about":[{"href":"https:\/\/www.fondazionemorra.org\/it\/wp-json\/wp\/v2\/types\/tribe_events"}],"author":[{"embeddable":true,"href":"https:\/\/www.fondazionemorra.org\/it\/wp-json\/wp\/v2\/users\/2"}],"version-history":[{"count":1,"href":"https:\/\/www.fondazionemorra.org\/it\/wp-json\/wp\/v2\/tribe_events\/5763\/revisions"}],"predecessor-version":[{"id":5766,"href":"https:\/\/www.fondazionemorra.org\/it\/wp-json\/wp\/v2\/tribe_events\/5763\/revisions\/5766"}],"wp:featuredmedia":[{"embeddable":true,"href":"https:\/\/www.fondazionemorra.org\/it\/wp-json\/wp\/v2\/media\/5764"}],"wp:attachment":[{"href":"https:\/\/www.fondazionemorra.org\/it\/wp-json\/wp\/v2\/media?parent=5763"}],"wp:term":[{"taxonomy":"post_tag","embeddable":true,"href":"https:\/\/www.fondazionemorra.org\/it\/wp-json\/wp\/v2\/tags?post=5763"},{"taxonomy":"tribe_events_cat","embeddable":true,"href":"https:\/\/www.fondazionemorra.org\/it\/wp-json\/wp\/v2\/tribe_events_cat?post=5763"}],"curies":[{"name":"wp","href":"https:\/\/api.w.org\/{rel}","templated":true}]}}