{"id":5768,"date":"2021-03-15T16:55:49","date_gmt":"2021-03-15T15:55:49","guid":{"rendered":"http:\/\/www.fondazionemorra.org\/?post_type=tribe_events&#038;p=5768"},"modified":"2021-03-15T16:55:49","modified_gmt":"2021-03-15T15:55:49","slug":"ingrid-wiener-sogni-traume","status":"publish","type":"tribe_events","link":"https:\/\/www.fondazionemorra.org\/it\/evento\/ingrid-wiener-sogni-traume\/","title":{"rendered":"Ingrid Wiener. SOGNI\/Tr\u00e4ume"},"content":{"rendered":"<p><strong>15 maggio \u2013 10 giugno 2001<\/strong><br \/>\nOPENING 15 MAGGIO ORE 20:00<br \/>\n<strong>Studio Morra<\/strong><br \/>\nVia Calabritto 20, Napoli<\/p>\n<p>Lo studio Morra inaugura la personale \u201cSogni\/Tr\u00e4ume\u201d di Ingrid Wiener nella quale saranno presentati i suoi acquerelli onirici. Oswald Wiener cos\u00ec descrive le opere di Ingrid: \u201c\u2026Negli acquarelli onirici di Ingrid frattanto non si pone in primo piano la spiegazione delle bizzarrie del sogno, il ricondurre al meccanismo che genera il \u201ccontenuto\u201d. La cosa importante \u00e8 la questione tecnica della descrizione, lo sviluppo di una convenzione per una rappresentazione sensuale del quasi-sensuale. Di necessit\u00e0 una tale convenzione innanzitutto \u00e8 privata. Solo quando questa convenzione si \u00e8 stabilita in maniera affidabile, cio\u00e8 quando si \u00e8 imparato a rileggere la propria rappresentazione ritraducendola in immagini dell\u2019immaginazione, in modo che viene riprodotta quanto meno l\u2019impressione quasi visiva del sogno (e forse non ancora l\u2019esperienza maturata in virt\u00f9 del \u201ccontenuto\u201d), si pu\u00f2 pensare a rendere accessibile la convenzione anche agli altri. Resta da vedere se ci si riesce; tuttavia fino ad allora (e anche ben oltre) queste immagini rimango arte. \u2026Tra le centinaia di rappresentazioni oniriche in immagine, a me note, di altre persone (cfr. ad es. l\u2019antologia edita da Lynn Gamwell) non ne ho ancora mai visto una che mi abbia ricordato in maniera spontanea la forma quasi visiva del mio vissuto onirico. In alcune delle sue immagini Ingrid centra questo obiettivo. \u2026Ingrid fa quanto \u00e8 possibile oggi come oggi: sperimenta e adatta tali arrangiamenti di disegni, che riproducono un po\u2019 l\u2019impressione del \u201cvedere\u201d onirico, anche se vengono percepiti dall\u2019occhio. Che ci\u00f2 frattanto riesca in maniera considerevole \u00e8 da ricondursi al suo auto-mettersi in questione costante: ho \u201cvisto\u201d o semplicemente conosciuto questo treno? I disegni devono essere studiati in maniera approfondita e occorre richiamare in continuazione alla mente ricordi onirici propri come ausilio e osservare le immagini dell\u2019immaginazione che si propongono in tal modo; in un tale studio si riconosce quanto sia importante l\u2019impiego opportuno del commento verbale per la riproduzione dell\u2019evento onirico estraneo nella propria immaginazione.\u201d<\/p>\n<p>Sar\u00e0 pubblicato un catalogo-libro con testi di Friedrich Wolfr. Heubach, Oswald e Ingrid Wiener.<\/p>\n","protected":false},"excerpt":{"rendered":"<p>15 maggio \u2013 10 giugno 2001 OPENING 15 MAGGIO ORE 20:00 Studio Morra Via Calabritto 20, Napoli Lo studio Morra inaugura la personale \u201cSogni\/Tr\u00e4ume\u201d di Ingrid Wiener nella quale saranno<a class=\"excerpt-read-more\" href=\"https:\/\/www.fondazionemorra.org\/it\/evento\/ingrid-wiener-sogni-traume\/\" title=\"ReadIngrid Wiener. SOGNI\/Tr\u00e4ume\">&#8230; Read more &raquo;<\/a><\/p>\n","protected":false},"author":2,"featured_media":5769,"template":"","meta":{"_acf_changed":false,"_tribe_events_status":"","_tribe_events_status_reason":"","footnotes":""},"tags":[],"tribe_events_cat":[],"class_list":["post-5768","tribe_events","type-tribe_events","status-publish","has-post-thumbnail","hentry"],"acf":[],"yoast_head":"<!-- This site is optimized with the Yoast SEO plugin v27.4 - https:\/\/yoast.com\/product\/yoast-seo-wordpress\/ -->\n<title>Ingrid Wiener. SOGNI\/Tr\u00e4ume - Fondazione Morra<\/title>\n<meta name=\"robots\" content=\"index, follow, max-snippet:-1, max-image-preview:large, max-video-preview:-1\" \/>\n<link rel=\"canonical\" href=\"https:\/\/www.fondazionemorra.org\/it\/evento\/ingrid-wiener-sogni-traume\/\" \/>\n<meta property=\"og:locale\" content=\"it_IT\" \/>\n<meta property=\"og:type\" content=\"article\" \/>\n<meta property=\"og:title\" content=\"Ingrid Wiener. SOGNI\/Tr\u00e4ume - Fondazione Morra\" \/>\n<meta property=\"og:description\" content=\"15 maggio \u2013 10 giugno 2001 OPENING 15 MAGGIO ORE 20:00 Studio Morra Via Calabritto 20, Napoli Lo studio Morra inaugura la personale \u201cSogni\/Tr\u00e4ume\u201d di Ingrid Wiener nella quale saranno... Read more &raquo;\" \/>\n<meta property=\"og:url\" content=\"https:\/\/www.fondazionemorra.org\/it\/evento\/ingrid-wiener-sogni-traume\/\" \/>\n<meta property=\"og:site_name\" content=\"Fondazione Morra\" \/>\n<meta property=\"og:image\" content=\"https:\/\/www.fondazionemorra.org\/wp-content\/uploads\/2021\/03\/Wiener-2001.jpg\" \/>\n\t<meta property=\"og:image:width\" content=\"847\" \/>\n\t<meta property=\"og:image:height\" content=\"1200\" \/>\n\t<meta property=\"og:image:type\" content=\"image\/jpeg\" \/>\n<meta name=\"twitter:card\" content=\"summary_large_image\" \/>\n<meta name=\"twitter:label1\" content=\"Tempo di lettura stimato\" \/>\n\t<meta name=\"twitter:data1\" content=\"2 minuti\" \/>\n<script type=\"application\/ld+json\" class=\"yoast-schema-graph\">{\"@context\":\"https:\\\/\\\/schema.org\",\"@graph\":[{\"@type\":\"WebPage\",\"@id\":\"https:\\\/\\\/www.fondazionemorra.org\\\/it\\\/evento\\\/ingrid-wiener-sogni-traume\\\/\",\"url\":\"https:\\\/\\\/www.fondazionemorra.org\\\/it\\\/evento\\\/ingrid-wiener-sogni-traume\\\/\",\"name\":\"Ingrid Wiener. SOGNI\\\/Tr\u00e4ume - Fondazione Morra\",\"isPartOf\":{\"@id\":\"https:\\\/\\\/www.fondazionemorra.org\\\/it\\\/#website\"},\"primaryImageOfPage\":{\"@id\":\"https:\\\/\\\/www.fondazionemorra.org\\\/it\\\/evento\\\/ingrid-wiener-sogni-traume\\\/#primaryimage\"},\"image\":{\"@id\":\"https:\\\/\\\/www.fondazionemorra.org\\\/it\\\/evento\\\/ingrid-wiener-sogni-traume\\\/#primaryimage\"},\"thumbnailUrl\":\"https:\\\/\\\/www.fondazionemorra.org\\\/wp-content\\\/uploads\\\/2021\\\/03\\\/Wiener-2001.jpg\",\"datePublished\":\"2021-03-15T15:55:49+00:00\",\"breadcrumb\":{\"@id\":\"https:\\\/\\\/www.fondazionemorra.org\\\/it\\\/evento\\\/ingrid-wiener-sogni-traume\\\/#breadcrumb\"},\"inLanguage\":\"it-IT\",\"potentialAction\":[{\"@type\":\"ReadAction\",\"target\":[\"https:\\\/\\\/www.fondazionemorra.org\\\/it\\\/evento\\\/ingrid-wiener-sogni-traume\\\/\"]}]},{\"@type\":\"ImageObject\",\"inLanguage\":\"it-IT\",\"@id\":\"https:\\\/\\\/www.fondazionemorra.org\\\/it\\\/evento\\\/ingrid-wiener-sogni-traume\\\/#primaryimage\",\"url\":\"https:\\\/\\\/www.fondazionemorra.org\\\/wp-content\\\/uploads\\\/2021\\\/03\\\/Wiener-2001.jpg\",\"contentUrl\":\"https:\\\/\\\/www.fondazionemorra.org\\\/wp-content\\\/uploads\\\/2021\\\/03\\\/Wiener-2001.jpg\",\"width\":847,\"height\":1200},{\"@type\":\"BreadcrumbList\",\"@id\":\"https:\\\/\\\/www.fondazionemorra.org\\\/it\\\/evento\\\/ingrid-wiener-sogni-traume\\\/#breadcrumb\",\"itemListElement\":[{\"@type\":\"ListItem\",\"position\":1,\"name\":\"Home\",\"item\":\"https:\\\/\\\/www.fondazionemorra.org\\\/it\\\/\"},{\"@type\":\"ListItem\",\"position\":2,\"name\":\"Eventi\",\"item\":\"https:\\\/\\\/www.fondazionemorra.org\\\/it\\\/eventi\\\/\"},{\"@type\":\"ListItem\",\"position\":3,\"name\":\"Ingrid Wiener. SOGNI\\\/Tr\u00e4ume\"}]},{\"@type\":\"WebSite\",\"@id\":\"https:\\\/\\\/www.fondazionemorra.org\\\/it\\\/#website\",\"url\":\"https:\\\/\\\/www.fondazionemorra.org\\\/it\\\/\",\"name\":\"Fondazione Morra\",\"description\":\"\",\"publisher\":{\"@id\":\"https:\\\/\\\/www.fondazionemorra.org\\\/it\\\/#organization\"},\"potentialAction\":[{\"@type\":\"SearchAction\",\"target\":{\"@type\":\"EntryPoint\",\"urlTemplate\":\"https:\\\/\\\/www.fondazionemorra.org\\\/it\\\/?s={search_term_string}\"},\"query-input\":{\"@type\":\"PropertyValueSpecification\",\"valueRequired\":true,\"valueName\":\"search_term_string\"}}],\"inLanguage\":\"it-IT\"},{\"@type\":\"Organization\",\"@id\":\"https:\\\/\\\/www.fondazionemorra.org\\\/it\\\/#organization\",\"name\":\"Fondazione Morra\",\"url\":\"https:\\\/\\\/www.fondazionemorra.org\\\/it\\\/\",\"logo\":{\"@type\":\"ImageObject\",\"inLanguage\":\"it-IT\",\"@id\":\"https:\\\/\\\/www.fondazionemorra.org\\\/it\\\/#\\\/schema\\\/logo\\\/image\\\/\",\"url\":\"https:\\\/\\\/www.fondazionemorra.org\\\/wp-content\\\/uploads\\\/2021\\\/02\\\/logo.png\",\"contentUrl\":\"https:\\\/\\\/www.fondazionemorra.org\\\/wp-content\\\/uploads\\\/2021\\\/02\\\/logo.png\",\"width\":106,\"height\":114,\"caption\":\"Fondazione Morra\"},\"image\":{\"@id\":\"https:\\\/\\\/www.fondazionemorra.org\\\/it\\\/#\\\/schema\\\/logo\\\/image\\\/\"}}]}<\/script>\n<!-- \/ Yoast SEO plugin. -->","yoast_head_json":{"title":"Ingrid Wiener. SOGNI\/Tr\u00e4ume - Fondazione Morra","robots":{"index":"index","follow":"follow","max-snippet":"max-snippet:-1","max-image-preview":"max-image-preview:large","max-video-preview":"max-video-preview:-1"},"canonical":"https:\/\/www.fondazionemorra.org\/it\/evento\/ingrid-wiener-sogni-traume\/","og_locale":"it_IT","og_type":"article","og_title":"Ingrid Wiener. SOGNI\/Tr\u00e4ume - Fondazione Morra","og_description":"15 maggio \u2013 10 giugno 2001 OPENING 15 MAGGIO ORE 20:00 Studio Morra Via Calabritto 20, Napoli Lo studio Morra inaugura la personale \u201cSogni\/Tr\u00e4ume\u201d di Ingrid Wiener nella quale saranno... Read more &raquo;","og_url":"https:\/\/www.fondazionemorra.org\/it\/evento\/ingrid-wiener-sogni-traume\/","og_site_name":"Fondazione Morra","og_image":[{"width":847,"height":1200,"url":"https:\/\/www.fondazionemorra.org\/wp-content\/uploads\/2021\/03\/Wiener-2001.jpg","type":"image\/jpeg"}],"twitter_card":"summary_large_image","twitter_misc":{"Tempo di lettura stimato":"2 minuti"},"schema":{"@context":"https:\/\/schema.org","@graph":[{"@type":"WebPage","@id":"https:\/\/www.fondazionemorra.org\/it\/evento\/ingrid-wiener-sogni-traume\/","url":"https:\/\/www.fondazionemorra.org\/it\/evento\/ingrid-wiener-sogni-traume\/","name":"Ingrid Wiener. SOGNI\/Tr\u00e4ume - Fondazione Morra","isPartOf":{"@id":"https:\/\/www.fondazionemorra.org\/it\/#website"},"primaryImageOfPage":{"@id":"https:\/\/www.fondazionemorra.org\/it\/evento\/ingrid-wiener-sogni-traume\/#primaryimage"},"image":{"@id":"https:\/\/www.fondazionemorra.org\/it\/evento\/ingrid-wiener-sogni-traume\/#primaryimage"},"thumbnailUrl":"https:\/\/www.fondazionemorra.org\/wp-content\/uploads\/2021\/03\/Wiener-2001.jpg","datePublished":"2021-03-15T15:55:49+00:00","breadcrumb":{"@id":"https:\/\/www.fondazionemorra.org\/it\/evento\/ingrid-wiener-sogni-traume\/#breadcrumb"},"inLanguage":"it-IT","potentialAction":[{"@type":"ReadAction","target":["https:\/\/www.fondazionemorra.org\/it\/evento\/ingrid-wiener-sogni-traume\/"]}]},{"@type":"ImageObject","inLanguage":"it-IT","@id":"https:\/\/www.fondazionemorra.org\/it\/evento\/ingrid-wiener-sogni-traume\/#primaryimage","url":"https:\/\/www.fondazionemorra.org\/wp-content\/uploads\/2021\/03\/Wiener-2001.jpg","contentUrl":"https:\/\/www.fondazionemorra.org\/wp-content\/uploads\/2021\/03\/Wiener-2001.jpg","width":847,"height":1200},{"@type":"BreadcrumbList","@id":"https:\/\/www.fondazionemorra.org\/it\/evento\/ingrid-wiener-sogni-traume\/#breadcrumb","itemListElement":[{"@type":"ListItem","position":1,"name":"Home","item":"https:\/\/www.fondazionemorra.org\/it\/"},{"@type":"ListItem","position":2,"name":"Eventi","item":"https:\/\/www.fondazionemorra.org\/it\/eventi\/"},{"@type":"ListItem","position":3,"name":"Ingrid Wiener. SOGNI\/Tr\u00e4ume"}]},{"@type":"WebSite","@id":"https:\/\/www.fondazionemorra.org\/it\/#website","url":"https:\/\/www.fondazionemorra.org\/it\/","name":"Fondazione Morra","description":"","publisher":{"@id":"https:\/\/www.fondazionemorra.org\/it\/#organization"},"potentialAction":[{"@type":"SearchAction","target":{"@type":"EntryPoint","urlTemplate":"https:\/\/www.fondazionemorra.org\/it\/?s={search_term_string}"},"query-input":{"@type":"PropertyValueSpecification","valueRequired":true,"valueName":"search_term_string"}}],"inLanguage":"it-IT"},{"@type":"Organization","@id":"https:\/\/www.fondazionemorra.org\/it\/#organization","name":"Fondazione Morra","url":"https:\/\/www.fondazionemorra.org\/it\/","logo":{"@type":"ImageObject","inLanguage":"it-IT","@id":"https:\/\/www.fondazionemorra.org\/it\/#\/schema\/logo\/image\/","url":"https:\/\/www.fondazionemorra.org\/wp-content\/uploads\/2021\/02\/logo.png","contentUrl":"https:\/\/www.fondazionemorra.org\/wp-content\/uploads\/2021\/02\/logo.png","width":106,"height":114,"caption":"Fondazione Morra"},"image":{"@id":"https:\/\/www.fondazionemorra.org\/it\/#\/schema\/logo\/image\/"}}]}},"_links":{"self":[{"href":"https:\/\/www.fondazionemorra.org\/it\/wp-json\/wp\/v2\/tribe_events\/5768","targetHints":{"allow":["GET"]}}],"collection":[{"href":"https:\/\/www.fondazionemorra.org\/it\/wp-json\/wp\/v2\/tribe_events"}],"about":[{"href":"https:\/\/www.fondazionemorra.org\/it\/wp-json\/wp\/v2\/types\/tribe_events"}],"author":[{"embeddable":true,"href":"https:\/\/www.fondazionemorra.org\/it\/wp-json\/wp\/v2\/users\/2"}],"version-history":[{"count":1,"href":"https:\/\/www.fondazionemorra.org\/it\/wp-json\/wp\/v2\/tribe_events\/5768\/revisions"}],"predecessor-version":[{"id":5771,"href":"https:\/\/www.fondazionemorra.org\/it\/wp-json\/wp\/v2\/tribe_events\/5768\/revisions\/5771"}],"wp:featuredmedia":[{"embeddable":true,"href":"https:\/\/www.fondazionemorra.org\/it\/wp-json\/wp\/v2\/media\/5769"}],"wp:attachment":[{"href":"https:\/\/www.fondazionemorra.org\/it\/wp-json\/wp\/v2\/media?parent=5768"}],"wp:term":[{"taxonomy":"post_tag","embeddable":true,"href":"https:\/\/www.fondazionemorra.org\/it\/wp-json\/wp\/v2\/tags?post=5768"},{"taxonomy":"tribe_events_cat","embeddable":true,"href":"https:\/\/www.fondazionemorra.org\/it\/wp-json\/wp\/v2\/tribe_events_cat?post=5768"}],"curies":[{"name":"wp","href":"https:\/\/api.w.org\/{rel}","templated":true}]}}