{"id":5863,"date":"2021-03-18T18:20:25","date_gmt":"2021-03-18T17:20:25","guid":{"rendered":"http:\/\/www.fondazionemorra.org\/?post_type=tribe_events&#038;p=5863"},"modified":"2021-05-27T14:48:32","modified_gmt":"2021-05-27T12:48:32","slug":"luca-maria-patella-lalbero-della-cuccagna-nutrimenti-dellarte","status":"publish","type":"tribe_events","link":"https:\/\/www.fondazionemorra.org\/it\/evento\/luca-maria-patella-lalbero-della-cuccagna-nutrimenti-dellarte\/","title":{"rendered":"Luca Maria Patella. L\u2019Albero della Cuccagna. Nutrimenti dell\u2019arte"},"content":{"rendered":"<p><strong>17 ottobre 2015<\/strong><br \/>\nOPENING 17 OTTOBRE ORE 11:00<br \/>\nPiazza Pianciani, Spoleto<\/p>\n<p>A cura di Achille Bonito Oliva<\/p>\n<p><em>Una mostra diffusa in tutta Italia, dalla Valle d\u2019Aosta alla Sicilia, tra musei e fondazioni pubbliche e private che coinvolge oltre 40 artisti, scelti dal critico d\u2019arte per realizzare opere ispirate al tema arcaico dell&#8217;albero della cuccagna. Un simbolo di abbondanza eletto dall\u2019arte a monito, per invitare a riflettere sui temi dell&#8217;alimentazione e sulle sue implicazioni sociali. In sintonia con EXPO 2015, partner del progetto<\/em><\/p>\n<p>Nell\u2019ambito del grande progetto espositivo ideato da Achille Bonito Oliva e diffuso su tutto il territorio italiano (con il patrocinio di EXPO 2015; e con la collaborazione del MiBACT e del Programma sperimentale per la cultura <em>Sensi Contemporanei<\/em> dell\u2019Agenzia per la Coesione Territoriale) <strong>Luca Maria Patella<\/strong> presenta un\u2019imponente scultura giocosa, ludica, ideale per grandi e piccini, un\u2019opera \u201cironico-seria\u201d, un albero che non \u00e8 n\u00e9 buffonesco, n\u00e9 serioso, ma profondamente linguistico.<\/p>\n<p>Il Comune di Spoleto e la Fondazione Morra di Napoli inaugureranno l\u2019opera di Luca Maria Patella sabato 17 ottobre alle ore 11.00 in piazza Pianciani.<\/p>\n<p>Spoleto, da sempre meta estiva dell\u2019artista rende omaggio all\u2019artista con l\u2019albero della Cuccagna che allieter\u00e0 tutti i giovani studenti spoletini.<\/p>\n<p>Scrive Patella a proposito di questo suo ultimo lavoro:<\/p>\n<p style=\"text-align: center;\">la CUCCAGNA<\/p>\n<p style=\"text-align: center;\">linguistica e odorosa<\/p>\n<p style=\"text-align: center;\">contornata da PANOCCHI\u00a0\u00a0 veloci<\/p>\n<p>I linguaggi sono come serpenti, pericolosi e vitali, che scappano da tutte le parti. Gi\u00e0 nei \u201960, parlavo di \u201cironico-serio\u201d: due aspetti dialettici (ma attenzione! non si tratta n\u00e9 di buffonesco, n\u00e9 di serioso).<\/p>\n<p>Ecco un primo aspetto: il mio Albero della CUCCAGNA si \u00e8 \u201cinsediato\u201d nel cuore della citt\u00e0 in piazza Pianciani. Albero della vita, del battesimo, della Sapientia? Ha anche forse \u201cocchieggiato\u201d lo scolabottiglie del grandp\u00e8re Marcel.<\/p>\n<p>Si notano lass\u00f9 quattro enormi Caramelle Colorate, che mettono in evidenza quattro scritte, formanti una e-mail telegrafica: \u00e8 Rino che comunica alla sorella Mella, che l\u2019altra sorella, Della \u00e8 morta. Le manda anche il nipote Lino, per spiegarle e consolarla. La missiva la manda Rino. Salvo che non si \u00e8 accorto di aver scritto una sciarada concreta (per non dire&#8230;concretina!).<\/p>\n<p>In cima alla Cuccagna, svetta poi un Pitalone Colorato (come nei pagliai) che esibisce una scritta: P\u00d2<sup>2<\/sup>, cio\u00e8\u2026 pop\u00f2?!<\/p>\n<p>Tutto intorno all\u2019Albero, corrono una decina di bimbi\u2013PANOCCHI, con in testa un Panama, fornito, sulla Cupola, di un pinocchiesco sfilatino di Pane, nonch\u00e9 di due grandi Occhi.<\/p>\n<p>Ogni Panocchio tiene in mano un Nastro colorato, che pende da una grande Ruota di Carro situata alla sommit\u00e0 dell\u2019Albero: girando i bimbi, i nastri si avvolgono intorno alla Cuccagna.<\/p>\n<p>Ed ecco l\u2019aspetto nascosto dell\u2019Installazione: Le Caramellone ed i nastri sono dei<\/p>\n<p>\u201c4 Colori\u201d delle Funzioni Psicologiche (rosso-sentimento, blu-pensiero, verde-sensazione, giallo-intuizione) secondo C. G. Jung, anni \u201920. Mentre, i Panocchi citano\u2026 un\u2019opera di Duchamp del \u201912: re e regina, attorniati da nudi veloci\u2026<\/p>\n<p>Ma ora mi \u201carresto\u201d, vi ringrazio, vi saluto<\/p>\n<p>e sono (chi? io e loro!) il vostro<\/p>\n<p><em>Luca Maria Patella<\/em><\/p>\n<p><em>La mostra \u00e8 realizzata con l\u2019Albornoz Art Hotel di Spoleto dove Patella ha realizzato quattro grandi opere permanenti<\/em><em>.\u00a0<\/em><\/p>\n\n\t\t<style type=\"text\/css\">\n\t\t\t#gallery-1 {\n\t\t\t\tmargin: auto;\n\t\t\t}\n\t\t\t#gallery-1 .gallery-item {\n\t\t\t\tfloat: left;\n\t\t\t\tmargin-top: 10px;\n\t\t\t\ttext-align: center;\n\t\t\t\twidth: 100%;\n\t\t\t}\n\t\t\t#gallery-1 img {\n\t\t\t\tborder: 2px solid #cfcfcf;\n\t\t\t}\n\t\t\t#gallery-1 .gallery-caption {\n\t\t\t\tmargin-left: 0;\n\t\t\t}\n\t\t\t\/* see gallery_shortcode() in wp-includes\/media.php *\/\n\t\t<\/style>\n\t\t<div id='gallery-1' class='gallery galleryid-5863 gallery-columns-1 gallery-size-full'><dl class='gallery-item'>\n\t\t\t<dt class='gallery-icon portrait'>\n\t\t\t\t<a href='https:\/\/www.fondazionemorra.org\/it\/evento\/luca-maria-patella-lalbero-della-cuccagna-nutrimenti-dellarte\/lm-patella-albera-della-cuccagna-spoleto-2015-f-morra-3\/'><img loading=\"lazy\" decoding=\"async\" width=\"803\" height=\"1200\" src=\"https:\/\/www.fondazionemorra.org\/wp-content\/uploads\/2021\/03\/LM-Patella.Albera-Della-Cuccagna.Spoleto-2015-\u00a9-F.Morra-3.jpg\" class=\"attachment-full size-full\" alt=\"\" aria-describedby=\"gallery-1-5864\" srcset=\"https:\/\/www.fondazionemorra.org\/wp-content\/uploads\/2021\/03\/LM-Patella.Albera-Della-Cuccagna.Spoleto-2015-\u00a9-F.Morra-3.jpg 803w, https:\/\/www.fondazionemorra.org\/wp-content\/uploads\/2021\/03\/LM-Patella.Albera-Della-Cuccagna.Spoleto-2015-\u00a9-F.Morra-3-201x300.jpg 201w, https:\/\/www.fondazionemorra.org\/wp-content\/uploads\/2021\/03\/LM-Patella.Albera-Della-Cuccagna.Spoleto-2015-\u00a9-F.Morra-3-685x1024.jpg 685w, https:\/\/www.fondazionemorra.org\/wp-content\/uploads\/2021\/03\/LM-Patella.Albera-Della-Cuccagna.Spoleto-2015-\u00a9-F.Morra-3-768x1148.jpg 768w\" sizes=\"auto, (max-width: 803px) 100vw, 803px\" \/><\/a>\n\t\t\t<\/dt>\n\t\t\t\t<dd class='wp-caption-text gallery-caption' id='gallery-1-5864'>\n\t\t\t\tLuca Maria Patella. L\u2019Albero della Cuccagna. Nutrimenti dell\u2019arte, Piazza Pianciani, Spoleto, 2015 \u00a9 photo Cinzia Infantino Courtesy Fondazione Morra\n\t\t\t\t<\/dd><\/dl><br style=\"clear: both\" \/><dl class='gallery-item'>\n\t\t\t<dt class='gallery-icon landscape'>\n\t\t\t\t<a href='https:\/\/www.fondazionemorra.org\/it\/evento\/luca-maria-patella-lalbero-della-cuccagna-nutrimenti-dellarte\/lm-patella-albera-della-cuccagna-spoleto-2015-f-morra-4\/'><img loading=\"lazy\" decoding=\"async\" width=\"1200\" height=\"803\" src=\"https:\/\/www.fondazionemorra.org\/wp-content\/uploads\/2021\/03\/LM-Patella.Albera-Della-Cuccagna.Spoleto-2015-\u00a9-F.Morra-4.jpg\" class=\"attachment-full size-full\" alt=\"\" aria-describedby=\"gallery-1-5866\" srcset=\"https:\/\/www.fondazionemorra.org\/wp-content\/uploads\/2021\/03\/LM-Patella.Albera-Della-Cuccagna.Spoleto-2015-\u00a9-F.Morra-4.jpg 1200w, https:\/\/www.fondazionemorra.org\/wp-content\/uploads\/2021\/03\/LM-Patella.Albera-Della-Cuccagna.Spoleto-2015-\u00a9-F.Morra-4-300x201.jpg 300w, https:\/\/www.fondazionemorra.org\/wp-content\/uploads\/2021\/03\/LM-Patella.Albera-Della-Cuccagna.Spoleto-2015-\u00a9-F.Morra-4-1024x685.jpg 1024w, https:\/\/www.fondazionemorra.org\/wp-content\/uploads\/2021\/03\/LM-Patella.Albera-Della-Cuccagna.Spoleto-2015-\u00a9-F.Morra-4-768x514.jpg 768w\" sizes=\"auto, (max-width: 1200px) 100vw, 1200px\" \/><\/a>\n\t\t\t<\/dt>\n\t\t\t\t<dd class='wp-caption-text gallery-caption' id='gallery-1-5866'>\n\t\t\t\tLuca Maria Patella. L\u2019Albero della Cuccagna. Nutrimenti dell\u2019arte, Piazza Pianciani, Spoleto, 2015 \u00a9 photo Cinzia Infantino Courtesy Fondazione Morra\n\t\t\t\t<\/dd><\/dl><br style=\"clear: both\" \/>\n\t\t<\/div>\n\n","protected":false},"excerpt":{"rendered":"<p>17 ottobre 2015 OPENING 17 OTTOBRE ORE 11:00 Piazza Pianciani, Spoleto A cura di Achille Bonito Oliva Una mostra diffusa in tutta Italia, dalla Valle d\u2019Aosta alla Sicilia, tra musei<a class=\"excerpt-read-more\" href=\"https:\/\/www.fondazionemorra.org\/it\/evento\/luca-maria-patella-lalbero-della-cuccagna-nutrimenti-dellarte\/\" title=\"ReadLuca Maria Patella. L\u2019Albero della Cuccagna. Nutrimenti dell\u2019arte\">&#8230; Read more &raquo;<\/a><\/p>\n","protected":false},"author":2,"featured_media":5868,"template":"","meta":{"_acf_changed":false,"_tribe_events_status":"","_tribe_events_status_reason":"","footnotes":""},"tags":[],"tribe_events_cat":[],"class_list":["post-5863","tribe_events","type-tribe_events","status-publish","has-post-thumbnail","hentry"],"acf":[],"yoast_head":"<!-- This site is optimized with the Yoast SEO plugin v27.4 - https:\/\/yoast.com\/product\/yoast-seo-wordpress\/ -->\n<title>Luca Maria Patella. L\u2019Albero della Cuccagna. Nutrimenti dell\u2019arte - Fondazione Morra<\/title>\n<meta name=\"robots\" content=\"index, follow, max-snippet:-1, max-image-preview:large, max-video-preview:-1\" \/>\n<link rel=\"canonical\" href=\"https:\/\/www.fondazionemorra.org\/it\/evento\/luca-maria-patella-lalbero-della-cuccagna-nutrimenti-dellarte\/\" \/>\n<meta property=\"og:locale\" content=\"it_IT\" \/>\n<meta property=\"og:type\" content=\"article\" \/>\n<meta property=\"og:title\" content=\"Luca Maria Patella. L\u2019Albero della Cuccagna. Nutrimenti dell\u2019arte - Fondazione Morra\" \/>\n<meta property=\"og:description\" content=\"17 ottobre 2015 OPENING 17 OTTOBRE ORE 11:00 Piazza Pianciani, Spoleto A cura di Achille Bonito Oliva Una mostra diffusa in tutta Italia, dalla Valle d\u2019Aosta alla Sicilia, tra musei... Read more &raquo;\" \/>\n<meta property=\"og:url\" content=\"https:\/\/www.fondazionemorra.org\/it\/evento\/luca-maria-patella-lalbero-della-cuccagna-nutrimenti-dellarte\/\" \/>\n<meta property=\"og:site_name\" content=\"Fondazione Morra\" \/>\n<meta property=\"article:modified_time\" content=\"2021-05-27T12:48:32+00:00\" \/>\n<meta property=\"og:image\" content=\"https:\/\/www.fondazionemorra.org\/wp-content\/uploads\/2021\/03\/invito_Spoleto-fronte.jpg\" \/>\n\t<meta property=\"og:image:width\" content=\"852\" \/>\n\t<meta property=\"og:image:height\" content=\"1200\" \/>\n\t<meta property=\"og:image:type\" content=\"image\/jpeg\" \/>\n<meta name=\"twitter:card\" content=\"summary_large_image\" \/>\n<meta name=\"twitter:label1\" content=\"Tempo di lettura stimato\" \/>\n\t<meta name=\"twitter:data1\" content=\"3 minuti\" \/>\n<script type=\"application\/ld+json\" class=\"yoast-schema-graph\">{\"@context\":\"https:\\\/\\\/schema.org\",\"@graph\":[{\"@type\":\"WebPage\",\"@id\":\"https:\\\/\\\/www.fondazionemorra.org\\\/it\\\/evento\\\/luca-maria-patella-lalbero-della-cuccagna-nutrimenti-dellarte\\\/\",\"url\":\"https:\\\/\\\/www.fondazionemorra.org\\\/it\\\/evento\\\/luca-maria-patella-lalbero-della-cuccagna-nutrimenti-dellarte\\\/\",\"name\":\"Luca Maria Patella. L\u2019Albero della Cuccagna. Nutrimenti dell\u2019arte - Fondazione Morra\",\"isPartOf\":{\"@id\":\"https:\\\/\\\/www.fondazionemorra.org\\\/it\\\/#website\"},\"primaryImageOfPage\":{\"@id\":\"https:\\\/\\\/www.fondazionemorra.org\\\/it\\\/evento\\\/luca-maria-patella-lalbero-della-cuccagna-nutrimenti-dellarte\\\/#primaryimage\"},\"image\":{\"@id\":\"https:\\\/\\\/www.fondazionemorra.org\\\/it\\\/evento\\\/luca-maria-patella-lalbero-della-cuccagna-nutrimenti-dellarte\\\/#primaryimage\"},\"thumbnailUrl\":\"https:\\\/\\\/www.fondazionemorra.org\\\/wp-content\\\/uploads\\\/2021\\\/03\\\/invito_Spoleto-fronte.jpg\",\"datePublished\":\"2021-03-18T17:20:25+00:00\",\"dateModified\":\"2021-05-27T12:48:32+00:00\",\"breadcrumb\":{\"@id\":\"https:\\\/\\\/www.fondazionemorra.org\\\/it\\\/evento\\\/luca-maria-patella-lalbero-della-cuccagna-nutrimenti-dellarte\\\/#breadcrumb\"},\"inLanguage\":\"it-IT\",\"potentialAction\":[{\"@type\":\"ReadAction\",\"target\":[\"https:\\\/\\\/www.fondazionemorra.org\\\/it\\\/evento\\\/luca-maria-patella-lalbero-della-cuccagna-nutrimenti-dellarte\\\/\"]}]},{\"@type\":\"ImageObject\",\"inLanguage\":\"it-IT\",\"@id\":\"https:\\\/\\\/www.fondazionemorra.org\\\/it\\\/evento\\\/luca-maria-patella-lalbero-della-cuccagna-nutrimenti-dellarte\\\/#primaryimage\",\"url\":\"https:\\\/\\\/www.fondazionemorra.org\\\/wp-content\\\/uploads\\\/2021\\\/03\\\/invito_Spoleto-fronte.jpg\",\"contentUrl\":\"https:\\\/\\\/www.fondazionemorra.org\\\/wp-content\\\/uploads\\\/2021\\\/03\\\/invito_Spoleto-fronte.jpg\",\"width\":852,\"height\":1200},{\"@type\":\"BreadcrumbList\",\"@id\":\"https:\\\/\\\/www.fondazionemorra.org\\\/it\\\/evento\\\/luca-maria-patella-lalbero-della-cuccagna-nutrimenti-dellarte\\\/#breadcrumb\",\"itemListElement\":[{\"@type\":\"ListItem\",\"position\":1,\"name\":\"Home\",\"item\":\"https:\\\/\\\/www.fondazionemorra.org\\\/it\\\/\"},{\"@type\":\"ListItem\",\"position\":2,\"name\":\"Eventi\",\"item\":\"https:\\\/\\\/www.fondazionemorra.org\\\/it\\\/eventi\\\/\"},{\"@type\":\"ListItem\",\"position\":3,\"name\":\"Luca Maria Patella. L\u2019Albero della Cuccagna. Nutrimenti dell\u2019arte\"}]},{\"@type\":\"WebSite\",\"@id\":\"https:\\\/\\\/www.fondazionemorra.org\\\/it\\\/#website\",\"url\":\"https:\\\/\\\/www.fondazionemorra.org\\\/it\\\/\",\"name\":\"Fondazione Morra\",\"description\":\"\",\"publisher\":{\"@id\":\"https:\\\/\\\/www.fondazionemorra.org\\\/it\\\/#organization\"},\"potentialAction\":[{\"@type\":\"SearchAction\",\"target\":{\"@type\":\"EntryPoint\",\"urlTemplate\":\"https:\\\/\\\/www.fondazionemorra.org\\\/it\\\/?s={search_term_string}\"},\"query-input\":{\"@type\":\"PropertyValueSpecification\",\"valueRequired\":true,\"valueName\":\"search_term_string\"}}],\"inLanguage\":\"it-IT\"},{\"@type\":\"Organization\",\"@id\":\"https:\\\/\\\/www.fondazionemorra.org\\\/it\\\/#organization\",\"name\":\"Fondazione Morra\",\"url\":\"https:\\\/\\\/www.fondazionemorra.org\\\/it\\\/\",\"logo\":{\"@type\":\"ImageObject\",\"inLanguage\":\"it-IT\",\"@id\":\"https:\\\/\\\/www.fondazionemorra.org\\\/it\\\/#\\\/schema\\\/logo\\\/image\\\/\",\"url\":\"https:\\\/\\\/www.fondazionemorra.org\\\/wp-content\\\/uploads\\\/2021\\\/02\\\/logo.png\",\"contentUrl\":\"https:\\\/\\\/www.fondazionemorra.org\\\/wp-content\\\/uploads\\\/2021\\\/02\\\/logo.png\",\"width\":106,\"height\":114,\"caption\":\"Fondazione Morra\"},\"image\":{\"@id\":\"https:\\\/\\\/www.fondazionemorra.org\\\/it\\\/#\\\/schema\\\/logo\\\/image\\\/\"}}]}<\/script>\n<!-- \/ Yoast SEO plugin. -->","yoast_head_json":{"title":"Luca Maria Patella. L\u2019Albero della Cuccagna. Nutrimenti dell\u2019arte - Fondazione Morra","robots":{"index":"index","follow":"follow","max-snippet":"max-snippet:-1","max-image-preview":"max-image-preview:large","max-video-preview":"max-video-preview:-1"},"canonical":"https:\/\/www.fondazionemorra.org\/it\/evento\/luca-maria-patella-lalbero-della-cuccagna-nutrimenti-dellarte\/","og_locale":"it_IT","og_type":"article","og_title":"Luca Maria Patella. L\u2019Albero della Cuccagna. Nutrimenti dell\u2019arte - Fondazione Morra","og_description":"17 ottobre 2015 OPENING 17 OTTOBRE ORE 11:00 Piazza Pianciani, Spoleto A cura di Achille Bonito Oliva Una mostra diffusa in tutta Italia, dalla Valle d\u2019Aosta alla Sicilia, tra musei... Read more &raquo;","og_url":"https:\/\/www.fondazionemorra.org\/it\/evento\/luca-maria-patella-lalbero-della-cuccagna-nutrimenti-dellarte\/","og_site_name":"Fondazione Morra","article_modified_time":"2021-05-27T12:48:32+00:00","og_image":[{"width":852,"height":1200,"url":"https:\/\/www.fondazionemorra.org\/wp-content\/uploads\/2021\/03\/invito_Spoleto-fronte.jpg","type":"image\/jpeg"}],"twitter_card":"summary_large_image","twitter_misc":{"Tempo di lettura stimato":"3 minuti"},"schema":{"@context":"https:\/\/schema.org","@graph":[{"@type":"WebPage","@id":"https:\/\/www.fondazionemorra.org\/it\/evento\/luca-maria-patella-lalbero-della-cuccagna-nutrimenti-dellarte\/","url":"https:\/\/www.fondazionemorra.org\/it\/evento\/luca-maria-patella-lalbero-della-cuccagna-nutrimenti-dellarte\/","name":"Luca Maria Patella. L\u2019Albero della Cuccagna. Nutrimenti dell\u2019arte - Fondazione Morra","isPartOf":{"@id":"https:\/\/www.fondazionemorra.org\/it\/#website"},"primaryImageOfPage":{"@id":"https:\/\/www.fondazionemorra.org\/it\/evento\/luca-maria-patella-lalbero-della-cuccagna-nutrimenti-dellarte\/#primaryimage"},"image":{"@id":"https:\/\/www.fondazionemorra.org\/it\/evento\/luca-maria-patella-lalbero-della-cuccagna-nutrimenti-dellarte\/#primaryimage"},"thumbnailUrl":"https:\/\/www.fondazionemorra.org\/wp-content\/uploads\/2021\/03\/invito_Spoleto-fronte.jpg","datePublished":"2021-03-18T17:20:25+00:00","dateModified":"2021-05-27T12:48:32+00:00","breadcrumb":{"@id":"https:\/\/www.fondazionemorra.org\/it\/evento\/luca-maria-patella-lalbero-della-cuccagna-nutrimenti-dellarte\/#breadcrumb"},"inLanguage":"it-IT","potentialAction":[{"@type":"ReadAction","target":["https:\/\/www.fondazionemorra.org\/it\/evento\/luca-maria-patella-lalbero-della-cuccagna-nutrimenti-dellarte\/"]}]},{"@type":"ImageObject","inLanguage":"it-IT","@id":"https:\/\/www.fondazionemorra.org\/it\/evento\/luca-maria-patella-lalbero-della-cuccagna-nutrimenti-dellarte\/#primaryimage","url":"https:\/\/www.fondazionemorra.org\/wp-content\/uploads\/2021\/03\/invito_Spoleto-fronte.jpg","contentUrl":"https:\/\/www.fondazionemorra.org\/wp-content\/uploads\/2021\/03\/invito_Spoleto-fronte.jpg","width":852,"height":1200},{"@type":"BreadcrumbList","@id":"https:\/\/www.fondazionemorra.org\/it\/evento\/luca-maria-patella-lalbero-della-cuccagna-nutrimenti-dellarte\/#breadcrumb","itemListElement":[{"@type":"ListItem","position":1,"name":"Home","item":"https:\/\/www.fondazionemorra.org\/it\/"},{"@type":"ListItem","position":2,"name":"Eventi","item":"https:\/\/www.fondazionemorra.org\/it\/eventi\/"},{"@type":"ListItem","position":3,"name":"Luca Maria Patella. L\u2019Albero della Cuccagna. Nutrimenti dell\u2019arte"}]},{"@type":"WebSite","@id":"https:\/\/www.fondazionemorra.org\/it\/#website","url":"https:\/\/www.fondazionemorra.org\/it\/","name":"Fondazione Morra","description":"","publisher":{"@id":"https:\/\/www.fondazionemorra.org\/it\/#organization"},"potentialAction":[{"@type":"SearchAction","target":{"@type":"EntryPoint","urlTemplate":"https:\/\/www.fondazionemorra.org\/it\/?s={search_term_string}"},"query-input":{"@type":"PropertyValueSpecification","valueRequired":true,"valueName":"search_term_string"}}],"inLanguage":"it-IT"},{"@type":"Organization","@id":"https:\/\/www.fondazionemorra.org\/it\/#organization","name":"Fondazione Morra","url":"https:\/\/www.fondazionemorra.org\/it\/","logo":{"@type":"ImageObject","inLanguage":"it-IT","@id":"https:\/\/www.fondazionemorra.org\/it\/#\/schema\/logo\/image\/","url":"https:\/\/www.fondazionemorra.org\/wp-content\/uploads\/2021\/02\/logo.png","contentUrl":"https:\/\/www.fondazionemorra.org\/wp-content\/uploads\/2021\/02\/logo.png","width":106,"height":114,"caption":"Fondazione Morra"},"image":{"@id":"https:\/\/www.fondazionemorra.org\/it\/#\/schema\/logo\/image\/"}}]}},"_links":{"self":[{"href":"https:\/\/www.fondazionemorra.org\/it\/wp-json\/wp\/v2\/tribe_events\/5863","targetHints":{"allow":["GET"]}}],"collection":[{"href":"https:\/\/www.fondazionemorra.org\/it\/wp-json\/wp\/v2\/tribe_events"}],"about":[{"href":"https:\/\/www.fondazionemorra.org\/it\/wp-json\/wp\/v2\/types\/tribe_events"}],"author":[{"embeddable":true,"href":"https:\/\/www.fondazionemorra.org\/it\/wp-json\/wp\/v2\/users\/2"}],"version-history":[{"count":2,"href":"https:\/\/www.fondazionemorra.org\/it\/wp-json\/wp\/v2\/tribe_events\/5863\/revisions"}],"predecessor-version":[{"id":6482,"href":"https:\/\/www.fondazionemorra.org\/it\/wp-json\/wp\/v2\/tribe_events\/5863\/revisions\/6482"}],"wp:featuredmedia":[{"embeddable":true,"href":"https:\/\/www.fondazionemorra.org\/it\/wp-json\/wp\/v2\/media\/5868"}],"wp:attachment":[{"href":"https:\/\/www.fondazionemorra.org\/it\/wp-json\/wp\/v2\/media?parent=5863"}],"wp:term":[{"taxonomy":"post_tag","embeddable":true,"href":"https:\/\/www.fondazionemorra.org\/it\/wp-json\/wp\/v2\/tags?post=5863"},{"taxonomy":"tribe_events_cat","embeddable":true,"href":"https:\/\/www.fondazionemorra.org\/it\/wp-json\/wp\/v2\/tribe_events_cat?post=5863"}],"curies":[{"name":"wp","href":"https:\/\/api.w.org\/{rel}","templated":true}]}}