{"id":5896,"date":"2021-03-24T17:47:18","date_gmt":"2021-03-24T16:47:18","guid":{"rendered":"http:\/\/www.fondazionemorra.org\/?post_type=tribe_events&#038;p=5896"},"modified":"2021-03-24T17:47:18","modified_gmt":"2021-03-24T16:47:18","slug":"luciano-canfora-la-democrazia","status":"publish","type":"tribe_events","link":"https:\/\/www.fondazionemorra.org\/it\/evento\/luciano-canfora-la-democrazia\/","title":{"rendered":"Luciano Canfora. La Democrazia"},"content":{"rendered":"<p><strong>24 settembre 2004 <\/strong><br \/>\nOPENING 24 SETTEMBRE ORE 18:00<br \/>\n<strong>Palazzo dello Spagnuolo<\/strong><br \/>\nVia Vergini 19, Napoli<\/p>\n<p>Gianfranco Borrelli e Vittorio Dini presentano il volume di Luciano Canfora \u201cLA DEMOCRAZIA. STORIA DI UN\u2019IDEOLOGIA&#8221;.<\/p>\n<p>Presiede \u00a0ON. NERIO NESI<\/p>\n<p><strong>Luciano Canfora<\/strong> \u00e8 considerato uno dei maggiori antichisti europei. E\u2019 professore ordinario di Filologia classica presso l&#8217;Universit\u00e0 di Bari. Ha insegnato anche Papirologia, Letteratura Latina, Storia Greca e Romana. Fa parte del comitato scientifico della Society of Classical Tradition di Boston e della Fondazione Istituto Gramsci di Roma.<br \/>\nE&#8217; componente del Comitato direttivo di <em>Hystoria y Critica<\/em> (Santiago, Spagna), <em>Journal of Classical Tradition<\/em> (Boston) e <em>Limes<\/em> (Roma). Dirige la rivista <em>Quaderni di Storia<\/em> e le collane <em>Paradosis<\/em> (Dedalo) e <em>La citt\u00e0 antica<\/em> (Sellerio). Collabora tra l\u2019altro con il Corriere della Sera.<br \/>\nTra le sue pubblicazioni: <em>Totalit\u00e0 e selezione nella storiografia classica<\/em> (Laterza, 1972); <em>Storia della letteratura greca<\/em> (Laterza, 1986); <em>La biblioteca scomparsa<\/em> (Sellerio, 1986); <em>La sentenza. Concetto Marchesi e Giovanni Gentile<\/em> (Sellerio, 1985); <em>Giulio Cesare<\/em> (Laterza, 2000); <em>Il Fozio ritrovato. Juan de Mariana e Andr\u00e9 Schott<\/em> (Dedalo, 2001); <em>Convertire Casaubon<\/em> (Adelphi, 2002).Il saggio <em>La biblioteca scomparsa<\/em>, attenta ricostruzione storica della distruzione della mitica Biblioteca di Alessandria, annovera numerose traduzioni in tutta Europa, in USA, in Brasile e in Giappone. La collana \u201cFare L\u2019Europa\u201d nasce dall\u2019iniziativa di cinque editori di lingua e nazionalit\u00e0 differenti, che oltre ad affrontare temi della storia europea attraverso l\u2019economia, la politica, il sociale, hanno come obbiettivo la ricerca di quel identit\u00e0 collettiva che ha raggiunto l\u2019Europa attraverso le peripezie della sua storia e la pluralit\u00e0 delle sue componenti.<\/p>\n<p>\u2026..\u201dDemocrazia: un\u2019idea straordinariamente duttile che ha plasmato il corso della storia europea, dalla Rivoluzione inglese a quella francese, dalla Prima guerra mondiale fino alla guerra fredda e al crollo del Muro. Ed \u00e8 proprio ripercorrendo le ideologie che l\u2019hanno nutrita e sostenuta che Canfora formula la sua tesi lucida e radicale: il meccanismo elettorale \u00e8 ben lungi dal rappresentare la democrazia. Oggi, nel mondo ricco, ha vinto la libert\u00e0, con tutte le sue immani conseguenze. La democrazia \u00e8 rinviata ad altre epoche.\u201d\u2026..<\/p>\n","protected":false},"excerpt":{"rendered":"<p>24 settembre 2004 OPENING 24 SETTEMBRE ORE 18:00 Palazzo dello Spagnuolo Via Vergini 19, Napoli Gianfranco Borrelli e Vittorio Dini presentano il volume di Luciano Canfora \u201cLA DEMOCRAZIA. STORIA DI<a class=\"excerpt-read-more\" href=\"https:\/\/www.fondazionemorra.org\/it\/evento\/luciano-canfora-la-democrazia\/\" title=\"ReadLuciano Canfora. La Democrazia\">&#8230; Read more &raquo;<\/a><\/p>\n","protected":false},"author":2,"featured_media":5897,"template":"","meta":{"_acf_changed":false,"_tribe_events_status":"","_tribe_events_status_reason":"","footnotes":""},"tags":[],"tribe_events_cat":[],"class_list":["post-5896","tribe_events","type-tribe_events","status-publish","has-post-thumbnail","hentry"],"acf":[],"yoast_head":"<!-- This site is optimized with the Yoast SEO plugin v27.4 - https:\/\/yoast.com\/product\/yoast-seo-wordpress\/ -->\n<title>Luciano Canfora. La Democrazia - Fondazione Morra<\/title>\n<meta name=\"robots\" content=\"index, follow, max-snippet:-1, max-image-preview:large, max-video-preview:-1\" \/>\n<link rel=\"canonical\" href=\"https:\/\/www.fondazionemorra.org\/it\/evento\/luciano-canfora-la-democrazia\/\" \/>\n<meta property=\"og:locale\" content=\"it_IT\" \/>\n<meta property=\"og:type\" content=\"article\" \/>\n<meta property=\"og:title\" content=\"Luciano Canfora. La Democrazia - Fondazione Morra\" \/>\n<meta property=\"og:description\" content=\"24 settembre 2004 OPENING 24 SETTEMBRE ORE 18:00 Palazzo dello Spagnuolo Via Vergini 19, Napoli Gianfranco Borrelli e Vittorio Dini presentano il volume di Luciano Canfora \u201cLA DEMOCRAZIA. STORIA DI... Read more &raquo;\" \/>\n<meta property=\"og:url\" content=\"https:\/\/www.fondazionemorra.org\/it\/evento\/luciano-canfora-la-democrazia\/\" \/>\n<meta property=\"og:site_name\" content=\"Fondazione Morra\" \/>\n<meta property=\"og:image\" content=\"https:\/\/www.fondazionemorra.org\/wp-content\/uploads\/2021\/03\/INV0184_CANL01.jpg\" \/>\n\t<meta property=\"og:image:width\" content=\"590\" \/>\n\t<meta property=\"og:image:height\" content=\"1200\" \/>\n\t<meta property=\"og:image:type\" content=\"image\/jpeg\" \/>\n<meta name=\"twitter:card\" content=\"summary_large_image\" \/>\n<meta name=\"twitter:label1\" content=\"Tempo di lettura stimato\" \/>\n\t<meta name=\"twitter:data1\" content=\"2 minuti\" \/>\n<script type=\"application\/ld+json\" class=\"yoast-schema-graph\">{\"@context\":\"https:\\\/\\\/schema.org\",\"@graph\":[{\"@type\":\"WebPage\",\"@id\":\"https:\\\/\\\/www.fondazionemorra.org\\\/it\\\/evento\\\/luciano-canfora-la-democrazia\\\/\",\"url\":\"https:\\\/\\\/www.fondazionemorra.org\\\/it\\\/evento\\\/luciano-canfora-la-democrazia\\\/\",\"name\":\"Luciano Canfora. La Democrazia - Fondazione Morra\",\"isPartOf\":{\"@id\":\"https:\\\/\\\/www.fondazionemorra.org\\\/it\\\/#website\"},\"primaryImageOfPage\":{\"@id\":\"https:\\\/\\\/www.fondazionemorra.org\\\/it\\\/evento\\\/luciano-canfora-la-democrazia\\\/#primaryimage\"},\"image\":{\"@id\":\"https:\\\/\\\/www.fondazionemorra.org\\\/it\\\/evento\\\/luciano-canfora-la-democrazia\\\/#primaryimage\"},\"thumbnailUrl\":\"https:\\\/\\\/www.fondazionemorra.org\\\/wp-content\\\/uploads\\\/2021\\\/03\\\/INV0184_CANL01.jpg\",\"datePublished\":\"2021-03-24T16:47:18+00:00\",\"breadcrumb\":{\"@id\":\"https:\\\/\\\/www.fondazionemorra.org\\\/it\\\/evento\\\/luciano-canfora-la-democrazia\\\/#breadcrumb\"},\"inLanguage\":\"it-IT\",\"potentialAction\":[{\"@type\":\"ReadAction\",\"target\":[\"https:\\\/\\\/www.fondazionemorra.org\\\/it\\\/evento\\\/luciano-canfora-la-democrazia\\\/\"]}]},{\"@type\":\"ImageObject\",\"inLanguage\":\"it-IT\",\"@id\":\"https:\\\/\\\/www.fondazionemorra.org\\\/it\\\/evento\\\/luciano-canfora-la-democrazia\\\/#primaryimage\",\"url\":\"https:\\\/\\\/www.fondazionemorra.org\\\/wp-content\\\/uploads\\\/2021\\\/03\\\/INV0184_CANL01.jpg\",\"contentUrl\":\"https:\\\/\\\/www.fondazionemorra.org\\\/wp-content\\\/uploads\\\/2021\\\/03\\\/INV0184_CANL01.jpg\",\"width\":590,\"height\":1200},{\"@type\":\"BreadcrumbList\",\"@id\":\"https:\\\/\\\/www.fondazionemorra.org\\\/it\\\/evento\\\/luciano-canfora-la-democrazia\\\/#breadcrumb\",\"itemListElement\":[{\"@type\":\"ListItem\",\"position\":1,\"name\":\"Home\",\"item\":\"https:\\\/\\\/www.fondazionemorra.org\\\/it\\\/\"},{\"@type\":\"ListItem\",\"position\":2,\"name\":\"Eventi\",\"item\":\"https:\\\/\\\/www.fondazionemorra.org\\\/it\\\/eventi\\\/\"},{\"@type\":\"ListItem\",\"position\":3,\"name\":\"Luciano Canfora. La Democrazia\"}]},{\"@type\":\"WebSite\",\"@id\":\"https:\\\/\\\/www.fondazionemorra.org\\\/it\\\/#website\",\"url\":\"https:\\\/\\\/www.fondazionemorra.org\\\/it\\\/\",\"name\":\"Fondazione Morra\",\"description\":\"\",\"publisher\":{\"@id\":\"https:\\\/\\\/www.fondazionemorra.org\\\/it\\\/#organization\"},\"potentialAction\":[{\"@type\":\"SearchAction\",\"target\":{\"@type\":\"EntryPoint\",\"urlTemplate\":\"https:\\\/\\\/www.fondazionemorra.org\\\/it\\\/?s={search_term_string}\"},\"query-input\":{\"@type\":\"PropertyValueSpecification\",\"valueRequired\":true,\"valueName\":\"search_term_string\"}}],\"inLanguage\":\"it-IT\"},{\"@type\":\"Organization\",\"@id\":\"https:\\\/\\\/www.fondazionemorra.org\\\/it\\\/#organization\",\"name\":\"Fondazione Morra\",\"url\":\"https:\\\/\\\/www.fondazionemorra.org\\\/it\\\/\",\"logo\":{\"@type\":\"ImageObject\",\"inLanguage\":\"it-IT\",\"@id\":\"https:\\\/\\\/www.fondazionemorra.org\\\/it\\\/#\\\/schema\\\/logo\\\/image\\\/\",\"url\":\"https:\\\/\\\/www.fondazionemorra.org\\\/wp-content\\\/uploads\\\/2021\\\/02\\\/logo.png\",\"contentUrl\":\"https:\\\/\\\/www.fondazionemorra.org\\\/wp-content\\\/uploads\\\/2021\\\/02\\\/logo.png\",\"width\":106,\"height\":114,\"caption\":\"Fondazione Morra\"},\"image\":{\"@id\":\"https:\\\/\\\/www.fondazionemorra.org\\\/it\\\/#\\\/schema\\\/logo\\\/image\\\/\"}}]}<\/script>\n<!-- \/ Yoast SEO plugin. -->","yoast_head_json":{"title":"Luciano Canfora. La Democrazia - Fondazione Morra","robots":{"index":"index","follow":"follow","max-snippet":"max-snippet:-1","max-image-preview":"max-image-preview:large","max-video-preview":"max-video-preview:-1"},"canonical":"https:\/\/www.fondazionemorra.org\/it\/evento\/luciano-canfora-la-democrazia\/","og_locale":"it_IT","og_type":"article","og_title":"Luciano Canfora. La Democrazia - Fondazione Morra","og_description":"24 settembre 2004 OPENING 24 SETTEMBRE ORE 18:00 Palazzo dello Spagnuolo Via Vergini 19, Napoli Gianfranco Borrelli e Vittorio Dini presentano il volume di Luciano Canfora \u201cLA DEMOCRAZIA. STORIA DI... Read more &raquo;","og_url":"https:\/\/www.fondazionemorra.org\/it\/evento\/luciano-canfora-la-democrazia\/","og_site_name":"Fondazione Morra","og_image":[{"width":590,"height":1200,"url":"https:\/\/www.fondazionemorra.org\/wp-content\/uploads\/2021\/03\/INV0184_CANL01.jpg","type":"image\/jpeg"}],"twitter_card":"summary_large_image","twitter_misc":{"Tempo di lettura stimato":"2 minuti"},"schema":{"@context":"https:\/\/schema.org","@graph":[{"@type":"WebPage","@id":"https:\/\/www.fondazionemorra.org\/it\/evento\/luciano-canfora-la-democrazia\/","url":"https:\/\/www.fondazionemorra.org\/it\/evento\/luciano-canfora-la-democrazia\/","name":"Luciano Canfora. La Democrazia - Fondazione Morra","isPartOf":{"@id":"https:\/\/www.fondazionemorra.org\/it\/#website"},"primaryImageOfPage":{"@id":"https:\/\/www.fondazionemorra.org\/it\/evento\/luciano-canfora-la-democrazia\/#primaryimage"},"image":{"@id":"https:\/\/www.fondazionemorra.org\/it\/evento\/luciano-canfora-la-democrazia\/#primaryimage"},"thumbnailUrl":"https:\/\/www.fondazionemorra.org\/wp-content\/uploads\/2021\/03\/INV0184_CANL01.jpg","datePublished":"2021-03-24T16:47:18+00:00","breadcrumb":{"@id":"https:\/\/www.fondazionemorra.org\/it\/evento\/luciano-canfora-la-democrazia\/#breadcrumb"},"inLanguage":"it-IT","potentialAction":[{"@type":"ReadAction","target":["https:\/\/www.fondazionemorra.org\/it\/evento\/luciano-canfora-la-democrazia\/"]}]},{"@type":"ImageObject","inLanguage":"it-IT","@id":"https:\/\/www.fondazionemorra.org\/it\/evento\/luciano-canfora-la-democrazia\/#primaryimage","url":"https:\/\/www.fondazionemorra.org\/wp-content\/uploads\/2021\/03\/INV0184_CANL01.jpg","contentUrl":"https:\/\/www.fondazionemorra.org\/wp-content\/uploads\/2021\/03\/INV0184_CANL01.jpg","width":590,"height":1200},{"@type":"BreadcrumbList","@id":"https:\/\/www.fondazionemorra.org\/it\/evento\/luciano-canfora-la-democrazia\/#breadcrumb","itemListElement":[{"@type":"ListItem","position":1,"name":"Home","item":"https:\/\/www.fondazionemorra.org\/it\/"},{"@type":"ListItem","position":2,"name":"Eventi","item":"https:\/\/www.fondazionemorra.org\/it\/eventi\/"},{"@type":"ListItem","position":3,"name":"Luciano Canfora. La Democrazia"}]},{"@type":"WebSite","@id":"https:\/\/www.fondazionemorra.org\/it\/#website","url":"https:\/\/www.fondazionemorra.org\/it\/","name":"Fondazione Morra","description":"","publisher":{"@id":"https:\/\/www.fondazionemorra.org\/it\/#organization"},"potentialAction":[{"@type":"SearchAction","target":{"@type":"EntryPoint","urlTemplate":"https:\/\/www.fondazionemorra.org\/it\/?s={search_term_string}"},"query-input":{"@type":"PropertyValueSpecification","valueRequired":true,"valueName":"search_term_string"}}],"inLanguage":"it-IT"},{"@type":"Organization","@id":"https:\/\/www.fondazionemorra.org\/it\/#organization","name":"Fondazione Morra","url":"https:\/\/www.fondazionemorra.org\/it\/","logo":{"@type":"ImageObject","inLanguage":"it-IT","@id":"https:\/\/www.fondazionemorra.org\/it\/#\/schema\/logo\/image\/","url":"https:\/\/www.fondazionemorra.org\/wp-content\/uploads\/2021\/02\/logo.png","contentUrl":"https:\/\/www.fondazionemorra.org\/wp-content\/uploads\/2021\/02\/logo.png","width":106,"height":114,"caption":"Fondazione Morra"},"image":{"@id":"https:\/\/www.fondazionemorra.org\/it\/#\/schema\/logo\/image\/"}}]}},"_links":{"self":[{"href":"https:\/\/www.fondazionemorra.org\/it\/wp-json\/wp\/v2\/tribe_events\/5896","targetHints":{"allow":["GET"]}}],"collection":[{"href":"https:\/\/www.fondazionemorra.org\/it\/wp-json\/wp\/v2\/tribe_events"}],"about":[{"href":"https:\/\/www.fondazionemorra.org\/it\/wp-json\/wp\/v2\/types\/tribe_events"}],"author":[{"embeddable":true,"href":"https:\/\/www.fondazionemorra.org\/it\/wp-json\/wp\/v2\/users\/2"}],"version-history":[{"count":1,"href":"https:\/\/www.fondazionemorra.org\/it\/wp-json\/wp\/v2\/tribe_events\/5896\/revisions"}],"predecessor-version":[{"id":5899,"href":"https:\/\/www.fondazionemorra.org\/it\/wp-json\/wp\/v2\/tribe_events\/5896\/revisions\/5899"}],"wp:featuredmedia":[{"embeddable":true,"href":"https:\/\/www.fondazionemorra.org\/it\/wp-json\/wp\/v2\/media\/5897"}],"wp:attachment":[{"href":"https:\/\/www.fondazionemorra.org\/it\/wp-json\/wp\/v2\/media?parent=5896"}],"wp:term":[{"taxonomy":"post_tag","embeddable":true,"href":"https:\/\/www.fondazionemorra.org\/it\/wp-json\/wp\/v2\/tags?post=5896"},{"taxonomy":"tribe_events_cat","embeddable":true,"href":"https:\/\/www.fondazionemorra.org\/it\/wp-json\/wp\/v2\/tribe_events_cat?post=5896"}],"curies":[{"name":"wp","href":"https:\/\/api.w.org\/{rel}","templated":true}]}}