{"id":5947,"date":"2021-03-25T12:19:24","date_gmt":"2021-03-25T11:19:24","guid":{"rendered":"http:\/\/www.fondazionemorra.org\/?post_type=tribe_events&#038;p=5947"},"modified":"2021-03-25T12:27:09","modified_gmt":"2021-03-25T11:27:09","slug":"fabio-donato-il-viandante","status":"publish","type":"tribe_events","link":"https:\/\/www.fondazionemorra.org\/it\/evento\/fabio-donato-il-viandante\/","title":{"rendered":"Fabio Donato. Il viandante"},"content":{"rendered":"<p><strong>11 marzo &#8211; 10 maggio 1998<\/strong><br \/>\nOPENING 11 MARZO ORE 19:30<br \/>\n<strong>Studio Morra<\/strong><br \/>\nVia Calabritto 20, Napoli<\/p>\n<p><strong>I Paradossi della Fotografia<\/strong> di Angelo Trimarco<\/p>\n<p>E&#8217; stato Roland Barthes, pi\u00f9 di ogni altro, ad avere disseminato, negli ultimi decenni, il territorio della fotografia di paradossi. Ha cominciato nel &#8217;61, sostenendo che lo &#8220;statuto particolare dell&#8217;immagine fotografica&#8221; \u00e8 <em>un messaggio senza codice<\/em>, giacch\u00e9, certo, &#8220;l&#8217;immagine non \u00e8 reale&#8221;, ma ne &#8220;\u00e8 quantomeno l<em>&#8216;analogon<\/em> perfetto, ed \u00e8 precisamente questa perfezione analogica che, per senso comune, definisce la fotografia&#8221;. Ha concluso, nell&#8217;80, appena prima di morire, affermando che la fotografia \u00e8 una &#8220;noesi senza noema, un atto di pensiero senza pensiero, un intendimento senza obbiettivo finale&#8221;.<\/p>\n<p>La fotografia, messaggio senza codice (ma influenzato nella sua lettura, da numerosi codici), <em>noesi senza noema<\/em>, \u00e8, nella prospettiva barthesiana, custode di diversi privilegi. Paradosso supremo, \u00e8, fra tutti gli altri linguaggi, l&#8217;unico capace di dirci <em>ci\u00f2 che \u00e8 stato<\/em> e non <em>ci\u00f2 che non \u00e8 pi\u00f9<\/em>. Il passato \u00e8, dunque, il luogo proprio della fotografia: il tempo come aoristo, pi\u00f9 precisamente. Ci\u00f2 che \u00e8 stato \u00e8 la certezza e la verit\u00e0 della fotografia. Solo della fotografia. Cos\u00ec, davanti alla fotografia cede il ricordo. Importa <em>ci\u00f2 che \u00e8 stato<\/em> (&#8220;l&#8217;essenza della fotografia \u00e8 di ratificare ci\u00f2 che essa ritrae&#8221;). E ritrae il tempo nella sua immobilit\u00e0, nel suo essere, appunto, <em>ci\u00f2 che \u00e8 stato<\/em>. La fotografia \u00e8, dunque, imparentata con la morte: &#8220;La fotografia potrebbe forse corrispondere all&#8217;irruzione, nella nostra societ\u00e0 moderna, di una Morte simbolica, al di fuori della religione, al di fuori del rituale: una specie di repentino tuffo nella morte letterale&#8221;.<\/p>\n<p>La fotografia, <em>messaggio senza codice<\/em> e <em>noesi senza noema<\/em>, \u00e8 il &#8220;Particolare assoluto&#8221;, la &#8220;contingenza suprema&#8221;, il &#8220;reale nella sua espressione infaticabile&#8221;. Testimonia della &#8220;caparbiet\u00e0 del referente di essere sempre l\u00ec&#8221; (&#8220;Si direbbe che la fotografia porti sempre il suo referente con s\u00e9, tutti e due contrassegnati dalla medesima immobilit\u00e0 amorosa e funebre&#8221;). Una trinit\u00e0, dunque, ci inquieta: fotografia, amore, lutto, senza che sia possibile elaborazione del lutto.<\/p>\n<p>Francamente, non so dire quanto la fotografia, che \u00e8 comunque un linguaggio, possa esibire il &#8220;Particolare assoluto&#8221; e la &#8220;Contingenza suprema&#8221;, la Referenza nella sua &#8220;espressione infaticabile&#8221;. Non lo credo, come credo al contrario, che qualsiasi altro linguaggio &#8211; la poesia, la musica, la pittura &#8211; sia l&#8217;Universale assoluto o la suprema Eternit\u00e0.<\/p>\n<p>Walter Benjamin, in un luogo assai celebrato, riferendosi alla natura che &#8220;parla alla macchina fotografica&#8221;, offre l&#8217;indicazione preziosa di uno &#8220;spazio elaborato inconsciamente&#8221;: &#8220;soltanto attraverso la fotografia&#8221;, avverte, &#8220;si scopre questo inconscio ottico, come, attraverso la psicanalisi, l&#8217;inconscio istintivo&#8221;. Cos\u00ec, attraverso la fotografia \u00e8 possibile cogliere il frammento di tempo in cui &#8220;<em>si allunga il passo<\/em>&#8220;, nel quale in una serie ordinata e prevedibile di fatti e di eventi qualcosa o qualcuno s&#8217;inceppa o accelera. <em>L&#8217;inconscio ottico<\/em> indica, appunto, la discontinuit\u00e0 del passo, l&#8217;incrinatura pur minima, che sfiora la superficie rilucente delle cose, la pulsione che fa deviare la natura e inquieta il reale.<\/p>\n<p><em>L&#8217;inconscio ottico<\/em> segna quella soglia &#8211; il passaggio &#8211; dal reale all&#8217;artificiale, dalla <em>natura<\/em> al linguaggio, alla fotografia come costruzione di linguaggio. Un passo, ovviamente, discontinuo, scandito da variazioni temporali differenti. Non il tempo immobile, assoluto, ma temporalit\u00e0 diverse segnano l&#8217;esperienza della fotografia, questo singolare linguaggio senza codice. Del resto, come altri linguaggi non verbali. Senza codici o, meglio, con codici deboli.<\/p>\n<p>Il lavoro di <strong>Fabio Donato<\/strong> \u00e8 uno spazio esemplare per cogliere il momento in cui <em>si allunga il passo<\/em>. La sua \u00e8 una ricerca di soglia sulla soglia: fra il dentro e il fuori, il prima e poi, la vita e la morte. La porta, la finestra, lo specchio sono, fra gli altri, i transiti linguistici tra i quali affiora, il <em>ci\u00f2 che \u00e8 stato<\/em>, il lutto, e la sua elaborazione. Giacch\u00e9 l&#8217;opera, qualsiasi opera, \u00e8 sempre perdita e lutto &#8211; il <em>ci\u00f2 che \u00e8 stato<\/em>, appunto &#8211; e la sua elaborazione in presenza flagrante.<\/p>\n<p>La riflessione su quella &#8220;linea di demarcazione&#8221;, come la chiama Donato &#8211; una linea, del resto, mobile e inafferrabile &#8211; che segna il dentro e il fuori, la soglia fra <em>ci\u00f2 che \u00e8 stato<\/em> e ci\u00f2 che \u00e8, tra l&#8217;aoristo e il presente, avviene, anzitutto, per via dei rapporti che sul rettangolo di carta intrattengono il bianco e il nero. E per le differenti gradienze percettive che le loro relazioni suggeriscono. Cos\u00ec, il lavoro di confine tra vita e morte, prima e dopo non assume mai, in questi lavori, una curvatura simbolica e allusiva. La fotografia di Fabio Donato, d&#8217;altra parte, nella sua asciuttezza e nel suo rigore, \u00e8 sempre stata periplo intorno alle figure di un esercizio, pi\u00f9 di ogni altro forse, difficile e enigmatico.<\/p>\n<p>Le foto di Fabio Donato sono superfici scandite da ritmi regolari. Gli oggetti (una lampada, una sedia, una porta, un balcone, un frammento di paesaggio, uno specchio) non valgono per s\u00e9, per la loro invadenza percettiva, ma per il posto che occupano nello spazio, per le trame che riescono a intessere. La fotografia di Donato \u00e8 costruzione trasparente di linguaggio: nulla \u00e8 consegnato all&#8217;improvvisazione o all&#8217;estro. Ogni cosa, invece, \u00e8 parte di un disegno che il nero e il bianco, i bagliori del bianco, talvolta improvvisi come apparizioni, o il nero che si fa grigio o ancora pi\u00f9 nero, aiutano a ritagliare.<\/p>\n<p>La ricerca di Donato ha radici lontane, negli anni settanta. Nel suo lavoro di fotografo di arte e di teatro, nel suo reportage sull&#8217;India, in questa ricerca che egli, non senza ragione, intitolava &#8220;Ambiguit\u00e0&#8221;. In quella tensione, direi, a lavorare il linguaggio della fotografia sperimentandone margini e possibilit\u00e0. Mi riferisco, come ho fatto qualche volta, a quella sua scelta di intervenire, rifotografandola, sulla fotografia di Helmuth Newton per provare quanto decisiva sia la critica della somiglianza o alla rappresentazione.<\/p>\n<p>La fotografia, per Fabio Donato, \u00e8, appunto questo <em>passo<\/em> che provoca discontinuit\u00e0 tra le cose e le abitudini percettive, quella leggera linea che segna il tempo della vita e della morte. La fotografia ha a che fare con il tempo, certo. Ma non solamente con <em>ci\u00f2 che \u00e8 stato<\/em>, con l&#8217;aoristo, con la Referenza. Ma sempre, anche, per quel passo che si allunga, con un altro tempo. La fotografia \u00e8, cos\u00ec, in bilico, fra il tempo morto di <em>ci\u00f2 che \u00e8 stato<\/em> e il tempo della vita dell&#8217;opera. Appunto, con ci\u00f2 che \u00e8, con l&#8217;elaborazione del tutto.<\/p>\n<p>&nbsp;<\/p>\n<p>Nacque la fotografia e gli uomini-narciso divennero immortali.<br \/>\nLa loro vanit\u00e0 fu finalmente soddisfatta.<br \/>\nChe diabolica invenzione \u00e8 questa il cui prodotto \u00e8<br \/>\nparadossalmente sempre a cavallo tra il passato ed il futuro,<br \/>\nsenza mai essere nel presente?<br \/>\nE che vive questo fotografo nel mentre ferma la vita<br \/>\ntrasformandola in morte?<br \/>\nQuale spessore avr\u00e0 quella linea di demarcazione tra vita e morte,<br \/>\nprima e dopo, dentro e fuori, falso e vero,<br \/>\nsoggetto ed oggetto, conosciuto ed ignoto\u2026<br \/>\nMa forse gli uomini fotografi producono immagini,<br \/>\nsolo per esorcizzare questa morte che forse non c&#8217;\u00e8.<\/p>\n<p><em>Fabio Donato<\/em><\/p>\n\n\t\t<style type=\"text\/css\">\n\t\t\t#gallery-1 {\n\t\t\t\tmargin: auto;\n\t\t\t}\n\t\t\t#gallery-1 .gallery-item {\n\t\t\t\tfloat: left;\n\t\t\t\tmargin-top: 10px;\n\t\t\t\ttext-align: center;\n\t\t\t\twidth: 100%;\n\t\t\t}\n\t\t\t#gallery-1 img {\n\t\t\t\tborder: 2px solid #cfcfcf;\n\t\t\t}\n\t\t\t#gallery-1 .gallery-caption {\n\t\t\t\tmargin-left: 0;\n\t\t\t}\n\t\t\t\/* see gallery_shortcode() in wp-includes\/media.php *\/\n\t\t<\/style>\n\t\t<div id='gallery-1' class='gallery galleryid-5947 gallery-columns-1 gallery-size-full'><dl class='gallery-item'>\n\t\t\t<dt class='gallery-icon portrait'>\n\t\t\t\t<a href='https:\/\/www.fondazionemorra.org\/it\/evento\/fabio-donato-il-viandante\/clemente1-2\/'><img loading=\"lazy\" decoding=\"async\" width=\"770\" height=\"1200\" src=\"https:\/\/www.fondazionemorra.org\/wp-content\/uploads\/2021\/03\/Clemente1-2.jpg\" class=\"attachment-full size-full\" alt=\"\" aria-describedby=\"gallery-1-5950\" srcset=\"https:\/\/www.fondazionemorra.org\/wp-content\/uploads\/2021\/03\/Clemente1-2.jpg 770w, https:\/\/www.fondazionemorra.org\/wp-content\/uploads\/2021\/03\/Clemente1-2-193x300.jpg 193w, https:\/\/www.fondazionemorra.org\/wp-content\/uploads\/2021\/03\/Clemente1-2-657x1024.jpg 657w, https:\/\/www.fondazionemorra.org\/wp-content\/uploads\/2021\/03\/Clemente1-2-768x1197.jpg 768w\" sizes=\"auto, (max-width: 770px) 100vw, 770px\" \/><\/a>\n\t\t\t<\/dt>\n\t\t\t\t<dd class='wp-caption-text gallery-caption' id='gallery-1-5950'>\n\t\t\t\tFabio Donato. Il viandante, Studio Morra, Napoli,1998 Courtesy Fondazione Morra\n\t\t\t\t<\/dd><\/dl><br style=\"clear: both\" \/><dl class='gallery-item'>\n\t\t\t<dt class='gallery-icon landscape'>\n\t\t\t\t<a href='https:\/\/www.fondazionemorra.org\/it\/evento\/fabio-donato-il-viandante\/clemente1-6\/'><img loading=\"lazy\" decoding=\"async\" width=\"1200\" height=\"796\" src=\"https:\/\/www.fondazionemorra.org\/wp-content\/uploads\/2021\/03\/Clemente1-6.jpg\" class=\"attachment-full size-full\" alt=\"\" aria-describedby=\"gallery-1-5952\" srcset=\"https:\/\/www.fondazionemorra.org\/wp-content\/uploads\/2021\/03\/Clemente1-6.jpg 1200w, https:\/\/www.fondazionemorra.org\/wp-content\/uploads\/2021\/03\/Clemente1-6-300x199.jpg 300w, https:\/\/www.fondazionemorra.org\/wp-content\/uploads\/2021\/03\/Clemente1-6-1024x679.jpg 1024w, https:\/\/www.fondazionemorra.org\/wp-content\/uploads\/2021\/03\/Clemente1-6-768x509.jpg 768w\" sizes=\"auto, (max-width: 1200px) 100vw, 1200px\" \/><\/a>\n\t\t\t<\/dt>\n\t\t\t\t<dd class='wp-caption-text gallery-caption' id='gallery-1-5952'>\n\t\t\t\tFabio Donato. Il viandante, Studio Morra, Napoli,1998 Courtesy Fondazione Morra\n\t\t\t\t<\/dd><\/dl><br style=\"clear: both\" \/>\n\t\t<\/div>\n\n","protected":false},"excerpt":{"rendered":"<p>11 marzo &#8211; 10 maggio 1998 OPENING 11 MARZO ORE 19:30 Studio Morra Via Calabritto 20, Napoli I Paradossi della Fotografia di Angelo Trimarco E&#8217; stato Roland Barthes, pi\u00f9 di<a class=\"excerpt-read-more\" href=\"https:\/\/www.fondazionemorra.org\/it\/evento\/fabio-donato-il-viandante\/\" title=\"ReadFabio Donato. Il viandante\">&#8230; Read more &raquo;<\/a><\/p>\n","protected":false},"author":2,"featured_media":5948,"template":"","meta":{"_acf_changed":false,"_tribe_events_status":"","_tribe_events_status_reason":"","footnotes":""},"tags":[],"tribe_events_cat":[],"class_list":["post-5947","tribe_events","type-tribe_events","status-publish","has-post-thumbnail","hentry"],"acf":[],"yoast_head":"<!-- This site is optimized with the Yoast SEO plugin v27.4 - https:\/\/yoast.com\/product\/yoast-seo-wordpress\/ -->\n<title>Fabio Donato. Il viandante - Fondazione Morra<\/title>\n<meta name=\"robots\" content=\"index, follow, max-snippet:-1, max-image-preview:large, max-video-preview:-1\" \/>\n<link rel=\"canonical\" href=\"https:\/\/www.fondazionemorra.org\/it\/evento\/fabio-donato-il-viandante\/\" \/>\n<meta property=\"og:locale\" content=\"it_IT\" \/>\n<meta property=\"og:type\" content=\"article\" \/>\n<meta property=\"og:title\" content=\"Fabio Donato. Il viandante - Fondazione Morra\" \/>\n<meta property=\"og:description\" content=\"11 marzo &#8211; 10 maggio 1998 OPENING 11 MARZO ORE 19:30 Studio Morra Via Calabritto 20, Napoli I Paradossi della Fotografia di Angelo Trimarco E&#8217; stato Roland Barthes, pi\u00f9 di... Read more &raquo;\" \/>\n<meta property=\"og:url\" content=\"https:\/\/www.fondazionemorra.org\/it\/evento\/fabio-donato-il-viandante\/\" \/>\n<meta property=\"og:site_name\" content=\"Fondazione Morra\" \/>\n<meta property=\"article:modified_time\" content=\"2021-03-25T11:27:09+00:00\" \/>\n<meta property=\"og:image\" content=\"https:\/\/www.fondazionemorra.org\/wp-content\/uploads\/2021\/03\/Fabio-Donato-3.jpg\" \/>\n\t<meta property=\"og:image:width\" content=\"1200\" \/>\n\t<meta property=\"og:image:height\" content=\"817\" \/>\n\t<meta property=\"og:image:type\" content=\"image\/jpeg\" \/>\n<meta name=\"twitter:card\" content=\"summary_large_image\" \/>\n<meta name=\"twitter:label1\" content=\"Tempo di lettura stimato\" \/>\n\t<meta name=\"twitter:data1\" content=\"6 minuti\" \/>\n<script type=\"application\/ld+json\" class=\"yoast-schema-graph\">{\"@context\":\"https:\\\/\\\/schema.org\",\"@graph\":[{\"@type\":\"WebPage\",\"@id\":\"https:\\\/\\\/www.fondazionemorra.org\\\/it\\\/evento\\\/fabio-donato-il-viandante\\\/\",\"url\":\"https:\\\/\\\/www.fondazionemorra.org\\\/it\\\/evento\\\/fabio-donato-il-viandante\\\/\",\"name\":\"Fabio Donato. Il viandante - Fondazione Morra\",\"isPartOf\":{\"@id\":\"https:\\\/\\\/www.fondazionemorra.org\\\/it\\\/#website\"},\"primaryImageOfPage\":{\"@id\":\"https:\\\/\\\/www.fondazionemorra.org\\\/it\\\/evento\\\/fabio-donato-il-viandante\\\/#primaryimage\"},\"image\":{\"@id\":\"https:\\\/\\\/www.fondazionemorra.org\\\/it\\\/evento\\\/fabio-donato-il-viandante\\\/#primaryimage\"},\"thumbnailUrl\":\"https:\\\/\\\/www.fondazionemorra.org\\\/wp-content\\\/uploads\\\/2021\\\/03\\\/Fabio-Donato-3.jpg\",\"datePublished\":\"2021-03-25T11:19:24+00:00\",\"dateModified\":\"2021-03-25T11:27:09+00:00\",\"breadcrumb\":{\"@id\":\"https:\\\/\\\/www.fondazionemorra.org\\\/it\\\/evento\\\/fabio-donato-il-viandante\\\/#breadcrumb\"},\"inLanguage\":\"it-IT\",\"potentialAction\":[{\"@type\":\"ReadAction\",\"target\":[\"https:\\\/\\\/www.fondazionemorra.org\\\/it\\\/evento\\\/fabio-donato-il-viandante\\\/\"]}]},{\"@type\":\"ImageObject\",\"inLanguage\":\"it-IT\",\"@id\":\"https:\\\/\\\/www.fondazionemorra.org\\\/it\\\/evento\\\/fabio-donato-il-viandante\\\/#primaryimage\",\"url\":\"https:\\\/\\\/www.fondazionemorra.org\\\/wp-content\\\/uploads\\\/2021\\\/03\\\/Fabio-Donato-3.jpg\",\"contentUrl\":\"https:\\\/\\\/www.fondazionemorra.org\\\/wp-content\\\/uploads\\\/2021\\\/03\\\/Fabio-Donato-3.jpg\",\"width\":1200,\"height\":817},{\"@type\":\"BreadcrumbList\",\"@id\":\"https:\\\/\\\/www.fondazionemorra.org\\\/it\\\/evento\\\/fabio-donato-il-viandante\\\/#breadcrumb\",\"itemListElement\":[{\"@type\":\"ListItem\",\"position\":1,\"name\":\"Home\",\"item\":\"https:\\\/\\\/www.fondazionemorra.org\\\/it\\\/\"},{\"@type\":\"ListItem\",\"position\":2,\"name\":\"Eventi\",\"item\":\"https:\\\/\\\/www.fondazionemorra.org\\\/it\\\/eventi\\\/\"},{\"@type\":\"ListItem\",\"position\":3,\"name\":\"Fabio Donato. Il viandante\"}]},{\"@type\":\"WebSite\",\"@id\":\"https:\\\/\\\/www.fondazionemorra.org\\\/it\\\/#website\",\"url\":\"https:\\\/\\\/www.fondazionemorra.org\\\/it\\\/\",\"name\":\"Fondazione Morra\",\"description\":\"\",\"publisher\":{\"@id\":\"https:\\\/\\\/www.fondazionemorra.org\\\/it\\\/#organization\"},\"potentialAction\":[{\"@type\":\"SearchAction\",\"target\":{\"@type\":\"EntryPoint\",\"urlTemplate\":\"https:\\\/\\\/www.fondazionemorra.org\\\/it\\\/?s={search_term_string}\"},\"query-input\":{\"@type\":\"PropertyValueSpecification\",\"valueRequired\":true,\"valueName\":\"search_term_string\"}}],\"inLanguage\":\"it-IT\"},{\"@type\":\"Organization\",\"@id\":\"https:\\\/\\\/www.fondazionemorra.org\\\/it\\\/#organization\",\"name\":\"Fondazione Morra\",\"url\":\"https:\\\/\\\/www.fondazionemorra.org\\\/it\\\/\",\"logo\":{\"@type\":\"ImageObject\",\"inLanguage\":\"it-IT\",\"@id\":\"https:\\\/\\\/www.fondazionemorra.org\\\/it\\\/#\\\/schema\\\/logo\\\/image\\\/\",\"url\":\"https:\\\/\\\/www.fondazionemorra.org\\\/wp-content\\\/uploads\\\/2021\\\/02\\\/logo.png\",\"contentUrl\":\"https:\\\/\\\/www.fondazionemorra.org\\\/wp-content\\\/uploads\\\/2021\\\/02\\\/logo.png\",\"width\":106,\"height\":114,\"caption\":\"Fondazione Morra\"},\"image\":{\"@id\":\"https:\\\/\\\/www.fondazionemorra.org\\\/it\\\/#\\\/schema\\\/logo\\\/image\\\/\"}}]}<\/script>\n<!-- \/ Yoast SEO plugin. -->","yoast_head_json":{"title":"Fabio Donato. Il viandante - Fondazione Morra","robots":{"index":"index","follow":"follow","max-snippet":"max-snippet:-1","max-image-preview":"max-image-preview:large","max-video-preview":"max-video-preview:-1"},"canonical":"https:\/\/www.fondazionemorra.org\/it\/evento\/fabio-donato-il-viandante\/","og_locale":"it_IT","og_type":"article","og_title":"Fabio Donato. Il viandante - Fondazione Morra","og_description":"11 marzo &#8211; 10 maggio 1998 OPENING 11 MARZO ORE 19:30 Studio Morra Via Calabritto 20, Napoli I Paradossi della Fotografia di Angelo Trimarco E&#8217; stato Roland Barthes, pi\u00f9 di... Read more &raquo;","og_url":"https:\/\/www.fondazionemorra.org\/it\/evento\/fabio-donato-il-viandante\/","og_site_name":"Fondazione Morra","article_modified_time":"2021-03-25T11:27:09+00:00","og_image":[{"width":1200,"height":817,"url":"https:\/\/www.fondazionemorra.org\/wp-content\/uploads\/2021\/03\/Fabio-Donato-3.jpg","type":"image\/jpeg"}],"twitter_card":"summary_large_image","twitter_misc":{"Tempo di lettura stimato":"6 minuti"},"schema":{"@context":"https:\/\/schema.org","@graph":[{"@type":"WebPage","@id":"https:\/\/www.fondazionemorra.org\/it\/evento\/fabio-donato-il-viandante\/","url":"https:\/\/www.fondazionemorra.org\/it\/evento\/fabio-donato-il-viandante\/","name":"Fabio Donato. Il viandante - Fondazione Morra","isPartOf":{"@id":"https:\/\/www.fondazionemorra.org\/it\/#website"},"primaryImageOfPage":{"@id":"https:\/\/www.fondazionemorra.org\/it\/evento\/fabio-donato-il-viandante\/#primaryimage"},"image":{"@id":"https:\/\/www.fondazionemorra.org\/it\/evento\/fabio-donato-il-viandante\/#primaryimage"},"thumbnailUrl":"https:\/\/www.fondazionemorra.org\/wp-content\/uploads\/2021\/03\/Fabio-Donato-3.jpg","datePublished":"2021-03-25T11:19:24+00:00","dateModified":"2021-03-25T11:27:09+00:00","breadcrumb":{"@id":"https:\/\/www.fondazionemorra.org\/it\/evento\/fabio-donato-il-viandante\/#breadcrumb"},"inLanguage":"it-IT","potentialAction":[{"@type":"ReadAction","target":["https:\/\/www.fondazionemorra.org\/it\/evento\/fabio-donato-il-viandante\/"]}]},{"@type":"ImageObject","inLanguage":"it-IT","@id":"https:\/\/www.fondazionemorra.org\/it\/evento\/fabio-donato-il-viandante\/#primaryimage","url":"https:\/\/www.fondazionemorra.org\/wp-content\/uploads\/2021\/03\/Fabio-Donato-3.jpg","contentUrl":"https:\/\/www.fondazionemorra.org\/wp-content\/uploads\/2021\/03\/Fabio-Donato-3.jpg","width":1200,"height":817},{"@type":"BreadcrumbList","@id":"https:\/\/www.fondazionemorra.org\/it\/evento\/fabio-donato-il-viandante\/#breadcrumb","itemListElement":[{"@type":"ListItem","position":1,"name":"Home","item":"https:\/\/www.fondazionemorra.org\/it\/"},{"@type":"ListItem","position":2,"name":"Eventi","item":"https:\/\/www.fondazionemorra.org\/it\/eventi\/"},{"@type":"ListItem","position":3,"name":"Fabio Donato. Il viandante"}]},{"@type":"WebSite","@id":"https:\/\/www.fondazionemorra.org\/it\/#website","url":"https:\/\/www.fondazionemorra.org\/it\/","name":"Fondazione Morra","description":"","publisher":{"@id":"https:\/\/www.fondazionemorra.org\/it\/#organization"},"potentialAction":[{"@type":"SearchAction","target":{"@type":"EntryPoint","urlTemplate":"https:\/\/www.fondazionemorra.org\/it\/?s={search_term_string}"},"query-input":{"@type":"PropertyValueSpecification","valueRequired":true,"valueName":"search_term_string"}}],"inLanguage":"it-IT"},{"@type":"Organization","@id":"https:\/\/www.fondazionemorra.org\/it\/#organization","name":"Fondazione Morra","url":"https:\/\/www.fondazionemorra.org\/it\/","logo":{"@type":"ImageObject","inLanguage":"it-IT","@id":"https:\/\/www.fondazionemorra.org\/it\/#\/schema\/logo\/image\/","url":"https:\/\/www.fondazionemorra.org\/wp-content\/uploads\/2021\/02\/logo.png","contentUrl":"https:\/\/www.fondazionemorra.org\/wp-content\/uploads\/2021\/02\/logo.png","width":106,"height":114,"caption":"Fondazione Morra"},"image":{"@id":"https:\/\/www.fondazionemorra.org\/it\/#\/schema\/logo\/image\/"}}]}},"_links":{"self":[{"href":"https:\/\/www.fondazionemorra.org\/it\/wp-json\/wp\/v2\/tribe_events\/5947","targetHints":{"allow":["GET"]}}],"collection":[{"href":"https:\/\/www.fondazionemorra.org\/it\/wp-json\/wp\/v2\/tribe_events"}],"about":[{"href":"https:\/\/www.fondazionemorra.org\/it\/wp-json\/wp\/v2\/types\/tribe_events"}],"author":[{"embeddable":true,"href":"https:\/\/www.fondazionemorra.org\/it\/wp-json\/wp\/v2\/users\/2"}],"version-history":[{"count":3,"href":"https:\/\/www.fondazionemorra.org\/it\/wp-json\/wp\/v2\/tribe_events\/5947\/revisions"}],"predecessor-version":[{"id":5960,"href":"https:\/\/www.fondazionemorra.org\/it\/wp-json\/wp\/v2\/tribe_events\/5947\/revisions\/5960"}],"wp:featuredmedia":[{"embeddable":true,"href":"https:\/\/www.fondazionemorra.org\/it\/wp-json\/wp\/v2\/media\/5948"}],"wp:attachment":[{"href":"https:\/\/www.fondazionemorra.org\/it\/wp-json\/wp\/v2\/media?parent=5947"}],"wp:term":[{"taxonomy":"post_tag","embeddable":true,"href":"https:\/\/www.fondazionemorra.org\/it\/wp-json\/wp\/v2\/tags?post=5947"},{"taxonomy":"tribe_events_cat","embeddable":true,"href":"https:\/\/www.fondazionemorra.org\/it\/wp-json\/wp\/v2\/tribe_events_cat?post=5947"}],"curies":[{"name":"wp","href":"https:\/\/api.w.org\/{rel}","templated":true}]}}