{"id":5977,"date":"2021-03-25T15:43:11","date_gmt":"2021-03-25T14:43:11","guid":{"rendered":"http:\/\/www.fondazionemorra.org\/?post_type=tribe_events&#038;p=5977"},"modified":"2021-03-25T15:43:59","modified_gmt":"2021-03-25T14:43:59","slug":"larte-del-novecento-tra-universita-e-accademia","status":"publish","type":"tribe_events","link":"https:\/\/www.fondazionemorra.org\/it\/evento\/larte-del-novecento-tra-universita-e-accademia\/","title":{"rendered":"L\u2019arte del Novecento tra Universit\u00e0 e Accademia"},"content":{"rendered":"<p><strong>27 maggio 2004<\/strong><br \/>\nINIZIO ORE 17:30<br \/>\n<strong>Palazzo dello Spagnuolo<\/strong><br \/>\nVia Vergini 19, Napoli<\/p>\n<p><strong>Conferenza di presentazione del libro ARTE DEL NOVECENTO 1900 &#8211; 2001<\/strong><\/p>\n<p>a cura di Rita Scrimieri<br \/>\nautori: Stefano Gallo, Miriam Mirolla, Guido Zucconi<\/p>\n<p>L\u2019arte divisa tra il sapere e il fare. Un divario che, nel tempo, ha generato una contrapposizione concettuale visibile anche all\u2019interno dei luoghi formativi istituzionali: da un lato l\u2019Universit\u00e0, deputata prioritariamente allo studio storico, critico e teorico dell\u2019arte; dall\u2019altro l\u2019Accademia di Belle Arti, preposta principalmente all\u2019acquisizione di abilit\u00e0 tecniche. Un divario ancora evidente nel sistema attuale dell\u2019arte. Un divario che le pi\u00f9 interessanti ricerche artistiche del Novecento hanno tentato di ricondurre all\u2019unit\u00e0. Fare emergere questo processo e comprenderlo storicamente: e\u2019 proprio questo il filo conduttore del manuale \u201cArte del Novecento\u201d, un manuale che dedica pari attenzione alle opere e alle teorie degli stessi artisti, assunte in un rapporto di reciproca e dinamica rispondenza.<\/p>\n<p>Nel I tomo, \u201cARTE DEL NOVECENTO 1900-1944\u201d, Stefano Gallo traccia, sulla base di una rigorosa periodizzazione, un inquadramento critico della produzione artistica della prima met\u00e0 del Novecento, guidando il lettore attraverso la pluralit\u00e0 straordinaria delle diverse esperienze. Dalla trattazione emergono con chiarezza le personalit\u00e0 degli autori e le caratteristiche dei movimenti, anche grazie al costante riferimento alle riflessioni degli artisti. Il nodo che tiene unite arti visive, arti applicate e industrial design, che segna l\u2019intero svolgimento del primo volume, costruisce un inquadramento unitario dell\u2019eterogeneit\u00e0, in apparenza tutta soggettiva ed esistenziale, delle varie ricerche individuali. Nella seconda met\u00e0 del Novecento, un concetto di \u201crealt\u00e0\u201d pi\u00f9 complesso si pone a fondamento della comprensione e della creazione dell\u2019opera d\u2019arte. Persa ogni certezza di realt\u00e0 univoca e superata la necessit\u00e0 della sua \u201crappresentazione\u201d, l\u2019artista si volge al concetto di \u201cevento\u201d. Sulla strada aperta da Duchamp, si sviluppa cos\u00ec una concezione dell\u2019arte sempre pi\u00f9 mentale e sempre meno vincolata alla rappresentazione del reale. Nell\u2019articolato e frammentato panorama artistico internazionale della contemporaneit\u00e0, Miriam Mirolla indica le coordinate storiche e teoriche entro le quali \u00e8 possibile comprendere il proliferare di gruppi, movimenti, correnti artistiche. Un metodo che conduce il lettore a \u201cvivere attivamente\u201d l\u2019opera d\u2019arte contemporanea. Il testo di Guido Zucconi delinea nel primo tomo le pi\u00f9 rappresentative esperienze maturate nel campo dell\u2019architettura e dell\u2019urbanistica, offrendo un preciso sfondo alle vicende artistiche che corrono sotto la dicitura di \u201cModernismo\u201d ed evidenziando relazioni, confluenze, scarti, reciproci arricchimenti. Nel secondo tomo affronta le tematiche che vanno dalla diffusione dell\u2019 International Style fino agli esiti pi\u00f9 attuali del dibattito sulla citt\u00e0 contemporanea.<\/p>\n","protected":false},"excerpt":{"rendered":"<p>27 maggio 2004 INIZIO ORE 17:30 Palazzo dello Spagnuolo Via Vergini 19, Napoli Conferenza di presentazione del libro ARTE DEL NOVECENTO 1900 &#8211; 2001 a cura di Rita Scrimieri autori:<a class=\"excerpt-read-more\" href=\"https:\/\/www.fondazionemorra.org\/it\/evento\/larte-del-novecento-tra-universita-e-accademia\/\" title=\"ReadL\u2019arte del Novecento tra Universit\u00e0 e Accademia\">&#8230; Read more &raquo;<\/a><\/p>\n","protected":false},"author":2,"featured_media":5978,"template":"","meta":{"_acf_changed":false,"_tribe_events_status":"","_tribe_events_status_reason":"","footnotes":""},"tags":[],"tribe_events_cat":[],"class_list":["post-5977","tribe_events","type-tribe_events","status-publish","has-post-thumbnail","hentry"],"acf":[],"yoast_head":"<!-- This site is optimized with the Yoast SEO plugin v27.4 - https:\/\/yoast.com\/product\/yoast-seo-wordpress\/ -->\n<title>L\u2019arte del Novecento tra Universit\u00e0 e Accademia - Fondazione Morra<\/title>\n<meta name=\"robots\" content=\"index, follow, max-snippet:-1, max-image-preview:large, max-video-preview:-1\" \/>\n<link rel=\"canonical\" href=\"https:\/\/www.fondazionemorra.org\/it\/evento\/larte-del-novecento-tra-universita-e-accademia\/\" \/>\n<meta property=\"og:locale\" content=\"it_IT\" \/>\n<meta property=\"og:type\" content=\"article\" \/>\n<meta property=\"og:title\" content=\"L\u2019arte del Novecento tra Universit\u00e0 e Accademia - Fondazione Morra\" \/>\n<meta property=\"og:description\" content=\"27 maggio 2004 INIZIO ORE 17:30 Palazzo dello Spagnuolo Via Vergini 19, Napoli Conferenza di presentazione del libro ARTE DEL NOVECENTO 1900 &#8211; 2001 a cura di Rita Scrimieri autori:... Read more &raquo;\" \/>\n<meta property=\"og:url\" content=\"https:\/\/www.fondazionemorra.org\/it\/evento\/larte-del-novecento-tra-universita-e-accademia\/\" \/>\n<meta property=\"og:site_name\" content=\"Fondazione Morra\" \/>\n<meta property=\"article:modified_time\" content=\"2021-03-25T14:43:59+00:00\" \/>\n<meta property=\"og:image\" content=\"https:\/\/www.fondazionemorra.org\/wp-content\/uploads\/2021\/03\/INV0190_GMZ01retro.jpg\" \/>\n\t<meta property=\"og:image:width\" content=\"1192\" \/>\n\t<meta property=\"og:image:height\" content=\"1200\" \/>\n\t<meta property=\"og:image:type\" content=\"image\/jpeg\" \/>\n<meta name=\"twitter:card\" content=\"summary_large_image\" \/>\n<meta name=\"twitter:label1\" content=\"Tempo di lettura stimato\" \/>\n\t<meta name=\"twitter:data1\" content=\"2 minuti\" \/>\n<script type=\"application\/ld+json\" class=\"yoast-schema-graph\">{\"@context\":\"https:\\\/\\\/schema.org\",\"@graph\":[{\"@type\":\"WebPage\",\"@id\":\"https:\\\/\\\/www.fondazionemorra.org\\\/it\\\/evento\\\/larte-del-novecento-tra-universita-e-accademia\\\/\",\"url\":\"https:\\\/\\\/www.fondazionemorra.org\\\/it\\\/evento\\\/larte-del-novecento-tra-universita-e-accademia\\\/\",\"name\":\"L\u2019arte del Novecento tra Universit\u00e0 e Accademia - Fondazione Morra\",\"isPartOf\":{\"@id\":\"https:\\\/\\\/www.fondazionemorra.org\\\/it\\\/#website\"},\"primaryImageOfPage\":{\"@id\":\"https:\\\/\\\/www.fondazionemorra.org\\\/it\\\/evento\\\/larte-del-novecento-tra-universita-e-accademia\\\/#primaryimage\"},\"image\":{\"@id\":\"https:\\\/\\\/www.fondazionemorra.org\\\/it\\\/evento\\\/larte-del-novecento-tra-universita-e-accademia\\\/#primaryimage\"},\"thumbnailUrl\":\"https:\\\/\\\/www.fondazionemorra.org\\\/wp-content\\\/uploads\\\/2021\\\/03\\\/INV0190_GMZ01retro.jpg\",\"datePublished\":\"2021-03-25T14:43:11+00:00\",\"dateModified\":\"2021-03-25T14:43:59+00:00\",\"breadcrumb\":{\"@id\":\"https:\\\/\\\/www.fondazionemorra.org\\\/it\\\/evento\\\/larte-del-novecento-tra-universita-e-accademia\\\/#breadcrumb\"},\"inLanguage\":\"it-IT\",\"potentialAction\":[{\"@type\":\"ReadAction\",\"target\":[\"https:\\\/\\\/www.fondazionemorra.org\\\/it\\\/evento\\\/larte-del-novecento-tra-universita-e-accademia\\\/\"]}]},{\"@type\":\"ImageObject\",\"inLanguage\":\"it-IT\",\"@id\":\"https:\\\/\\\/www.fondazionemorra.org\\\/it\\\/evento\\\/larte-del-novecento-tra-universita-e-accademia\\\/#primaryimage\",\"url\":\"https:\\\/\\\/www.fondazionemorra.org\\\/wp-content\\\/uploads\\\/2021\\\/03\\\/INV0190_GMZ01retro.jpg\",\"contentUrl\":\"https:\\\/\\\/www.fondazionemorra.org\\\/wp-content\\\/uploads\\\/2021\\\/03\\\/INV0190_GMZ01retro.jpg\",\"width\":1192,\"height\":1200},{\"@type\":\"BreadcrumbList\",\"@id\":\"https:\\\/\\\/www.fondazionemorra.org\\\/it\\\/evento\\\/larte-del-novecento-tra-universita-e-accademia\\\/#breadcrumb\",\"itemListElement\":[{\"@type\":\"ListItem\",\"position\":1,\"name\":\"Home\",\"item\":\"https:\\\/\\\/www.fondazionemorra.org\\\/it\\\/\"},{\"@type\":\"ListItem\",\"position\":2,\"name\":\"Eventi\",\"item\":\"https:\\\/\\\/www.fondazionemorra.org\\\/it\\\/eventi\\\/\"},{\"@type\":\"ListItem\",\"position\":3,\"name\":\"L\u2019arte del Novecento tra Universit\u00e0 e Accademia\"}]},{\"@type\":\"WebSite\",\"@id\":\"https:\\\/\\\/www.fondazionemorra.org\\\/it\\\/#website\",\"url\":\"https:\\\/\\\/www.fondazionemorra.org\\\/it\\\/\",\"name\":\"Fondazione Morra\",\"description\":\"\",\"publisher\":{\"@id\":\"https:\\\/\\\/www.fondazionemorra.org\\\/it\\\/#organization\"},\"potentialAction\":[{\"@type\":\"SearchAction\",\"target\":{\"@type\":\"EntryPoint\",\"urlTemplate\":\"https:\\\/\\\/www.fondazionemorra.org\\\/it\\\/?s={search_term_string}\"},\"query-input\":{\"@type\":\"PropertyValueSpecification\",\"valueRequired\":true,\"valueName\":\"search_term_string\"}}],\"inLanguage\":\"it-IT\"},{\"@type\":\"Organization\",\"@id\":\"https:\\\/\\\/www.fondazionemorra.org\\\/it\\\/#organization\",\"name\":\"Fondazione Morra\",\"url\":\"https:\\\/\\\/www.fondazionemorra.org\\\/it\\\/\",\"logo\":{\"@type\":\"ImageObject\",\"inLanguage\":\"it-IT\",\"@id\":\"https:\\\/\\\/www.fondazionemorra.org\\\/it\\\/#\\\/schema\\\/logo\\\/image\\\/\",\"url\":\"https:\\\/\\\/www.fondazionemorra.org\\\/wp-content\\\/uploads\\\/2021\\\/02\\\/logo.png\",\"contentUrl\":\"https:\\\/\\\/www.fondazionemorra.org\\\/wp-content\\\/uploads\\\/2021\\\/02\\\/logo.png\",\"width\":106,\"height\":114,\"caption\":\"Fondazione Morra\"},\"image\":{\"@id\":\"https:\\\/\\\/www.fondazionemorra.org\\\/it\\\/#\\\/schema\\\/logo\\\/image\\\/\"}}]}<\/script>\n<!-- \/ Yoast SEO plugin. -->","yoast_head_json":{"title":"L\u2019arte del Novecento tra Universit\u00e0 e Accademia - Fondazione Morra","robots":{"index":"index","follow":"follow","max-snippet":"max-snippet:-1","max-image-preview":"max-image-preview:large","max-video-preview":"max-video-preview:-1"},"canonical":"https:\/\/www.fondazionemorra.org\/it\/evento\/larte-del-novecento-tra-universita-e-accademia\/","og_locale":"it_IT","og_type":"article","og_title":"L\u2019arte del Novecento tra Universit\u00e0 e Accademia - Fondazione Morra","og_description":"27 maggio 2004 INIZIO ORE 17:30 Palazzo dello Spagnuolo Via Vergini 19, Napoli Conferenza di presentazione del libro ARTE DEL NOVECENTO 1900 &#8211; 2001 a cura di Rita Scrimieri autori:... Read more &raquo;","og_url":"https:\/\/www.fondazionemorra.org\/it\/evento\/larte-del-novecento-tra-universita-e-accademia\/","og_site_name":"Fondazione Morra","article_modified_time":"2021-03-25T14:43:59+00:00","og_image":[{"width":1192,"height":1200,"url":"https:\/\/www.fondazionemorra.org\/wp-content\/uploads\/2021\/03\/INV0190_GMZ01retro.jpg","type":"image\/jpeg"}],"twitter_card":"summary_large_image","twitter_misc":{"Tempo di lettura stimato":"2 minuti"},"schema":{"@context":"https:\/\/schema.org","@graph":[{"@type":"WebPage","@id":"https:\/\/www.fondazionemorra.org\/it\/evento\/larte-del-novecento-tra-universita-e-accademia\/","url":"https:\/\/www.fondazionemorra.org\/it\/evento\/larte-del-novecento-tra-universita-e-accademia\/","name":"L\u2019arte del Novecento tra Universit\u00e0 e Accademia - Fondazione Morra","isPartOf":{"@id":"https:\/\/www.fondazionemorra.org\/it\/#website"},"primaryImageOfPage":{"@id":"https:\/\/www.fondazionemorra.org\/it\/evento\/larte-del-novecento-tra-universita-e-accademia\/#primaryimage"},"image":{"@id":"https:\/\/www.fondazionemorra.org\/it\/evento\/larte-del-novecento-tra-universita-e-accademia\/#primaryimage"},"thumbnailUrl":"https:\/\/www.fondazionemorra.org\/wp-content\/uploads\/2021\/03\/INV0190_GMZ01retro.jpg","datePublished":"2021-03-25T14:43:11+00:00","dateModified":"2021-03-25T14:43:59+00:00","breadcrumb":{"@id":"https:\/\/www.fondazionemorra.org\/it\/evento\/larte-del-novecento-tra-universita-e-accademia\/#breadcrumb"},"inLanguage":"it-IT","potentialAction":[{"@type":"ReadAction","target":["https:\/\/www.fondazionemorra.org\/it\/evento\/larte-del-novecento-tra-universita-e-accademia\/"]}]},{"@type":"ImageObject","inLanguage":"it-IT","@id":"https:\/\/www.fondazionemorra.org\/it\/evento\/larte-del-novecento-tra-universita-e-accademia\/#primaryimage","url":"https:\/\/www.fondazionemorra.org\/wp-content\/uploads\/2021\/03\/INV0190_GMZ01retro.jpg","contentUrl":"https:\/\/www.fondazionemorra.org\/wp-content\/uploads\/2021\/03\/INV0190_GMZ01retro.jpg","width":1192,"height":1200},{"@type":"BreadcrumbList","@id":"https:\/\/www.fondazionemorra.org\/it\/evento\/larte-del-novecento-tra-universita-e-accademia\/#breadcrumb","itemListElement":[{"@type":"ListItem","position":1,"name":"Home","item":"https:\/\/www.fondazionemorra.org\/it\/"},{"@type":"ListItem","position":2,"name":"Eventi","item":"https:\/\/www.fondazionemorra.org\/it\/eventi\/"},{"@type":"ListItem","position":3,"name":"L\u2019arte del Novecento tra Universit\u00e0 e Accademia"}]},{"@type":"WebSite","@id":"https:\/\/www.fondazionemorra.org\/it\/#website","url":"https:\/\/www.fondazionemorra.org\/it\/","name":"Fondazione Morra","description":"","publisher":{"@id":"https:\/\/www.fondazionemorra.org\/it\/#organization"},"potentialAction":[{"@type":"SearchAction","target":{"@type":"EntryPoint","urlTemplate":"https:\/\/www.fondazionemorra.org\/it\/?s={search_term_string}"},"query-input":{"@type":"PropertyValueSpecification","valueRequired":true,"valueName":"search_term_string"}}],"inLanguage":"it-IT"},{"@type":"Organization","@id":"https:\/\/www.fondazionemorra.org\/it\/#organization","name":"Fondazione Morra","url":"https:\/\/www.fondazionemorra.org\/it\/","logo":{"@type":"ImageObject","inLanguage":"it-IT","@id":"https:\/\/www.fondazionemorra.org\/it\/#\/schema\/logo\/image\/","url":"https:\/\/www.fondazionemorra.org\/wp-content\/uploads\/2021\/02\/logo.png","contentUrl":"https:\/\/www.fondazionemorra.org\/wp-content\/uploads\/2021\/02\/logo.png","width":106,"height":114,"caption":"Fondazione Morra"},"image":{"@id":"https:\/\/www.fondazionemorra.org\/it\/#\/schema\/logo\/image\/"}}]}},"_links":{"self":[{"href":"https:\/\/www.fondazionemorra.org\/it\/wp-json\/wp\/v2\/tribe_events\/5977","targetHints":{"allow":["GET"]}}],"collection":[{"href":"https:\/\/www.fondazionemorra.org\/it\/wp-json\/wp\/v2\/tribe_events"}],"about":[{"href":"https:\/\/www.fondazionemorra.org\/it\/wp-json\/wp\/v2\/types\/tribe_events"}],"author":[{"embeddable":true,"href":"https:\/\/www.fondazionemorra.org\/it\/wp-json\/wp\/v2\/users\/2"}],"version-history":[{"count":2,"href":"https:\/\/www.fondazionemorra.org\/it\/wp-json\/wp\/v2\/tribe_events\/5977\/revisions"}],"predecessor-version":[{"id":5981,"href":"https:\/\/www.fondazionemorra.org\/it\/wp-json\/wp\/v2\/tribe_events\/5977\/revisions\/5981"}],"wp:featuredmedia":[{"embeddable":true,"href":"https:\/\/www.fondazionemorra.org\/it\/wp-json\/wp\/v2\/media\/5978"}],"wp:attachment":[{"href":"https:\/\/www.fondazionemorra.org\/it\/wp-json\/wp\/v2\/media?parent=5977"}],"wp:term":[{"taxonomy":"post_tag","embeddable":true,"href":"https:\/\/www.fondazionemorra.org\/it\/wp-json\/wp\/v2\/tags?post=5977"},{"taxonomy":"tribe_events_cat","embeddable":true,"href":"https:\/\/www.fondazionemorra.org\/it\/wp-json\/wp\/v2\/tribe_events_cat?post=5977"}],"curies":[{"name":"wp","href":"https:\/\/api.w.org\/{rel}","templated":true}]}}