{"id":609,"date":"2020-10-08T15:28:48","date_gmt":"2020-10-08T13:28:48","guid":{"rendered":"http:\/\/www.fondazionemorra.org\/?post_type=tribe_events&#038;p=609"},"modified":"2020-12-14T16:36:12","modified_gmt":"2020-12-14T15:36:12","slug":"mimma-e-vettor-pisani-langelo-delloccidente","status":"publish","type":"tribe_events","link":"https:\/\/www.fondazionemorra.org\/it\/evento\/mimma-e-vettor-pisani-langelo-delloccidente\/","title":{"rendered":"Mimma e Vettor Pisani &#8211; L\u2019Angelo dell&#8217;Occidente"},"content":{"rendered":"<p><strong>23 ottobre 2004 &#8211; 22 gennaio 2005<br \/>\n<\/strong>OPENING 23 OTTOBRE ORE 19.00<br \/>\n<strong>Fondazione Morra &#8211; Palazzo dello Spagnuolo<br \/>\n<\/strong>Via Vergini 19, Napoli<\/p>\n<p><strong><a href=\"\/morra?p=563\">Catalogo della mostra<\/a> con 34 poesie di M. Pisani, 26 disegni di V. Pisani e un testo di A.Capasso, Edizioni Morra<\/strong><\/p>\n<p style=\"text-align: justify;\">La personale di Vettor Pisani si inaugura sabato 23 ottobre 2004. Figura tra le pi\u00f9 originali della scena artistica internazionale degli ultimi decenni, celebre per le sue performances e per le sue installazioni pervase da un forte carattere misterico e da uno spiccato senso della teatralit\u00e0, capace di volgere lo sguardo verso orizzonti che riflettono la complessit\u00e0 contemporanea per le modalit\u00e0 operative, per la flessibilit\u00e0 multimediale e per la libert\u00e0 d\u2019azione che sa mettere in campo nel suo operare artistico.<\/p>\n<p style=\"text-align: justify;\">\u201cNe abbiamo di strada da percorrere nelle tenebre fino all&#8217;anello che circonda il mondo, fino alla nona sfera celeste. Il fine dell\u2019arte \u00e8 concepire la meta, il paesaggio della perfezione racchiuso nel colore azzurro-smeraldo, nel lampo edenico che illumina pietre e abissi.<\/p>\n<p style=\"text-align: justify;\">L\u2019artista prova, riprova la costruzione del luogo aureolato dagli angeli.<\/p>\n<p style=\"text-align: justify;\">Il suo mundus immaginalis \u00e8 nutrito dall&#8217;angelo melanconico di D\u00fcrer dall&#8217;angelo di Rilke che serve luoghi incomparabili, al centro dell\u2019universo, dall&#8217;angelo di vento di Klee, dal suo stesso angelo androgino, complice del mondo animale.<\/p>\n<p style=\"text-align: justify;\">L\u2019opera si sottrae cos\u00ec all&#8217;arroganza dello sguardo, rinasce nella dimensione invisibile della metamorfosi, garantisce il rovesciamento di senso, tocca e sorvola i punti del disfacimento, unifica i linguaggi visivo e poetico, beffa il vuoto della vicenda umana con la sua compiutezza.<\/p>\n<p style=\"text-align: justify;\">\u201cLe scintille di Dio\u201d della intuizione e dell\u2019ideazione comunque, svaniscono nelle pupille vuote di Oriente ed Occidente. Sull&#8217;orrore della storia cadono la luce di Fanes, il decreto enigmatico, mortale della Sfinge. E\u2019 difficile stendere sul nulla del quotidiano lo smalto della creazione.<\/p>\n<p style=\"text-align: justify;\">Il lavoro di Vettor Pisani procede per vie traverse, clandestine, riflesso di molteplici memorie.<\/p>\n<p style=\"text-align: justify;\">Labirintico, ritagliato, frammentato, esplora le strutture stesse del mistero della psiche. Marionette, manichini, bambole rotte rendono la tensione tra negazione e forma .<\/p>\n<p style=\"text-align: justify;\">Le sue macchine alchemiche replicano ironicamente, clonano realt\u00e0 originarie. Il corpo artificiale, virtuale dell\u2019opera \u00e8 dichiarato \u201cVERO FALSO D\u2019 AUTORE\u201d. Sovrastando macerie e catastrofi, l\u2019opera \u00e8 presente e resiste come struggimento visionario, come indizio di un epoca, come sussurro poetico.\u201d<\/p>\n<p style=\"text-align: justify;\"><strong>Mimma Pisani<\/strong><\/p>\n<p>&nbsp;<\/p>\n\n\t\t<style type=\"text\/css\">\n\t\t\t#gallery-1 {\n\t\t\t\tmargin: auto;\n\t\t\t}\n\t\t\t#gallery-1 .gallery-item {\n\t\t\t\tfloat: left;\n\t\t\t\tmargin-top: 10px;\n\t\t\t\ttext-align: center;\n\t\t\t\twidth: 100%;\n\t\t\t}\n\t\t\t#gallery-1 img {\n\t\t\t\tborder: 2px solid #cfcfcf;\n\t\t\t}\n\t\t\t#gallery-1 .gallery-caption {\n\t\t\t\tmargin-left: 0;\n\t\t\t}\n\t\t\t\/* see gallery_shortcode() in wp-includes\/media.php *\/\n\t\t<\/style>\n\t\t<div id='gallery-1' class='gallery galleryid-609 gallery-columns-1 gallery-size-large'><dl class='gallery-item'>\n\t\t\t<dt class='gallery-icon landscape'>\n\t\t\t\t<a href='https:\/\/www.fondazionemorra.org\/it\/evento\/mimma-e-vettor-pisani-langelo-delloccidente\/v-pisani-langelo-delloccidente-napoli-2004-foto-di-f-donatofondazione-morra-16\/'><img loading=\"lazy\" decoding=\"async\" width=\"1024\" height=\"681\" src=\"https:\/\/www.fondazionemorra.org\/wp-content\/uploads\/2020\/10\/v.Pisani-LAngelo-dellOccidente-Napoli-2004-foto-di-F.Donato\u00a9Fondazione-Morra-16-1024x681.jpg\" class=\"attachment-large size-large\" alt=\"\" aria-describedby=\"gallery-1-637\" srcset=\"https:\/\/www.fondazionemorra.org\/wp-content\/uploads\/2020\/10\/v.Pisani-LAngelo-dellOccidente-Napoli-2004-foto-di-F.Donato\u00a9Fondazione-Morra-16-1024x681.jpg 1024w, https:\/\/www.fondazionemorra.org\/wp-content\/uploads\/2020\/10\/v.Pisani-LAngelo-dellOccidente-Napoli-2004-foto-di-F.Donato\u00a9Fondazione-Morra-16-300x200.jpg 300w, https:\/\/www.fondazionemorra.org\/wp-content\/uploads\/2020\/10\/v.Pisani-LAngelo-dellOccidente-Napoli-2004-foto-di-F.Donato\u00a9Fondazione-Morra-16-768x511.jpg 768w, https:\/\/www.fondazionemorra.org\/wp-content\/uploads\/2020\/10\/v.Pisani-LAngelo-dellOccidente-Napoli-2004-foto-di-F.Donato\u00a9Fondazione-Morra-16.jpg 1200w\" sizes=\"auto, (max-width: 1024px) 100vw, 1024px\" \/><\/a>\n\t\t\t<\/dt>\n\t\t\t\t<dd class='wp-caption-text gallery-caption' id='gallery-1-637'>\n\t\t\t\tInstallation View, &#8220;Mimma e Vettor Pisani. L&#8217;Angelo dell&#8217;Occidente&#8221;, Fondazione Morra, Palazzo dello Spagnuolo, Napoli, 2004Vettor Pisani\u00a9 Photo Fabio DonatoCourtesy Fondazione Morra\n\t\t\t\t<\/dd><\/dl><br style=\"clear: both\" \/><dl class='gallery-item'>\n\t\t\t<dt class='gallery-icon landscape'>\n\t\t\t\t<a href='https:\/\/www.fondazionemorra.org\/it\/evento\/mimma-e-vettor-pisani-langelo-delloccidente\/v-pisani-langelo-delloccidente-napoli-2004-foto-di-f-donatofondazione-morra-15\/'><img loading=\"lazy\" decoding=\"async\" width=\"1024\" height=\"683\" src=\"https:\/\/www.fondazionemorra.org\/wp-content\/uploads\/2020\/10\/v.Pisani-LAngelo-dellOccidente-Napoli-2004-foto-di-F.Donato\u00a9Fondazione-Morra-15-1024x683.jpg\" class=\"attachment-large size-large\" alt=\"\" aria-describedby=\"gallery-1-639\" srcset=\"https:\/\/www.fondazionemorra.org\/wp-content\/uploads\/2020\/10\/v.Pisani-LAngelo-dellOccidente-Napoli-2004-foto-di-F.Donato\u00a9Fondazione-Morra-15-1024x683.jpg 1024w, https:\/\/www.fondazionemorra.org\/wp-content\/uploads\/2020\/10\/v.Pisani-LAngelo-dellOccidente-Napoli-2004-foto-di-F.Donato\u00a9Fondazione-Morra-15-300x200.jpg 300w, https:\/\/www.fondazionemorra.org\/wp-content\/uploads\/2020\/10\/v.Pisani-LAngelo-dellOccidente-Napoli-2004-foto-di-F.Donato\u00a9Fondazione-Morra-15-768x512.jpg 768w, https:\/\/www.fondazionemorra.org\/wp-content\/uploads\/2020\/10\/v.Pisani-LAngelo-dellOccidente-Napoli-2004-foto-di-F.Donato\u00a9Fondazione-Morra-15.jpg 1200w\" sizes=\"auto, (max-width: 1024px) 100vw, 1024px\" \/><\/a>\n\t\t\t<\/dt>\n\t\t\t\t<dd class='wp-caption-text gallery-caption' id='gallery-1-639'>\n\t\t\t\tInstallation View, &#8220;Mimma e Vettor Pisani. L&#8217;Angelo dell&#8217;Occidente&#8221;, Fondazione Morra, Palazzo dello Spagnuolo, Napoli, 2004Vettor Pisani\u00a9 Photo Fabio DonatoCourtesy Fondazione Morra\n\t\t\t\t<\/dd><\/dl><br style=\"clear: both\" \/><dl class='gallery-item'>\n\t\t\t<dt class='gallery-icon portrait'>\n\t\t\t\t<a href='https:\/\/www.fondazionemorra.org\/it\/evento\/mimma-e-vettor-pisani-langelo-delloccidente\/v-pisani-langelo-delloccidente-napoli-2004-foto-di-f-donatofondazione-morra-2\/'><img loading=\"lazy\" decoding=\"async\" width=\"663\" height=\"1024\" src=\"https:\/\/www.fondazionemorra.org\/wp-content\/uploads\/2020\/10\/v.Pisani-LAngelo-dellOccidente-Napoli-2004-foto-di-F.Donato\u00a9Fondazione-Morra-2-663x1024.jpg\" class=\"attachment-large size-large\" alt=\"\" aria-describedby=\"gallery-1-628\" srcset=\"https:\/\/www.fondazionemorra.org\/wp-content\/uploads\/2020\/10\/v.Pisani-LAngelo-dellOccidente-Napoli-2004-foto-di-F.Donato\u00a9Fondazione-Morra-2-663x1024.jpg 663w, https:\/\/www.fondazionemorra.org\/wp-content\/uploads\/2020\/10\/v.Pisani-LAngelo-dellOccidente-Napoli-2004-foto-di-F.Donato\u00a9Fondazione-Morra-2-194x300.jpg 194w, https:\/\/www.fondazionemorra.org\/wp-content\/uploads\/2020\/10\/v.Pisani-LAngelo-dellOccidente-Napoli-2004-foto-di-F.Donato\u00a9Fondazione-Morra-2-768x1186.jpg 768w, https:\/\/www.fondazionemorra.org\/wp-content\/uploads\/2020\/10\/v.Pisani-LAngelo-dellOccidente-Napoli-2004-foto-di-F.Donato\u00a9Fondazione-Morra-2.jpg 777w\" sizes=\"auto, (max-width: 663px) 100vw, 663px\" \/><\/a>\n\t\t\t<\/dt>\n\t\t\t\t<dd class='wp-caption-text gallery-caption' id='gallery-1-628'>\n\t\t\t\tVettor Pisani nello spazio espositivo, &#8220;Mimma e Vettor Pisani. L&#8217;Angelo dell&#8217;Occidente&#8221;, Fondazione Morra, Palazzo dello Spagnuolo, Napoli, 2004\nVettor Pisani\n\u00a9 Photo Fabio Donato\nCourtesy Fondazione Morra\n\t\t\t\t<\/dd><\/dl><br style=\"clear: both\" \/><dl class='gallery-item'>\n\t\t\t<dt class='gallery-icon portrait'>\n\t\t\t\t<a href='https:\/\/www.fondazionemorra.org\/it\/evento\/mimma-e-vettor-pisani-langelo-delloccidente\/v-pisani-langelo-delloccidente-napoli-2004-foto-di-f-donatofondazione-morra-6\/'><img loading=\"lazy\" decoding=\"async\" width=\"687\" height=\"1024\" src=\"https:\/\/www.fondazionemorra.org\/wp-content\/uploads\/2020\/10\/v.Pisani-LAngelo-dellOccidente-Napoli-2004-foto-di-F.Donato\u00a9Fondazione-Morra-6-687x1024.jpg\" class=\"attachment-large size-large\" alt=\"\" aria-describedby=\"gallery-1-630\" srcset=\"https:\/\/www.fondazionemorra.org\/wp-content\/uploads\/2020\/10\/v.Pisani-LAngelo-dellOccidente-Napoli-2004-foto-di-F.Donato\u00a9Fondazione-Morra-6-687x1024.jpg 687w, https:\/\/www.fondazionemorra.org\/wp-content\/uploads\/2020\/10\/v.Pisani-LAngelo-dellOccidente-Napoli-2004-foto-di-F.Donato\u00a9Fondazione-Morra-6-201x300.jpg 201w, https:\/\/www.fondazionemorra.org\/wp-content\/uploads\/2020\/10\/v.Pisani-LAngelo-dellOccidente-Napoli-2004-foto-di-F.Donato\u00a9Fondazione-Morra-6-768x1145.jpg 768w, https:\/\/www.fondazionemorra.org\/wp-content\/uploads\/2020\/10\/v.Pisani-LAngelo-dellOccidente-Napoli-2004-foto-di-F.Donato\u00a9Fondazione-Morra-6.jpg 805w\" sizes=\"auto, (max-width: 687px) 100vw, 687px\" \/><\/a>\n\t\t\t<\/dt>\n\t\t\t\t<dd class='wp-caption-text gallery-caption' id='gallery-1-630'>\n\t\t\t\tInstallation View, &#8220;Mimma e Vettor Pisani. L&#8217;Angelo dell&#8217;Occidente&#8221;, Fondazione Morra, Palazzo dello Spagnuolo, Napoli, 2004Vettor Pisani\u00a9 Photo Fabio DonatoCourtesy Fondazione Morra\n\t\t\t\t<\/dd><\/dl><br style=\"clear: both\" \/><dl class='gallery-item'>\n\t\t\t<dt class='gallery-icon landscape'>\n\t\t\t\t<a href='https:\/\/www.fondazionemorra.org\/it\/evento\/mimma-e-vettor-pisani-langelo-delloccidente\/v-pisani-langelo-delloccidente-napoli-2004-foto-di-f-donatofondazione-morra-8\/'><img loading=\"lazy\" decoding=\"async\" width=\"1024\" height=\"681\" src=\"https:\/\/www.fondazionemorra.org\/wp-content\/uploads\/2020\/10\/v.Pisani-LAngelo-dellOccidente-Napoli-2004-foto-di-F.Donato\u00a9Fondazione-Morra-8-1024x681.jpg\" class=\"attachment-large size-large\" alt=\"\" aria-describedby=\"gallery-1-626\" srcset=\"https:\/\/www.fondazionemorra.org\/wp-content\/uploads\/2020\/10\/v.Pisani-LAngelo-dellOccidente-Napoli-2004-foto-di-F.Donato\u00a9Fondazione-Morra-8-1024x681.jpg 1024w, https:\/\/www.fondazionemorra.org\/wp-content\/uploads\/2020\/10\/v.Pisani-LAngelo-dellOccidente-Napoli-2004-foto-di-F.Donato\u00a9Fondazione-Morra-8-300x200.jpg 300w, https:\/\/www.fondazionemorra.org\/wp-content\/uploads\/2020\/10\/v.Pisani-LAngelo-dellOccidente-Napoli-2004-foto-di-F.Donato\u00a9Fondazione-Morra-8-768x511.jpg 768w, https:\/\/www.fondazionemorra.org\/wp-content\/uploads\/2020\/10\/v.Pisani-LAngelo-dellOccidente-Napoli-2004-foto-di-F.Donato\u00a9Fondazione-Morra-8.jpg 1200w\" sizes=\"auto, (max-width: 1024px) 100vw, 1024px\" \/><\/a>\n\t\t\t<\/dt>\n\t\t\t\t<dd class='wp-caption-text gallery-caption' id='gallery-1-626'>\n\t\t\t\tInstallation View, &#8220;Mimma e Vettor Pisani. L&#8217;Angelo dell&#8217;Occidente&#8221;, Fondazione Morra, Palazzo dello Spagnuolo, Napoli, 2004Vettor Pisani\u00a9 Photo Fabio DonatoCourtesy Fondazione Morra\n\t\t\t\t<\/dd><\/dl><br style=\"clear: both\" \/><dl class='gallery-item'>\n\t\t\t<dt class='gallery-icon portrait'>\n\t\t\t\t<a href='https:\/\/www.fondazionemorra.org\/it\/evento\/mimma-e-vettor-pisani-langelo-delloccidente\/v-pisani-langelo-delloccidente-napoli-2004-foto-di-f-donatofondazione-morra-5\/'><img loading=\"lazy\" decoding=\"async\" width=\"587\" height=\"1024\" src=\"https:\/\/www.fondazionemorra.org\/wp-content\/uploads\/2020\/10\/v.Pisani-LAngelo-dellOccidente-Napoli-2004-foto-di-F.Donato\u00a9Fondazione-Morra-5-587x1024.jpg\" class=\"attachment-large size-large\" alt=\"\" aria-describedby=\"gallery-1-624\" srcset=\"https:\/\/www.fondazionemorra.org\/wp-content\/uploads\/2020\/10\/v.Pisani-LAngelo-dellOccidente-Napoli-2004-foto-di-F.Donato\u00a9Fondazione-Morra-5-587x1024.jpg 587w, https:\/\/www.fondazionemorra.org\/wp-content\/uploads\/2020\/10\/v.Pisani-LAngelo-dellOccidente-Napoli-2004-foto-di-F.Donato\u00a9Fondazione-Morra-5-172x300.jpg 172w, https:\/\/www.fondazionemorra.org\/wp-content\/uploads\/2020\/10\/v.Pisani-LAngelo-dellOccidente-Napoli-2004-foto-di-F.Donato\u00a9Fondazione-Morra-5.jpg 688w\" sizes=\"auto, (max-width: 587px) 100vw, 587px\" \/><\/a>\n\t\t\t<\/dt>\n\t\t\t\t<dd class='wp-caption-text gallery-caption' id='gallery-1-624'>\n\t\t\t\tInstallation View, &#8220;Mimma e Vettor Pisani. L&#8217;Angelo dell&#8217;Occidente&#8221;, Fondazione Morra, Palazzo dello Spagnuolo, Napoli, 2004Vettor Pisani\u00a9 Photo Fabio DonatoCourtesy Fondazione Morra\n\t\t\t\t<\/dd><\/dl><br style=\"clear: both\" \/><dl class='gallery-item'>\n\t\t\t<dt class='gallery-icon portrait'>\n\t\t\t\t<a href='https:\/\/www.fondazionemorra.org\/it\/evento\/mimma-e-vettor-pisani-langelo-delloccidente\/v-pisani-langelo-delloccidente-napoli-2004-foto-di-f-donatofondazione-morra-3\/'><img loading=\"lazy\" decoding=\"async\" width=\"573\" height=\"1024\" src=\"https:\/\/www.fondazionemorra.org\/wp-content\/uploads\/2020\/10\/v.Pisani-LAngelo-dellOccidente-Napoli-2004-foto-di-F.Donato\u00a9Fondazione-Morra-3-573x1024.jpg\" class=\"attachment-large size-large\" alt=\"\" aria-describedby=\"gallery-1-620\" srcset=\"https:\/\/www.fondazionemorra.org\/wp-content\/uploads\/2020\/10\/v.Pisani-LAngelo-dellOccidente-Napoli-2004-foto-di-F.Donato\u00a9Fondazione-Morra-3-573x1024.jpg 573w, https:\/\/www.fondazionemorra.org\/wp-content\/uploads\/2020\/10\/v.Pisani-LAngelo-dellOccidente-Napoli-2004-foto-di-F.Donato\u00a9Fondazione-Morra-3-168x300.jpg 168w, https:\/\/www.fondazionemorra.org\/wp-content\/uploads\/2020\/10\/v.Pisani-LAngelo-dellOccidente-Napoli-2004-foto-di-F.Donato\u00a9Fondazione-Morra-3.jpg 672w\" sizes=\"auto, (max-width: 573px) 100vw, 573px\" \/><\/a>\n\t\t\t<\/dt>\n\t\t\t\t<dd class='wp-caption-text gallery-caption' id='gallery-1-620'>\n\t\t\t\tInstallation View, &#8220;Mimma e Vettor Pisani. L&#8217;Angelo dell&#8217;Occidente&#8221;, Fondazione Morra, Palazzo dello Spagnuolo, Napoli, 2004Vettor Pisani\u00a9 Photo Fabio DonatoCourtesy Fondazione Morra\n\t\t\t\t<\/dd><\/dl><br style=\"clear: both\" \/><dl class='gallery-item'>\n\t\t\t<dt class='gallery-icon portrait'>\n\t\t\t\t<a href='https:\/\/www.fondazionemorra.org\/it\/evento\/mimma-e-vettor-pisani-langelo-delloccidente\/v-pisani-langelo-delloccidente-napoli-2004-foto-di-f-donatofondazione-morra-4\/'><img loading=\"lazy\" decoding=\"async\" width=\"796\" height=\"1024\" src=\"https:\/\/www.fondazionemorra.org\/wp-content\/uploads\/2020\/10\/v.Pisani-LAngelo-dellOccidente-Napoli-2004-foto-di-F.Donato\u00a9Fondazione-Morra-4-796x1024.jpg\" class=\"attachment-large size-large\" alt=\"\" aria-describedby=\"gallery-1-622\" srcset=\"https:\/\/www.fondazionemorra.org\/wp-content\/uploads\/2020\/10\/v.Pisani-LAngelo-dellOccidente-Napoli-2004-foto-di-F.Donato\u00a9Fondazione-Morra-4-796x1024.jpg 796w, https:\/\/www.fondazionemorra.org\/wp-content\/uploads\/2020\/10\/v.Pisani-LAngelo-dellOccidente-Napoli-2004-foto-di-F.Donato\u00a9Fondazione-Morra-4-233x300.jpg 233w, https:\/\/www.fondazionemorra.org\/wp-content\/uploads\/2020\/10\/v.Pisani-LAngelo-dellOccidente-Napoli-2004-foto-di-F.Donato\u00a9Fondazione-Morra-4-768x988.jpg 768w, https:\/\/www.fondazionemorra.org\/wp-content\/uploads\/2020\/10\/v.Pisani-LAngelo-dellOccidente-Napoli-2004-foto-di-F.Donato\u00a9Fondazione-Morra-4.jpg 933w\" sizes=\"auto, (max-width: 796px) 100vw, 796px\" \/><\/a>\n\t\t\t<\/dt>\n\t\t\t\t<dd class='wp-caption-text gallery-caption' id='gallery-1-622'>\n\t\t\t\tInstallation View, &#8220;Mimma e Vettor Pisani. L&#8217;Angelo dell&#8217;Occidente&#8221;, Fondazione Morra, Palazzo dello Spagnuolo, Napoli, 2004Vettor Pisani\u00a9 Photo Fabio DonatoCourtesy Fondazione Morra\n\t\t\t\t<\/dd><\/dl><br style=\"clear: both\" \/>\n\t\t<\/div>\n\n","protected":false},"excerpt":{"rendered":"<p>23 ottobre 2004 &#8211; 22 gennaio 2005 OPENING 23 OTTOBRE ORE 19.00 Fondazione Morra &#8211; Palazzo dello Spagnuolo Via Vergini 19, Napoli Catalogo della mostra con 34 poesie di M.<a class=\"excerpt-read-more\" href=\"https:\/\/www.fondazionemorra.org\/it\/evento\/mimma-e-vettor-pisani-langelo-delloccidente\/\" title=\"ReadMimma e Vettor Pisani &#8211; L\u2019Angelo dell&#8217;Occidente\">&#8230; Read more &raquo;<\/a><\/p>\n","protected":false},"author":1,"featured_media":644,"template":"","meta":{"_acf_changed":false,"_tribe_events_status":"","_tribe_events_status_reason":"","footnotes":""},"tags":[],"tribe_events_cat":[],"class_list":["post-609","tribe_events","type-tribe_events","status-publish","has-post-thumbnail","hentry"],"acf":[],"yoast_head":"<!-- This site is optimized with the Yoast SEO plugin v27.4 - https:\/\/yoast.com\/product\/yoast-seo-wordpress\/ -->\n<title>Mimma e Vettor Pisani - L\u2019Angelo dell&#039;Occidente - Fondazione Morra<\/title>\n<meta name=\"robots\" content=\"index, follow, max-snippet:-1, max-image-preview:large, max-video-preview:-1\" \/>\n<link rel=\"canonical\" href=\"https:\/\/www.fondazionemorra.org\/it\/evento\/mimma-e-vettor-pisani-langelo-delloccidente\/\" \/>\n<meta property=\"og:locale\" content=\"it_IT\" \/>\n<meta property=\"og:type\" content=\"article\" \/>\n<meta property=\"og:title\" content=\"Mimma e Vettor Pisani - L\u2019Angelo dell&#039;Occidente - Fondazione Morra\" \/>\n<meta property=\"og:description\" content=\"23 ottobre 2004 &#8211; 22 gennaio 2005 OPENING 23 OTTOBRE ORE 19.00 Fondazione Morra &#8211; Palazzo dello Spagnuolo Via Vergini 19, Napoli Catalogo della mostra con 34 poesie di M.... Read more &raquo;\" \/>\n<meta property=\"og:url\" content=\"https:\/\/www.fondazionemorra.org\/it\/evento\/mimma-e-vettor-pisani-langelo-delloccidente\/\" \/>\n<meta property=\"og:site_name\" content=\"Fondazione Morra\" \/>\n<meta property=\"article:modified_time\" content=\"2020-12-14T15:36:12+00:00\" \/>\n<meta property=\"og:image\" content=\"https:\/\/www.fondazionemorra.org\/wp-content\/uploads\/2020\/10\/INV0186_PISV01fronte-1-e1602167755419.jpg\" \/>\n\t<meta property=\"og:image:width\" content=\"1200\" \/>\n\t<meta property=\"og:image:height\" content=\"820\" \/>\n\t<meta property=\"og:image:type\" content=\"image\/jpeg\" \/>\n<meta name=\"twitter:card\" content=\"summary_large_image\" \/>\n<meta name=\"twitter:label1\" content=\"Tempo di lettura stimato\" \/>\n\t<meta name=\"twitter:data1\" content=\"2 minuti\" \/>\n<script type=\"application\/ld+json\" class=\"yoast-schema-graph\">{\"@context\":\"https:\\\/\\\/schema.org\",\"@graph\":[{\"@type\":\"WebPage\",\"@id\":\"https:\\\/\\\/www.fondazionemorra.org\\\/it\\\/evento\\\/mimma-e-vettor-pisani-langelo-delloccidente\\\/\",\"url\":\"https:\\\/\\\/www.fondazionemorra.org\\\/it\\\/evento\\\/mimma-e-vettor-pisani-langelo-delloccidente\\\/\",\"name\":\"Mimma e Vettor Pisani - L\u2019Angelo dell'Occidente - Fondazione Morra\",\"isPartOf\":{\"@id\":\"https:\\\/\\\/www.fondazionemorra.org\\\/it\\\/#website\"},\"primaryImageOfPage\":{\"@id\":\"https:\\\/\\\/www.fondazionemorra.org\\\/it\\\/evento\\\/mimma-e-vettor-pisani-langelo-delloccidente\\\/#primaryimage\"},\"image\":{\"@id\":\"https:\\\/\\\/www.fondazionemorra.org\\\/it\\\/evento\\\/mimma-e-vettor-pisani-langelo-delloccidente\\\/#primaryimage\"},\"thumbnailUrl\":\"https:\\\/\\\/www.fondazionemorra.org\\\/wp-content\\\/uploads\\\/2020\\\/10\\\/INV0186_PISV01fronte-1-e1602167755419.jpg\",\"datePublished\":\"2020-10-08T13:28:48+00:00\",\"dateModified\":\"2020-12-14T15:36:12+00:00\",\"breadcrumb\":{\"@id\":\"https:\\\/\\\/www.fondazionemorra.org\\\/it\\\/evento\\\/mimma-e-vettor-pisani-langelo-delloccidente\\\/#breadcrumb\"},\"inLanguage\":\"it-IT\",\"potentialAction\":[{\"@type\":\"ReadAction\",\"target\":[\"https:\\\/\\\/www.fondazionemorra.org\\\/it\\\/evento\\\/mimma-e-vettor-pisani-langelo-delloccidente\\\/\"]}]},{\"@type\":\"ImageObject\",\"inLanguage\":\"it-IT\",\"@id\":\"https:\\\/\\\/www.fondazionemorra.org\\\/it\\\/evento\\\/mimma-e-vettor-pisani-langelo-delloccidente\\\/#primaryimage\",\"url\":\"https:\\\/\\\/www.fondazionemorra.org\\\/wp-content\\\/uploads\\\/2020\\\/10\\\/INV0186_PISV01fronte-1-e1602167755419.jpg\",\"contentUrl\":\"https:\\\/\\\/www.fondazionemorra.org\\\/wp-content\\\/uploads\\\/2020\\\/10\\\/INV0186_PISV01fronte-1-e1602167755419.jpg\",\"width\":1200,\"height\":820,\"caption\":\"Mimma e Vettor Pisani. L'Angelo dell'Occidente\"},{\"@type\":\"BreadcrumbList\",\"@id\":\"https:\\\/\\\/www.fondazionemorra.org\\\/it\\\/evento\\\/mimma-e-vettor-pisani-langelo-delloccidente\\\/#breadcrumb\",\"itemListElement\":[{\"@type\":\"ListItem\",\"position\":1,\"name\":\"Home\",\"item\":\"https:\\\/\\\/www.fondazionemorra.org\\\/it\\\/\"},{\"@type\":\"ListItem\",\"position\":2,\"name\":\"Eventi\",\"item\":\"https:\\\/\\\/www.fondazionemorra.org\\\/it\\\/eventi\\\/\"},{\"@type\":\"ListItem\",\"position\":3,\"name\":\"Mimma e Vettor Pisani &#8211; L\u2019Angelo dell&#8217;Occidente\"}]},{\"@type\":\"WebSite\",\"@id\":\"https:\\\/\\\/www.fondazionemorra.org\\\/it\\\/#website\",\"url\":\"https:\\\/\\\/www.fondazionemorra.org\\\/it\\\/\",\"name\":\"Fondazione Morra\",\"description\":\"\",\"publisher\":{\"@id\":\"https:\\\/\\\/www.fondazionemorra.org\\\/it\\\/#organization\"},\"potentialAction\":[{\"@type\":\"SearchAction\",\"target\":{\"@type\":\"EntryPoint\",\"urlTemplate\":\"https:\\\/\\\/www.fondazionemorra.org\\\/it\\\/?s={search_term_string}\"},\"query-input\":{\"@type\":\"PropertyValueSpecification\",\"valueRequired\":true,\"valueName\":\"search_term_string\"}}],\"inLanguage\":\"it-IT\"},{\"@type\":\"Organization\",\"@id\":\"https:\\\/\\\/www.fondazionemorra.org\\\/it\\\/#organization\",\"name\":\"Fondazione Morra\",\"url\":\"https:\\\/\\\/www.fondazionemorra.org\\\/it\\\/\",\"logo\":{\"@type\":\"ImageObject\",\"inLanguage\":\"it-IT\",\"@id\":\"https:\\\/\\\/www.fondazionemorra.org\\\/it\\\/#\\\/schema\\\/logo\\\/image\\\/\",\"url\":\"https:\\\/\\\/www.fondazionemorra.org\\\/wp-content\\\/uploads\\\/2021\\\/02\\\/logo.png\",\"contentUrl\":\"https:\\\/\\\/www.fondazionemorra.org\\\/wp-content\\\/uploads\\\/2021\\\/02\\\/logo.png\",\"width\":106,\"height\":114,\"caption\":\"Fondazione Morra\"},\"image\":{\"@id\":\"https:\\\/\\\/www.fondazionemorra.org\\\/it\\\/#\\\/schema\\\/logo\\\/image\\\/\"}}]}<\/script>\n<!-- \/ Yoast SEO plugin. -->","yoast_head_json":{"title":"Mimma e Vettor Pisani - L\u2019Angelo dell'Occidente - Fondazione Morra","robots":{"index":"index","follow":"follow","max-snippet":"max-snippet:-1","max-image-preview":"max-image-preview:large","max-video-preview":"max-video-preview:-1"},"canonical":"https:\/\/www.fondazionemorra.org\/it\/evento\/mimma-e-vettor-pisani-langelo-delloccidente\/","og_locale":"it_IT","og_type":"article","og_title":"Mimma e Vettor Pisani - L\u2019Angelo dell'Occidente - Fondazione Morra","og_description":"23 ottobre 2004 &#8211; 22 gennaio 2005 OPENING 23 OTTOBRE ORE 19.00 Fondazione Morra &#8211; Palazzo dello Spagnuolo Via Vergini 19, Napoli Catalogo della mostra con 34 poesie di M.... Read more &raquo;","og_url":"https:\/\/www.fondazionemorra.org\/it\/evento\/mimma-e-vettor-pisani-langelo-delloccidente\/","og_site_name":"Fondazione Morra","article_modified_time":"2020-12-14T15:36:12+00:00","og_image":[{"width":1200,"height":820,"url":"https:\/\/www.fondazionemorra.org\/wp-content\/uploads\/2020\/10\/INV0186_PISV01fronte-1-e1602167755419.jpg","type":"image\/jpeg"}],"twitter_card":"summary_large_image","twitter_misc":{"Tempo di lettura stimato":"2 minuti"},"schema":{"@context":"https:\/\/schema.org","@graph":[{"@type":"WebPage","@id":"https:\/\/www.fondazionemorra.org\/it\/evento\/mimma-e-vettor-pisani-langelo-delloccidente\/","url":"https:\/\/www.fondazionemorra.org\/it\/evento\/mimma-e-vettor-pisani-langelo-delloccidente\/","name":"Mimma e Vettor Pisani - L\u2019Angelo dell'Occidente - Fondazione Morra","isPartOf":{"@id":"https:\/\/www.fondazionemorra.org\/it\/#website"},"primaryImageOfPage":{"@id":"https:\/\/www.fondazionemorra.org\/it\/evento\/mimma-e-vettor-pisani-langelo-delloccidente\/#primaryimage"},"image":{"@id":"https:\/\/www.fondazionemorra.org\/it\/evento\/mimma-e-vettor-pisani-langelo-delloccidente\/#primaryimage"},"thumbnailUrl":"https:\/\/www.fondazionemorra.org\/wp-content\/uploads\/2020\/10\/INV0186_PISV01fronte-1-e1602167755419.jpg","datePublished":"2020-10-08T13:28:48+00:00","dateModified":"2020-12-14T15:36:12+00:00","breadcrumb":{"@id":"https:\/\/www.fondazionemorra.org\/it\/evento\/mimma-e-vettor-pisani-langelo-delloccidente\/#breadcrumb"},"inLanguage":"it-IT","potentialAction":[{"@type":"ReadAction","target":["https:\/\/www.fondazionemorra.org\/it\/evento\/mimma-e-vettor-pisani-langelo-delloccidente\/"]}]},{"@type":"ImageObject","inLanguage":"it-IT","@id":"https:\/\/www.fondazionemorra.org\/it\/evento\/mimma-e-vettor-pisani-langelo-delloccidente\/#primaryimage","url":"https:\/\/www.fondazionemorra.org\/wp-content\/uploads\/2020\/10\/INV0186_PISV01fronte-1-e1602167755419.jpg","contentUrl":"https:\/\/www.fondazionemorra.org\/wp-content\/uploads\/2020\/10\/INV0186_PISV01fronte-1-e1602167755419.jpg","width":1200,"height":820,"caption":"Mimma e Vettor Pisani. L'Angelo dell'Occidente"},{"@type":"BreadcrumbList","@id":"https:\/\/www.fondazionemorra.org\/it\/evento\/mimma-e-vettor-pisani-langelo-delloccidente\/#breadcrumb","itemListElement":[{"@type":"ListItem","position":1,"name":"Home","item":"https:\/\/www.fondazionemorra.org\/it\/"},{"@type":"ListItem","position":2,"name":"Eventi","item":"https:\/\/www.fondazionemorra.org\/it\/eventi\/"},{"@type":"ListItem","position":3,"name":"Mimma e Vettor Pisani &#8211; L\u2019Angelo dell&#8217;Occidente"}]},{"@type":"WebSite","@id":"https:\/\/www.fondazionemorra.org\/it\/#website","url":"https:\/\/www.fondazionemorra.org\/it\/","name":"Fondazione Morra","description":"","publisher":{"@id":"https:\/\/www.fondazionemorra.org\/it\/#organization"},"potentialAction":[{"@type":"SearchAction","target":{"@type":"EntryPoint","urlTemplate":"https:\/\/www.fondazionemorra.org\/it\/?s={search_term_string}"},"query-input":{"@type":"PropertyValueSpecification","valueRequired":true,"valueName":"search_term_string"}}],"inLanguage":"it-IT"},{"@type":"Organization","@id":"https:\/\/www.fondazionemorra.org\/it\/#organization","name":"Fondazione Morra","url":"https:\/\/www.fondazionemorra.org\/it\/","logo":{"@type":"ImageObject","inLanguage":"it-IT","@id":"https:\/\/www.fondazionemorra.org\/it\/#\/schema\/logo\/image\/","url":"https:\/\/www.fondazionemorra.org\/wp-content\/uploads\/2021\/02\/logo.png","contentUrl":"https:\/\/www.fondazionemorra.org\/wp-content\/uploads\/2021\/02\/logo.png","width":106,"height":114,"caption":"Fondazione Morra"},"image":{"@id":"https:\/\/www.fondazionemorra.org\/it\/#\/schema\/logo\/image\/"}}]}},"_links":{"self":[{"href":"https:\/\/www.fondazionemorra.org\/it\/wp-json\/wp\/v2\/tribe_events\/609","targetHints":{"allow":["GET"]}}],"collection":[{"href":"https:\/\/www.fondazionemorra.org\/it\/wp-json\/wp\/v2\/tribe_events"}],"about":[{"href":"https:\/\/www.fondazionemorra.org\/it\/wp-json\/wp\/v2\/types\/tribe_events"}],"author":[{"embeddable":true,"href":"https:\/\/www.fondazionemorra.org\/it\/wp-json\/wp\/v2\/users\/1"}],"version-history":[{"count":13,"href":"https:\/\/www.fondazionemorra.org\/it\/wp-json\/wp\/v2\/tribe_events\/609\/revisions"}],"predecessor-version":[{"id":4296,"href":"https:\/\/www.fondazionemorra.org\/it\/wp-json\/wp\/v2\/tribe_events\/609\/revisions\/4296"}],"wp:featuredmedia":[{"embeddable":true,"href":"https:\/\/www.fondazionemorra.org\/it\/wp-json\/wp\/v2\/media\/644"}],"wp:attachment":[{"href":"https:\/\/www.fondazionemorra.org\/it\/wp-json\/wp\/v2\/media?parent=609"}],"wp:term":[{"taxonomy":"post_tag","embeddable":true,"href":"https:\/\/www.fondazionemorra.org\/it\/wp-json\/wp\/v2\/tags?post=609"},{"taxonomy":"tribe_events_cat","embeddable":true,"href":"https:\/\/www.fondazionemorra.org\/it\/wp-json\/wp\/v2\/tribe_events_cat?post=609"}],"curies":[{"name":"wp","href":"https:\/\/api.w.org\/{rel}","templated":true}]}}