{"id":722,"date":"2020-10-13T13:03:20","date_gmt":"2020-10-13T11:03:20","guid":{"rendered":"http:\/\/www.fondazionemorra.org\/?post_type=tribe_events&#038;p=722"},"modified":"2021-03-19T15:33:49","modified_gmt":"2021-03-19T14:33:49","slug":"nanni-balestrini-sfinimondo","status":"publish","type":"tribe_events","link":"https:\/\/www.fondazionemorra.org\/it\/evento\/nanni-balestrini-sfinimondo\/","title":{"rendered":"Nanni Balestrini &#8211; Sfinimondo"},"content":{"rendered":"<p style=\"text-align: justify;\"><strong>dal 20 maggio al 26 giugno 2004<br \/>\n<\/strong>OPENING 20 MAGGIO ore 19:00<br \/>\n<strong>Fondazione Morra &#8211; Palazzo dello Spagnuolo<br \/>\n<\/strong>Via Vergini, 19 Napoli<\/p>\n<p>con un intervento di Achille Bonito Oliva<br \/>\nTommaso Ottonieri e Mariano B\u00e0ino presentano il libro di poesie <em>Sfinimondo<\/em> pubblicato dalle edizioni Bibliopolis. Segue una lettura dei testi con Raffaele Rizzo, Maura Perrone e Gianni Sallustro; musiche di Enzo Nini<\/p>\n<p style=\"text-align: justify;\">Alla Fondazione Morra (via Vergini 19, Palazzo dello Spagnuolo) dal 20 maggio al 26 giugno 2004 Nanni Balestrini espone SFINIMONDO, opera visiva in tre installazioni, ognuna basata su una scultura verbale di grandi dimensioni. Nella prima sala una colonna-obelisco intorno a cui si svolge un testo che celebra la forza distruttiva e creatrice della poesia: La poesia fa male&#8230; la poesia \u00e8 l\u2019apocalisse del linguaggio&#8230; Nella seconda sala un cubo rimodella la sfera terracquea disarticolata dalla globalizzazione, le sue risorse frantumate dagli sfruttamenti, i suoi popoli divisi e dispersi. Nella terza sala su una stele strappata agli orrori delle nostre guerre quotidiane parlano i segni della pi\u00f9 antica scrittura. Completa la mostra una retrospettiva di lavori dal 1965 a oggi.<\/p>\n<p style=\"text-align: justify;\">Nei testi di Sfinimondo (pp. 96, Napoli Bibliopolis 2003) il linguaggio quale luogo del significato \u00e8 messo in questione in vari modi\u2026 invito al sospetto e invito all\u2019abbandono convivono, contraddittoriamente; cos\u00ec come contraddittoria \u00e8 la fiducia nel potenziale liberatorio del corpo e del linguaggio quale segno del corpo, in un mondo d\u2019altra parte capace di colonizzare i corpi, con i loro bisogni e con le loro manifestazioni. Ma su questa contraddizione si costruisce la poesia come qui la tenta Balestrini.<\/p>\n<p style=\"text-align: justify;\">La scrittura nasce come atto visivo, \u00e8 il linguaggio che s\u2019imprime nella pietra, nell\u2019argilla, nel marmo, che dalle stele, dagli obelischi, dalle lapidi dell\u2019antichit\u00e0 impone sentenze immutabili, e oggi ricopre le metropoli con le effimere lusinghe della pubblicit\u00e0 e con la violenza dei graffiti sovversivi.<\/p>\n<p style=\"text-align: justify;\">\u00c8 la scrittura pubblica, che anticipa quella privata, e invia all\u2019occhio delle moltitudini i suoi messaggi indiscutibili, che non attendono risposte ma assenso o indifferenza.<\/p>\n<p style=\"text-align: justify;\">In questo senso la letteratura e l\u2019arte congiuntamente hanno da sempre operato sulla materialit\u00e0 della parola, sul suo farsi figura e oggetto, sulla frantumazione di ogni lettura lineare.<\/p>\n<p style=\"text-align: justify;\">Monumenti avulsi dalla loro funzionalit\u00e0 architettonica su cui i segni possono scorrere immutabili, ritmando il movimento circolare dello spettatore volonteroso e invitandolo a misurarsi con la sua capacit\u00e0 di interpretare nuovi percorsi della realt\u00e0, abbandonando per un istante la sua rassegnata passivit\u00e0.<\/p>\n<p style=\"text-align: left;\"><strong>Nanni Balestrini<\/strong><\/p>\n<p>&nbsp;<\/p>\n\n\t\t<style type=\"text\/css\">\n\t\t\t#gallery-1 {\n\t\t\t\tmargin: auto;\n\t\t\t}\n\t\t\t#gallery-1 .gallery-item {\n\t\t\t\tfloat: left;\n\t\t\t\tmargin-top: 10px;\n\t\t\t\ttext-align: center;\n\t\t\t\twidth: 100%;\n\t\t\t}\n\t\t\t#gallery-1 img {\n\t\t\t\tborder: 2px solid #cfcfcf;\n\t\t\t}\n\t\t\t#gallery-1 .gallery-caption {\n\t\t\t\tmargin-left: 0;\n\t\t\t}\n\t\t\t\/* see gallery_shortcode() in wp-includes\/media.php *\/\n\t\t<\/style>\n\t\t<div id='gallery-1' class='gallery galleryid-722 gallery-columns-1 gallery-size-large'><dl class='gallery-item'>\n\t\t\t<dt class='gallery-icon portrait'>\n\t\t\t\t<a href='https:\/\/www.fondazionemorra.org\/it\/evento\/nanni-balestrini-sfinimondo\/olympus-digital-camera-2\/'><img loading=\"lazy\" decoding=\"async\" width=\"768\" height=\"1024\" src=\"https:\/\/www.fondazionemorra.org\/wp-content\/uploads\/2020\/10\/5_Nanni-Balestrini-768x1024.jpg\" class=\"attachment-large size-large\" alt=\"\" aria-describedby=\"gallery-1-728\" srcset=\"https:\/\/www.fondazionemorra.org\/wp-content\/uploads\/2020\/10\/5_Nanni-Balestrini-768x1024.jpg 768w, https:\/\/www.fondazionemorra.org\/wp-content\/uploads\/2020\/10\/5_Nanni-Balestrini-225x300.jpg 225w, https:\/\/www.fondazionemorra.org\/wp-content\/uploads\/2020\/10\/5_Nanni-Balestrini.jpg 900w\" sizes=\"auto, (max-width: 768px) 100vw, 768px\" \/><\/a>\n\t\t\t<\/dt>\n\t\t\t\t<dd class='wp-caption-text gallery-caption' id='gallery-1-728'>\n\t\t\t\tInstallation View, Sfinimondo, Palazzo dello Spagnuolo, Napoli, 2004, \nNanni Balestrini\nCourtesy Fondazione Morra\n\t\t\t\t<\/dd><\/dl><br style=\"clear: both\" \/><dl class='gallery-item'>\n\t\t\t<dt class='gallery-icon portrait'>\n\t\t\t\t<a href='https:\/\/www.fondazionemorra.org\/it\/evento\/nanni-balestrini-sfinimondo\/olympus-digital-camera-3\/'><img loading=\"lazy\" decoding=\"async\" width=\"768\" height=\"1024\" src=\"https:\/\/www.fondazionemorra.org\/wp-content\/uploads\/2020\/10\/6_Nanni-Balestrini-768x1024.jpg\" class=\"attachment-large size-large\" alt=\"\" aria-describedby=\"gallery-1-730\" srcset=\"https:\/\/www.fondazionemorra.org\/wp-content\/uploads\/2020\/10\/6_Nanni-Balestrini-768x1024.jpg 768w, https:\/\/www.fondazionemorra.org\/wp-content\/uploads\/2020\/10\/6_Nanni-Balestrini-225x300.jpg 225w, https:\/\/www.fondazionemorra.org\/wp-content\/uploads\/2020\/10\/6_Nanni-Balestrini.jpg 900w\" sizes=\"auto, (max-width: 768px) 100vw, 768px\" \/><\/a>\n\t\t\t<\/dt>\n\t\t\t\t<dd class='wp-caption-text gallery-caption' id='gallery-1-730'>\n\t\t\t\tInstallation View, Sfinimondo, Palazzo dello Spagnuolo, Napoli, 2004, \nNanni Balestrini\nCourtesy Fondazione Morra\n\t\t\t\t<\/dd><\/dl><br style=\"clear: both\" \/><dl class='gallery-item'>\n\t\t\t<dt class='gallery-icon portrait'>\n\t\t\t\t<a href='https:\/\/www.fondazionemorra.org\/it\/evento\/nanni-balestrini-sfinimondo\/olympus-digital-camera-4\/'><img loading=\"lazy\" decoding=\"async\" width=\"768\" height=\"1024\" src=\"https:\/\/www.fondazionemorra.org\/wp-content\/uploads\/2020\/10\/N.Balestrini-Sfinimondo-Napoli-2004-\u00a9Fondazione-Morra-3-768x1024.jpg\" class=\"attachment-large size-large\" alt=\"\" aria-describedby=\"gallery-1-732\" srcset=\"https:\/\/www.fondazionemorra.org\/wp-content\/uploads\/2020\/10\/N.Balestrini-Sfinimondo-Napoli-2004-\u00a9Fondazione-Morra-3-768x1024.jpg 768w, https:\/\/www.fondazionemorra.org\/wp-content\/uploads\/2020\/10\/N.Balestrini-Sfinimondo-Napoli-2004-\u00a9Fondazione-Morra-3-225x300.jpg 225w, https:\/\/www.fondazionemorra.org\/wp-content\/uploads\/2020\/10\/N.Balestrini-Sfinimondo-Napoli-2004-\u00a9Fondazione-Morra-3.jpg 900w\" sizes=\"auto, (max-width: 768px) 100vw, 768px\" \/><\/a>\n\t\t\t<\/dt>\n\t\t\t\t<dd class='wp-caption-text gallery-caption' id='gallery-1-732'>\n\t\t\t\tInstallation View, Sfinimondo, Palazzo dello Spagnuolo, Napoli, 2004, \nNanni Balestrini\nCourtesy Fondazione Morra\n\t\t\t\t<\/dd><\/dl><br style=\"clear: both\" \/><dl class='gallery-item'>\n\t\t\t<dt class='gallery-icon landscape'>\n\t\t\t\t<a href='https:\/\/www.fondazionemorra.org\/it\/evento\/nanni-balestrini-sfinimondo\/bls02\/'><img loading=\"lazy\" decoding=\"async\" width=\"1024\" height=\"730\" src=\"https:\/\/www.fondazionemorra.org\/wp-content\/uploads\/2020\/10\/BLS02-1024x730.jpg\" class=\"attachment-large size-large\" alt=\"\" aria-describedby=\"gallery-1-734\" srcset=\"https:\/\/www.fondazionemorra.org\/wp-content\/uploads\/2020\/10\/BLS02-1024x730.jpg 1024w, https:\/\/www.fondazionemorra.org\/wp-content\/uploads\/2020\/10\/BLS02-300x214.jpg 300w, https:\/\/www.fondazionemorra.org\/wp-content\/uploads\/2020\/10\/BLS02-768x548.jpg 768w, https:\/\/www.fondazionemorra.org\/wp-content\/uploads\/2020\/10\/BLS02.jpg 1200w\" sizes=\"auto, (max-width: 1024px) 100vw, 1024px\" \/><\/a>\n\t\t\t<\/dt>\n\t\t\t\t<dd class='wp-caption-text gallery-caption' id='gallery-1-734'>\n\t\t\t\tInstallation View (detail), Sfinimondo, Palazzo dello Spagnuolo, Napoli, 2004, \nNanni Balestrini\nCourtesy Fondazione Morra\n\t\t\t\t<\/dd><\/dl><br style=\"clear: both\" \/><dl class='gallery-item'>\n\t\t\t<dt class='gallery-icon portrait'>\n\t\t\t\t<a href='https:\/\/www.fondazionemorra.org\/it\/evento\/nanni-balestrini-sfinimondo\/bls08\/'><img loading=\"lazy\" decoding=\"async\" width=\"823\" height=\"1024\" src=\"https:\/\/www.fondazionemorra.org\/wp-content\/uploads\/2020\/10\/BLS08-823x1024.jpg\" class=\"attachment-large size-large\" alt=\"\" aria-describedby=\"gallery-1-736\" srcset=\"https:\/\/www.fondazionemorra.org\/wp-content\/uploads\/2020\/10\/BLS08-823x1024.jpg 823w, https:\/\/www.fondazionemorra.org\/wp-content\/uploads\/2020\/10\/BLS08-241x300.jpg 241w, https:\/\/www.fondazionemorra.org\/wp-content\/uploads\/2020\/10\/BLS08-768x955.jpg 768w, https:\/\/www.fondazionemorra.org\/wp-content\/uploads\/2020\/10\/BLS08.jpg 965w\" sizes=\"auto, (max-width: 823px) 100vw, 823px\" \/><\/a>\n\t\t\t<\/dt>\n\t\t\t\t<dd class='wp-caption-text gallery-caption' id='gallery-1-736'>\n\t\t\t\tInstallation View (detail), Sfinimondo, Palazzo dello Spagnuolo, Napoli, 2004, \nNanni Balestrini\nCourtesy Fondazione Morra\n\t\t\t\t<\/dd><\/dl><br style=\"clear: both\" \/><dl class='gallery-item'>\n\t\t\t<dt class='gallery-icon landscape'>\n\t\t\t\t<a href='https:\/\/www.fondazionemorra.org\/it\/evento\/nanni-balestrini-sfinimondo\/bls12\/'><img loading=\"lazy\" decoding=\"async\" width=\"1024\" height=\"800\" src=\"https:\/\/www.fondazionemorra.org\/wp-content\/uploads\/2020\/10\/BLS12-1024x800.jpg\" class=\"attachment-large size-large\" alt=\"\" aria-describedby=\"gallery-1-738\" srcset=\"https:\/\/www.fondazionemorra.org\/wp-content\/uploads\/2020\/10\/BLS12-1024x800.jpg 1024w, https:\/\/www.fondazionemorra.org\/wp-content\/uploads\/2020\/10\/BLS12-300x235.jpg 300w, https:\/\/www.fondazionemorra.org\/wp-content\/uploads\/2020\/10\/BLS12-768x600.jpg 768w, https:\/\/www.fondazionemorra.org\/wp-content\/uploads\/2020\/10\/BLS12.jpg 1200w\" sizes=\"auto, (max-width: 1024px) 100vw, 1024px\" \/><\/a>\n\t\t\t<\/dt>\n\t\t\t\t<dd class='wp-caption-text gallery-caption' id='gallery-1-738'>\n\t\t\t\tInstallation View (detail), Sfinimondo, Palazzo dello Spagnuolo, Napoli, 2004, \nNanni Balestrini\nCourtesy Fondazione Morra\n\t\t\t\t<\/dd><\/dl><br style=\"clear: both\" \/><dl class='gallery-item'>\n\t\t\t<dt class='gallery-icon landscape'>\n\t\t\t\t<a href='https:\/\/www.fondazionemorra.org\/it\/evento\/nanni-balestrini-sfinimondo\/bls14\/'><img loading=\"lazy\" decoding=\"async\" width=\"1024\" height=\"1024\" src=\"https:\/\/www.fondazionemorra.org\/wp-content\/uploads\/2020\/10\/BLS14-1024x1024.jpg\" class=\"attachment-large size-large\" alt=\"\" aria-describedby=\"gallery-1-740\" srcset=\"https:\/\/www.fondazionemorra.org\/wp-content\/uploads\/2020\/10\/BLS14-1024x1024.jpg 1024w, https:\/\/www.fondazionemorra.org\/wp-content\/uploads\/2020\/10\/BLS14-300x300.jpg 300w, https:\/\/www.fondazionemorra.org\/wp-content\/uploads\/2020\/10\/BLS14-150x150.jpg 150w, https:\/\/www.fondazionemorra.org\/wp-content\/uploads\/2020\/10\/BLS14-768x768.jpg 768w, https:\/\/www.fondazionemorra.org\/wp-content\/uploads\/2020\/10\/BLS14-125x125.jpg 125w, https:\/\/www.fondazionemorra.org\/wp-content\/uploads\/2020\/10\/BLS14.jpg 1200w\" sizes=\"auto, (max-width: 1024px) 100vw, 1024px\" \/><\/a>\n\t\t\t<\/dt>\n\t\t\t\t<dd class='wp-caption-text gallery-caption' id='gallery-1-740'>\n\t\t\t\tInstallation View (detail), Sfinimondo, Palazzo dello Spagnuolo, Napoli, 2004, \nNanni Balestrini\nCourtesy Fondazione Morra\n\t\t\t\t<\/dd><\/dl><br style=\"clear: both\" \/>\n\t\t<\/div>\n\n<p style=\"text-align: right;\">\n","protected":false},"excerpt":{"rendered":"<p>dal 20 maggio al 26 giugno 2004 OPENING 20 MAGGIO ore 19:00 Fondazione Morra &#8211; Palazzo dello Spagnuolo Via Vergini, 19 Napoli con un intervento di Achille Bonito Oliva Tommaso<a class=\"excerpt-read-more\" href=\"https:\/\/www.fondazionemorra.org\/it\/evento\/nanni-balestrini-sfinimondo\/\" title=\"ReadNanni Balestrini &#8211; Sfinimondo\">&#8230; Read more &raquo;<\/a><\/p>\n","protected":false},"author":1,"featured_media":724,"template":"","meta":{"_acf_changed":false,"_tribe_events_status":"","_tribe_events_status_reason":"","footnotes":""},"tags":[],"tribe_events_cat":[],"class_list":["post-722","tribe_events","type-tribe_events","status-publish","has-post-thumbnail","hentry"],"acf":[],"yoast_head":"<!-- This site is optimized with the Yoast SEO plugin v27.4 - https:\/\/yoast.com\/product\/yoast-seo-wordpress\/ -->\n<title>Nanni Balestrini - Sfinimondo - Fondazione Morra<\/title>\n<meta name=\"robots\" content=\"index, follow, max-snippet:-1, max-image-preview:large, max-video-preview:-1\" \/>\n<link rel=\"canonical\" href=\"https:\/\/www.fondazionemorra.org\/it\/evento\/nanni-balestrini-sfinimondo\/\" \/>\n<meta property=\"og:locale\" content=\"it_IT\" \/>\n<meta property=\"og:type\" content=\"article\" \/>\n<meta property=\"og:title\" content=\"Nanni Balestrini - Sfinimondo - Fondazione Morra\" \/>\n<meta property=\"og:description\" content=\"dal 20 maggio al 26 giugno 2004 OPENING 20 MAGGIO ore 19:00 Fondazione Morra &#8211; Palazzo dello Spagnuolo Via Vergini, 19 Napoli con un intervento di Achille Bonito Oliva Tommaso... Read more &raquo;\" \/>\n<meta property=\"og:url\" content=\"https:\/\/www.fondazionemorra.org\/it\/evento\/nanni-balestrini-sfinimondo\/\" \/>\n<meta property=\"og:site_name\" content=\"Fondazione Morra\" \/>\n<meta property=\"article:modified_time\" content=\"2021-03-19T14:33:49+00:00\" \/>\n<meta property=\"og:image\" content=\"https:\/\/www.fondazionemorra.org\/wp-content\/uploads\/2020\/10\/INV0178_BALN01fronte.jpg\" \/>\n\t<meta property=\"og:image:width\" content=\"1200\" \/>\n\t<meta property=\"og:image:height\" content=\"1183\" \/>\n\t<meta property=\"og:image:type\" content=\"image\/jpeg\" \/>\n<meta name=\"twitter:card\" content=\"summary_large_image\" \/>\n<meta name=\"twitter:label1\" content=\"Tempo di lettura stimato\" \/>\n\t<meta name=\"twitter:data1\" content=\"2 minuti\" \/>\n<script type=\"application\/ld+json\" class=\"yoast-schema-graph\">{\"@context\":\"https:\\\/\\\/schema.org\",\"@graph\":[{\"@type\":\"WebPage\",\"@id\":\"https:\\\/\\\/www.fondazionemorra.org\\\/it\\\/evento\\\/nanni-balestrini-sfinimondo\\\/\",\"url\":\"https:\\\/\\\/www.fondazionemorra.org\\\/it\\\/evento\\\/nanni-balestrini-sfinimondo\\\/\",\"name\":\"Nanni Balestrini - Sfinimondo - Fondazione Morra\",\"isPartOf\":{\"@id\":\"https:\\\/\\\/www.fondazionemorra.org\\\/it\\\/#website\"},\"primaryImageOfPage\":{\"@id\":\"https:\\\/\\\/www.fondazionemorra.org\\\/it\\\/evento\\\/nanni-balestrini-sfinimondo\\\/#primaryimage\"},\"image\":{\"@id\":\"https:\\\/\\\/www.fondazionemorra.org\\\/it\\\/evento\\\/nanni-balestrini-sfinimondo\\\/#primaryimage\"},\"thumbnailUrl\":\"https:\\\/\\\/www.fondazionemorra.org\\\/wp-content\\\/uploads\\\/2020\\\/10\\\/INV0178_BALN01fronte.jpg\",\"datePublished\":\"2020-10-13T11:03:20+00:00\",\"dateModified\":\"2021-03-19T14:33:49+00:00\",\"breadcrumb\":{\"@id\":\"https:\\\/\\\/www.fondazionemorra.org\\\/it\\\/evento\\\/nanni-balestrini-sfinimondo\\\/#breadcrumb\"},\"inLanguage\":\"it-IT\",\"potentialAction\":[{\"@type\":\"ReadAction\",\"target\":[\"https:\\\/\\\/www.fondazionemorra.org\\\/it\\\/evento\\\/nanni-balestrini-sfinimondo\\\/\"]}]},{\"@type\":\"ImageObject\",\"inLanguage\":\"it-IT\",\"@id\":\"https:\\\/\\\/www.fondazionemorra.org\\\/it\\\/evento\\\/nanni-balestrini-sfinimondo\\\/#primaryimage\",\"url\":\"https:\\\/\\\/www.fondazionemorra.org\\\/wp-content\\\/uploads\\\/2020\\\/10\\\/INV0178_BALN01fronte.jpg\",\"contentUrl\":\"https:\\\/\\\/www.fondazionemorra.org\\\/wp-content\\\/uploads\\\/2020\\\/10\\\/INV0178_BALN01fronte.jpg\",\"width\":1200,\"height\":1183,\"caption\":\"Invito Sfinimondo, Nanni Balestrini, 2004, Palazzo dello Spagnuolo, Napoli\"},{\"@type\":\"BreadcrumbList\",\"@id\":\"https:\\\/\\\/www.fondazionemorra.org\\\/it\\\/evento\\\/nanni-balestrini-sfinimondo\\\/#breadcrumb\",\"itemListElement\":[{\"@type\":\"ListItem\",\"position\":1,\"name\":\"Home\",\"item\":\"https:\\\/\\\/www.fondazionemorra.org\\\/it\\\/\"},{\"@type\":\"ListItem\",\"position\":2,\"name\":\"Eventi\",\"item\":\"https:\\\/\\\/www.fondazionemorra.org\\\/it\\\/eventi\\\/\"},{\"@type\":\"ListItem\",\"position\":3,\"name\":\"Nanni Balestrini &#8211; Sfinimondo\"}]},{\"@type\":\"WebSite\",\"@id\":\"https:\\\/\\\/www.fondazionemorra.org\\\/it\\\/#website\",\"url\":\"https:\\\/\\\/www.fondazionemorra.org\\\/it\\\/\",\"name\":\"Fondazione Morra\",\"description\":\"\",\"publisher\":{\"@id\":\"https:\\\/\\\/www.fondazionemorra.org\\\/it\\\/#organization\"},\"potentialAction\":[{\"@type\":\"SearchAction\",\"target\":{\"@type\":\"EntryPoint\",\"urlTemplate\":\"https:\\\/\\\/www.fondazionemorra.org\\\/it\\\/?s={search_term_string}\"},\"query-input\":{\"@type\":\"PropertyValueSpecification\",\"valueRequired\":true,\"valueName\":\"search_term_string\"}}],\"inLanguage\":\"it-IT\"},{\"@type\":\"Organization\",\"@id\":\"https:\\\/\\\/www.fondazionemorra.org\\\/it\\\/#organization\",\"name\":\"Fondazione Morra\",\"url\":\"https:\\\/\\\/www.fondazionemorra.org\\\/it\\\/\",\"logo\":{\"@type\":\"ImageObject\",\"inLanguage\":\"it-IT\",\"@id\":\"https:\\\/\\\/www.fondazionemorra.org\\\/it\\\/#\\\/schema\\\/logo\\\/image\\\/\",\"url\":\"https:\\\/\\\/www.fondazionemorra.org\\\/wp-content\\\/uploads\\\/2021\\\/02\\\/logo.png\",\"contentUrl\":\"https:\\\/\\\/www.fondazionemorra.org\\\/wp-content\\\/uploads\\\/2021\\\/02\\\/logo.png\",\"width\":106,\"height\":114,\"caption\":\"Fondazione Morra\"},\"image\":{\"@id\":\"https:\\\/\\\/www.fondazionemorra.org\\\/it\\\/#\\\/schema\\\/logo\\\/image\\\/\"}}]}<\/script>\n<!-- \/ Yoast SEO plugin. -->","yoast_head_json":{"title":"Nanni Balestrini - Sfinimondo - Fondazione Morra","robots":{"index":"index","follow":"follow","max-snippet":"max-snippet:-1","max-image-preview":"max-image-preview:large","max-video-preview":"max-video-preview:-1"},"canonical":"https:\/\/www.fondazionemorra.org\/it\/evento\/nanni-balestrini-sfinimondo\/","og_locale":"it_IT","og_type":"article","og_title":"Nanni Balestrini - Sfinimondo - Fondazione Morra","og_description":"dal 20 maggio al 26 giugno 2004 OPENING 20 MAGGIO ore 19:00 Fondazione Morra &#8211; Palazzo dello Spagnuolo Via Vergini, 19 Napoli con un intervento di Achille Bonito Oliva Tommaso... Read more &raquo;","og_url":"https:\/\/www.fondazionemorra.org\/it\/evento\/nanni-balestrini-sfinimondo\/","og_site_name":"Fondazione Morra","article_modified_time":"2021-03-19T14:33:49+00:00","og_image":[{"width":1200,"height":1183,"url":"https:\/\/www.fondazionemorra.org\/wp-content\/uploads\/2020\/10\/INV0178_BALN01fronte.jpg","type":"image\/jpeg"}],"twitter_card":"summary_large_image","twitter_misc":{"Tempo di lettura stimato":"2 minuti"},"schema":{"@context":"https:\/\/schema.org","@graph":[{"@type":"WebPage","@id":"https:\/\/www.fondazionemorra.org\/it\/evento\/nanni-balestrini-sfinimondo\/","url":"https:\/\/www.fondazionemorra.org\/it\/evento\/nanni-balestrini-sfinimondo\/","name":"Nanni Balestrini - Sfinimondo - Fondazione Morra","isPartOf":{"@id":"https:\/\/www.fondazionemorra.org\/it\/#website"},"primaryImageOfPage":{"@id":"https:\/\/www.fondazionemorra.org\/it\/evento\/nanni-balestrini-sfinimondo\/#primaryimage"},"image":{"@id":"https:\/\/www.fondazionemorra.org\/it\/evento\/nanni-balestrini-sfinimondo\/#primaryimage"},"thumbnailUrl":"https:\/\/www.fondazionemorra.org\/wp-content\/uploads\/2020\/10\/INV0178_BALN01fronte.jpg","datePublished":"2020-10-13T11:03:20+00:00","dateModified":"2021-03-19T14:33:49+00:00","breadcrumb":{"@id":"https:\/\/www.fondazionemorra.org\/it\/evento\/nanni-balestrini-sfinimondo\/#breadcrumb"},"inLanguage":"it-IT","potentialAction":[{"@type":"ReadAction","target":["https:\/\/www.fondazionemorra.org\/it\/evento\/nanni-balestrini-sfinimondo\/"]}]},{"@type":"ImageObject","inLanguage":"it-IT","@id":"https:\/\/www.fondazionemorra.org\/it\/evento\/nanni-balestrini-sfinimondo\/#primaryimage","url":"https:\/\/www.fondazionemorra.org\/wp-content\/uploads\/2020\/10\/INV0178_BALN01fronte.jpg","contentUrl":"https:\/\/www.fondazionemorra.org\/wp-content\/uploads\/2020\/10\/INV0178_BALN01fronte.jpg","width":1200,"height":1183,"caption":"Invito Sfinimondo, Nanni Balestrini, 2004, Palazzo dello Spagnuolo, Napoli"},{"@type":"BreadcrumbList","@id":"https:\/\/www.fondazionemorra.org\/it\/evento\/nanni-balestrini-sfinimondo\/#breadcrumb","itemListElement":[{"@type":"ListItem","position":1,"name":"Home","item":"https:\/\/www.fondazionemorra.org\/it\/"},{"@type":"ListItem","position":2,"name":"Eventi","item":"https:\/\/www.fondazionemorra.org\/it\/eventi\/"},{"@type":"ListItem","position":3,"name":"Nanni Balestrini &#8211; Sfinimondo"}]},{"@type":"WebSite","@id":"https:\/\/www.fondazionemorra.org\/it\/#website","url":"https:\/\/www.fondazionemorra.org\/it\/","name":"Fondazione Morra","description":"","publisher":{"@id":"https:\/\/www.fondazionemorra.org\/it\/#organization"},"potentialAction":[{"@type":"SearchAction","target":{"@type":"EntryPoint","urlTemplate":"https:\/\/www.fondazionemorra.org\/it\/?s={search_term_string}"},"query-input":{"@type":"PropertyValueSpecification","valueRequired":true,"valueName":"search_term_string"}}],"inLanguage":"it-IT"},{"@type":"Organization","@id":"https:\/\/www.fondazionemorra.org\/it\/#organization","name":"Fondazione Morra","url":"https:\/\/www.fondazionemorra.org\/it\/","logo":{"@type":"ImageObject","inLanguage":"it-IT","@id":"https:\/\/www.fondazionemorra.org\/it\/#\/schema\/logo\/image\/","url":"https:\/\/www.fondazionemorra.org\/wp-content\/uploads\/2021\/02\/logo.png","contentUrl":"https:\/\/www.fondazionemorra.org\/wp-content\/uploads\/2021\/02\/logo.png","width":106,"height":114,"caption":"Fondazione Morra"},"image":{"@id":"https:\/\/www.fondazionemorra.org\/it\/#\/schema\/logo\/image\/"}}]}},"_links":{"self":[{"href":"https:\/\/www.fondazionemorra.org\/it\/wp-json\/wp\/v2\/tribe_events\/722","targetHints":{"allow":["GET"]}}],"collection":[{"href":"https:\/\/www.fondazionemorra.org\/it\/wp-json\/wp\/v2\/tribe_events"}],"about":[{"href":"https:\/\/www.fondazionemorra.org\/it\/wp-json\/wp\/v2\/types\/tribe_events"}],"author":[{"embeddable":true,"href":"https:\/\/www.fondazionemorra.org\/it\/wp-json\/wp\/v2\/users\/1"}],"version-history":[{"count":7,"href":"https:\/\/www.fondazionemorra.org\/it\/wp-json\/wp\/v2\/tribe_events\/722\/revisions"}],"predecessor-version":[{"id":5874,"href":"https:\/\/www.fondazionemorra.org\/it\/wp-json\/wp\/v2\/tribe_events\/722\/revisions\/5874"}],"wp:featuredmedia":[{"embeddable":true,"href":"https:\/\/www.fondazionemorra.org\/it\/wp-json\/wp\/v2\/media\/724"}],"wp:attachment":[{"href":"https:\/\/www.fondazionemorra.org\/it\/wp-json\/wp\/v2\/media?parent=722"}],"wp:term":[{"taxonomy":"post_tag","embeddable":true,"href":"https:\/\/www.fondazionemorra.org\/it\/wp-json\/wp\/v2\/tags?post=722"},{"taxonomy":"tribe_events_cat","embeddable":true,"href":"https:\/\/www.fondazionemorra.org\/it\/wp-json\/wp\/v2\/tribe_events_cat?post=722"}],"curies":[{"name":"wp","href":"https:\/\/api.w.org\/{rel}","templated":true}]}}