{"id":759,"date":"2020-10-15T14:11:10","date_gmt":"2020-10-15T12:11:10","guid":{"rendered":"http:\/\/www.fondazionemorra.org\/?post_type=tribe_events&#038;p=759"},"modified":"2020-10-15T14:21:36","modified_gmt":"2020-10-15T12:21:36","slug":"nanni-balestrini-cosaguardicosavuoivedere","status":"publish","type":"tribe_events","link":"https:\/\/www.fondazionemorra.org\/it\/evento\/nanni-balestrini-cosaguardicosavuoivedere\/","title":{"rendered":"Nanni Balestrini &#8211; COSAGUARDICOSAVUOIVEDERE"},"content":{"rendered":"<p><strong>22 ottobre &#8211; 8 dicembre 2009<\/strong><br \/>\nOPENING 22 OTTOBRE ORE 17:00<br \/>\n<strong>Fondazione Morra &#8211; Palazzo di Bagnara<br \/>\n<\/strong>Piazza Dante 89, Napoli<\/p>\n<p style=\"text-align: justify;\">Nanni Balestrini nutre gran affetto per questa citt\u00e0 ed ama mostrarle intimamente il suo pensiero con cadenze temporali quasi regolari. Un nuovo progetto COSAGUARDICOSAVUOIVEDERE creato da Balestrini per le suggestive stanze della Fondazione Morra, che fino al 8 dicembre si trasformano in dimora provvisoria.<\/p>\n<p style=\"text-align: justify;\">La scissione tra il linguaggio ed i suoi contenuti, occorsa nel \u2018900, libera una moltitudine di motivi e modalit\u00e0 stilistiche; Balestrini entra in questa esperienza della lingua come scrittore ma anche come artista, \u201c<em>\u2026Il testo si \u00e8 scomposto, sfaldato, \u00e8 uscito dalla linea, \u00e8 dilagato e ha invaso la superficie della pagina. \u00c8 stato naturale in questo processo un incontro tra letteratura e arte visiva, spesso praticate contemporaneamente da artisti-poeti<\/em>\u201d. (N. Balestrini)<\/p>\n<p style=\"text-align: justify;\">Da questo confronto tra la parola e lo spazio, la materia riempie i supporti, la lettera si mette in moto per creare composti mai visti ed impronunciabili. Attraverso la tecnica del cut-up, B. ricicla brandelli di testi altrui, perch\u00e9 \u201c\u2026ritiene che di testi se ne siano scritti fin troppi, e dunque non \u00e8 proprio il caso di aggiungerne altri, ai gi\u00e0 esistenti: baster\u00e0 lavorare di forbici, andare a isolare frasi, parole, anzi, mozziconi di parole, come estrarre pepite, gemme luccicanti, dal conglomerato delle rocce pi\u00f9 amorfe\u201d. (R. Barilli, Trattamenti Tipografici, in Con gli occhi del linguaggio, Fondazione Mudima)<\/p>\n<p style=\"text-align: justify;\">In questo scambio concettuale tra superficie e volume, le sue opere acquistano un plusvalore e divengono corpi; cos\u00ec, le sculture decorate rivelano la volont\u00e0 della scrittura, nella sua dimensione figurale, di fuoriuscire dai margini della pagina. In particolare, \u201c<em>\u2026l\u2019utilizzazione dei solidi classici come cilindri, prismi e cubi per introdurre la spazialit\u00e0 nella scrittura pu\u00f2 essere un primo passo quasi simbolico, una specie di messaggio introduttivo abbastanza perentorio per indicare la direzione nella quale ci si vuol muovere e per suggerire il tipo di lettura che si intende offrire<\/em>\u201d.<\/p>\n<p style=\"text-align: justify;\">La profondit\u00e0 ottica, cio\u00e8 l\u2019impressione di poter penetrare visivamente nelle superfici secondo diverse distanze dal piano di riferimento, entra in gioco; il lettore-spettatore \u00e8 coinvolto in uno sforzo fisico per avvicinarsi, allontanarsi, camminare intorno, in un movimento non imposto ma che \u00e8 il risultato di una libera interpretazione.<\/p>\n<p style=\"text-align: justify;\">I saloni di Palazzo Bagnara diventano cos\u00ec contenitori totali di un mondo verbale che attraverso la sua materialit\u00e0 insidia i significati delle parole, li rende ambigui, li fa esplodere, li dissemina, li annulla. Fino a far rimbalzare lo sguardo all\u2019interno di ognuno di noi, come si legge nell\u2019anello finale: GUARDATI DENTRO CAMBIA TE STESSO CAMBIA IL MONDO.<\/p>\n<p style=\"text-align: justify;\">La mostra \u00e8 accompagnata da un testo critico del prof. Achille Bonito Oliva, che sar\u00e0 presente all\u2019inaugurazione. E da un\u2019installazione Sonora di Morgan Bennett.<\/p>\n\n\t\t<style type=\"text\/css\">\n\t\t\t#gallery-1 {\n\t\t\t\tmargin: auto;\n\t\t\t}\n\t\t\t#gallery-1 .gallery-item {\n\t\t\t\tfloat: left;\n\t\t\t\tmargin-top: 10px;\n\t\t\t\ttext-align: center;\n\t\t\t\twidth: 100%;\n\t\t\t}\n\t\t\t#gallery-1 img {\n\t\t\t\tborder: 2px solid #cfcfcf;\n\t\t\t}\n\t\t\t#gallery-1 .gallery-caption {\n\t\t\t\tmargin-left: 0;\n\t\t\t}\n\t\t\t\/* see gallery_shortcode() in wp-includes\/media.php *\/\n\t\t<\/style>\n\t\t<div id='gallery-1' class='gallery galleryid-759 gallery-columns-1 gallery-size-large'><dl class='gallery-item'>\n\t\t\t<dt class='gallery-icon landscape'>\n\t\t\t\t<a href='https:\/\/www.fondazionemorra.org\/it\/evento\/nanni-balestrini-cosaguardicosavuoivedere\/n-balestrini-cosa-guardi-cosa-vuoi-vedere-p-zza-dante-napoli-2009-foto-di-f-donatof-morra-5\/'><img loading=\"lazy\" decoding=\"async\" width=\"1024\" height=\"680\" src=\"https:\/\/www.fondazionemorra.org\/wp-content\/uploads\/2020\/10\/N.Balestrini-Cosa-guardi-cosa-vuoi-vedere-P.zza-Dante-Napoli-2009-foto-di-F.donato\u00a9F.Morra-5-1024x680.jpg\" class=\"attachment-large size-large\" alt=\"\" aria-describedby=\"gallery-1-786\" srcset=\"https:\/\/www.fondazionemorra.org\/wp-content\/uploads\/2020\/10\/N.Balestrini-Cosa-guardi-cosa-vuoi-vedere-P.zza-Dante-Napoli-2009-foto-di-F.donato\u00a9F.Morra-5-1024x680.jpg 1024w, https:\/\/www.fondazionemorra.org\/wp-content\/uploads\/2020\/10\/N.Balestrini-Cosa-guardi-cosa-vuoi-vedere-P.zza-Dante-Napoli-2009-foto-di-F.donato\u00a9F.Morra-5-300x199.jpg 300w, https:\/\/www.fondazionemorra.org\/wp-content\/uploads\/2020\/10\/N.Balestrini-Cosa-guardi-cosa-vuoi-vedere-P.zza-Dante-Napoli-2009-foto-di-F.donato\u00a9F.Morra-5-768x510.jpg 768w, https:\/\/www.fondazionemorra.org\/wp-content\/uploads\/2020\/10\/N.Balestrini-Cosa-guardi-cosa-vuoi-vedere-P.zza-Dante-Napoli-2009-foto-di-F.donato\u00a9F.Morra-5.jpg 1200w\" sizes=\"auto, (max-width: 1024px) 100vw, 1024px\" \/><\/a>\n\t\t\t<\/dt>\n\t\t\t\t<dd class='wp-caption-text gallery-caption' id='gallery-1-786'>\n\t\t\t\tInstallation View, COSAGUARDICOSAVUOIVEDERE, Palazzo di Bagnara, 2009\nNanni Balestrini\n\u00a9 Photo Fabio Donato\nCourtesy Fondazione Morra\n\t\t\t\t<\/dd><\/dl><br style=\"clear: both\" \/><dl class='gallery-item'>\n\t\t\t<dt class='gallery-icon landscape'>\n\t\t\t\t<a href='https:\/\/www.fondazionemorra.org\/it\/evento\/nanni-balestrini-cosaguardicosavuoivedere\/n-balestrini-cosa-guardi-cosa-vuoi-vedere-p-zza-dante-napoli-2009-foto-di-f-donatof-morra-14\/'><img loading=\"lazy\" decoding=\"async\" width=\"1024\" height=\"680\" src=\"https:\/\/www.fondazionemorra.org\/wp-content\/uploads\/2020\/10\/N.Balestrini-Cosa-guardi-cosa-vuoi-vedere-P.zza-Dante-Napoli-2009-foto-di-F.donato\u00a9F.Morra-14-1024x680.jpg\" class=\"attachment-large size-large\" alt=\"\" aria-describedby=\"gallery-1-776\" srcset=\"https:\/\/www.fondazionemorra.org\/wp-content\/uploads\/2020\/10\/N.Balestrini-Cosa-guardi-cosa-vuoi-vedere-P.zza-Dante-Napoli-2009-foto-di-F.donato\u00a9F.Morra-14-1024x680.jpg 1024w, https:\/\/www.fondazionemorra.org\/wp-content\/uploads\/2020\/10\/N.Balestrini-Cosa-guardi-cosa-vuoi-vedere-P.zza-Dante-Napoli-2009-foto-di-F.donato\u00a9F.Morra-14-300x199.jpg 300w, https:\/\/www.fondazionemorra.org\/wp-content\/uploads\/2020\/10\/N.Balestrini-Cosa-guardi-cosa-vuoi-vedere-P.zza-Dante-Napoli-2009-foto-di-F.donato\u00a9F.Morra-14-768x510.jpg 768w, https:\/\/www.fondazionemorra.org\/wp-content\/uploads\/2020\/10\/N.Balestrini-Cosa-guardi-cosa-vuoi-vedere-P.zza-Dante-Napoli-2009-foto-di-F.donato\u00a9F.Morra-14.jpg 1200w\" sizes=\"auto, (max-width: 1024px) 100vw, 1024px\" \/><\/a>\n\t\t\t<\/dt>\n\t\t\t\t<dd class='wp-caption-text gallery-caption' id='gallery-1-776'>\n\t\t\t\tInstallation View (detail), COSAGUARDICOSAVUOIVEDERE, Palazzo di Bagnara, 2009\nNanni Balestrini\n\u00a9 Photo Fabio Donato\nCourtesy Fondazione Morra\n\t\t\t\t<\/dd><\/dl><br style=\"clear: both\" \/><dl class='gallery-item'>\n\t\t\t<dt class='gallery-icon landscape'>\n\t\t\t\t<a href='https:\/\/www.fondazionemorra.org\/it\/evento\/nanni-balestrini-cosaguardicosavuoivedere\/n-balestrini-cosa-guardi-cosa-vuoi-vedere-p-zza-dante-napoli-2009-foto-di-f-donatof-morra-16\/'><img loading=\"lazy\" decoding=\"async\" width=\"1024\" height=\"680\" src=\"https:\/\/www.fondazionemorra.org\/wp-content\/uploads\/2020\/10\/N.Balestrini-Cosa-guardi-cosa-vuoi-vedere-P.zza-Dante-Napoli-2009-foto-di-F.donato\u00a9F.Morra-16-1024x680.jpg\" class=\"attachment-large size-large\" alt=\"\" aria-describedby=\"gallery-1-780\" srcset=\"https:\/\/www.fondazionemorra.org\/wp-content\/uploads\/2020\/10\/N.Balestrini-Cosa-guardi-cosa-vuoi-vedere-P.zza-Dante-Napoli-2009-foto-di-F.donato\u00a9F.Morra-16-1024x680.jpg 1024w, https:\/\/www.fondazionemorra.org\/wp-content\/uploads\/2020\/10\/N.Balestrini-Cosa-guardi-cosa-vuoi-vedere-P.zza-Dante-Napoli-2009-foto-di-F.donato\u00a9F.Morra-16-300x199.jpg 300w, https:\/\/www.fondazionemorra.org\/wp-content\/uploads\/2020\/10\/N.Balestrini-Cosa-guardi-cosa-vuoi-vedere-P.zza-Dante-Napoli-2009-foto-di-F.donato\u00a9F.Morra-16-768x510.jpg 768w, https:\/\/www.fondazionemorra.org\/wp-content\/uploads\/2020\/10\/N.Balestrini-Cosa-guardi-cosa-vuoi-vedere-P.zza-Dante-Napoli-2009-foto-di-F.donato\u00a9F.Morra-16.jpg 1200w\" sizes=\"auto, (max-width: 1024px) 100vw, 1024px\" \/><\/a>\n\t\t\t<\/dt>\n\t\t\t\t<dd class='wp-caption-text gallery-caption' id='gallery-1-780'>\n\t\t\t\tInstallation View, COSAGUARDICOSAVUOIVEDERE, Palazzo di Bagnara, 2009\nNanni Balestrini\n\u00a9 Photo Fabio Donato\nCourtesy Fondazione Morra\n\t\t\t\t<\/dd><\/dl><br style=\"clear: both\" \/><dl class='gallery-item'>\n\t\t\t<dt class='gallery-icon landscape'>\n\t\t\t\t<a href='https:\/\/www.fondazionemorra.org\/it\/evento\/nanni-balestrini-cosaguardicosavuoivedere\/n-balestrini-cosa-guardi-cosa-vuoi-vedere-p-zza-dante-napoli-2009-foto-di-f-donatof-morra-15\/'><img loading=\"lazy\" decoding=\"async\" width=\"1024\" height=\"680\" src=\"https:\/\/www.fondazionemorra.org\/wp-content\/uploads\/2020\/10\/N.Balestrini-Cosa-guardi-cosa-vuoi-vedere-P.zza-Dante-Napoli-2009-foto-di-F.donato\u00a9F.Morra-15-1024x680.jpg\" class=\"attachment-large size-large\" alt=\"\" aria-describedby=\"gallery-1-778\" srcset=\"https:\/\/www.fondazionemorra.org\/wp-content\/uploads\/2020\/10\/N.Balestrini-Cosa-guardi-cosa-vuoi-vedere-P.zza-Dante-Napoli-2009-foto-di-F.donato\u00a9F.Morra-15-1024x680.jpg 1024w, https:\/\/www.fondazionemorra.org\/wp-content\/uploads\/2020\/10\/N.Balestrini-Cosa-guardi-cosa-vuoi-vedere-P.zza-Dante-Napoli-2009-foto-di-F.donato\u00a9F.Morra-15-300x199.jpg 300w, https:\/\/www.fondazionemorra.org\/wp-content\/uploads\/2020\/10\/N.Balestrini-Cosa-guardi-cosa-vuoi-vedere-P.zza-Dante-Napoli-2009-foto-di-F.donato\u00a9F.Morra-15-768x510.jpg 768w, https:\/\/www.fondazionemorra.org\/wp-content\/uploads\/2020\/10\/N.Balestrini-Cosa-guardi-cosa-vuoi-vedere-P.zza-Dante-Napoli-2009-foto-di-F.donato\u00a9F.Morra-15.jpg 1200w\" sizes=\"auto, (max-width: 1024px) 100vw, 1024px\" \/><\/a>\n\t\t\t<\/dt>\n\t\t\t\t<dd class='wp-caption-text gallery-caption' id='gallery-1-778'>\n\t\t\t\tInstallation View (detail), COSAGUARDICOSAVUOIVEDERE, Palazzo di Bagnara, 2009\nNanni Balestrini\n\u00a9 Photo Fabio Donato\nCourtesy Fondazione Morra\n\t\t\t\t<\/dd><\/dl><br style=\"clear: both\" \/><dl class='gallery-item'>\n\t\t\t<dt class='gallery-icon portrait'>\n\t\t\t\t<a href='https:\/\/www.fondazionemorra.org\/it\/evento\/nanni-balestrini-cosaguardicosavuoivedere\/n-balestrini-cosa-guardi-cosa-vuoi-vedere-p-zza-dante-napoli-2009-foto-di-f-donatof-morra-4\/'><img loading=\"lazy\" decoding=\"async\" width=\"680\" height=\"1024\" src=\"https:\/\/www.fondazionemorra.org\/wp-content\/uploads\/2020\/10\/N.Balestrini-Cosa-guardi-cosa-vuoi-vedere-P.zza-Dante-Napoli-2009-foto-di-F.donato\u00a9F.Morra-4-680x1024.jpg\" class=\"attachment-large size-large\" alt=\"\" aria-describedby=\"gallery-1-784\" srcset=\"https:\/\/www.fondazionemorra.org\/wp-content\/uploads\/2020\/10\/N.Balestrini-Cosa-guardi-cosa-vuoi-vedere-P.zza-Dante-Napoli-2009-foto-di-F.donato\u00a9F.Morra-4-680x1024.jpg 680w, https:\/\/www.fondazionemorra.org\/wp-content\/uploads\/2020\/10\/N.Balestrini-Cosa-guardi-cosa-vuoi-vedere-P.zza-Dante-Napoli-2009-foto-di-F.donato\u00a9F.Morra-4-199x300.jpg 199w, https:\/\/www.fondazionemorra.org\/wp-content\/uploads\/2020\/10\/N.Balestrini-Cosa-guardi-cosa-vuoi-vedere-P.zza-Dante-Napoli-2009-foto-di-F.donato\u00a9F.Morra-4-768x1156.jpg 768w, https:\/\/www.fondazionemorra.org\/wp-content\/uploads\/2020\/10\/N.Balestrini-Cosa-guardi-cosa-vuoi-vedere-P.zza-Dante-Napoli-2009-foto-di-F.donato\u00a9F.Morra-4.jpg 797w\" sizes=\"auto, (max-width: 680px) 100vw, 680px\" \/><\/a>\n\t\t\t<\/dt>\n\t\t\t\t<dd class='wp-caption-text gallery-caption' id='gallery-1-784'>\n\t\t\t\tInstallation View, COSAGUARDICOSAVUOIVEDERE, Palazzo di Bagnara, 2009\nNanni Balestrini\n\u00a9 Photo Fabio Donato\nCourtesy Fondazione Morra\n\t\t\t\t<\/dd><\/dl><br style=\"clear: both\" \/><dl class='gallery-item'>\n\t\t\t<dt class='gallery-icon landscape'>\n\t\t\t\t<a href='https:\/\/www.fondazionemorra.org\/it\/evento\/nanni-balestrini-cosaguardicosavuoivedere\/n-balestrini-cosa-guardi-cosa-vuoi-vedere-p-zza-dante-napoli-2009-foto-di-f-donatof-morra-13\/'><img loading=\"lazy\" decoding=\"async\" width=\"1024\" height=\"680\" src=\"https:\/\/www.fondazionemorra.org\/wp-content\/uploads\/2020\/10\/N.Balestrini-Cosa-guardi-cosa-vuoi-vedere-P.zza-Dante-Napoli-2009-foto-di-F.donato\u00a9F.Morra-13-1024x680.jpg\" class=\"attachment-large size-large\" alt=\"\" aria-describedby=\"gallery-1-790\" srcset=\"https:\/\/www.fondazionemorra.org\/wp-content\/uploads\/2020\/10\/N.Balestrini-Cosa-guardi-cosa-vuoi-vedere-P.zza-Dante-Napoli-2009-foto-di-F.donato\u00a9F.Morra-13-1024x680.jpg 1024w, https:\/\/www.fondazionemorra.org\/wp-content\/uploads\/2020\/10\/N.Balestrini-Cosa-guardi-cosa-vuoi-vedere-P.zza-Dante-Napoli-2009-foto-di-F.donato\u00a9F.Morra-13-300x199.jpg 300w, https:\/\/www.fondazionemorra.org\/wp-content\/uploads\/2020\/10\/N.Balestrini-Cosa-guardi-cosa-vuoi-vedere-P.zza-Dante-Napoli-2009-foto-di-F.donato\u00a9F.Morra-13-768x510.jpg 768w, https:\/\/www.fondazionemorra.org\/wp-content\/uploads\/2020\/10\/N.Balestrini-Cosa-guardi-cosa-vuoi-vedere-P.zza-Dante-Napoli-2009-foto-di-F.donato\u00a9F.Morra-13.jpg 1200w\" sizes=\"auto, (max-width: 1024px) 100vw, 1024px\" \/><\/a>\n\t\t\t<\/dt>\n\t\t\t\t<dd class='wp-caption-text gallery-caption' id='gallery-1-790'>\n\t\t\t\tInstallation View, COSAGUARDICOSAVUOIVEDERE, Palazzo di Bagnara, 2009\nNanni Balestrini\n\u00a9 Photo Fabio Donato\nCourtesy Fondazione Morra\n\t\t\t\t<\/dd><\/dl><br style=\"clear: both\" \/><dl class='gallery-item'>\n\t\t\t<dt class='gallery-icon portrait'>\n\t\t\t\t<a href='https:\/\/www.fondazionemorra.org\/it\/evento\/nanni-balestrini-cosaguardicosavuoivedere\/n-balestrini-cosa-guardi-cosa-vuoi-vedere-p-zza-dante-napoli-2009-foto-di-f-donatof-morra-7\/'><img loading=\"lazy\" decoding=\"async\" width=\"657\" height=\"1024\" src=\"https:\/\/www.fondazionemorra.org\/wp-content\/uploads\/2020\/10\/N.Balestrini-Cosa-guardi-cosa-vuoi-vedere-P.zza-Dante-Napoli-2009-foto-di-F.donato\u00a9F.Morra-7-657x1024.jpg\" class=\"attachment-large size-large\" alt=\"\" aria-describedby=\"gallery-1-788\" srcset=\"https:\/\/www.fondazionemorra.org\/wp-content\/uploads\/2020\/10\/N.Balestrini-Cosa-guardi-cosa-vuoi-vedere-P.zza-Dante-Napoli-2009-foto-di-F.donato\u00a9F.Morra-7-657x1024.jpg 657w, https:\/\/www.fondazionemorra.org\/wp-content\/uploads\/2020\/10\/N.Balestrini-Cosa-guardi-cosa-vuoi-vedere-P.zza-Dante-Napoli-2009-foto-di-F.donato\u00a9F.Morra-7-193x300.jpg 193w, https:\/\/www.fondazionemorra.org\/wp-content\/uploads\/2020\/10\/N.Balestrini-Cosa-guardi-cosa-vuoi-vedere-P.zza-Dante-Napoli-2009-foto-di-F.donato\u00a9F.Morra-7-768x1197.jpg 768w, https:\/\/www.fondazionemorra.org\/wp-content\/uploads\/2020\/10\/N.Balestrini-Cosa-guardi-cosa-vuoi-vedere-P.zza-Dante-Napoli-2009-foto-di-F.donato\u00a9F.Morra-7.jpg 770w\" sizes=\"auto, (max-width: 657px) 100vw, 657px\" \/><\/a>\n\t\t\t<\/dt>\n\t\t\t\t<dd class='wp-caption-text gallery-caption' id='gallery-1-788'>\n\t\t\t\tInstallation View, COSAGUARDICOSAVUOIVEDERE, Palazzo di Bagnara, 2009\nNanni Balestrini\n\u00a9 Photo Fabio Donato\nCourtesy Fondazione Morra\n\t\t\t\t<\/dd><\/dl><br style=\"clear: both\" \/><dl class='gallery-item'>\n\t\t\t<dt class='gallery-icon landscape'>\n\t\t\t\t<a href='https:\/\/www.fondazionemorra.org\/it\/evento\/nanni-balestrini-cosaguardicosavuoivedere\/n-balestrini-cosa-guardi-cosa-vuoi-vedere-p-zza-dante-napoli-2009-foto-di-f-donatof-morra\/'><img loading=\"lazy\" decoding=\"async\" width=\"1024\" height=\"680\" src=\"https:\/\/www.fondazionemorra.org\/wp-content\/uploads\/2020\/10\/N.Balestrini-Cosa-guardi-cosa-vuoi-vedere-P.zza-Dante-Napoli-2009-foto-di-F.donato\u00a9F.Morra_-1024x680.jpg\" class=\"attachment-large size-large\" alt=\"\" aria-describedby=\"gallery-1-782\" srcset=\"https:\/\/www.fondazionemorra.org\/wp-content\/uploads\/2020\/10\/N.Balestrini-Cosa-guardi-cosa-vuoi-vedere-P.zza-Dante-Napoli-2009-foto-di-F.donato\u00a9F.Morra_-1024x680.jpg 1024w, https:\/\/www.fondazionemorra.org\/wp-content\/uploads\/2020\/10\/N.Balestrini-Cosa-guardi-cosa-vuoi-vedere-P.zza-Dante-Napoli-2009-foto-di-F.donato\u00a9F.Morra_-300x199.jpg 300w, https:\/\/www.fondazionemorra.org\/wp-content\/uploads\/2020\/10\/N.Balestrini-Cosa-guardi-cosa-vuoi-vedere-P.zza-Dante-Napoli-2009-foto-di-F.donato\u00a9F.Morra_-768x510.jpg 768w, https:\/\/www.fondazionemorra.org\/wp-content\/uploads\/2020\/10\/N.Balestrini-Cosa-guardi-cosa-vuoi-vedere-P.zza-Dante-Napoli-2009-foto-di-F.donato\u00a9F.Morra_.jpg 1200w\" sizes=\"auto, (max-width: 1024px) 100vw, 1024px\" \/><\/a>\n\t\t\t<\/dt>\n\t\t\t\t<dd class='wp-caption-text gallery-caption' id='gallery-1-782'>\n\t\t\t\tInstallation View, COSAGUARDICOSAVUOIVEDERE, Palazzo di Bagnara, 2009\nNanni Balestrini\n\u00a9 Photo Fabio Donato\nCourtesy Fondazione Morra\n\t\t\t\t<\/dd><\/dl><br style=\"clear: both\" \/>\n\t\t<\/div>\n\n","protected":false},"excerpt":{"rendered":"<p>22 ottobre &#8211; 8 dicembre 2009 OPENING 22 OTTOBRE ORE 17:00 Fondazione Morra &#8211; Palazzo di Bagnara Piazza Dante 89, Napoli Nanni Balestrini nutre gran affetto per questa citt\u00e0 ed<a class=\"excerpt-read-more\" href=\"https:\/\/www.fondazionemorra.org\/it\/evento\/nanni-balestrini-cosaguardicosavuoivedere\/\" title=\"ReadNanni Balestrini &#8211; COSAGUARDICOSAVUOIVEDERE\">&#8230; Read more &raquo;<\/a><\/p>\n","protected":false},"author":1,"featured_media":793,"template":"","meta":{"_acf_changed":false,"_tribe_events_status":"","_tribe_events_status_reason":"","footnotes":""},"tags":[],"tribe_events_cat":[],"class_list":["post-759","tribe_events","type-tribe_events","status-publish","has-post-thumbnail","hentry"],"acf":[],"yoast_head":"<!-- This site is optimized with the Yoast SEO plugin v27.4 - https:\/\/yoast.com\/product\/yoast-seo-wordpress\/ -->\n<title>Nanni Balestrini - COSAGUARDICOSAVUOIVEDERE - Fondazione Morra<\/title>\n<meta name=\"robots\" content=\"index, follow, max-snippet:-1, max-image-preview:large, max-video-preview:-1\" \/>\n<link rel=\"canonical\" href=\"https:\/\/www.fondazionemorra.org\/it\/evento\/nanni-balestrini-cosaguardicosavuoivedere\/\" \/>\n<meta property=\"og:locale\" content=\"it_IT\" \/>\n<meta property=\"og:type\" content=\"article\" \/>\n<meta property=\"og:title\" content=\"Nanni Balestrini - COSAGUARDICOSAVUOIVEDERE - Fondazione Morra\" \/>\n<meta property=\"og:description\" content=\"22 ottobre &#8211; 8 dicembre 2009 OPENING 22 OTTOBRE ORE 17:00 Fondazione Morra &#8211; Palazzo di Bagnara Piazza Dante 89, Napoli Nanni Balestrini nutre gran affetto per questa citt\u00e0 ed... Read more &raquo;\" \/>\n<meta property=\"og:url\" content=\"https:\/\/www.fondazionemorra.org\/it\/evento\/nanni-balestrini-cosaguardicosavuoivedere\/\" \/>\n<meta property=\"og:site_name\" content=\"Fondazione Morra\" \/>\n<meta property=\"article:modified_time\" content=\"2020-10-15T12:21:36+00:00\" \/>\n<meta property=\"og:image\" content=\"https:\/\/www.fondazionemorra.org\/wp-content\/uploads\/2020\/10\/balestrini-01.jpg\" \/>\n\t<meta property=\"og:image:width\" content=\"1194\" \/>\n\t<meta property=\"og:image:height\" content=\"1200\" \/>\n\t<meta property=\"og:image:type\" content=\"image\/jpeg\" \/>\n<meta name=\"twitter:card\" content=\"summary_large_image\" \/>\n<meta name=\"twitter:label1\" content=\"Tempo di lettura stimato\" \/>\n\t<meta name=\"twitter:data1\" content=\"2 minuti\" \/>\n<script type=\"application\/ld+json\" class=\"yoast-schema-graph\">{\"@context\":\"https:\\\/\\\/schema.org\",\"@graph\":[{\"@type\":\"WebPage\",\"@id\":\"https:\\\/\\\/www.fondazionemorra.org\\\/it\\\/evento\\\/nanni-balestrini-cosaguardicosavuoivedere\\\/\",\"url\":\"https:\\\/\\\/www.fondazionemorra.org\\\/it\\\/evento\\\/nanni-balestrini-cosaguardicosavuoivedere\\\/\",\"name\":\"Nanni Balestrini - COSAGUARDICOSAVUOIVEDERE - Fondazione Morra\",\"isPartOf\":{\"@id\":\"https:\\\/\\\/www.fondazionemorra.org\\\/it\\\/#website\"},\"primaryImageOfPage\":{\"@id\":\"https:\\\/\\\/www.fondazionemorra.org\\\/it\\\/evento\\\/nanni-balestrini-cosaguardicosavuoivedere\\\/#primaryimage\"},\"image\":{\"@id\":\"https:\\\/\\\/www.fondazionemorra.org\\\/it\\\/evento\\\/nanni-balestrini-cosaguardicosavuoivedere\\\/#primaryimage\"},\"thumbnailUrl\":\"https:\\\/\\\/www.fondazionemorra.org\\\/wp-content\\\/uploads\\\/2020\\\/10\\\/balestrini-01.jpg\",\"datePublished\":\"2020-10-15T12:11:10+00:00\",\"dateModified\":\"2020-10-15T12:21:36+00:00\",\"breadcrumb\":{\"@id\":\"https:\\\/\\\/www.fondazionemorra.org\\\/it\\\/evento\\\/nanni-balestrini-cosaguardicosavuoivedere\\\/#breadcrumb\"},\"inLanguage\":\"it-IT\",\"potentialAction\":[{\"@type\":\"ReadAction\",\"target\":[\"https:\\\/\\\/www.fondazionemorra.org\\\/it\\\/evento\\\/nanni-balestrini-cosaguardicosavuoivedere\\\/\"]}]},{\"@type\":\"ImageObject\",\"inLanguage\":\"it-IT\",\"@id\":\"https:\\\/\\\/www.fondazionemorra.org\\\/it\\\/evento\\\/nanni-balestrini-cosaguardicosavuoivedere\\\/#primaryimage\",\"url\":\"https:\\\/\\\/www.fondazionemorra.org\\\/wp-content\\\/uploads\\\/2020\\\/10\\\/balestrini-01.jpg\",\"contentUrl\":\"https:\\\/\\\/www.fondazionemorra.org\\\/wp-content\\\/uploads\\\/2020\\\/10\\\/balestrini-01.jpg\",\"width\":1194,\"height\":1200,\"caption\":\"Nanni Balestrini, COSAGUARDICOSAVUOIVEDERE\"},{\"@type\":\"BreadcrumbList\",\"@id\":\"https:\\\/\\\/www.fondazionemorra.org\\\/it\\\/evento\\\/nanni-balestrini-cosaguardicosavuoivedere\\\/#breadcrumb\",\"itemListElement\":[{\"@type\":\"ListItem\",\"position\":1,\"name\":\"Home\",\"item\":\"https:\\\/\\\/www.fondazionemorra.org\\\/it\\\/\"},{\"@type\":\"ListItem\",\"position\":2,\"name\":\"Eventi\",\"item\":\"https:\\\/\\\/www.fondazionemorra.org\\\/it\\\/eventi\\\/\"},{\"@type\":\"ListItem\",\"position\":3,\"name\":\"Nanni Balestrini &#8211; COSAGUARDICOSAVUOIVEDERE\"}]},{\"@type\":\"WebSite\",\"@id\":\"https:\\\/\\\/www.fondazionemorra.org\\\/it\\\/#website\",\"url\":\"https:\\\/\\\/www.fondazionemorra.org\\\/it\\\/\",\"name\":\"Fondazione Morra\",\"description\":\"\",\"publisher\":{\"@id\":\"https:\\\/\\\/www.fondazionemorra.org\\\/it\\\/#organization\"},\"potentialAction\":[{\"@type\":\"SearchAction\",\"target\":{\"@type\":\"EntryPoint\",\"urlTemplate\":\"https:\\\/\\\/www.fondazionemorra.org\\\/it\\\/?s={search_term_string}\"},\"query-input\":{\"@type\":\"PropertyValueSpecification\",\"valueRequired\":true,\"valueName\":\"search_term_string\"}}],\"inLanguage\":\"it-IT\"},{\"@type\":\"Organization\",\"@id\":\"https:\\\/\\\/www.fondazionemorra.org\\\/it\\\/#organization\",\"name\":\"Fondazione Morra\",\"url\":\"https:\\\/\\\/www.fondazionemorra.org\\\/it\\\/\",\"logo\":{\"@type\":\"ImageObject\",\"inLanguage\":\"it-IT\",\"@id\":\"https:\\\/\\\/www.fondazionemorra.org\\\/it\\\/#\\\/schema\\\/logo\\\/image\\\/\",\"url\":\"https:\\\/\\\/www.fondazionemorra.org\\\/wp-content\\\/uploads\\\/2021\\\/02\\\/logo.png\",\"contentUrl\":\"https:\\\/\\\/www.fondazionemorra.org\\\/wp-content\\\/uploads\\\/2021\\\/02\\\/logo.png\",\"width\":106,\"height\":114,\"caption\":\"Fondazione Morra\"},\"image\":{\"@id\":\"https:\\\/\\\/www.fondazionemorra.org\\\/it\\\/#\\\/schema\\\/logo\\\/image\\\/\"}}]}<\/script>\n<!-- \/ Yoast SEO plugin. -->","yoast_head_json":{"title":"Nanni Balestrini - COSAGUARDICOSAVUOIVEDERE - Fondazione Morra","robots":{"index":"index","follow":"follow","max-snippet":"max-snippet:-1","max-image-preview":"max-image-preview:large","max-video-preview":"max-video-preview:-1"},"canonical":"https:\/\/www.fondazionemorra.org\/it\/evento\/nanni-balestrini-cosaguardicosavuoivedere\/","og_locale":"it_IT","og_type":"article","og_title":"Nanni Balestrini - COSAGUARDICOSAVUOIVEDERE - Fondazione Morra","og_description":"22 ottobre &#8211; 8 dicembre 2009 OPENING 22 OTTOBRE ORE 17:00 Fondazione Morra &#8211; Palazzo di Bagnara Piazza Dante 89, Napoli Nanni Balestrini nutre gran affetto per questa citt\u00e0 ed... Read more &raquo;","og_url":"https:\/\/www.fondazionemorra.org\/it\/evento\/nanni-balestrini-cosaguardicosavuoivedere\/","og_site_name":"Fondazione Morra","article_modified_time":"2020-10-15T12:21:36+00:00","og_image":[{"width":1194,"height":1200,"url":"https:\/\/www.fondazionemorra.org\/wp-content\/uploads\/2020\/10\/balestrini-01.jpg","type":"image\/jpeg"}],"twitter_card":"summary_large_image","twitter_misc":{"Tempo di lettura stimato":"2 minuti"},"schema":{"@context":"https:\/\/schema.org","@graph":[{"@type":"WebPage","@id":"https:\/\/www.fondazionemorra.org\/it\/evento\/nanni-balestrini-cosaguardicosavuoivedere\/","url":"https:\/\/www.fondazionemorra.org\/it\/evento\/nanni-balestrini-cosaguardicosavuoivedere\/","name":"Nanni Balestrini - COSAGUARDICOSAVUOIVEDERE - Fondazione Morra","isPartOf":{"@id":"https:\/\/www.fondazionemorra.org\/it\/#website"},"primaryImageOfPage":{"@id":"https:\/\/www.fondazionemorra.org\/it\/evento\/nanni-balestrini-cosaguardicosavuoivedere\/#primaryimage"},"image":{"@id":"https:\/\/www.fondazionemorra.org\/it\/evento\/nanni-balestrini-cosaguardicosavuoivedere\/#primaryimage"},"thumbnailUrl":"https:\/\/www.fondazionemorra.org\/wp-content\/uploads\/2020\/10\/balestrini-01.jpg","datePublished":"2020-10-15T12:11:10+00:00","dateModified":"2020-10-15T12:21:36+00:00","breadcrumb":{"@id":"https:\/\/www.fondazionemorra.org\/it\/evento\/nanni-balestrini-cosaguardicosavuoivedere\/#breadcrumb"},"inLanguage":"it-IT","potentialAction":[{"@type":"ReadAction","target":["https:\/\/www.fondazionemorra.org\/it\/evento\/nanni-balestrini-cosaguardicosavuoivedere\/"]}]},{"@type":"ImageObject","inLanguage":"it-IT","@id":"https:\/\/www.fondazionemorra.org\/it\/evento\/nanni-balestrini-cosaguardicosavuoivedere\/#primaryimage","url":"https:\/\/www.fondazionemorra.org\/wp-content\/uploads\/2020\/10\/balestrini-01.jpg","contentUrl":"https:\/\/www.fondazionemorra.org\/wp-content\/uploads\/2020\/10\/balestrini-01.jpg","width":1194,"height":1200,"caption":"Nanni Balestrini, COSAGUARDICOSAVUOIVEDERE"},{"@type":"BreadcrumbList","@id":"https:\/\/www.fondazionemorra.org\/it\/evento\/nanni-balestrini-cosaguardicosavuoivedere\/#breadcrumb","itemListElement":[{"@type":"ListItem","position":1,"name":"Home","item":"https:\/\/www.fondazionemorra.org\/it\/"},{"@type":"ListItem","position":2,"name":"Eventi","item":"https:\/\/www.fondazionemorra.org\/it\/eventi\/"},{"@type":"ListItem","position":3,"name":"Nanni Balestrini &#8211; COSAGUARDICOSAVUOIVEDERE"}]},{"@type":"WebSite","@id":"https:\/\/www.fondazionemorra.org\/it\/#website","url":"https:\/\/www.fondazionemorra.org\/it\/","name":"Fondazione Morra","description":"","publisher":{"@id":"https:\/\/www.fondazionemorra.org\/it\/#organization"},"potentialAction":[{"@type":"SearchAction","target":{"@type":"EntryPoint","urlTemplate":"https:\/\/www.fondazionemorra.org\/it\/?s={search_term_string}"},"query-input":{"@type":"PropertyValueSpecification","valueRequired":true,"valueName":"search_term_string"}}],"inLanguage":"it-IT"},{"@type":"Organization","@id":"https:\/\/www.fondazionemorra.org\/it\/#organization","name":"Fondazione Morra","url":"https:\/\/www.fondazionemorra.org\/it\/","logo":{"@type":"ImageObject","inLanguage":"it-IT","@id":"https:\/\/www.fondazionemorra.org\/it\/#\/schema\/logo\/image\/","url":"https:\/\/www.fondazionemorra.org\/wp-content\/uploads\/2021\/02\/logo.png","contentUrl":"https:\/\/www.fondazionemorra.org\/wp-content\/uploads\/2021\/02\/logo.png","width":106,"height":114,"caption":"Fondazione Morra"},"image":{"@id":"https:\/\/www.fondazionemorra.org\/it\/#\/schema\/logo\/image\/"}}]}},"_links":{"self":[{"href":"https:\/\/www.fondazionemorra.org\/it\/wp-json\/wp\/v2\/tribe_events\/759","targetHints":{"allow":["GET"]}}],"collection":[{"href":"https:\/\/www.fondazionemorra.org\/it\/wp-json\/wp\/v2\/tribe_events"}],"about":[{"href":"https:\/\/www.fondazionemorra.org\/it\/wp-json\/wp\/v2\/types\/tribe_events"}],"author":[{"embeddable":true,"href":"https:\/\/www.fondazionemorra.org\/it\/wp-json\/wp\/v2\/users\/1"}],"version-history":[{"count":3,"href":"https:\/\/www.fondazionemorra.org\/it\/wp-json\/wp\/v2\/tribe_events\/759\/revisions"}],"predecessor-version":[{"id":796,"href":"https:\/\/www.fondazionemorra.org\/it\/wp-json\/wp\/v2\/tribe_events\/759\/revisions\/796"}],"wp:featuredmedia":[{"embeddable":true,"href":"https:\/\/www.fondazionemorra.org\/it\/wp-json\/wp\/v2\/media\/793"}],"wp:attachment":[{"href":"https:\/\/www.fondazionemorra.org\/it\/wp-json\/wp\/v2\/media?parent=759"}],"wp:term":[{"taxonomy":"post_tag","embeddable":true,"href":"https:\/\/www.fondazionemorra.org\/it\/wp-json\/wp\/v2\/tags?post=759"},{"taxonomy":"tribe_events_cat","embeddable":true,"href":"https:\/\/www.fondazionemorra.org\/it\/wp-json\/wp\/v2\/tribe_events_cat?post=759"}],"curies":[{"name":"wp","href":"https:\/\/api.w.org\/{rel}","templated":true}]}}