{"id":8106,"date":"2022-05-23T14:50:53","date_gmt":"2022-05-23T12:50:53","guid":{"rendered":"https:\/\/www.fondazionemorra.org\/?post_type=tribe_events&#038;p=8106"},"modified":"2022-05-23T14:50:53","modified_gmt":"2022-05-23T12:50:53","slug":"presentazione-libro-presentimenti-del-mondo-senza-tempo-scritti-su-emilio-villa","status":"publish","type":"tribe_events","link":"https:\/\/www.fondazionemorra.org\/it\/evento\/presentazione-libro-presentimenti-del-mondo-senza-tempo-scritti-su-emilio-villa\/","title":{"rendered":"Presentazione libro Presentimenti del mondo senza tempo. Scritti su Emilio Villa"},"content":{"rendered":"<p><strong>30 maggio 2022<\/strong><br \/>\nINIZIO ORE 18:00<br \/>\n<strong>Casa Morra. Archivi d\u2019Arte Contemporanea<\/strong><br \/>\nSalita San Raffaele 20\/c, 80136 Napoli<\/p>\n<p>Presentazione in anteprima nazionale del libro<\/p>\n<p><strong><em>Presentimenti del mondo senza tempo. Scritti su Emilio Villa<\/em><\/strong><\/p>\n<p><em>di Aldo Tagliaferri<br \/>\na cura di Gian Paolo Renello<\/em><\/p>\n<p>Luned\u00ec 30 maggio alle ore 18:00 si terr\u00e0 in <u>anteprima nazionale<\/u> la presentazione del libro <em>Presentimenti del mondo senza tempo. Scritti su Emilio Villa<\/em>, di Aldo Tagliaferri, a cura di Gian Paolo Renello, Argolibri editore, Ancona, 2022.<\/p>\n<p>Interverranno il curatore Gian Paolo Renello e Giancarlo Alfano, Docente di Letteratura Italiana all\u2019Universit\u00e0 Federico II di Napoli.<\/p>\n<p>Il volume raccoglie per la prima volta tutti i saggi e gli scritti pi\u00f9 importanti dedicati da Aldo Tagliaferri a Emilio Villa in oltre 40 anni di critica serratissima. Compendio di una vita all\u2019inseguimento della labirintica e\u00a0sibillina poetica villiana, Aldo Tagliaferri, uno dei massimi critici viventi, pubblica forse il suo libro pi\u00f9 importante, un libro destinato a divenire un classico della critica letteraria, chiave d\u2019accesso indispensabile all\u2019opera caleidoscopica del genio villiano e ai processi culturali di ibridazione e mutamento in atto nel secondo novecento, italiano e internazionale. Il volume, curato da Gian Paolo Renello, si compone di sedici saggi, di una video-intervista dal titolo <em>Esprimere l\u2019inesprimibile<\/em> (in QR code nel libro, a cura di Giuseppe Sterparelli e Gian Paolo Renello) e accoglie al suo interno preziosi documenti inediti, tra cui due Labirinti villiani e una cartolina di Marcel Duchamp inviata all\u2019amico \u201cVilladrome\u201d. Il libro viene pubblicato in un periodo che il critico Andrea Cortellessa ha giustamente definito \u201cVilla-Renaissance\u201d: non si contano infatti le mostre dedicate ai lavori e alle opere di Villa (solo nel 2021 a Roma e Macerata), i convegni in Italia e all\u2019estero (in via di creazione un centro studi internazionale a lui dedicato), come le pubblicazioni di inediti e nuovi studi (sempre per Argolibri, nel 2021<em>, Rovesciare lo sguardo. I Tarocchi di Emilio Villa, <\/em>a cura di Bianca Battilocchi).<\/p>\n<p>\u00abQuando in alcune storie o antologie della poesia italiana alla cancellazione si \u00e8 sostituita una annessione frettolosa, la pezza \u00e8 risultata spesso pi\u00f9 molesta del vuoto cui si intendeva rimediare perch\u00e9 faceva risaltare la natura piattamente storicistica e acritica di prontuari cui i curatori, ritardatari cronici, desiderano soprattutto mostrarsi <em>\u00e0 la page<\/em>. L\u2019obiettiva difficolt\u00e0 con la quale deve fare i conti un lettore alle prese con un opus disperso in tante pubblicazioni apparse in tiratura limitata, e per lo pi\u00f9 alla macchia, \u00e8 stata aggirata nel modo pi\u00f9 efficace e convincente dai poeti che, nonostante l\u2019alto tasso di conflittualit\u00e0 riscontrabile tra di loro, nei testi a loro disposizione hanno trovato pane per i loro denti. Ci\u00f2 non avvenne con Montale, forse annebbiato dalla hybris cui sono esposti i vincitori di un premio Nobel, n\u00e9 con Sanguineti, avviato a riproporre un improbabile connubio tra avanguardismo artistico e marxismo-leninismo, ma cosi accadde, per esempio, con Adriano Spatola nel 1975, con Giovanni Raboni nel 1989, con Lello Voce nel 1994 e con Andrea Zanzotto nel 1998. Zanzotto, che meglio di chiunque altro aveva seguito per anni le vicende della poesia villiana, intorno alla quale aveva maturato salde convinzioni, rispondendo nel 2006 al mio invio di una copia di Niger mundus commentava \u201cPeccato che simili gioielli siano tagliati fuori dalla grande distribuzione. Comunque Villa pi\u00f9 scompare pi\u00f9 \u00e8 presente&#8230;\u201d (i puntini di sospensione sono di Zanzotto)\u00bb.<\/p>\n<p>(Da A. Tagliaferri, &#8220;Prolegomeni villiani&#8221;, in \u201cPresentimenti del mondo senza tempo. Scritti su Emilio Villa\u201d, Argolibri editore, Ancona, 2022)<\/p>\n<p><strong>Emilio Villa<\/strong> (Affori, 21 settembre 1914 &#8211; Rieti, 14 gennaio 2003). Artista, poeta, saggista e biblista, Villa si interessa di poesia lineare, concreto-visuale, sonoro-fonica e di arte; \u00e8 considerato un precursore della neoavanguardia e uno dei massimi poeti del \u2018900. Entra in contatto con Matta, Duchamp, Rothko e collabora con artisti italiani come Burri, Novelli, Turcato e Schifano. Negli anni cinquanta sperimenta una scrittura matrice del plurilinguismo, dove si compenetrano il francese, l\u2019inglese, il provenzale, il latino, il greco, le lingue semitiche e i dialetti lombardi. Allergico alla lingua \u2018Ytalyana\u2019 (ritenuta di schiavit\u00f9), cerca di far interagire le lingue morte con quelle vive in virt\u00f9 di una profonda conoscenza etimologica. Collabora a diverse riviste di arte e letteratura, tra cui \u201cMeridiano\u201d, \u201cLetteratura\u201d, \u201cMalebolge\u201d, \u201cDocumento Sud\u201d, oltre a fondare due importantissime riviste quali \u201cEx\u201d e \u201cAppia Antica\u201d. Pubblica numerosi libri e libricini d\u2019arte poetica in\u00a0tirature limitate presso piccoli editori e gallerie, mentre la raccolta di scritti sull\u2019arte <em>Attributi dell\u2019arte odierna 1947-1967<\/em> sar\u00e0 pubblicata da Feltrinelli nel 1970. Del 2014 la pubblicazione postuma e tuttora incompleta, a cura di Cecilia Bello Minciacchi, de <em>L\u2019opera poetica<\/em> per L\u2019Orma editore. Presso le Edizioni Morra ha pubblicato i seguenti volumi: <em>Comizio millenovecentocinquanta3<\/em> (1978), <em>S\u00ec, Ma Lentamente<\/em> (1997), <em>Bapt\u00eames\u00a0<\/em>(1997), <em>Le Mura di Tebe<\/em> (2000), <em>Scritti Napoletani<\/em> (2003), <em>Mondo Nero \u2013 Niger Mundus<\/em> (2005).<\/p>\n<p><strong>Aldo Tagliaferri<\/strong> ha pubblicato <em>Beckett e l\u2019iperdeterminazione letteraria<\/em> (Feltrinelli, 1977), <em>L\u2019estetica dell\u2019oggettivo<\/em> (Feltrinelli, 1968), <em>L\u2019invenzione della tradizione<\/em> (Spirali 1985), <em>Il Taoismo<\/em> (Newton&amp;Compton, 1996), <em>La via dell\u2019impossibile. Le prose brevi di Beckett<\/em> (Edup, 2006), <em>Il clandestino. Vita e opere di Emilio\u00a0<\/em><em>Villa<\/em> (Mimesis, 2016). Ha curato l\u2019edizione delle <em>Lettere di Ezra Pound<\/em> (Feltrinelli, 1980) e della <em>Trilogia <\/em>di Samuel Beckett (Einaudi, 1996). Con Giorgio Barbaglia ha pubblicato <em>Uno e due. Indagini sul teatro dell\u2019onnipotenza<\/em> (Sipiel, 1998). Per le Edizioni Morra ha pubblicato <em>POST SCRIPTUM nel centenario della nascita di Emilio Villa <\/em>(2014). Con Chiara Portesine <em>Emilio Villa e i suoi tempi. Finestre per la monade<\/em> (Mimesis, 2016).<\/p>\n<p><strong>Gian Paolo Renello<\/strong> ha pubblicato con Gayle Ridinger <em>Italian Poetry 1950-1990<\/em> (Dante University Press, 1996), ha curato il volume <em>Segnare un secolo. Emilio Villa: la parola, l\u2019immagine<\/em> (DeriveApprodi, Roma, 2007) e ha pubblicato <em>Machinae. Studi sulla poetica di Nanni Balestrini<\/em> (CLUEB, Bologna, 2010).<\/p>\n","protected":false},"excerpt":{"rendered":"<p>30 maggio 2022 INIZIO ORE 18:00 Casa Morra. Archivi d\u2019Arte Contemporanea Salita San Raffaele 20\/c, 80136 Napoli Presentazione in anteprima nazionale del libro Presentimenti del mondo senza tempo. Scritti su<a class=\"excerpt-read-more\" href=\"https:\/\/www.fondazionemorra.org\/it\/evento\/presentazione-libro-presentimenti-del-mondo-senza-tempo-scritti-su-emilio-villa\/\" title=\"ReadPresentazione libro Presentimenti del mondo senza tempo. Scritti su Emilio Villa\">&#8230; Read more &raquo;<\/a><\/p>\n","protected":false},"author":2,"featured_media":8107,"template":"","meta":{"_acf_changed":false,"_tribe_events_status":"","_tribe_events_status_reason":"","footnotes":""},"tags":[],"tribe_events_cat":[12],"class_list":["post-8106","tribe_events","type-tribe_events","status-publish","has-post-thumbnail","hentry","tribe_events_cat-casa-morra","cat_casa-morra"],"acf":[],"yoast_head":"<!-- This site is optimized with the Yoast SEO plugin v27.4 - https:\/\/yoast.com\/product\/yoast-seo-wordpress\/ -->\n<title>Presentazione libro Presentimenti del mondo senza tempo. Scritti su Emilio Villa - Fondazione Morra<\/title>\n<meta name=\"robots\" content=\"index, follow, max-snippet:-1, max-image-preview:large, max-video-preview:-1\" \/>\n<link rel=\"canonical\" href=\"https:\/\/www.fondazionemorra.org\/it\/evento\/presentazione-libro-presentimenti-del-mondo-senza-tempo-scritti-su-emilio-villa\/\" \/>\n<meta property=\"og:locale\" content=\"it_IT\" \/>\n<meta property=\"og:type\" content=\"article\" \/>\n<meta property=\"og:title\" content=\"Presentazione libro Presentimenti del mondo senza tempo. Scritti su Emilio Villa - Fondazione Morra\" \/>\n<meta property=\"og:description\" content=\"30 maggio 2022 INIZIO ORE 18:00 Casa Morra. Archivi d\u2019Arte Contemporanea Salita San Raffaele 20\/c, 80136 Napoli Presentazione in anteprima nazionale del libro Presentimenti del mondo senza tempo. Scritti su... Read more &raquo;\" \/>\n<meta property=\"og:url\" content=\"https:\/\/www.fondazionemorra.org\/it\/evento\/presentazione-libro-presentimenti-del-mondo-senza-tempo-scritti-su-emilio-villa\/\" \/>\n<meta property=\"og:site_name\" content=\"Fondazione Morra\" \/>\n<meta property=\"og:image\" content=\"https:\/\/www.fondazionemorra.org\/wp-content\/uploads\/2022\/05\/COPERTINA-VILLA-OK2_page-0001.jpg\" \/>\n\t<meta property=\"og:image:width\" content=\"1200\" \/>\n\t<meta property=\"og:image:height\" content=\"522\" \/>\n\t<meta property=\"og:image:type\" content=\"image\/jpeg\" \/>\n<meta name=\"twitter:card\" content=\"summary_large_image\" \/>\n<meta name=\"twitter:label1\" content=\"Tempo di lettura stimato\" \/>\n\t<meta name=\"twitter:data1\" content=\"5 minuti\" \/>\n<script type=\"application\/ld+json\" class=\"yoast-schema-graph\">{\"@context\":\"https:\\\/\\\/schema.org\",\"@graph\":[{\"@type\":\"WebPage\",\"@id\":\"https:\\\/\\\/www.fondazionemorra.org\\\/it\\\/evento\\\/presentazione-libro-presentimenti-del-mondo-senza-tempo-scritti-su-emilio-villa\\\/\",\"url\":\"https:\\\/\\\/www.fondazionemorra.org\\\/it\\\/evento\\\/presentazione-libro-presentimenti-del-mondo-senza-tempo-scritti-su-emilio-villa\\\/\",\"name\":\"Presentazione libro Presentimenti del mondo senza tempo. Scritti su Emilio Villa - Fondazione Morra\",\"isPartOf\":{\"@id\":\"https:\\\/\\\/www.fondazionemorra.org\\\/it\\\/#website\"},\"primaryImageOfPage\":{\"@id\":\"https:\\\/\\\/www.fondazionemorra.org\\\/it\\\/evento\\\/presentazione-libro-presentimenti-del-mondo-senza-tempo-scritti-su-emilio-villa\\\/#primaryimage\"},\"image\":{\"@id\":\"https:\\\/\\\/www.fondazionemorra.org\\\/it\\\/evento\\\/presentazione-libro-presentimenti-del-mondo-senza-tempo-scritti-su-emilio-villa\\\/#primaryimage\"},\"thumbnailUrl\":\"https:\\\/\\\/www.fondazionemorra.org\\\/wp-content\\\/uploads\\\/2022\\\/05\\\/COPERTINA-VILLA-OK2_page-0001.jpg\",\"datePublished\":\"2022-05-23T12:50:53+00:00\",\"breadcrumb\":{\"@id\":\"https:\\\/\\\/www.fondazionemorra.org\\\/it\\\/evento\\\/presentazione-libro-presentimenti-del-mondo-senza-tempo-scritti-su-emilio-villa\\\/#breadcrumb\"},\"inLanguage\":\"it-IT\",\"potentialAction\":[{\"@type\":\"ReadAction\",\"target\":[\"https:\\\/\\\/www.fondazionemorra.org\\\/it\\\/evento\\\/presentazione-libro-presentimenti-del-mondo-senza-tempo-scritti-su-emilio-villa\\\/\"]}]},{\"@type\":\"ImageObject\",\"inLanguage\":\"it-IT\",\"@id\":\"https:\\\/\\\/www.fondazionemorra.org\\\/it\\\/evento\\\/presentazione-libro-presentimenti-del-mondo-senza-tempo-scritti-su-emilio-villa\\\/#primaryimage\",\"url\":\"https:\\\/\\\/www.fondazionemorra.org\\\/wp-content\\\/uploads\\\/2022\\\/05\\\/COPERTINA-VILLA-OK2_page-0001.jpg\",\"contentUrl\":\"https:\\\/\\\/www.fondazionemorra.org\\\/wp-content\\\/uploads\\\/2022\\\/05\\\/COPERTINA-VILLA-OK2_page-0001.jpg\",\"width\":1200,\"height\":522},{\"@type\":\"BreadcrumbList\",\"@id\":\"https:\\\/\\\/www.fondazionemorra.org\\\/it\\\/evento\\\/presentazione-libro-presentimenti-del-mondo-senza-tempo-scritti-su-emilio-villa\\\/#breadcrumb\",\"itemListElement\":[{\"@type\":\"ListItem\",\"position\":1,\"name\":\"Home\",\"item\":\"https:\\\/\\\/www.fondazionemorra.org\\\/it\\\/\"},{\"@type\":\"ListItem\",\"position\":2,\"name\":\"Eventi\",\"item\":\"https:\\\/\\\/www.fondazionemorra.org\\\/it\\\/eventi\\\/\"},{\"@type\":\"ListItem\",\"position\":3,\"name\":\"Presentazione libro Presentimenti del mondo senza tempo. Scritti su Emilio Villa\"}]},{\"@type\":\"WebSite\",\"@id\":\"https:\\\/\\\/www.fondazionemorra.org\\\/it\\\/#website\",\"url\":\"https:\\\/\\\/www.fondazionemorra.org\\\/it\\\/\",\"name\":\"Fondazione Morra\",\"description\":\"\",\"publisher\":{\"@id\":\"https:\\\/\\\/www.fondazionemorra.org\\\/it\\\/#organization\"},\"potentialAction\":[{\"@type\":\"SearchAction\",\"target\":{\"@type\":\"EntryPoint\",\"urlTemplate\":\"https:\\\/\\\/www.fondazionemorra.org\\\/it\\\/?s={search_term_string}\"},\"query-input\":{\"@type\":\"PropertyValueSpecification\",\"valueRequired\":true,\"valueName\":\"search_term_string\"}}],\"inLanguage\":\"it-IT\"},{\"@type\":\"Organization\",\"@id\":\"https:\\\/\\\/www.fondazionemorra.org\\\/it\\\/#organization\",\"name\":\"Fondazione Morra\",\"url\":\"https:\\\/\\\/www.fondazionemorra.org\\\/it\\\/\",\"logo\":{\"@type\":\"ImageObject\",\"inLanguage\":\"it-IT\",\"@id\":\"https:\\\/\\\/www.fondazionemorra.org\\\/it\\\/#\\\/schema\\\/logo\\\/image\\\/\",\"url\":\"https:\\\/\\\/www.fondazionemorra.org\\\/wp-content\\\/uploads\\\/2021\\\/02\\\/logo.png\",\"contentUrl\":\"https:\\\/\\\/www.fondazionemorra.org\\\/wp-content\\\/uploads\\\/2021\\\/02\\\/logo.png\",\"width\":106,\"height\":114,\"caption\":\"Fondazione Morra\"},\"image\":{\"@id\":\"https:\\\/\\\/www.fondazionemorra.org\\\/it\\\/#\\\/schema\\\/logo\\\/image\\\/\"}}]}<\/script>\n<!-- \/ Yoast SEO plugin. -->","yoast_head_json":{"title":"Presentazione libro Presentimenti del mondo senza tempo. Scritti su Emilio Villa - Fondazione Morra","robots":{"index":"index","follow":"follow","max-snippet":"max-snippet:-1","max-image-preview":"max-image-preview:large","max-video-preview":"max-video-preview:-1"},"canonical":"https:\/\/www.fondazionemorra.org\/it\/evento\/presentazione-libro-presentimenti-del-mondo-senza-tempo-scritti-su-emilio-villa\/","og_locale":"it_IT","og_type":"article","og_title":"Presentazione libro Presentimenti del mondo senza tempo. Scritti su Emilio Villa - Fondazione Morra","og_description":"30 maggio 2022 INIZIO ORE 18:00 Casa Morra. Archivi d\u2019Arte Contemporanea Salita San Raffaele 20\/c, 80136 Napoli Presentazione in anteprima nazionale del libro Presentimenti del mondo senza tempo. Scritti su... Read more &raquo;","og_url":"https:\/\/www.fondazionemorra.org\/it\/evento\/presentazione-libro-presentimenti-del-mondo-senza-tempo-scritti-su-emilio-villa\/","og_site_name":"Fondazione Morra","og_image":[{"width":1200,"height":522,"url":"https:\/\/www.fondazionemorra.org\/wp-content\/uploads\/2022\/05\/COPERTINA-VILLA-OK2_page-0001.jpg","type":"image\/jpeg"}],"twitter_card":"summary_large_image","twitter_misc":{"Tempo di lettura stimato":"5 minuti"},"schema":{"@context":"https:\/\/schema.org","@graph":[{"@type":"WebPage","@id":"https:\/\/www.fondazionemorra.org\/it\/evento\/presentazione-libro-presentimenti-del-mondo-senza-tempo-scritti-su-emilio-villa\/","url":"https:\/\/www.fondazionemorra.org\/it\/evento\/presentazione-libro-presentimenti-del-mondo-senza-tempo-scritti-su-emilio-villa\/","name":"Presentazione libro Presentimenti del mondo senza tempo. Scritti su Emilio Villa - Fondazione Morra","isPartOf":{"@id":"https:\/\/www.fondazionemorra.org\/it\/#website"},"primaryImageOfPage":{"@id":"https:\/\/www.fondazionemorra.org\/it\/evento\/presentazione-libro-presentimenti-del-mondo-senza-tempo-scritti-su-emilio-villa\/#primaryimage"},"image":{"@id":"https:\/\/www.fondazionemorra.org\/it\/evento\/presentazione-libro-presentimenti-del-mondo-senza-tempo-scritti-su-emilio-villa\/#primaryimage"},"thumbnailUrl":"https:\/\/www.fondazionemorra.org\/wp-content\/uploads\/2022\/05\/COPERTINA-VILLA-OK2_page-0001.jpg","datePublished":"2022-05-23T12:50:53+00:00","breadcrumb":{"@id":"https:\/\/www.fondazionemorra.org\/it\/evento\/presentazione-libro-presentimenti-del-mondo-senza-tempo-scritti-su-emilio-villa\/#breadcrumb"},"inLanguage":"it-IT","potentialAction":[{"@type":"ReadAction","target":["https:\/\/www.fondazionemorra.org\/it\/evento\/presentazione-libro-presentimenti-del-mondo-senza-tempo-scritti-su-emilio-villa\/"]}]},{"@type":"ImageObject","inLanguage":"it-IT","@id":"https:\/\/www.fondazionemorra.org\/it\/evento\/presentazione-libro-presentimenti-del-mondo-senza-tempo-scritti-su-emilio-villa\/#primaryimage","url":"https:\/\/www.fondazionemorra.org\/wp-content\/uploads\/2022\/05\/COPERTINA-VILLA-OK2_page-0001.jpg","contentUrl":"https:\/\/www.fondazionemorra.org\/wp-content\/uploads\/2022\/05\/COPERTINA-VILLA-OK2_page-0001.jpg","width":1200,"height":522},{"@type":"BreadcrumbList","@id":"https:\/\/www.fondazionemorra.org\/it\/evento\/presentazione-libro-presentimenti-del-mondo-senza-tempo-scritti-su-emilio-villa\/#breadcrumb","itemListElement":[{"@type":"ListItem","position":1,"name":"Home","item":"https:\/\/www.fondazionemorra.org\/it\/"},{"@type":"ListItem","position":2,"name":"Eventi","item":"https:\/\/www.fondazionemorra.org\/it\/eventi\/"},{"@type":"ListItem","position":3,"name":"Presentazione libro Presentimenti del mondo senza tempo. Scritti su Emilio Villa"}]},{"@type":"WebSite","@id":"https:\/\/www.fondazionemorra.org\/it\/#website","url":"https:\/\/www.fondazionemorra.org\/it\/","name":"Fondazione Morra","description":"","publisher":{"@id":"https:\/\/www.fondazionemorra.org\/it\/#organization"},"potentialAction":[{"@type":"SearchAction","target":{"@type":"EntryPoint","urlTemplate":"https:\/\/www.fondazionemorra.org\/it\/?s={search_term_string}"},"query-input":{"@type":"PropertyValueSpecification","valueRequired":true,"valueName":"search_term_string"}}],"inLanguage":"it-IT"},{"@type":"Organization","@id":"https:\/\/www.fondazionemorra.org\/it\/#organization","name":"Fondazione Morra","url":"https:\/\/www.fondazionemorra.org\/it\/","logo":{"@type":"ImageObject","inLanguage":"it-IT","@id":"https:\/\/www.fondazionemorra.org\/it\/#\/schema\/logo\/image\/","url":"https:\/\/www.fondazionemorra.org\/wp-content\/uploads\/2021\/02\/logo.png","contentUrl":"https:\/\/www.fondazionemorra.org\/wp-content\/uploads\/2021\/02\/logo.png","width":106,"height":114,"caption":"Fondazione Morra"},"image":{"@id":"https:\/\/www.fondazionemorra.org\/it\/#\/schema\/logo\/image\/"}}]}},"_links":{"self":[{"href":"https:\/\/www.fondazionemorra.org\/it\/wp-json\/wp\/v2\/tribe_events\/8106","targetHints":{"allow":["GET"]}}],"collection":[{"href":"https:\/\/www.fondazionemorra.org\/it\/wp-json\/wp\/v2\/tribe_events"}],"about":[{"href":"https:\/\/www.fondazionemorra.org\/it\/wp-json\/wp\/v2\/types\/tribe_events"}],"author":[{"embeddable":true,"href":"https:\/\/www.fondazionemorra.org\/it\/wp-json\/wp\/v2\/users\/2"}],"version-history":[{"count":1,"href":"https:\/\/www.fondazionemorra.org\/it\/wp-json\/wp\/v2\/tribe_events\/8106\/revisions"}],"predecessor-version":[{"id":8109,"href":"https:\/\/www.fondazionemorra.org\/it\/wp-json\/wp\/v2\/tribe_events\/8106\/revisions\/8109"}],"wp:featuredmedia":[{"embeddable":true,"href":"https:\/\/www.fondazionemorra.org\/it\/wp-json\/wp\/v2\/media\/8107"}],"wp:attachment":[{"href":"https:\/\/www.fondazionemorra.org\/it\/wp-json\/wp\/v2\/media?parent=8106"}],"wp:term":[{"taxonomy":"post_tag","embeddable":true,"href":"https:\/\/www.fondazionemorra.org\/it\/wp-json\/wp\/v2\/tags?post=8106"},{"taxonomy":"tribe_events_cat","embeddable":true,"href":"https:\/\/www.fondazionemorra.org\/it\/wp-json\/wp\/v2\/tribe_events_cat?post=8106"}],"curies":[{"name":"wp","href":"https:\/\/api.w.org\/{rel}","templated":true}]}}