{"id":8620,"date":"2022-06-21T15:16:05","date_gmt":"2022-06-21T13:16:05","guid":{"rendered":"https:\/\/www.fondazionemorra.org\/?post_type=tribe_events&#038;p=8620"},"modified":"2022-06-21T16:07:54","modified_gmt":"2022-06-21T14:07:54","slug":"kultursciok-sibylsessions","status":"publish","type":"tribe_events","link":"https:\/\/www.fondazionemorra.org\/it\/evento\/kultursciok-sibylsessions\/","title":{"rendered":"Kulturscio\u2019k &#8211; SibylSessions"},"content":{"rendered":"<p><strong>30 giugno 2022, <\/strong>ORE 20:30<strong><br \/>\n01 luglio 2022, <\/strong>ORE 20:30<br \/>\n<strong>03 luglio 2022, <\/strong>ORE 20:30<br \/>\n<strong>Museo della Moda<br \/>\n<\/strong>Piazzetta Mondragone 18, Napoli<\/p>\n<p>A cura del collettivo kulturscio\u2019k diretto da Alessia Siniscalchi<\/p>\n<p>Il collettivo franco-italiano-americano <strong>Kulturscio\u2019k <\/strong>diretto da <strong>Alessia Siniscalchi<\/strong> interverr\u00e0 il <strong>30 giugno, <\/strong>il<strong> 1\u00b0 luglio <\/strong>e il<strong> 3 luglio alle ore 20.30<\/strong> nella corte esterna del <strong>Museo della Moda<\/strong>, proponendo la presentazione pubblica di <strong>Sibylsessions<\/strong> prima delle future tappe napoletane che avranno luogo nel Parco Archeologico di Cuma e al Museo Madre con <em>Oreste will be back<\/em>.<\/p>\n<p><strong>SibylSessions<\/strong> completa la terza tappa della trilogia dedicata ai miti cominciata con <em>Medea\u2019s Visions<\/em> e <em>Oreste will be back<\/em> gi\u00e0 presentati al Teatro Bellini di Napoli, alla Nuit Blanche di Parigi e alla M\u00e9nagerie de Verre.<\/p>\n<p>Il progetto multidisciplinare \u00e8 scritto\/interpretato da Alessia Siniscalchi, Paul Spera, Giovanni Ambrosio, Paulina Mikol, Alessandra Guazzini con musiche originali di Phil St George, opere di Giovanni Ambrosio e tecnologia di Benjamin Sillon.<\/p>\n<p>Grazie agli interventi di diversi archeologi francesi e italiani il lavoro si trasformer\u00e0 in una performance nel parco archeologico di Cuma e nell\u2019antro della Sibilla.<\/p>\n<p>Nel Museo della Moda verr\u00e0 presentato il pezzo musicale <em>Deus Ecce Deus<\/em> scritto sul testo in latino dell\u2019Eneide, descrittivo del misterioso incontro tra Enea e la Sibilla. Il brano \u00e8 composto da Phil St George e Paul Spera. Il lavoro sar\u00e0 ripreso nell\u2019antro della Sibilla a settembre.<\/p>\n<p><strong>TEMATICHE <\/strong><\/p>\n<p>La tragedia, il mito, gli oracoli, i profeti. Un teatro dove il testo si riduce, riassume, distrugge, creazioni dove suono, effetti, arte, invenzioni tecnologiche radicali ed estreme diventano pretesto per raccontare i misteri irrisolvibili del presente.<\/p>\n<p>Sibilla, oracolo, profeta? Le sibille sono figure misteriose e controverse. Le incontreremo in diversi luoghi di creazione che attraverseremo nel nostro percorso di ricerca, interrogando e interrogandoci su passato, presente e futuro.<\/p>\n<p>Un passato rosso\/verde, un picnic e dei film. Un futuro virtuale dove, prigionieri di un casco tecnologico, siamo ossessionati da noi stessi.<br \/>\nUna macabra visione distopica del futuro. Tra numerosi scambi creativi multimediali e sibillini. Le domande\u00a0senza risposta e le risposte da interpretare.<br \/>\nIn <strong>Sibylsessions<\/strong> si mette in atto un\u2019improvvisazione live e tecnologica tra passato, presente e futuro. Noi, oracoli contemporanei sempre connessi con i nostri telefoni alla ricerca di un\u2019identit\u00e0, di un genere o semplicemente attenti a non far scadere la prossima deadline.<\/p>\n<p>Musica live, arte, fotografia, video e tecnologia ancora una volta sono gli elementi che riuniscono questi progetti. Nei testi degli oracoli e dei profeti i vaticini di Giovanni Ambrosio ci forniscono degli slogan cinici e computerizzati sul contemporaneo. \u201cKilling kills\u201d, \u201cIl tempo sta per scadere\u201d, o ancora, \u201cil futuro comincia quando il presente non \u00e8 pi\u00f9 interessante\u201d.<\/p>\n<p>Una collaborazione artistica che vuole creare un livello di comunicazione tra il live e il web. Il passato \u00e8 un ricordo in 8 millimetri incarnato da una sibilla che si muove nello spazio preparando un picnic in rosso e una serie di video che ci fanno ritornare indietro nel tempo.<\/p>\n<p>Il presente siamo noi sibille in scena, tra chiamate whatsapp e video in diretta, che cerchiamo di interloquire con la nostra identit\u00e0, di creare la migliore story su instagram. Il presente cerca nel virtuale il rapporto con un\u2019umanit\u00e0 che \u00e8 sempre pi\u00f9 prossima a scomparire. Il futuro ignoto piomba tra presente e passato con un\u2019invenzione tecnologica futurista che trasmette angoscia e solitudine.<\/p>\n<p>L\u2019ossessione dell\u2019immagine diventa eccessiva, quasi una prigione in un casco proiettante (inventato da Benjamin Sillon), che ci permette di rivederci sui muri, sui corpi, dappertutto. Disconnessi completamente dal resto del mondo e totalmente prigionieri della nostra stessa profezia.<\/p>\n<p><strong>Creazione <\/strong><\/p>\n<p><strong>Con e di<\/strong> Alessia Siniscalchi, Paul Spera, Alessandra Guazzini, Phil St George (musica in diretta), Giovanni Ambrosio (pronouncements), Federica Clarizia (posizioni sibillline), \u00c9vita Ciri (Sibilla della luce), Maria Mazzella (video), Imma di lillo (fotografie), Roberto di Mola (negativi), Benjamin Sillon (tecnologia), Ga\u00ebtan Bros (antiprofeti), Didier Leglise (suono).<\/p>\n<p>Si ringrazia M\u00e9nagerie de Verre Studiolab, Institut Fran\u00e7ais de Naples, Institut Fran\u00e7ais Italia, Fondazione Morra, Museo della Moda, kulturfactory, Valerie Huet, Carlo Rescigno, Priscilla Munzi.<\/p>\n<p>\u00c8 richiesta la prenotazione inviando una mail all\u2019indirizzo: <a href=\"mailto:kultursciok@gmail.com\"><strong>kultursciok@gmail.com<\/strong><\/a><\/p>\n","protected":false},"excerpt":{"rendered":"<p>30 giugno 2022, ORE 20:30 01 luglio 2022, ORE 20:30 03 luglio 2022, ORE 20:30 Museo della Moda Piazzetta Mondragone 18, Napoli A cura del collettivo kulturscio\u2019k diretto da Alessia<a class=\"excerpt-read-more\" href=\"https:\/\/www.fondazionemorra.org\/it\/evento\/kultursciok-sibylsessions\/\" title=\"ReadKulturscio\u2019k &#8211; SibylSessions\">&#8230; Read more &raquo;<\/a><\/p>\n","protected":false},"author":2,"featured_media":8621,"template":"","meta":{"_acf_changed":false,"_tribe_events_status":"","_tribe_events_status_reason":"","footnotes":""},"tags":[],"tribe_events_cat":[],"class_list":["post-8620","tribe_events","type-tribe_events","status-publish","has-post-thumbnail","hentry"],"acf":[],"yoast_head":"<!-- This site is optimized with the Yoast SEO plugin v27.4 - https:\/\/yoast.com\/product\/yoast-seo-wordpress\/ -->\n<title>Kulturscio\u2019k - SibylSessions - Fondazione Morra<\/title>\n<meta name=\"robots\" content=\"index, follow, max-snippet:-1, max-image-preview:large, max-video-preview:-1\" \/>\n<link rel=\"canonical\" href=\"https:\/\/www.fondazionemorra.org\/it\/evento\/kultursciok-sibylsessions\/\" \/>\n<meta property=\"og:locale\" content=\"it_IT\" \/>\n<meta property=\"og:type\" content=\"article\" \/>\n<meta property=\"og:title\" content=\"Kulturscio\u2019k - SibylSessions - Fondazione Morra\" \/>\n<meta property=\"og:description\" content=\"30 giugno 2022, ORE 20:30 01 luglio 2022, ORE 20:30 03 luglio 2022, ORE 20:30 Museo della Moda Piazzetta Mondragone 18, Napoli A cura del collettivo kulturscio\u2019k diretto da Alessia... Read more &raquo;\" \/>\n<meta property=\"og:url\" content=\"https:\/\/www.fondazionemorra.org\/it\/evento\/kultursciok-sibylsessions\/\" \/>\n<meta property=\"og:site_name\" content=\"Fondazione Morra\" \/>\n<meta property=\"article:modified_time\" content=\"2022-06-21T14:07:54+00:00\" \/>\n<meta property=\"og:image\" content=\"https:\/\/www.fondazionemorra.org\/wp-content\/uploads\/2022\/06\/Dossier-A4-1_page-0001.jpg\" \/>\n\t<meta property=\"og:image:width\" content=\"1200\" \/>\n\t<meta property=\"og:image:height\" content=\"849\" \/>\n\t<meta property=\"og:image:type\" content=\"image\/jpeg\" \/>\n<meta name=\"twitter:card\" content=\"summary_large_image\" \/>\n<meta name=\"twitter:label1\" content=\"Tempo di lettura stimato\" \/>\n\t<meta name=\"twitter:data1\" content=\"3 minuti\" \/>\n<script type=\"application\/ld+json\" class=\"yoast-schema-graph\">{\"@context\":\"https:\\\/\\\/schema.org\",\"@graph\":[{\"@type\":\"WebPage\",\"@id\":\"https:\\\/\\\/www.fondazionemorra.org\\\/it\\\/evento\\\/kultursciok-sibylsessions\\\/\",\"url\":\"https:\\\/\\\/www.fondazionemorra.org\\\/it\\\/evento\\\/kultursciok-sibylsessions\\\/\",\"name\":\"Kulturscio\u2019k - SibylSessions - Fondazione Morra\",\"isPartOf\":{\"@id\":\"https:\\\/\\\/www.fondazionemorra.org\\\/it\\\/#website\"},\"primaryImageOfPage\":{\"@id\":\"https:\\\/\\\/www.fondazionemorra.org\\\/it\\\/evento\\\/kultursciok-sibylsessions\\\/#primaryimage\"},\"image\":{\"@id\":\"https:\\\/\\\/www.fondazionemorra.org\\\/it\\\/evento\\\/kultursciok-sibylsessions\\\/#primaryimage\"},\"thumbnailUrl\":\"https:\\\/\\\/www.fondazionemorra.org\\\/wp-content\\\/uploads\\\/2022\\\/06\\\/Dossier-A4-1_page-0001.jpg\",\"datePublished\":\"2022-06-21T13:16:05+00:00\",\"dateModified\":\"2022-06-21T14:07:54+00:00\",\"breadcrumb\":{\"@id\":\"https:\\\/\\\/www.fondazionemorra.org\\\/it\\\/evento\\\/kultursciok-sibylsessions\\\/#breadcrumb\"},\"inLanguage\":\"it-IT\",\"potentialAction\":[{\"@type\":\"ReadAction\",\"target\":[\"https:\\\/\\\/www.fondazionemorra.org\\\/it\\\/evento\\\/kultursciok-sibylsessions\\\/\"]}]},{\"@type\":\"ImageObject\",\"inLanguage\":\"it-IT\",\"@id\":\"https:\\\/\\\/www.fondazionemorra.org\\\/it\\\/evento\\\/kultursciok-sibylsessions\\\/#primaryimage\",\"url\":\"https:\\\/\\\/www.fondazionemorra.org\\\/wp-content\\\/uploads\\\/2022\\\/06\\\/Dossier-A4-1_page-0001.jpg\",\"contentUrl\":\"https:\\\/\\\/www.fondazionemorra.org\\\/wp-content\\\/uploads\\\/2022\\\/06\\\/Dossier-A4-1_page-0001.jpg\",\"width\":1200,\"height\":849},{\"@type\":\"BreadcrumbList\",\"@id\":\"https:\\\/\\\/www.fondazionemorra.org\\\/it\\\/evento\\\/kultursciok-sibylsessions\\\/#breadcrumb\",\"itemListElement\":[{\"@type\":\"ListItem\",\"position\":1,\"name\":\"Home\",\"item\":\"https:\\\/\\\/www.fondazionemorra.org\\\/it\\\/\"},{\"@type\":\"ListItem\",\"position\":2,\"name\":\"Eventi\",\"item\":\"https:\\\/\\\/www.fondazionemorra.org\\\/it\\\/eventi\\\/\"},{\"@type\":\"ListItem\",\"position\":3,\"name\":\"Kulturscio\u2019k &#8211; SibylSessions\"}]},{\"@type\":\"WebSite\",\"@id\":\"https:\\\/\\\/www.fondazionemorra.org\\\/it\\\/#website\",\"url\":\"https:\\\/\\\/www.fondazionemorra.org\\\/it\\\/\",\"name\":\"Fondazione Morra\",\"description\":\"\",\"publisher\":{\"@id\":\"https:\\\/\\\/www.fondazionemorra.org\\\/it\\\/#organization\"},\"potentialAction\":[{\"@type\":\"SearchAction\",\"target\":{\"@type\":\"EntryPoint\",\"urlTemplate\":\"https:\\\/\\\/www.fondazionemorra.org\\\/it\\\/?s={search_term_string}\"},\"query-input\":{\"@type\":\"PropertyValueSpecification\",\"valueRequired\":true,\"valueName\":\"search_term_string\"}}],\"inLanguage\":\"it-IT\"},{\"@type\":\"Organization\",\"@id\":\"https:\\\/\\\/www.fondazionemorra.org\\\/it\\\/#organization\",\"name\":\"Fondazione Morra\",\"url\":\"https:\\\/\\\/www.fondazionemorra.org\\\/it\\\/\",\"logo\":{\"@type\":\"ImageObject\",\"inLanguage\":\"it-IT\",\"@id\":\"https:\\\/\\\/www.fondazionemorra.org\\\/it\\\/#\\\/schema\\\/logo\\\/image\\\/\",\"url\":\"https:\\\/\\\/www.fondazionemorra.org\\\/wp-content\\\/uploads\\\/2021\\\/02\\\/logo.png\",\"contentUrl\":\"https:\\\/\\\/www.fondazionemorra.org\\\/wp-content\\\/uploads\\\/2021\\\/02\\\/logo.png\",\"width\":106,\"height\":114,\"caption\":\"Fondazione Morra\"},\"image\":{\"@id\":\"https:\\\/\\\/www.fondazionemorra.org\\\/it\\\/#\\\/schema\\\/logo\\\/image\\\/\"}}]}<\/script>\n<!-- \/ Yoast SEO plugin. -->","yoast_head_json":{"title":"Kulturscio\u2019k - SibylSessions - Fondazione Morra","robots":{"index":"index","follow":"follow","max-snippet":"max-snippet:-1","max-image-preview":"max-image-preview:large","max-video-preview":"max-video-preview:-1"},"canonical":"https:\/\/www.fondazionemorra.org\/it\/evento\/kultursciok-sibylsessions\/","og_locale":"it_IT","og_type":"article","og_title":"Kulturscio\u2019k - SibylSessions - Fondazione Morra","og_description":"30 giugno 2022, ORE 20:30 01 luglio 2022, ORE 20:30 03 luglio 2022, ORE 20:30 Museo della Moda Piazzetta Mondragone 18, Napoli A cura del collettivo kulturscio\u2019k diretto da Alessia... Read more &raquo;","og_url":"https:\/\/www.fondazionemorra.org\/it\/evento\/kultursciok-sibylsessions\/","og_site_name":"Fondazione Morra","article_modified_time":"2022-06-21T14:07:54+00:00","og_image":[{"width":1200,"height":849,"url":"https:\/\/www.fondazionemorra.org\/wp-content\/uploads\/2022\/06\/Dossier-A4-1_page-0001.jpg","type":"image\/jpeg"}],"twitter_card":"summary_large_image","twitter_misc":{"Tempo di lettura stimato":"3 minuti"},"schema":{"@context":"https:\/\/schema.org","@graph":[{"@type":"WebPage","@id":"https:\/\/www.fondazionemorra.org\/it\/evento\/kultursciok-sibylsessions\/","url":"https:\/\/www.fondazionemorra.org\/it\/evento\/kultursciok-sibylsessions\/","name":"Kulturscio\u2019k - SibylSessions - Fondazione Morra","isPartOf":{"@id":"https:\/\/www.fondazionemorra.org\/it\/#website"},"primaryImageOfPage":{"@id":"https:\/\/www.fondazionemorra.org\/it\/evento\/kultursciok-sibylsessions\/#primaryimage"},"image":{"@id":"https:\/\/www.fondazionemorra.org\/it\/evento\/kultursciok-sibylsessions\/#primaryimage"},"thumbnailUrl":"https:\/\/www.fondazionemorra.org\/wp-content\/uploads\/2022\/06\/Dossier-A4-1_page-0001.jpg","datePublished":"2022-06-21T13:16:05+00:00","dateModified":"2022-06-21T14:07:54+00:00","breadcrumb":{"@id":"https:\/\/www.fondazionemorra.org\/it\/evento\/kultursciok-sibylsessions\/#breadcrumb"},"inLanguage":"it-IT","potentialAction":[{"@type":"ReadAction","target":["https:\/\/www.fondazionemorra.org\/it\/evento\/kultursciok-sibylsessions\/"]}]},{"@type":"ImageObject","inLanguage":"it-IT","@id":"https:\/\/www.fondazionemorra.org\/it\/evento\/kultursciok-sibylsessions\/#primaryimage","url":"https:\/\/www.fondazionemorra.org\/wp-content\/uploads\/2022\/06\/Dossier-A4-1_page-0001.jpg","contentUrl":"https:\/\/www.fondazionemorra.org\/wp-content\/uploads\/2022\/06\/Dossier-A4-1_page-0001.jpg","width":1200,"height":849},{"@type":"BreadcrumbList","@id":"https:\/\/www.fondazionemorra.org\/it\/evento\/kultursciok-sibylsessions\/#breadcrumb","itemListElement":[{"@type":"ListItem","position":1,"name":"Home","item":"https:\/\/www.fondazionemorra.org\/it\/"},{"@type":"ListItem","position":2,"name":"Eventi","item":"https:\/\/www.fondazionemorra.org\/it\/eventi\/"},{"@type":"ListItem","position":3,"name":"Kulturscio\u2019k &#8211; SibylSessions"}]},{"@type":"WebSite","@id":"https:\/\/www.fondazionemorra.org\/it\/#website","url":"https:\/\/www.fondazionemorra.org\/it\/","name":"Fondazione Morra","description":"","publisher":{"@id":"https:\/\/www.fondazionemorra.org\/it\/#organization"},"potentialAction":[{"@type":"SearchAction","target":{"@type":"EntryPoint","urlTemplate":"https:\/\/www.fondazionemorra.org\/it\/?s={search_term_string}"},"query-input":{"@type":"PropertyValueSpecification","valueRequired":true,"valueName":"search_term_string"}}],"inLanguage":"it-IT"},{"@type":"Organization","@id":"https:\/\/www.fondazionemorra.org\/it\/#organization","name":"Fondazione Morra","url":"https:\/\/www.fondazionemorra.org\/it\/","logo":{"@type":"ImageObject","inLanguage":"it-IT","@id":"https:\/\/www.fondazionemorra.org\/it\/#\/schema\/logo\/image\/","url":"https:\/\/www.fondazionemorra.org\/wp-content\/uploads\/2021\/02\/logo.png","contentUrl":"https:\/\/www.fondazionemorra.org\/wp-content\/uploads\/2021\/02\/logo.png","width":106,"height":114,"caption":"Fondazione Morra"},"image":{"@id":"https:\/\/www.fondazionemorra.org\/it\/#\/schema\/logo\/image\/"}}]}},"_links":{"self":[{"href":"https:\/\/www.fondazionemorra.org\/it\/wp-json\/wp\/v2\/tribe_events\/8620","targetHints":{"allow":["GET"]}}],"collection":[{"href":"https:\/\/www.fondazionemorra.org\/it\/wp-json\/wp\/v2\/tribe_events"}],"about":[{"href":"https:\/\/www.fondazionemorra.org\/it\/wp-json\/wp\/v2\/types\/tribe_events"}],"author":[{"embeddable":true,"href":"https:\/\/www.fondazionemorra.org\/it\/wp-json\/wp\/v2\/users\/2"}],"version-history":[{"count":4,"href":"https:\/\/www.fondazionemorra.org\/it\/wp-json\/wp\/v2\/tribe_events\/8620\/revisions"}],"predecessor-version":[{"id":8639,"href":"https:\/\/www.fondazionemorra.org\/it\/wp-json\/wp\/v2\/tribe_events\/8620\/revisions\/8639"}],"wp:featuredmedia":[{"embeddable":true,"href":"https:\/\/www.fondazionemorra.org\/it\/wp-json\/wp\/v2\/media\/8621"}],"wp:attachment":[{"href":"https:\/\/www.fondazionemorra.org\/it\/wp-json\/wp\/v2\/media?parent=8620"}],"wp:term":[{"taxonomy":"post_tag","embeddable":true,"href":"https:\/\/www.fondazionemorra.org\/it\/wp-json\/wp\/v2\/tags?post=8620"},{"taxonomy":"tribe_events_cat","embeddable":true,"href":"https:\/\/www.fondazionemorra.org\/it\/wp-json\/wp\/v2\/tribe_events_cat?post=8620"}],"curies":[{"name":"wp","href":"https:\/\/api.w.org\/{rel}","templated":true}]}}