{"id":9802,"date":"2022-09-12T13:20:12","date_gmt":"2022-09-12T11:20:12","guid":{"rendered":"https:\/\/www.fondazionemorra.org\/?post_type=tribe_events&#038;p=9802"},"modified":"2022-11-04T16:53:39","modified_gmt":"2022-11-04T15:53:39","slug":"reverie-sogno-5-icaro","status":"publish","type":"tribe_events","link":"https:\/\/www.fondazionemorra.org\/it\/evento\/reverie-sogno-5-icaro\/","title":{"rendered":"Reverie &#8211; Sogno 5 : Icaro"},"content":{"rendered":"<p style=\"text-align: left;\"><strong>Venerd\u00ec 30 settembre 2022<\/strong>, dalle<strong> ore 17.00<\/strong>, Casa Morra. Archivi d\u2019Arte Contemporanea a Napoli ospiter\u00e0 <strong>Reverie<\/strong> nell\u2019azione performativa \u201cSogno 5: Icaro\u201d.<br \/>\nProgetto a cura di Isabella Morra e accompagnato da un testo di Piero Tomassoni.<\/p>\n<p style=\"text-align: left;\">A conclusione del suo ciclo sul sogno, condotto negli anni come alfabeto privilegiato di ricerca, l\u2019artista toscana reinterpreta in chiave contemporanea la figura di Icaro della mitologia greca, dedicando alla citt\u00e0 di Napoli la sua ultima performance sul tema onirico. Negli spazi esterni di Casa Morra, Reverie, sorretta da una gru, riattualizzer\u00e0 per il pubblico il fatidico volo di Icaro.<br \/>\nIl mito di Icaro porta su di s\u00e9 il peso della disobbedienza alle imposizioni, alle regole, alle leggi del mondo. \u00c8 una sfida a ci\u00f2 che rassicura, \u00e8 desiderio di superare i limiti umani, \u00e8 guardare verso l\u2019alto e andare oltre; ma anche incoscienza e sfrontatezza del giovane e del sognatore, la cui inesperienza diventa, nell\u2019opera di Reverie, un esperire onirico e acquista un significato totalmente nuovo e attuale.<br \/>\nIl suo Icaro \u00e8 \u201ccontemporaneo\u201d: una figura genderless, con protesi al posto delle braccia, che l\u2019artista ha rappresentato anche attraverso alcune sue <em>opere-indivenire<\/em>: apparir\u00e0 come una maestosa scultura in cera rossa, elaborata sul calco della propria schiena, e un paracadute della seconda guerra mondiale su cui \u00e8 inserito un innesto in raso che riporta, con la grafia cucita dall\u2019artista, l\u2019incipit della biografia del nuovo Icaro, ovvero la storia che ha dato vita al lavoro nel suo complesso e alla performance stessa.<br \/>\nLa storia del progetto, come sempre accade per l\u2019artista, nasce con l\u2019intento di costruire dimensioni e memorie collettive che diventano territorio di condivisione tra artista e pubblico. Nell\u2019open space di Casa Morra, il rapporto fra Reverie e il pubblico si consolider\u00e0 nella comunione di una tensione emotiva, secondo un\u2019empatica relazione in cui le energie si fondono con il corpo dell\u2019artista.<\/p>\n<p style=\"text-align: left;\"><em>Il mito di volare, di toccare l\u2019intangibile, il cielo, non esisterebbe senza il suo opposto: la caduta. Essi sono antimeri di una stessa radice: la spinta verso l\u2019oltre, un viaggio che accomuna l\u2019uomo fin dai suoi primordi.<\/em> (Isabella Morra) L\u2019Icaro contemporaneo, per\u00f2, si ricolloca nella storia in modo nuovo, celebra la vita con le sue difficolt\u00e0, solitudini, pesi e sofferenze; \u00e8 l\u2019insieme di tutti gli esseri umani. <em>\u201cIcaro\u201d \u00e8 da secoli in Amazzonia il canto terapeutico e sapienziale che si tramanda da maestro a discepolo, da pianta a guaritore. Oggi diventa anche il mantra di Reverie.<\/em> (Piero Tomassoni)<\/p>\n<p style=\"text-align: left;\">Per l\u2019occasione, gli spazi espositivi di Casa Morra. Archivi d\u2019Arte Contemporanea saranno aperti al pubblico dalle ore 16:00.<\/p>\n<p>&nbsp;<\/p>\n<p style=\"text-align: left;\"><a href=\"http:\/\/www.reverieinarte.com\/\">Reverie<\/a> (Vinci, 1994) vive a Milano dedicando ad Arte ogni momento, azione e ogni rosa della sua vita. Il suo nome anagrafico, che coincide col nome che ha scelto per la vita e per l\u2019arte, \u00e8 una dedica alla Poetica della r\u00eaverie di Bachelard (nomen omen). Lavora sulle contaminazioni, interferenze di sguardi e reazioni concettuali ed emotive, a partire dall\u2019interiorit\u00e0 e dalla solitudine pi\u00f9 profonda. Elabora performance che rappresentano la collettivit\u00e0, la contemporaneit\u00e0 e il sentire tra reale e virtuale; dalla scintilla dell\u2019intuizione elabora testi che infine materializza, costruendo personalmente tutti gli elementi necessari all\u2019azione. Attraverso l\u2019antropologia, la letteratura, la filosofia, la psicanalisi e le scienze, ha fatto dello studio sul sogno, anche \u201ca occhi aperti\u201d, un\u2019originale ricerca tesa a sviluppare un linguaggio artistico per indagare la realt\u00e0, attraversando gli archetipi in quanto memorie e \u201csogni collettivi\u201d. Su questo tema ha realizzato diversi lavori e ha pubblicato il volume \u201clibrosogni\u201d con l\u2019editore Skira (2021). Recenti mostre e performance: Il corpo dei sogni (mostra personale, 2022, Basilica di San Celso, Milano); Sogno 5: Icaro (2022, Casa Morra &#8211; Fondazione Morra, Napoli);\u00a0 Sogno 4: alba lunare (2021, Festa della Ceramica, Montelupo); Sogno 3: la camera degli specchi (2021, FOG, Triennale, Milano); Sogno 2: The Sleeping Muse (2020, Palazzina Liberty Dario Fo e Franca Rame, Milano, in collaborazione con Fondazione Mudima e a cura di Raffaella Perna); Sogno 1: l\u2019archetipo del s\u00e9 (2019, Fondazione VOLUME!, Roma).<\/p>\n<p><a href=\"http:\/\/www.fondazionemorra.org\/wp-content\/uploads\/2022\/09\/Dialogo-fra-R-e-I-Intervista-Isabella-Morra-1.pdf\">Dialogo fra R e I &#8211; Intervista Isabella Morra<\/a><\/p>\n<p><a href=\"http:\/\/www.fondazionemorra.org\/wp-content\/uploads\/2022\/09\/Un-Icaro-per-Reverie-Testo-Piero-Tomassoni.pdf\">Un Icaro per Reverie &#8211; Testo Piero Tomassoni<\/a><\/p>\n<p>&nbsp;<\/p>\n<p>&nbsp;<\/p>\n","protected":false},"excerpt":{"rendered":"<p>Venerd\u00ec 30 settembre 2022, dalle ore 17.00, Casa Morra. Archivi d\u2019Arte Contemporanea a Napoli ospiter\u00e0 Reverie nell\u2019azione performativa \u201cSogno 5: Icaro\u201d. Progetto a cura di Isabella Morra e accompagnato da<a class=\"excerpt-read-more\" href=\"https:\/\/www.fondazionemorra.org\/it\/evento\/reverie-sogno-5-icaro\/\" title=\"ReadReverie &#8211; Sogno 5 : Icaro\">&#8230; Read more &raquo;<\/a><\/p>\n","protected":false},"author":2,"featured_media":9886,"template":"","meta":{"_acf_changed":false,"_tribe_events_status":"","_tribe_events_status_reason":"","footnotes":""},"tags":[],"tribe_events_cat":[12],"class_list":["post-9802","tribe_events","type-tribe_events","status-publish","has-post-thumbnail","hentry","tribe_events_cat-casa-morra","cat_casa-morra"],"acf":[],"yoast_head":"<!-- This site is optimized with the Yoast SEO plugin v27.4 - https:\/\/yoast.com\/product\/yoast-seo-wordpress\/ -->\n<title>Reverie - Sogno 5 : Icaro - Fondazione Morra<\/title>\n<meta name=\"robots\" content=\"index, follow, max-snippet:-1, max-image-preview:large, max-video-preview:-1\" \/>\n<link rel=\"canonical\" href=\"https:\/\/www.fondazionemorra.org\/it\/evento\/reverie-sogno-5-icaro\/\" \/>\n<meta property=\"og:locale\" content=\"it_IT\" \/>\n<meta property=\"og:type\" content=\"article\" \/>\n<meta property=\"og:title\" content=\"Reverie - Sogno 5 : Icaro - Fondazione Morra\" \/>\n<meta property=\"og:description\" content=\"Venerd\u00ec 30 settembre 2022, dalle ore 17.00, Casa Morra. Archivi d\u2019Arte Contemporanea a Napoli ospiter\u00e0 Reverie nell\u2019azione performativa \u201cSogno 5: Icaro\u201d. Progetto a cura di Isabella Morra e accompagnato da... Read more &raquo;\" \/>\n<meta property=\"og:url\" content=\"https:\/\/www.fondazionemorra.org\/it\/evento\/reverie-sogno-5-icaro\/\" \/>\n<meta property=\"og:site_name\" content=\"Fondazione Morra\" \/>\n<meta property=\"article:modified_time\" content=\"2022-11-04T15:53:39+00:00\" \/>\n<meta property=\"og:image\" content=\"https:\/\/www.fondazionemorra.org\/wp-content\/uploads\/2022\/09\/reverie-invito-digitale-fb_Tavola-disegno-1-003.jpg\" \/>\n\t<meta property=\"og:image:width\" content=\"990\" \/>\n\t<meta property=\"og:image:height\" content=\"630\" \/>\n\t<meta property=\"og:image:type\" content=\"image\/jpeg\" \/>\n<meta name=\"twitter:card\" content=\"summary_large_image\" \/>\n<meta name=\"twitter:label1\" content=\"Tempo di lettura stimato\" \/>\n\t<meta name=\"twitter:data1\" content=\"3 minuti\" \/>\n<script type=\"application\/ld+json\" class=\"yoast-schema-graph\">{\"@context\":\"https:\\\/\\\/schema.org\",\"@graph\":[{\"@type\":\"WebPage\",\"@id\":\"https:\\\/\\\/www.fondazionemorra.org\\\/it\\\/evento\\\/reverie-sogno-5-icaro\\\/\",\"url\":\"https:\\\/\\\/www.fondazionemorra.org\\\/it\\\/evento\\\/reverie-sogno-5-icaro\\\/\",\"name\":\"Reverie - Sogno 5 : Icaro - Fondazione Morra\",\"isPartOf\":{\"@id\":\"https:\\\/\\\/www.fondazionemorra.org\\\/it\\\/#website\"},\"primaryImageOfPage\":{\"@id\":\"https:\\\/\\\/www.fondazionemorra.org\\\/it\\\/evento\\\/reverie-sogno-5-icaro\\\/#primaryimage\"},\"image\":{\"@id\":\"https:\\\/\\\/www.fondazionemorra.org\\\/it\\\/evento\\\/reverie-sogno-5-icaro\\\/#primaryimage\"},\"thumbnailUrl\":\"https:\\\/\\\/www.fondazionemorra.org\\\/wp-content\\\/uploads\\\/2022\\\/09\\\/reverie-invito-digitale-fb_Tavola-disegno-1-003.jpg\",\"datePublished\":\"2022-09-12T11:20:12+00:00\",\"dateModified\":\"2022-11-04T15:53:39+00:00\",\"breadcrumb\":{\"@id\":\"https:\\\/\\\/www.fondazionemorra.org\\\/it\\\/evento\\\/reverie-sogno-5-icaro\\\/#breadcrumb\"},\"inLanguage\":\"it-IT\",\"potentialAction\":[{\"@type\":\"ReadAction\",\"target\":[\"https:\\\/\\\/www.fondazionemorra.org\\\/it\\\/evento\\\/reverie-sogno-5-icaro\\\/\"]}]},{\"@type\":\"ImageObject\",\"inLanguage\":\"it-IT\",\"@id\":\"https:\\\/\\\/www.fondazionemorra.org\\\/it\\\/evento\\\/reverie-sogno-5-icaro\\\/#primaryimage\",\"url\":\"https:\\\/\\\/www.fondazionemorra.org\\\/wp-content\\\/uploads\\\/2022\\\/09\\\/reverie-invito-digitale-fb_Tavola-disegno-1-003.jpg\",\"contentUrl\":\"https:\\\/\\\/www.fondazionemorra.org\\\/wp-content\\\/uploads\\\/2022\\\/09\\\/reverie-invito-digitale-fb_Tavola-disegno-1-003.jpg\",\"width\":990,\"height\":630},{\"@type\":\"BreadcrumbList\",\"@id\":\"https:\\\/\\\/www.fondazionemorra.org\\\/it\\\/evento\\\/reverie-sogno-5-icaro\\\/#breadcrumb\",\"itemListElement\":[{\"@type\":\"ListItem\",\"position\":1,\"name\":\"Home\",\"item\":\"https:\\\/\\\/www.fondazionemorra.org\\\/it\\\/\"},{\"@type\":\"ListItem\",\"position\":2,\"name\":\"Eventi\",\"item\":\"https:\\\/\\\/www.fondazionemorra.org\\\/it\\\/eventi\\\/\"},{\"@type\":\"ListItem\",\"position\":3,\"name\":\"Reverie &#8211; Sogno 5 : Icaro\"}]},{\"@type\":\"WebSite\",\"@id\":\"https:\\\/\\\/www.fondazionemorra.org\\\/it\\\/#website\",\"url\":\"https:\\\/\\\/www.fondazionemorra.org\\\/it\\\/\",\"name\":\"Fondazione Morra\",\"description\":\"\",\"publisher\":{\"@id\":\"https:\\\/\\\/www.fondazionemorra.org\\\/it\\\/#organization\"},\"potentialAction\":[{\"@type\":\"SearchAction\",\"target\":{\"@type\":\"EntryPoint\",\"urlTemplate\":\"https:\\\/\\\/www.fondazionemorra.org\\\/it\\\/?s={search_term_string}\"},\"query-input\":{\"@type\":\"PropertyValueSpecification\",\"valueRequired\":true,\"valueName\":\"search_term_string\"}}],\"inLanguage\":\"it-IT\"},{\"@type\":\"Organization\",\"@id\":\"https:\\\/\\\/www.fondazionemorra.org\\\/it\\\/#organization\",\"name\":\"Fondazione Morra\",\"url\":\"https:\\\/\\\/www.fondazionemorra.org\\\/it\\\/\",\"logo\":{\"@type\":\"ImageObject\",\"inLanguage\":\"it-IT\",\"@id\":\"https:\\\/\\\/www.fondazionemorra.org\\\/it\\\/#\\\/schema\\\/logo\\\/image\\\/\",\"url\":\"https:\\\/\\\/www.fondazionemorra.org\\\/wp-content\\\/uploads\\\/2021\\\/02\\\/logo.png\",\"contentUrl\":\"https:\\\/\\\/www.fondazionemorra.org\\\/wp-content\\\/uploads\\\/2021\\\/02\\\/logo.png\",\"width\":106,\"height\":114,\"caption\":\"Fondazione Morra\"},\"image\":{\"@id\":\"https:\\\/\\\/www.fondazionemorra.org\\\/it\\\/#\\\/schema\\\/logo\\\/image\\\/\"}}]}<\/script>\n<!-- \/ Yoast SEO plugin. -->","yoast_head_json":{"title":"Reverie - Sogno 5 : Icaro - Fondazione Morra","robots":{"index":"index","follow":"follow","max-snippet":"max-snippet:-1","max-image-preview":"max-image-preview:large","max-video-preview":"max-video-preview:-1"},"canonical":"https:\/\/www.fondazionemorra.org\/it\/evento\/reverie-sogno-5-icaro\/","og_locale":"it_IT","og_type":"article","og_title":"Reverie - Sogno 5 : Icaro - Fondazione Morra","og_description":"Venerd\u00ec 30 settembre 2022, dalle ore 17.00, Casa Morra. Archivi d\u2019Arte Contemporanea a Napoli ospiter\u00e0 Reverie nell\u2019azione performativa \u201cSogno 5: Icaro\u201d. Progetto a cura di Isabella Morra e accompagnato da... Read more &raquo;","og_url":"https:\/\/www.fondazionemorra.org\/it\/evento\/reverie-sogno-5-icaro\/","og_site_name":"Fondazione Morra","article_modified_time":"2022-11-04T15:53:39+00:00","og_image":[{"width":990,"height":630,"url":"https:\/\/www.fondazionemorra.org\/wp-content\/uploads\/2022\/09\/reverie-invito-digitale-fb_Tavola-disegno-1-003.jpg","type":"image\/jpeg"}],"twitter_card":"summary_large_image","twitter_misc":{"Tempo di lettura stimato":"3 minuti"},"schema":{"@context":"https:\/\/schema.org","@graph":[{"@type":"WebPage","@id":"https:\/\/www.fondazionemorra.org\/it\/evento\/reverie-sogno-5-icaro\/","url":"https:\/\/www.fondazionemorra.org\/it\/evento\/reverie-sogno-5-icaro\/","name":"Reverie - Sogno 5 : Icaro - Fondazione Morra","isPartOf":{"@id":"https:\/\/www.fondazionemorra.org\/it\/#website"},"primaryImageOfPage":{"@id":"https:\/\/www.fondazionemorra.org\/it\/evento\/reverie-sogno-5-icaro\/#primaryimage"},"image":{"@id":"https:\/\/www.fondazionemorra.org\/it\/evento\/reverie-sogno-5-icaro\/#primaryimage"},"thumbnailUrl":"https:\/\/www.fondazionemorra.org\/wp-content\/uploads\/2022\/09\/reverie-invito-digitale-fb_Tavola-disegno-1-003.jpg","datePublished":"2022-09-12T11:20:12+00:00","dateModified":"2022-11-04T15:53:39+00:00","breadcrumb":{"@id":"https:\/\/www.fondazionemorra.org\/it\/evento\/reverie-sogno-5-icaro\/#breadcrumb"},"inLanguage":"it-IT","potentialAction":[{"@type":"ReadAction","target":["https:\/\/www.fondazionemorra.org\/it\/evento\/reverie-sogno-5-icaro\/"]}]},{"@type":"ImageObject","inLanguage":"it-IT","@id":"https:\/\/www.fondazionemorra.org\/it\/evento\/reverie-sogno-5-icaro\/#primaryimage","url":"https:\/\/www.fondazionemorra.org\/wp-content\/uploads\/2022\/09\/reverie-invito-digitale-fb_Tavola-disegno-1-003.jpg","contentUrl":"https:\/\/www.fondazionemorra.org\/wp-content\/uploads\/2022\/09\/reverie-invito-digitale-fb_Tavola-disegno-1-003.jpg","width":990,"height":630},{"@type":"BreadcrumbList","@id":"https:\/\/www.fondazionemorra.org\/it\/evento\/reverie-sogno-5-icaro\/#breadcrumb","itemListElement":[{"@type":"ListItem","position":1,"name":"Home","item":"https:\/\/www.fondazionemorra.org\/it\/"},{"@type":"ListItem","position":2,"name":"Eventi","item":"https:\/\/www.fondazionemorra.org\/it\/eventi\/"},{"@type":"ListItem","position":3,"name":"Reverie &#8211; Sogno 5 : Icaro"}]},{"@type":"WebSite","@id":"https:\/\/www.fondazionemorra.org\/it\/#website","url":"https:\/\/www.fondazionemorra.org\/it\/","name":"Fondazione Morra","description":"","publisher":{"@id":"https:\/\/www.fondazionemorra.org\/it\/#organization"},"potentialAction":[{"@type":"SearchAction","target":{"@type":"EntryPoint","urlTemplate":"https:\/\/www.fondazionemorra.org\/it\/?s={search_term_string}"},"query-input":{"@type":"PropertyValueSpecification","valueRequired":true,"valueName":"search_term_string"}}],"inLanguage":"it-IT"},{"@type":"Organization","@id":"https:\/\/www.fondazionemorra.org\/it\/#organization","name":"Fondazione Morra","url":"https:\/\/www.fondazionemorra.org\/it\/","logo":{"@type":"ImageObject","inLanguage":"it-IT","@id":"https:\/\/www.fondazionemorra.org\/it\/#\/schema\/logo\/image\/","url":"https:\/\/www.fondazionemorra.org\/wp-content\/uploads\/2021\/02\/logo.png","contentUrl":"https:\/\/www.fondazionemorra.org\/wp-content\/uploads\/2021\/02\/logo.png","width":106,"height":114,"caption":"Fondazione Morra"},"image":{"@id":"https:\/\/www.fondazionemorra.org\/it\/#\/schema\/logo\/image\/"}}]}},"_links":{"self":[{"href":"https:\/\/www.fondazionemorra.org\/it\/wp-json\/wp\/v2\/tribe_events\/9802","targetHints":{"allow":["GET"]}}],"collection":[{"href":"https:\/\/www.fondazionemorra.org\/it\/wp-json\/wp\/v2\/tribe_events"}],"about":[{"href":"https:\/\/www.fondazionemorra.org\/it\/wp-json\/wp\/v2\/types\/tribe_events"}],"author":[{"embeddable":true,"href":"https:\/\/www.fondazionemorra.org\/it\/wp-json\/wp\/v2\/users\/2"}],"version-history":[{"count":8,"href":"https:\/\/www.fondazionemorra.org\/it\/wp-json\/wp\/v2\/tribe_events\/9802\/revisions"}],"predecessor-version":[{"id":9985,"href":"https:\/\/www.fondazionemorra.org\/it\/wp-json\/wp\/v2\/tribe_events\/9802\/revisions\/9985"}],"wp:featuredmedia":[{"embeddable":true,"href":"https:\/\/www.fondazionemorra.org\/it\/wp-json\/wp\/v2\/media\/9886"}],"wp:attachment":[{"href":"https:\/\/www.fondazionemorra.org\/it\/wp-json\/wp\/v2\/media?parent=9802"}],"wp:term":[{"taxonomy":"post_tag","embeddable":true,"href":"https:\/\/www.fondazionemorra.org\/it\/wp-json\/wp\/v2\/tags?post=9802"},{"taxonomy":"tribe_events_cat","embeddable":true,"href":"https:\/\/www.fondazionemorra.org\/it\/wp-json\/wp\/v2\/tribe_events_cat?post=9802"}],"curies":[{"name":"wp","href":"https:\/\/api.w.org\/{rel}","templated":true}]}}